{"id":12279,"date":"2024-09-20T12:40:08","date_gmt":"2024-09-20T12:40:08","guid":{"rendered":"https:\/\/labnovalongevidade.org\/mapeamento2024\/?page_id=12279"},"modified":"2024-09-26T23:19:38","modified_gmt":"2024-09-26T23:19:38","slug":"layse-vicente","status":"publish","type":"page","link":"https:\/\/labnovalongevidade.org\/mapeamento2024\/entrevistas\/layse-vicente\/","title":{"rendered":"Layse Vicente"},"content":{"rendered":"\t\t<div data-elementor-type=\"wp-page\" data-elementor-id=\"12279\" class=\"elementor elementor-12279\" data-elementor-post-type=\"page\">\n\t\t\t\t<div class=\"elementor-element elementor-element-8cc968a e-con-full e-flex e-con e-parent\" data-id=\"8cc968a\" data-element_type=\"container\" data-settings=\"{&quot;wcf_enable_cursor_hover_effect_text&quot;:&quot;View&quot;,&quot;wcf-animation&quot;:&quot;none&quot;,&quot;wcf_pin_breakpoint&quot;:&quot;mobile&quot;}\">\n\t\t<div class=\"elementor-element elementor-element-cebd6f6 e-con-full e-flex e-con e-child\" data-id=\"cebd6f6\" data-element_type=\"container\" data-settings=\"{&quot;wcf_enable_cursor_hover_effect_text&quot;:&quot;View&quot;,&quot;background_background&quot;:&quot;classic&quot;,&quot;background_motion_fx_motion_fx_scrolling&quot;:&quot;yes&quot;,&quot;background_motion_fx_translateY_effect&quot;:&quot;yes&quot;,&quot;background_motion_fx_translateY_speed&quot;:{&quot;unit&quot;:&quot;px&quot;,&quot;size&quot;:0.4,&quot;sizes&quot;:[]},&quot;background_motion_fx_translateY_affectedRange&quot;:{&quot;unit&quot;:&quot;%&quot;,&quot;size&quot;:&quot;&quot;,&quot;sizes&quot;:{&quot;start&quot;:0,&quot;end&quot;:100}},&quot;background_motion_fx_devices&quot;:[&quot;widescreen&quot;,&quot;desktop&quot;,&quot;laptop&quot;,&quot;tablet_extra&quot;,&quot;tablet&quot;,&quot;mobile_extra&quot;,&quot;mobile&quot;],&quot;wcf-animation&quot;:&quot;none&quot;,&quot;wcf_pin_breakpoint&quot;:&quot;mobile&quot;}\">\n\t\t<div class=\"elementor-element elementor-element-ede60d5 e-con-full e-flex e-con e-child\" data-id=\"ede60d5\" data-element_type=\"container\" data-settings=\"{&quot;wcf_enable_cursor_hover_effect_text&quot;:&quot;View&quot;,&quot;wcf-animation&quot;:&quot;none&quot;,&quot;wcf_pin_breakpoint&quot;:&quot;mobile&quot;}\">\n\t\t<div class=\"elementor-element elementor-element-350a49b e-con-full e-flex e-con e-child\" data-id=\"350a49b\" data-element_type=\"container\" data-settings=\"{&quot;wcf_enable_cursor_hover_effect_text&quot;:&quot;View&quot;,&quot;wcf-animation&quot;:&quot;none&quot;,&quot;wcf_pin_breakpoint&quot;:&quot;mobile&quot;}\">\n\t\t<div class=\"elementor-element elementor-element-94cf719 e-con-full e-flex e-con e-child\" data-id=\"94cf719\" data-element_type=\"container\" data-settings=\"{&quot;wcf_enable_cursor_hover_effect_text&quot;:&quot;View&quot;,&quot;wcf-animation&quot;:&quot;none&quot;,&quot;wcf_pin_breakpoint&quot;:&quot;mobile&quot;}\">\n\t\t\t\t<div class=\"elementor-element elementor-element-c2755e5 elementor-widget elementor-widget-image\" data-id=\"c2755e5\" data-element_type=\"widget\" data-settings=\"{&quot;wcf-image-animation&quot;:&quot;none&quot;,&quot;wcf-animation&quot;:&quot;none&quot;}\" data-widget_type=\"image.default\">\n\t\t\t\t<div class=\"elementor-widget-container\">\n\t\t\t\t\t\t\t\t\t\t\t\t\t\t\t<img fetchpriority=\"high\" decoding=\"async\" width=\"583\" height=\"481\" src=\"https:\/\/labnovalongevidade.org\/mapeamento2024\/wp-content\/uploads\/2024\/09\/layse-vicente-1.png\" class=\"attachment-large size-large wp-image-12282\" alt=\"Layse Vicente\" srcset=\"https:\/\/labnovalongevidade.org\/mapeamento2024\/wp-content\/uploads\/2024\/09\/layse-vicente-1.png 583w, https:\/\/labnovalongevidade.org\/mapeamento2024\/wp-content\/uploads\/2024\/09\/layse-vicente-1-300x248.png 300w\" sizes=\"(max-width: 583px) 100vw, 583px\" \/>\t\t\t\t\t\t\t\t\t\t\t\t\t\t\t<\/div>\n\t\t\t\t<\/div>\n\t\t\t\t<\/div>\n\t\t<div class=\"elementor-element elementor-element-24629c7 e-con-full e-flex e-con e-child\" data-id=\"24629c7\" data-element_type=\"container\" data-settings=\"{&quot;wcf_enable_cursor_hover_effect_text&quot;:&quot;View&quot;,&quot;wcf-animation&quot;:&quot;none&quot;,&quot;wcf_pin_breakpoint&quot;:&quot;mobile&quot;}\">\n\t\t\t\t<div class=\"elementor-element elementor-element-ecf2d78 wcf-t-animation-char elementor-widget elementor-widget-wcf--title\" data-id=\"ecf2d78\" data-element_type=\"widget\" data-settings=\"{&quot;wcf_text_animation&quot;:&quot;char&quot;,&quot;text_delay&quot;:0.15,&quot;text_duration&quot;:1,&quot;text_stagger&quot;:0.02,&quot;text_on_scroll&quot;:&quot;yes&quot;,&quot;text_translate_x&quot;:20,&quot;text_translate_y&quot;:0,&quot;wcf-animation&quot;:&quot;none&quot;}\" data-widget_type=\"wcf--title.default\">\n\t\t\t\t<div class=\"elementor-widget-container\">\n\t\t\t\t\t<h1 class=\"wcf--title\">Layse Vicente<\/h1>\t\t\t\t<\/div>\n\t\t\t\t<\/div>\n\t\t\t\t<div class=\"elementor-element elementor-element-a61fcee wcf-t-animation-none elementor-widget elementor-widget-heading\" data-id=\"a61fcee\" data-element_type=\"widget\" data-settings=\"{&quot;wcf_text_animation&quot;:&quot;none&quot;,&quot;wcf-animation&quot;:&quot;none&quot;}\" data-widget_type=\"heading.default\">\n\t\t\t\t<div class=\"elementor-widget-container\">\n\t\t\t\t\t<p class=\"elementor-heading-title elementor-size-default\">F\u00f3rum Gera\u00e7\u00f5es e Futuro do Trabalho<\/p>\t\t\t\t<\/div>\n\t\t\t\t<\/div>\n\t\t\t\t<\/div>\n\t\t\t\t<\/div>\n\t\t<div class=\"elementor-element elementor-element-2bff60c e-con-full e-flex e-con e-child\" data-id=\"2bff60c\" data-element_type=\"container\" data-settings=\"{&quot;wcf_enable_cursor_hover_effect_text&quot;:&quot;View&quot;,&quot;wcf-animation&quot;:&quot;none&quot;,&quot;wcf_pin_breakpoint&quot;:&quot;mobile&quot;}\">\n\t\t<div class=\"elementor-element elementor-element-5da112a e-con-full e-flex e-con e-child\" data-id=\"5da112a\" data-element_type=\"container\" data-settings=\"{&quot;background_background&quot;:&quot;classic&quot;,&quot;wcf_enable_cursor_hover_effect_text&quot;:&quot;View&quot;,&quot;wcf-animation&quot;:&quot;none&quot;,&quot;wcf_pin_breakpoint&quot;:&quot;mobile&quot;}\">\n\t\t<div class=\"elementor-element elementor-element-885ae71 e-con-full e-flex e-con e-child\" data-id=\"885ae71\" data-element_type=\"container\" data-settings=\"{&quot;wcf_enable_cursor_hover_effect_text&quot;:&quot;View&quot;,&quot;wcf-animation&quot;:&quot;none&quot;,&quot;wcf_pin_breakpoint&quot;:&quot;mobile&quot;}\">\n\t\t\t\t<div class=\"elementor-element elementor-element-a027df8 wcf-t-animation-none elementor-widget elementor-widget-heading\" data-id=\"a027df8\" data-element_type=\"widget\" data-settings=\"{&quot;wcf_text_animation&quot;:&quot;none&quot;,&quot;wcf-animation&quot;:&quot;none&quot;}\" data-widget_type=\"heading.default\">\n\t\t\t\t<div class=\"elementor-widget-container\">\n\t\t\t\t\t<div class=\"elementor-heading-title elementor-size-default\">\"<\/div>\t\t\t\t<\/div>\n\t\t\t\t<\/div>\n\t\t\t\t<\/div>\n\t\t<div class=\"elementor-element elementor-element-feee22e e-con-full e-flex e-con e-child\" data-id=\"feee22e\" data-element_type=\"container\" data-settings=\"{&quot;wcf_enable_cursor_hover_effect_text&quot;:&quot;View&quot;,&quot;wcf-animation&quot;:&quot;none&quot;,&quot;wcf_pin_breakpoint&quot;:&quot;mobile&quot;}\">\n\t\t\t\t<div class=\"elementor-element elementor-element-893ba99 wcf-t-animation-none elementor-widget elementor-widget-text-editor\" data-id=\"893ba99\" data-element_type=\"widget\" data-settings=\"{&quot;wcf_text_animation&quot;:&quot;none&quot;,&quot;wcf-animation&quot;:&quot;none&quot;}\" data-widget_type=\"text-editor.default\">\n\t\t\t\t<div class=\"elementor-widget-container\">\n\t\t\t\t\t\t\t\t\t<p>Um ambiente de trabalho inclusivo melhora a satisfa\u00e7\u00e3o e reten\u00e7\u00e3o de talentos, fortalecendo a competitividade das empresas.<\/p>\t\t\t\t\t\t\t\t<\/div>\n\t\t\t\t<\/div>\n\t\t<div class=\"elementor-element elementor-element-491f735 e-con-full e-flex e-con e-child\" data-id=\"491f735\" data-element_type=\"container\" data-settings=\"{&quot;wcf_enable_cursor_hover_effect_text&quot;:&quot;View&quot;,&quot;wcf-animation&quot;:&quot;none&quot;,&quot;wcf_pin_breakpoint&quot;:&quot;mobile&quot;}\">\n\t\t<div class=\"elementor-element elementor-element-6a1a4f0 e-con-full e-flex e-con e-child\" data-id=\"6a1a4f0\" data-element_type=\"container\" data-settings=\"{&quot;background_background&quot;:&quot;classic&quot;,&quot;wcf_enable_cursor_hover_effect_text&quot;:&quot;View&quot;,&quot;wcf-animation&quot;:&quot;none&quot;,&quot;wcf_pin_breakpoint&quot;:&quot;mobile&quot;}\">\n\t\t\t\t<\/div>\n\t\t<div class=\"elementor-element elementor-element-5ca1807 e-con-full e-flex e-con e-child\" data-id=\"5ca1807\" data-element_type=\"container\" data-settings=\"{&quot;wcf_enable_cursor_hover_effect_text&quot;:&quot;View&quot;,&quot;wcf-animation&quot;:&quot;none&quot;,&quot;wcf_pin_breakpoint&quot;:&quot;mobile&quot;}\">\n\t\t\t\t<div class=\"elementor-element elementor-element-6f652cd wcf-t-animation-none elementor-widget elementor-widget-heading\" data-id=\"6f652cd\" data-element_type=\"widget\" data-settings=\"{&quot;wcf_text_animation&quot;:&quot;none&quot;,&quot;wcf-animation&quot;:&quot;none&quot;}\" data-widget_type=\"heading.default\">\n\t\t\t\t<div class=\"elementor-widget-container\">\n\t\t\t\t\t<p class=\"elementor-heading-title elementor-size-default\">Layse Vicente<\/p>\t\t\t\t<\/div>\n\t\t\t\t<\/div>\n\t\t\t\t<\/div>\n\t\t\t\t<\/div>\n\t\t\t\t<\/div>\n\t\t\t\t<\/div>\n\t\t\t\t<\/div>\n\t\t\t\t<\/div>\n\t\t\t\t<\/div>\n\t\t\t\t<\/div>\n\t\t<div class=\"elementor-element elementor-element-1da93f2 e-flex e-con-boxed e-con e-parent\" data-id=\"1da93f2\" data-element_type=\"container\" data-settings=\"{&quot;wcf_enable_cursor_hover_effect_text&quot;:&quot;View&quot;,&quot;wcf-animation&quot;:&quot;none&quot;,&quot;wcf_pin_breakpoint&quot;:&quot;mobile&quot;}\">\n\t\t\t\t\t<div class=\"e-con-inner\">\n\t\t<div class=\"elementor-element elementor-element-f96eee3 e-con-full e-flex e-con e-child\" data-id=\"f96eee3\" data-element_type=\"container\" data-settings=\"{&quot;wcf_enable_cursor_hover_effect_text&quot;:&quot;View&quot;,&quot;wcf-animation&quot;:&quot;none&quot;,&quot;wcf_pin_breakpoint&quot;:&quot;mobile&quot;}\">\n\t\t<div class=\"elementor-element elementor-element-f099fe5 e-con-full e-flex e-con e-child\" data-id=\"f099fe5\" data-element_type=\"container\" data-settings=\"{&quot;wcf_enable_cursor_hover_effect_text&quot;:&quot;View&quot;,&quot;wcf-animation&quot;:&quot;none&quot;,&quot;wcf_pin_breakpoint&quot;:&quot;mobile&quot;}\">\n\t\t<div class=\"elementor-element elementor-element-b6c6ba4 e-con-full elementor-hidden-tablet_extra elementor-hidden-tablet elementor-hidden-mobile_extra elementor-hidden-mobile e-flex e-con e-child\" data-id=\"b6c6ba4\" data-element_type=\"container\" data-settings=\"{&quot;background_background&quot;:&quot;classic&quot;,&quot;position&quot;:&quot;absolute&quot;,&quot;wcf_enable_cursor_hover_effect_text&quot;:&quot;View&quot;,&quot;wcf-animation&quot;:&quot;none&quot;,&quot;wcf_pin_breakpoint&quot;:&quot;mobile&quot;}\">\n\t\t\t\t<\/div>\n\t\t\t\t<div class=\"elementor-element elementor-element-01d4f49 wcf-t-animation-none elementor-widget elementor-widget-heading\" data-id=\"01d4f49\" data-element_type=\"widget\" data-settings=\"{&quot;wcf_text_animation&quot;:&quot;none&quot;,&quot;wcf-animation&quot;:&quot;none&quot;}\" data-widget_type=\"heading.default\">\n\t\t\t\t<div class=\"elementor-widget-container\">\n\t\t\t\t\t<h2 class=\"elementor-heading-title elementor-size-default\">Por que um F\u00f3rum Gera\u00e7\u00f5es e Futuro do Trabalho?<\/h2>\t\t\t\t<\/div>\n\t\t\t\t<\/div>\n\t\t\t\t<div class=\"elementor-element elementor-element-6245a95 wcf-t-animation-none elementor-widget elementor-widget-text-editor\" data-id=\"6245a95\" data-element_type=\"widget\" data-settings=\"{&quot;wcf_text_animation&quot;:&quot;none&quot;,&quot;wcf-animation&quot;:&quot;none&quot;}\" data-widget_type=\"text-editor.default\">\n\t\t\t\t<div class=\"elementor-widget-container\">\n\t\t\t\t\t\t\t\t\t<strong class=\"title-color-a\" style=\"font-weight: 800;\"><em>Layse Vicente:<\/em><\/strong> O F\u00f3rum Gera\u00e7\u00f5es e Futuro do Trabalho \u00e9 necess\u00e1rio dada a import\u00e2ncia cada vez\nmais evidente da discuss\u00e3o qualificada sobre diversidade et\u00e1ria nas empresas e na\nsociedade em geral. Hoje temos uma popula\u00e7\u00e3o cada vez mais longeva e estamos\ntestemunhando o fim do b\u00f4nus demogr\u00e1fico, ou seja, o final do per\u00edodo em que a\npropor\u00e7\u00e3o de pessoas em idade economicamente ativa supera a de n\u00e3o-ativas, e o\nmercado de trabalho e a sociedade precisam responder a essa nova realidade de\nmaneira adequada, eliminando o etarismo considerando a interseccionalidade do tema.\nAl\u00e9m disso, a discuss\u00e3o sobre o presente e futuro do trabalho \u00e9 inevit\u00e1vel quando\ntratamos de gera\u00e7\u00f5es, pois precisamos olhar para as quest\u00f5es de hoje, mas tamb\u00e9m\nnos prepararmos para o amanh\u00e3. Por fim, tratar do tema gera\u00e7\u00f5es e futuro do trabalho\n\u00e9 crucial para as empresas hoje, pois a diversidade et\u00e1ria traz diferentes perspectivas,\nque s\u00e3o fundamentais para a inova\u00e7\u00e3o e sustentabilidade dos neg\u00f3cios. Como j\u00e1\nsabemos, um ambiente de trabalho inclusivo melhora a satisfa\u00e7\u00e3o e reten\u00e7\u00e3o de\ntalentos, fortalecendo a competitividade das empresas. Al\u00e9m disso essa \u00e9 uma pauta\nque, mesmo em diferentes propor\u00e7\u00f5es e momentos, afeta ou afetar\u00e1 todas as pessoas\ndentro e fora do mercado de trabalho.\t\t\t\t\t\t\t\t<\/div>\n\t\t\t\t<\/div>\n\t\t\t\t<div class=\"elementor-element elementor-element-ce2f862 elementor-widget elementor-widget-image\" data-id=\"ce2f862\" data-element_type=\"widget\" data-settings=\"{&quot;wcf-image-animation&quot;:&quot;none&quot;,&quot;wcf-animation&quot;:&quot;none&quot;}\" data-widget_type=\"image.default\">\n\t\t\t\t<div class=\"elementor-widget-container\">\n\t\t\t\t\t\t\t\t\t\t\t\t\t\t\t<img decoding=\"async\" width=\"999\" height=\"278\" src=\"https:\/\/labnovalongevidade.org\/mapeamento2024\/wp-content\/uploads\/2024\/09\/12-1.jpg\" class=\"attachment-full size-full wp-image-12006\" alt=\"Dois casais de amigos se abra\u00e7am.\" srcset=\"https:\/\/labnovalongevidade.org\/mapeamento2024\/wp-content\/uploads\/2024\/09\/12-1.jpg 999w, https:\/\/labnovalongevidade.org\/mapeamento2024\/wp-content\/uploads\/2024\/09\/12-1-300x83.jpg 300w, https:\/\/labnovalongevidade.org\/mapeamento2024\/wp-content\/uploads\/2024\/09\/12-1-768x214.jpg 768w\" sizes=\"(max-width: 999px) 100vw, 999px\" \/>\t\t\t\t\t\t\t\t\t\t\t\t\t\t\t<\/div>\n\t\t\t\t<\/div>\n\t\t\t\t<\/div>\n\t\t<div class=\"elementor-element elementor-element-a42d9dc e-con-full e-flex e-con e-child\" data-id=\"a42d9dc\" data-element_type=\"container\" data-settings=\"{&quot;wcf_enable_cursor_hover_effect_text&quot;:&quot;View&quot;,&quot;wcf-animation&quot;:&quot;none&quot;,&quot;wcf_pin_breakpoint&quot;:&quot;mobile&quot;}\">\n\t\t<div class=\"elementor-element elementor-element-6d9b9fd e-con-full elementor-hidden-tablet_extra elementor-hidden-tablet elementor-hidden-mobile_extra elementor-hidden-mobile e-flex e-con e-child\" data-id=\"6d9b9fd\" data-element_type=\"container\" data-settings=\"{&quot;background_background&quot;:&quot;classic&quot;,&quot;position&quot;:&quot;absolute&quot;,&quot;wcf_enable_cursor_hover_effect_text&quot;:&quot;View&quot;,&quot;wcf-animation&quot;:&quot;none&quot;,&quot;wcf_pin_breakpoint&quot;:&quot;mobile&quot;}\">\n\t\t\t\t<\/div>\n\t\t<div class=\"elementor-element elementor-element-0ce03f9 e-con-full e-flex e-con e-child\" data-id=\"0ce03f9\" data-element_type=\"container\" data-settings=\"{&quot;background_background&quot;:&quot;classic&quot;,&quot;wcf_enable_cursor_hover_effect_text&quot;:&quot;View&quot;,&quot;wcf-animation&quot;:&quot;none&quot;,&quot;wcf_pin_breakpoint&quot;:&quot;mobile&quot;}\">\n\t\t\t\t<div class=\"elementor-element elementor-element-d592703 wcf-t-animation-none elementor-widget elementor-widget-heading\" data-id=\"d592703\" data-element_type=\"widget\" data-settings=\"{&quot;wcf_text_animation&quot;:&quot;none&quot;,&quot;wcf-animation&quot;:&quot;none&quot;}\" data-widget_type=\"heading.default\">\n\t\t\t\t<div class=\"elementor-widget-container\">\n\t\t\t\t\t<h2 class=\"elementor-heading-title elementor-size-default\">Pesquisas apontam que a resist\u00eancia de manuten\u00e7\u00e3o e contrata\u00e7\u00e3o dos 60+ s\u00e3o\nembasadas na ideia de que os mais velhos t\u00eam dificuldade com tecnologia e\nresist\u00eancia para serem liderados por pessoas mais jovens. Isso \u00e9 idadismo?<\/h2>\t\t\t\t<\/div>\n\t\t\t\t<\/div>\n\t\t\t\t<div class=\"elementor-element elementor-element-08bcab6 wcf-t-animation-none elementor-widget elementor-widget-text-editor\" data-id=\"08bcab6\" data-element_type=\"widget\" data-settings=\"{&quot;wcf_text_animation&quot;:&quot;none&quot;,&quot;wcf-animation&quot;:&quot;none&quot;}\" data-widget_type=\"text-editor.default\">\n\t\t\t\t<div class=\"elementor-widget-container\">\n\t\t\t\t\t\t\t\t\t<strong class=\"title-color-a\" style=\"font-weight: 800;\"><em>Layse Vicente:\u00a0<\/em><\/strong>Sim, a ideia de que a idade \u00e9 fator \u00fanico e fundamental para definir se\numa pessoa tem dificuldade com tecnologia ou se ter\u00e1 resist\u00eancia em rela\u00e7\u00e3o \u00e0\nlideran\u00e7a \u00e9 o reflexo de um comportamento baseado em estere\u00f3tipos naturalizados na\nnossa sociedade, que \u00e9 etarista.\n\nEssa discrimina\u00e7\u00e3o apenas cria barreiras que limitam as oportunidades de profissionais\nmais experientes (re)acessarem o mercado, desvaloriza as contribui\u00e7\u00f5es e habilidades\ndaqueles(as) que j\u00e1 fazem parte da organiza\u00e7\u00e3o, al\u00e9m disso, impede o\ncompartilhamento de experi\u00eancias entre gera\u00e7\u00f5es, essencial para o crescimento\nsaud\u00e1vel e sustentabilidade da empresa.\t\t\t\t\t\t\t\t<\/div>\n\t\t\t\t<\/div>\n\t\t\t\t<\/div>\n\t\t\t\t<\/div>\n\t\t\t\t<\/div>\n\t\t<div class=\"elementor-element elementor-element-13a5dd9 e-con-full e-flex e-con e-child\" data-id=\"13a5dd9\" data-element_type=\"container\" data-settings=\"{&quot;wcf_enable_cursor_hover_effect_text&quot;:&quot;View&quot;,&quot;wcf-animation&quot;:&quot;none&quot;,&quot;wcf_pin_breakpoint&quot;:&quot;mobile&quot;}\">\n\t\t<div class=\"elementor-element elementor-element-ba4acee e-con-full e-flex e-con e-child\" data-id=\"ba4acee\" data-element_type=\"container\" data-settings=\"{&quot;wcf_enable_cursor_hover_effect_text&quot;:&quot;View&quot;,&quot;wcf-animation&quot;:&quot;none&quot;,&quot;wcf_pin_breakpoint&quot;:&quot;mobile&quot;}\">\n\t\t<div class=\"elementor-element elementor-element-7976b9a e-con-full elementor-hidden-tablet_extra elementor-hidden-tablet elementor-hidden-mobile_extra elementor-hidden-mobile e-flex e-con e-child\" data-id=\"7976b9a\" data-element_type=\"container\" data-settings=\"{&quot;background_background&quot;:&quot;classic&quot;,&quot;position&quot;:&quot;absolute&quot;,&quot;wcf_enable_cursor_hover_effect_text&quot;:&quot;View&quot;,&quot;wcf-animation&quot;:&quot;none&quot;,&quot;wcf_pin_breakpoint&quot;:&quot;mobile&quot;}\">\n\t\t\t\t<\/div>\n\t\t\t\t<div class=\"elementor-element elementor-element-2f6083d wcf-t-animation-none elementor-widget elementor-widget-heading\" data-id=\"2f6083d\" data-element_type=\"widget\" data-settings=\"{&quot;wcf_text_animation&quot;:&quot;none&quot;,&quot;wcf-animation&quot;:&quot;none&quot;}\" data-widget_type=\"heading.default\">\n\t\t\t\t<div class=\"elementor-widget-container\">\n\t\t\t\t\t<h2 class=\"elementor-heading-title elementor-size-default\">Quais as consequ\u00eancias do autoidadismo para a autoestima, performance,\naprendizado e engajamento dos 60+?<\/h2>\t\t\t\t<\/div>\n\t\t\t\t<\/div>\n\t\t\t\t<div class=\"elementor-element elementor-element-73f1344 wcf-t-animation-none elementor-widget elementor-widget-text-editor\" data-id=\"73f1344\" data-element_type=\"widget\" data-settings=\"{&quot;wcf_text_animation&quot;:&quot;none&quot;,&quot;wcf-animation&quot;:&quot;none&quot;}\" data-widget_type=\"text-editor.default\">\n\t\t\t\t<div class=\"elementor-widget-container\">\n\t\t\t\t\t\t\t\t\t<strong class=\"title-color-a\" style=\"font-weight: 800;\"><em>Layse Vicente: <\/em><\/strong><span style=\"font-weight: 400;\">O autoidadismo, ou a internaliza\u00e7\u00e3o de estere\u00f3tipos negativos sobre a\npr\u00f3pria idade, pode ter s\u00e9rias consequ\u00eancias na vida pessoal e profissional de pessoas\n60+. Ele pode provocar uma imagem de si distorcida e limitada, pois a idade deixa de\nser uma das v\u00e1rias dimens\u00f5es da vida e passa a ser um aspecto determinante para\ndefinir at\u00e9 onde a pessoa pode chegar. Isso diminui a autoestima e afeta a\nautopercep\u00e7\u00e3o pessoal e profissional. A performance pode ser prejudicada, j\u00e1 que\nessas pessoas podem sentir-se desmotivadas ou inseguras para assumir novos\ndesafios. Quando falamos de aprendizado, o autoidadismo pode criar uma resist\u00eancia\nao desenvolvimento de novas habilidades, pois muitas vezes a pessoa sequer tenta,\npor achar que n\u00e3o vai conseguir. Por consequ\u00eancia o engajamento no trabalho pode\ndiminuir, o que resulta em uma menor satisfa\u00e7\u00e3o e at\u00e9 a poss\u00edvel desist\u00eancia da\ncarreira.<\/span>\t\t\t\t\t\t\t\t<\/div>\n\t\t\t\t<\/div>\n\t\t\t\t<\/div>\n\t\t<div class=\"elementor-element elementor-element-4bef047 e-con-full e-flex e-con e-child\" data-id=\"4bef047\" data-element_type=\"container\" data-settings=\"{&quot;wcf_enable_cursor_hover_effect_text&quot;:&quot;View&quot;,&quot;wcf-animation&quot;:&quot;none&quot;,&quot;wcf_pin_breakpoint&quot;:&quot;mobile&quot;}\">\n\t\t<div class=\"elementor-element elementor-element-29a3acc e-con-full elementor-hidden-tablet_extra elementor-hidden-tablet elementor-hidden-mobile_extra elementor-hidden-mobile e-flex e-con e-child\" data-id=\"29a3acc\" data-element_type=\"container\" data-settings=\"{&quot;background_background&quot;:&quot;classic&quot;,&quot;position&quot;:&quot;absolute&quot;,&quot;wcf_enable_cursor_hover_effect_text&quot;:&quot;View&quot;,&quot;wcf-animation&quot;:&quot;none&quot;,&quot;wcf_pin_breakpoint&quot;:&quot;mobile&quot;}\">\n\t\t\t\t<\/div>\n\t\t<div class=\"elementor-element elementor-element-bd9dc27 e-con-full e-flex e-con e-child\" data-id=\"bd9dc27\" data-element_type=\"container\" data-settings=\"{&quot;wcf_enable_cursor_hover_effect_text&quot;:&quot;View&quot;,&quot;wcf-animation&quot;:&quot;none&quot;,&quot;wcf_pin_breakpoint&quot;:&quot;mobile&quot;}\">\n\t\t<div class=\"elementor-element elementor-element-6ee459f e-con-full e-flex e-con e-child\" data-id=\"6ee459f\" data-element_type=\"container\" data-settings=\"{&quot;wcf_enable_cursor_hover_effect_text&quot;:&quot;View&quot;,&quot;wcf-animation&quot;:&quot;none&quot;,&quot;wcf_pin_breakpoint&quot;:&quot;mobile&quot;}\">\n\t\t<div class=\"elementor-element elementor-element-db0a3c1 e-con-full e-flex e-con e-child\" data-id=\"db0a3c1\" data-element_type=\"container\" data-settings=\"{&quot;wcf_enable_cursor_hover_effect_text&quot;:&quot;View&quot;,&quot;wcf-animation&quot;:&quot;none&quot;,&quot;wcf_pin_breakpoint&quot;:&quot;mobile&quot;}\">\n\t\t\t\t<div class=\"elementor-element elementor-element-570089c wcf-t-animation-none elementor-widget elementor-widget-text-editor\" data-id=\"570089c\" data-element_type=\"widget\" data-settings=\"{&quot;wcf_text_animation&quot;:&quot;none&quot;,&quot;wcf-animation&quot;:&quot;none&quot;}\" data-widget_type=\"text-editor.default\">\n\t\t\t\t<div class=\"elementor-widget-container\">\n\t\t\t\t\t\t\t\t\t<p><strong style=\"font-weight: 900; color: #ecb101;\">&#8220;<\/strong><i><span style=\"font-weight: 400;\">Quando falamos de aprendizado, o autoidadismo pode criar uma resist\u00eancia ao desenvolvimento de novas habilidades.<\/span><\/i><strong style=\"font-weight: 900; color: #ecb101;\">&#8220;<\/strong><\/p>\t\t\t\t\t\t\t\t<\/div>\n\t\t\t\t<\/div>\n\t\t\t\t<\/div>\n\t\t\t\t<\/div>\n\t\t\t\t<\/div>\n\t\t<div class=\"elementor-element elementor-element-3b7eceb e-con-full e-flex e-con e-child\" data-id=\"3b7eceb\" data-element_type=\"container\" data-settings=\"{&quot;background_background&quot;:&quot;classic&quot;,&quot;wcf_enable_cursor_hover_effect_text&quot;:&quot;View&quot;,&quot;wcf-animation&quot;:&quot;none&quot;,&quot;wcf_pin_breakpoint&quot;:&quot;mobile&quot;}\">\n\t\t\t\t<div class=\"elementor-element elementor-element-c14513a wcf-t-animation-none elementor-widget elementor-widget-heading\" data-id=\"c14513a\" data-element_type=\"widget\" data-settings=\"{&quot;wcf_text_animation&quot;:&quot;none&quot;,&quot;wcf-animation&quot;:&quot;none&quot;}\" data-widget_type=\"heading.default\">\n\t\t\t\t<div class=\"elementor-widget-container\">\n\t\t\t\t\t<h2 class=\"elementor-heading-title elementor-size-default\">Que mudan\u00e7as culturais precisam ocorrer para facilitar a entrada e manuten\u00e7\u00e3o\ndos 60+ na for\u00e7a de trabalho?<\/h2>\t\t\t\t<\/div>\n\t\t\t\t<\/div>\n\t\t\t\t<div class=\"elementor-element elementor-element-0b6063e wcf-t-animation-none elementor-widget elementor-widget-text-editor\" data-id=\"0b6063e\" data-element_type=\"widget\" data-settings=\"{&quot;wcf_text_animation&quot;:&quot;none&quot;,&quot;wcf-animation&quot;:&quot;none&quot;}\" data-widget_type=\"text-editor.default\">\n\t\t\t\t<div class=\"elementor-widget-container\">\n\t\t\t\t\t\t\t\t\t<strong class=\"title-color-a\" style=\"font-weight: 800;\"><em>Layse Vicente: <\/em><\/strong><span style=\"font-weight: 400;\">Mudan\u00e7as culturais levam tempo e precisam de medidas intencionais e\nconsistentes de curto, m\u00e9dio e logo prazo. Esses esfor\u00e7os devem fazer parte da\nestrat\u00e9gia do neg\u00f3cio em todos os n\u00edveis da empresa, e n\u00e3o pode ser um trabalho\napenas de RH ou de uma \u00e1rea espec\u00edfica. A cultura \u00e9 constru\u00edda no dia a dia e \u00e9\nresponsabilidade de todas as pessoas, principalmente das lideran\u00e7as. Pessoas com\nmais de 50 anos representam apenas de 3% a 5% do quadro de pessoas\ncolaboradoras das empresas e isso precisa mudar.<\/span>\t\t\t\t\t\t\t\t<\/div>\n\t\t\t\t<\/div>\n\t\t\t\t<\/div>\n\t\t\t\t<\/div>\n\t\t\t\t<\/div>\n\t\t<div class=\"elementor-element elementor-element-c7bfc2e e-con-full e-flex e-con e-child\" data-id=\"c7bfc2e\" data-element_type=\"container\" data-settings=\"{&quot;wcf_enable_cursor_hover_effect_text&quot;:&quot;View&quot;,&quot;wcf-animation&quot;:&quot;none&quot;,&quot;wcf_pin_breakpoint&quot;:&quot;mobile&quot;}\">\n\t\t<div class=\"elementor-element elementor-element-874f951 e-con-full e-flex e-con e-child\" data-id=\"874f951\" data-element_type=\"container\" data-settings=\"{&quot;wcf_enable_cursor_hover_effect_text&quot;:&quot;View&quot;,&quot;wcf-animation&quot;:&quot;none&quot;,&quot;wcf_pin_breakpoint&quot;:&quot;mobile&quot;}\">\n\t\t<div class=\"elementor-element elementor-element-35b002e e-con-full e-flex e-con e-child\" data-id=\"35b002e\" data-element_type=\"container\" data-settings=\"{&quot;wcf_enable_cursor_hover_effect_text&quot;:&quot;View&quot;,&quot;wcf-animation&quot;:&quot;none&quot;,&quot;wcf_pin_breakpoint&quot;:&quot;mobile&quot;}\">\n\t\t\t\t<div class=\"elementor-element elementor-element-70ddf98 wcf-t-animation-none elementor-widget elementor-widget-text-editor\" data-id=\"70ddf98\" data-element_type=\"widget\" data-settings=\"{&quot;wcf_text_animation&quot;:&quot;none&quot;,&quot;wcf-animation&quot;:&quot;none&quot;}\" data-widget_type=\"text-editor.default\">\n\t\t\t\t<div class=\"elementor-widget-container\">\n\t\t\t\t\t\t\t\t\t<p><strong style=\"font-weight: 900; color: #ecb101;\">&#8220;<\/strong><i><span style=\"font-weight: 400;\">Pessoas com mais de 50 anos representam apenas de 3% a 5% do quadro de pessoas colaboradoras das empresas e isso precisa mudar.<\/span><\/i><strong style=\"font-weight: 900; color: #ecb101;\">&#8220;<\/strong><\/p>\t\t\t\t\t\t\t\t<\/div>\n\t\t\t\t<\/div>\n\t\t\t\t<\/div>\n\t\t\t\t<\/div>\n\t\t\t\t<\/div>\n\t\t<div class=\"elementor-element elementor-element-6f78aff e-con-full e-flex e-con e-child\" data-id=\"6f78aff\" data-element_type=\"container\" data-settings=\"{&quot;wcf_enable_cursor_hover_effect_text&quot;:&quot;View&quot;,&quot;wcf-animation&quot;:&quot;none&quot;,&quot;wcf_pin_breakpoint&quot;:&quot;mobile&quot;}\">\n\t\t<div class=\"elementor-element elementor-element-4abcf72 e-con-full e-flex e-con e-child\" data-id=\"4abcf72\" data-element_type=\"container\" data-settings=\"{&quot;wcf_enable_cursor_hover_effect_text&quot;:&quot;View&quot;,&quot;wcf-animation&quot;:&quot;none&quot;,&quot;wcf_pin_breakpoint&quot;:&quot;mobile&quot;}\">\n\t\t<div class=\"elementor-element elementor-element-98c17b7 e-con-full elementor-hidden-tablet_extra elementor-hidden-tablet elementor-hidden-mobile_extra elementor-hidden-mobile e-flex e-con e-child\" data-id=\"98c17b7\" data-element_type=\"container\" data-settings=\"{&quot;background_background&quot;:&quot;classic&quot;,&quot;position&quot;:&quot;absolute&quot;,&quot;wcf_enable_cursor_hover_effect_text&quot;:&quot;View&quot;,&quot;wcf-animation&quot;:&quot;none&quot;,&quot;wcf_pin_breakpoint&quot;:&quot;mobile&quot;}\">\n\t\t\t\t<\/div>\n\t\t\t\t<div class=\"elementor-element elementor-element-9b8ec49 wcf-t-animation-none elementor-widget elementor-widget-heading\" data-id=\"9b8ec49\" data-element_type=\"widget\" data-settings=\"{&quot;wcf_text_animation&quot;:&quot;none&quot;,&quot;wcf-animation&quot;:&quot;none&quot;}\" data-widget_type=\"heading.default\">\n\t\t\t\t<div class=\"elementor-widget-container\">\n\t\t\t\t\t<h2 class=\"elementor-heading-title elementor-size-default\">De que maneira o F\u00f3rum Gera\u00e7\u00f5es e Futuro do Trabalho colabora para abrir\nespa\u00e7o para os 60+ no mercado de trabalho?<\/h2>\t\t\t\t<\/div>\n\t\t\t\t<\/div>\n\t\t\t\t<div class=\"elementor-element elementor-element-26fe2c4 wcf-t-animation-none elementor-widget elementor-widget-text-editor\" data-id=\"26fe2c4\" data-element_type=\"widget\" data-settings=\"{&quot;wcf_text_animation&quot;:&quot;none&quot;,&quot;wcf-animation&quot;:&quot;none&quot;}\" data-widget_type=\"text-editor.default\">\n\t\t\t\t<div class=\"elementor-widget-container\">\n\t\t\t\t\t\t\t\t\t<strong class=\"title-color-a\" style=\"font-weight: 800;\"><em>Layse Vicente: <\/em><\/strong><span style=\"font-weight: 400;\">O F\u00f3rum Gera\u00e7\u00f5es e Futuro do Trabalho estabelece seis compromissos\npara as empresas participantes. Por meio desses princ\u00edpios, o F\u00f3rum incentiva as\norganiza\u00e7\u00f5es a adotarem ou fortalecerem pol\u00edticas e pr\u00e1ticas inclusivas para todas as\ngera\u00e7\u00f5es, com foco especial nas mais vulner\u00e1veis no mercado de trabalho, os jovens\nda gera\u00e7\u00e3o Z (1997 a 2012) que est\u00e3o ingressando e profissionais da gera\u00e7\u00e3o Baby\nBoomer (1946 a 1964) que enfrentam dificuldades para se manterem ativos no\nmercado.\nOlhando para a popula\u00e7\u00e3o 60+ e nossos compromissos, o F\u00f3rum colabora da seguinte\nmaneira: estimulamos as empresas a se conscientizarem sobre a import\u00e2ncia da\nconviv\u00eancia entre pessoas 60+ e as demais gera\u00e7\u00f5es, principalmente a Z, combatendo\no preconceito baseado em idade; aprofundamos o debate sobre as diferentes gera\u00e7\u00f5es\ne seus impactos nos neg\u00f3cios da empresa; incentivamos as signat\u00e1rias a adotarem\nmodalidades de contrata\u00e7\u00e3o que ofere\u00e7am prote\u00e7\u00e3o e flexibilidade; discutimos medidas\npara garantir a inclus\u00e3o digital de trabalhadores(as) 60+, oferecendo capacita\u00e7\u00e3o\ncont\u00ednua nas atuais e novas tecnologias; reconhecemos a possibilidade de m\u00faltiplas\ncarreiras ao longo da vida e fornecemos apoiamos na constru\u00e7\u00e3o de oportunidades\nconcretas de desenvolvimento profissional. Por fim, ajudamos as empresas a\nadaptarem suas pol\u00edticas e pr\u00e1ticas aos novos contextos de trabalho, garantindo o\nbem-estar e a seguran\u00e7a f\u00edsica e psicol\u00f3gica das pessoas.<\/span>\t\t\t\t\t\t\t\t<\/div>\n\t\t\t\t<\/div>\n\t\t\t\t<div class=\"elementor-element elementor-element-9ddf5a4 elementor-widget elementor-widget-image\" data-id=\"9ddf5a4\" data-element_type=\"widget\" data-settings=\"{&quot;wcf-image-animation&quot;:&quot;none&quot;,&quot;wcf-animation&quot;:&quot;none&quot;}\" data-widget_type=\"image.default\">\n\t\t\t\t<div class=\"elementor-widget-container\">\n\t\t\t\t\t\t\t\t\t\t\t\t\t\t\t<img decoding=\"async\" src=\"https:\/\/labnovalongevidade.org\/mapeamento2024\/wp-content\/uploads\/elementor\/thumbs\/19-1-qucpz5nik1s3dur14sekqlpcsffomhl76467q8kzde.jpg\" title=\"Mapeamento do Ecossistema de Inova\u00e7\u00e3o Social e Longevidade\" alt=\"Um grupo de idosos sorrindo\" loading=\"lazy\" \/>\t\t\t\t\t\t\t\t\t\t\t\t\t\t\t<\/div>\n\t\t\t\t<\/div>\n\t\t\t\t<\/div>\n\t\t<div class=\"elementor-element elementor-element-7fc3d18 e-con-full e-flex e-con e-child\" data-id=\"7fc3d18\" data-element_type=\"container\" data-settings=\"{&quot;wcf_enable_cursor_hover_effect_text&quot;:&quot;View&quot;,&quot;wcf-animation&quot;:&quot;none&quot;,&quot;wcf_pin_breakpoint&quot;:&quot;mobile&quot;}\">\n\t\t<div class=\"elementor-element elementor-element-baef60b e-con-full elementor-hidden-tablet_extra elementor-hidden-tablet elementor-hidden-mobile_extra elementor-hidden-mobile e-flex e-con e-child\" data-id=\"baef60b\" data-element_type=\"container\" data-settings=\"{&quot;background_background&quot;:&quot;classic&quot;,&quot;position&quot;:&quot;absolute&quot;,&quot;wcf_enable_cursor_hover_effect_text&quot;:&quot;View&quot;,&quot;wcf-animation&quot;:&quot;none&quot;,&quot;wcf_pin_breakpoint&quot;:&quot;mobile&quot;}\">\n\t\t\t\t<\/div>\n\t\t<div class=\"elementor-element elementor-element-3e243ff e-con-full e-flex e-con e-child\" data-id=\"3e243ff\" data-element_type=\"container\" data-settings=\"{&quot;background_background&quot;:&quot;classic&quot;,&quot;wcf_enable_cursor_hover_effect_text&quot;:&quot;View&quot;,&quot;wcf-animation&quot;:&quot;none&quot;,&quot;wcf_pin_breakpoint&quot;:&quot;mobile&quot;}\">\n\t\t\t\t<div class=\"elementor-element elementor-element-5c74e7b wcf-t-animation-none elementor-widget elementor-widget-heading\" data-id=\"5c74e7b\" data-element_type=\"widget\" data-settings=\"{&quot;wcf_text_animation&quot;:&quot;none&quot;,&quot;wcf-animation&quot;:&quot;none&quot;}\" data-widget_type=\"heading.default\">\n\t\t\t\t<div class=\"elementor-widget-container\">\n\t\t\t\t\t<h2 class=\"elementor-heading-title elementor-size-default\">Qual a import\u00e2ncia e vantagens de investir em equipes intergeracionais?<\/h2>\t\t\t\t<\/div>\n\t\t\t\t<\/div>\n\t\t\t\t<div class=\"elementor-element elementor-element-d0863d6 wcf-t-animation-none elementor-widget elementor-widget-text-editor\" data-id=\"d0863d6\" data-element_type=\"widget\" data-settings=\"{&quot;wcf_text_animation&quot;:&quot;none&quot;,&quot;wcf-animation&quot;:&quot;none&quot;}\" data-widget_type=\"text-editor.default\">\n\t\t\t\t<div class=\"elementor-widget-container\">\n\t\t\t\t\t\t\t\t\t<strong class=\"title-color-a\" style=\"font-weight: 800;\"><em>Layse Vicente: <\/em><\/strong><span style=\"font-weight: 400;\">Investir em equipes intergeracionais \u00e9 fundamental para criar um ambiente de trabalho mais din\u00e2mico, resiliente e sustent\u00e1vel, aproveitando a diversidade de experi\u00eancias, perspectivas e habilidades dessas gera\u00e7\u00f5es. Profissionais mais jovens podem trazer novas perspectivas sobre as tend\u00eancias, processos e tecnologias atuais, enquanto os(as) mais maduros(as) contribuem com o conhecimento e experi\u00eancia acumulada ao longo da vida.\u00a0<\/span>\n\n<span style=\"font-weight: 400;\">Essa combina\u00e7\u00e3o de abordagens impulsiona a inova\u00e7\u00e3o e resulta em ideias mais criativas que fortalecem a empresa. Al\u00e9m disso, a mentoria natural nesses times promove uma troca de conhecimento bidirecional, fortalecendo uma cultura de aprendizado cont\u00ednuo. Equipes intergeracionais tamb\u00e9m contribuem para um ambiente de trabalho mais adapt\u00e1vel. Diferentes gera\u00e7\u00f5es respondem de maneiras variadas \u00e0s mudan\u00e7as e desafios, oferecendo uma gama de estrat\u00e9gias e solu\u00e7\u00f5es que aumentam a capacidade da organiza\u00e7\u00e3o de se ajustar rapidamente \u00e0s demandas do mercado. <\/span><span style=\"font-weight: 400;\">\n<\/span><span style=\"font-weight: 400;\">Empresas que valorizam a diversidade et\u00e1ria tamb\u00e9m conseguem oferecer melhores servi\u00e7os e produtos mais aderentes \u00e0s demandas do p\u00fablico atual e alcan\u00e7ar novos mercados, atendendo melhor \u00e0s expectativas de consumidores(as) ao compreenderem melhor as necessidades de diferentes faixas et\u00e1rias. Investir em equipes intergeracionais n\u00e3o \u00e9 apenas uma responsabilidade social, mas tamb\u00e9m uma estrat\u00e9gia inteligente de neg\u00f3cios que traz in\u00fameros benef\u00edcios para a organiza\u00e7\u00e3o.<\/span>\t\t\t\t\t\t\t\t<\/div>\n\t\t\t\t<\/div>\n\t\t\t\t<\/div>\n\t\t<div class=\"elementor-element elementor-element-9645511 e-con-full e-flex e-con e-child\" data-id=\"9645511\" data-element_type=\"container\" data-settings=\"{&quot;wcf_enable_cursor_hover_effect_text&quot;:&quot;View&quot;,&quot;wcf-animation&quot;:&quot;none&quot;,&quot;wcf_pin_breakpoint&quot;:&quot;mobile&quot;}\">\n\t\t<div class=\"elementor-element elementor-element-96098b0 e-con-full e-flex e-con e-child\" data-id=\"96098b0\" data-element_type=\"container\" data-settings=\"{&quot;wcf_enable_cursor_hover_effect_text&quot;:&quot;View&quot;,&quot;wcf-animation&quot;:&quot;none&quot;,&quot;wcf_pin_breakpoint&quot;:&quot;mobile&quot;}\">\n\t\t<div class=\"elementor-element elementor-element-8c85351 e-con-full e-flex e-con e-child\" data-id=\"8c85351\" data-element_type=\"container\" data-settings=\"{&quot;wcf_enable_cursor_hover_effect_text&quot;:&quot;View&quot;,&quot;wcf-animation&quot;:&quot;none&quot;,&quot;wcf_pin_breakpoint&quot;:&quot;mobile&quot;}\">\n\t\t\t\t<div class=\"elementor-element elementor-element-1da72c0 wcf-t-animation-none elementor-widget elementor-widget-text-editor\" data-id=\"1da72c0\" data-element_type=\"widget\" data-settings=\"{&quot;wcf_text_animation&quot;:&quot;none&quot;,&quot;wcf-animation&quot;:&quot;none&quot;}\" data-widget_type=\"text-editor.default\">\n\t\t\t\t<div class=\"elementor-widget-container\">\n\t\t\t\t\t\t\t\t\t<p><strong style=\"font-weight: 900; color: #ecb101;\">&#8220;<\/strong><i><span style=\"font-weight: 400;\">Investir em equipes intergeracionais n\u00e3o \u00e9 apenas uma responsabilidade social, mas tamb\u00e9m uma estrat\u00e9gia inteligente de neg\u00f3cios que traz in\u00fameros benef\u00edcios para a organiza\u00e7\u00e3o.<\/span><\/i><strong style=\"font-weight: 900; color: #ecb101;\">&#8220;<\/strong><\/p>\t\t\t\t\t\t\t\t<\/div>\n\t\t\t\t<\/div>\n\t\t\t\t<\/div>\n\t\t\t\t<\/div>\n\t\t\t\t<\/div>\n\t\t\t\t<\/div>\n\t\t\t\t<\/div>\n\t\t<div class=\"elementor-element elementor-element-c5c51ce e-con-full e-flex e-con e-child\" data-id=\"c5c51ce\" data-element_type=\"container\" data-settings=\"{&quot;wcf_enable_cursor_hover_effect_text&quot;:&quot;View&quot;,&quot;wcf-animation&quot;:&quot;none&quot;,&quot;wcf_pin_breakpoint&quot;:&quot;mobile&quot;}\">\n\t\t<div class=\"elementor-element elementor-element-5a60c9f e-con-full e-flex e-con e-child\" data-id=\"5a60c9f\" data-element_type=\"container\" data-settings=\"{&quot;wcf_enable_cursor_hover_effect_text&quot;:&quot;View&quot;,&quot;wcf-animation&quot;:&quot;none&quot;,&quot;wcf_pin_breakpoint&quot;:&quot;mobile&quot;}\">\n\t\t<div class=\"elementor-element elementor-element-53df899 e-con-full elementor-hidden-tablet_extra elementor-hidden-tablet elementor-hidden-mobile_extra elementor-hidden-mobile e-flex e-con e-child\" data-id=\"53df899\" data-element_type=\"container\" data-settings=\"{&quot;background_background&quot;:&quot;classic&quot;,&quot;position&quot;:&quot;absolute&quot;,&quot;wcf_enable_cursor_hover_effect_text&quot;:&quot;View&quot;,&quot;wcf-animation&quot;:&quot;none&quot;,&quot;wcf_pin_breakpoint&quot;:&quot;mobile&quot;}\">\n\t\t\t\t<\/div>\n\t\t\t\t<div class=\"elementor-element elementor-element-f05fd9f wcf-t-animation-none elementor-widget elementor-widget-heading\" data-id=\"f05fd9f\" data-element_type=\"widget\" data-settings=\"{&quot;wcf_text_animation&quot;:&quot;none&quot;,&quot;wcf-animation&quot;:&quot;none&quot;}\" data-widget_type=\"heading.default\">\n\t\t\t\t<div class=\"elementor-widget-container\">\n\t\t\t\t\t<h2 class=\"elementor-heading-title elementor-size-default\">Quais aprendizados o F\u00f3rum Gera\u00e7\u00f5es e Futuro do Trabalho j\u00e1 pode compartilhar com o ecossistema de longevidade?<\/h2>\t\t\t\t<\/div>\n\t\t\t\t<\/div>\n\t\t\t\t<div class=\"elementor-element elementor-element-191d917 wcf-t-animation-none elementor-widget elementor-widget-text-editor\" data-id=\"191d917\" data-element_type=\"widget\" data-settings=\"{&quot;wcf_text_animation&quot;:&quot;none&quot;,&quot;wcf-animation&quot;:&quot;none&quot;}\" data-widget_type=\"text-editor.default\">\n\t\t\t\t<div class=\"elementor-widget-container\">\n\t\t\t\t\t\t\t\t\t<strong class=\"title-color-a\" style=\"font-weight: 800;\"><em>Layse Vicente: <\/em><\/strong><span style=\"font-weight: 400;\">Um dos principais ensinamentos \u00e9 a import\u00e2ncia da escuta ativa e do princ\u00edpio &#8220;nada sobre n\u00f3s sem n\u00f3s&#8221;, como destacado por April D&#8217;Aubin. Incluir pessoas 60+ nas discuss\u00f5es desde o planejamento das iniciativas \u00e9 essencial para garantir que suas necessidades e perspectivas sejam realmente atendidas. Al\u00e9m disso, \u00e9 crucial tratar a pauta de gera\u00e7\u00f5es de forma interseccional, reconhecendo as diversas viv\u00eancias dentro de uma mesma gera\u00e7\u00e3o e evitando vieses e estere\u00f3tipos. Chimamanda Adichie, em &#8220;O Perigo da Hist\u00f3ria \u00danica&#8221;, alerta sobre a import\u00e2ncia de considerar m\u00faltiplas narrativas para evitar generaliza\u00e7\u00f5es simplistas.<\/span>\n\n<span style=\"font-weight: 400;\">Outro aprendizado \u00e9 a necessidade de ter intencionalidade. Gera\u00e7\u00f5es, assim como os outros temas de diversidade e inclus\u00e3o, s\u00e3o estrat\u00e9gicos e de responsabilidade de todas as pessoas na organiza\u00e7\u00e3o, especialmente da lideran\u00e7a, pois no final do dia, estamos falando de cultura organizacional e a cultura se constr\u00f3i e se consolida nas atitudes cotidianas, tanto individuais quanto coletivas.<\/span>\n\n<span style=\"font-weight: 400;\">Elaborar um plano estruturado com metas, m\u00e9tricas e objetivos expl\u00edcitos tamb\u00e9m \u00e9 importante, pois a teoria e as conversas s\u00e3o necess\u00e1rias, mas a pr\u00e1tica \u00e9 fundamental. <\/span>\t\t\t\t\t\t\t\t<\/div>\n\t\t\t\t<\/div>\n\t\t\t\t<\/div>\n\t\t<div class=\"elementor-element elementor-element-00cf663 e-con-full e-flex e-con e-child\" data-id=\"00cf663\" data-element_type=\"container\" data-settings=\"{&quot;wcf_enable_cursor_hover_effect_text&quot;:&quot;View&quot;,&quot;wcf-animation&quot;:&quot;none&quot;,&quot;wcf_pin_breakpoint&quot;:&quot;mobile&quot;}\">\n\t\t<div class=\"elementor-element elementor-element-b8e50b7 e-con-full elementor-hidden-tablet_extra elementor-hidden-tablet elementor-hidden-mobile_extra elementor-hidden-mobile e-flex e-con e-child\" data-id=\"b8e50b7\" data-element_type=\"container\" data-settings=\"{&quot;background_background&quot;:&quot;classic&quot;,&quot;position&quot;:&quot;absolute&quot;,&quot;wcf_enable_cursor_hover_effect_text&quot;:&quot;View&quot;,&quot;wcf-animation&quot;:&quot;none&quot;,&quot;wcf_pin_breakpoint&quot;:&quot;mobile&quot;}\">\n\t\t\t\t<\/div>\n\t\t<div class=\"elementor-element elementor-element-da2e18c e-con-full e-flex e-con e-child\" data-id=\"da2e18c\" data-element_type=\"container\" data-settings=\"{&quot;background_background&quot;:&quot;classic&quot;,&quot;wcf_enable_cursor_hover_effect_text&quot;:&quot;View&quot;,&quot;wcf-animation&quot;:&quot;none&quot;,&quot;wcf_pin_breakpoint&quot;:&quot;mobile&quot;}\">\n\t\t\t\t<div class=\"elementor-element elementor-element-d0f1176 wcf-t-animation-none elementor-widget elementor-widget-heading\" data-id=\"d0f1176\" data-element_type=\"widget\" data-settings=\"{&quot;wcf_text_animation&quot;:&quot;none&quot;,&quot;wcf-animation&quot;:&quot;none&quot;}\" data-widget_type=\"heading.default\">\n\t\t\t\t<div class=\"elementor-widget-container\">\n\t\t\t\t\t<h2 class=\"elementor-heading-title elementor-size-default\">O mapeamento re\u00fane mais de 400 iniciativas de todos os setores que est\u00e3o ajudando a repensar a longevidade no Brasil. O que precisa acontecer para que a sociedade crie mais demanda por solu\u00e7\u00f5es que viabilizem e valorizem as contribui\u00e7\u00f5es de pessoas de todas as idades?<\/h2>\t\t\t\t<\/div>\n\t\t\t\t<\/div>\n\t\t\t\t<div class=\"elementor-element elementor-element-634c0ad wcf-t-animation-none elementor-widget elementor-widget-text-editor\" data-id=\"634c0ad\" data-element_type=\"widget\" data-settings=\"{&quot;wcf_text_animation&quot;:&quot;none&quot;,&quot;wcf-animation&quot;:&quot;none&quot;}\" data-widget_type=\"text-editor.default\">\n\t\t\t\t<div class=\"elementor-widget-container\">\n\t\t\t\t\t\t\t\t\t<strong class=\"title-color-a\" style=\"font-weight: 800;\"><em>Layse Vicente: <\/em><\/strong><span style=\"font-weight: 400;\">Para que a sociedade crie mais demanda por solu\u00e7\u00f5es que viabilizem e valorizem as contribui\u00e7\u00f5es de pessoas de todas as idades, \u00e9 necess\u00e1rio promover diversas a\u00e7\u00f5es e mudan\u00e7as em m\u00faltiplos n\u00edveis, incluindo educa\u00e7\u00e3o, pol\u00edticas p\u00fablicas, cultura organizacional e conscientiza\u00e7\u00e3o social.\u00a0<\/span>\n\n<span style=\"font-weight: 400;\">Esse processo deve come\u00e7ar desde a inf\u00e2ncia, com o fomento do respeito m\u00fatuo entre as gera\u00e7\u00f5es nas escolas, em casa e em outros espa\u00e7os sociais. Esse \u00e9 um investimento de longo prazo. De forma mais imediata, incentivar programas de educa\u00e7\u00e3o continuada, al\u00e9m de promover campanhas de conscientiza\u00e7\u00e3o que destaquem os benef\u00edcios da diversidade et\u00e1ria no ambiente de trabalho e na sociedade em geral.\u00a0<\/span>\n\n<span style=\"font-weight: 400;\">No \u00e2mbito das pol\u00edticas p\u00fablicas, \u00e9 essencial aprimorar, desenvolver e implementar legisla\u00e7\u00f5es inclusivas que incentivem a contrata\u00e7\u00e3o e reten\u00e7\u00e3o de trabalhadores(as) de diferentes faixas et\u00e1rias, bem como oferecer incentivos fiscais para empresas que adotem pr\u00e1ticas inclusivas e invistam na forma\u00e7\u00e3o de profissionais de todas as idades. No contexto da cultural, precisamos incentivar o consumo de conte\u00fados que abordem o tema e onde as pessoas se sintam representadas sem estere\u00f3tipos.<\/span>\n\n<span style=\"font-weight: 400;\">Estabelecer parcerias entre governos, empresas, ONGs e institui\u00e7\u00f5es educacionais para desenvolver iniciativas que promovam a inclus\u00e3o et\u00e1ria \u00e9 uma estrat\u00e9gia eficaz, que une for\u00e7as, cria pontes de interesse comum. Por fim e n\u00e3o menos importante, investir em pesquisas que demonstrem os benef\u00edcios econ\u00f4micos e sociais da inclus\u00e3o et\u00e1ria e criar mecanismos para monitorar e avaliar o impacto das pol\u00edticas e pr\u00e1ticas mais inclusivas.<\/span>\t\t\t\t\t\t\t\t<\/div>\n\t\t\t\t<\/div>\n\t\t\t\t<\/div>\n\t\t\t\t<\/div>\n\t\t\t\t<\/div>\n\t\t<div class=\"elementor-element elementor-element-f8cafe3 e-con-full e-flex e-con e-child\" data-id=\"f8cafe3\" data-element_type=\"container\" data-settings=\"{&quot;wcf_enable_cursor_hover_effect_text&quot;:&quot;View&quot;,&quot;wcf-animation&quot;:&quot;none&quot;,&quot;wcf_pin_breakpoint&quot;:&quot;mobile&quot;}\">\n\t\t<div class=\"elementor-element elementor-element-80090b5 e-con-full elementor-hidden-mobile e-flex e-con e-child\" data-id=\"80090b5\" data-element_type=\"container\" data-settings=\"{&quot;background_background&quot;:&quot;classic&quot;,&quot;position&quot;:&quot;absolute&quot;,&quot;wcf_enable_cursor_hover_effect_text&quot;:&quot;View&quot;,&quot;wcf-animation&quot;:&quot;none&quot;,&quot;wcf_pin_breakpoint&quot;:&quot;mobile&quot;}\">\n\t\t\t\t<\/div>\n\t\t<div class=\"elementor-element elementor-element-07b45ba e-con-full e-flex e-con e-child\" data-id=\"07b45ba\" data-element_type=\"container\" data-settings=\"{&quot;background_background&quot;:&quot;classic&quot;,&quot;wcf_enable_cursor_hover_effect_text&quot;:&quot;View&quot;,&quot;wcf-animation&quot;:&quot;none&quot;,&quot;wcf_pin_breakpoint&quot;:&quot;mobile&quot;}\">\n\t\t\t\t<div class=\"elementor-element elementor-element-88a0af6 elementor-absolute elementor-widget elementor-widget-image\" data-id=\"88a0af6\" data-element_type=\"widget\" data-settings=\"{&quot;_position&quot;:&quot;absolute&quot;,&quot;wcf-image-animation&quot;:&quot;none&quot;,&quot;wcf-animation&quot;:&quot;none&quot;}\" data-widget_type=\"image.default\">\n\t\t\t\t<div class=\"elementor-widget-container\">\n\t\t\t\t\t\t\t\t\t\t\t\t\t\t\t<img fetchpriority=\"high\" decoding=\"async\" width=\"583\" height=\"481\" src=\"https:\/\/labnovalongevidade.org\/mapeamento2024\/wp-content\/uploads\/2024\/09\/layse-vicente-1.png\" class=\"attachment-large size-large wp-image-12282\" alt=\"Layse Vicente\" srcset=\"https:\/\/labnovalongevidade.org\/mapeamento2024\/wp-content\/uploads\/2024\/09\/layse-vicente-1.png 583w, https:\/\/labnovalongevidade.org\/mapeamento2024\/wp-content\/uploads\/2024\/09\/layse-vicente-1-300x248.png 300w\" sizes=\"(max-width: 583px) 100vw, 583px\" \/>\t\t\t\t\t\t\t\t\t\t\t\t\t\t\t<\/div>\n\t\t\t\t<\/div>\n\t\t\t\t<div class=\"elementor-element elementor-element-a309c98 wcf-t-animation-none elementor-widget elementor-widget-heading\" data-id=\"a309c98\" data-element_type=\"widget\" data-settings=\"{&quot;wcf_text_animation&quot;:&quot;none&quot;,&quot;wcf-animation&quot;:&quot;none&quot;}\" data-widget_type=\"heading.default\">\n\t\t\t\t<div class=\"elementor-widget-container\">\n\t\t\t\t\t<h2 class=\"elementor-heading-title elementor-size-default\">Sobre Layse Vicente<\/h2>\t\t\t\t<\/div>\n\t\t\t\t<\/div>\n\t\t\t\t<div class=\"elementor-element elementor-element-2317d4b elementor-widget__width-initial elementor-widget-widescreen__width-initial elementor-widget-laptop__width-initial elementor-widget-tablet__width-initial wcf-t-animation-none elementor-widget elementor-widget-text-editor\" data-id=\"2317d4b\" data-element_type=\"widget\" data-settings=\"{&quot;wcf_text_animation&quot;:&quot;none&quot;,&quot;wcf-animation&quot;:&quot;none&quot;}\" data-widget_type=\"text-editor.default\">\n\t\t\t\t<div class=\"elementor-widget-container\">\n\t\t\t\t\t\t\t\t\t<p><span style=\"font-weight: 400;\">Layse Vicente \u00e9 Secret\u00e1ria Executiva Adjunta do F\u00f3rum Gera\u00e7\u00f5es e Futuro do Trabalho, onde \u00e9 respons\u00e1vel pela gest\u00e3o da principal iniciativa voltada \u00e0 promo\u00e7\u00e3o da diversidade et\u00e1ria nas organiza\u00e7\u00f5es no Brasil. Com mais de seis anos de experi\u00eancia em Diversidade, Equidade e Inclus\u00e3o (DE&amp;I), Layse tamb\u00e9m atua como Consultora de Diversidade e Inclus\u00e3o na Mais Diversidade, auxiliando empresas na cria\u00e7\u00e3o e implementa\u00e7\u00e3o de programas estrat\u00e9gicos de DE&amp;I. Graduada em Pedagogia e Assessoria Executiva, possui p\u00f3s-gradua\u00e7\u00e3o em Gest\u00e3o de Recursos Humanos e MBA em ESG e Inova\u00e7\u00e3o. Al\u00e9m disso, \u00e9 agilista certificada em Scrum, Kanban e OKR, combinando a cultura \u00c1gil com um profundo compromisso em construir ambientes de trabalho mais inclusivos e equitativos.<\/span><\/p>\t\t\t\t\t\t\t\t<\/div>\n\t\t\t\t<\/div>\n\t\t\t\t<\/div>\n\t\t\t\t<\/div>\n\t\t\t\t\t<\/div>\n\t\t\t\t<\/div>\n\t\t<div class=\"elementor-element elementor-element-2bec556 e-flex e-con-boxed e-con e-parent\" data-id=\"2bec556\" data-element_type=\"container\" data-settings=\"{&quot;wcf_enable_cursor_hover_effect_text&quot;:&quot;View&quot;,&quot;wcf-animation&quot;:&quot;none&quot;,&quot;wcf_pin_breakpoint&quot;:&quot;mobile&quot;}\">\n\t\t\t\t\t<div class=\"e-con-inner\">\n\t\t\t\t<div class=\"elementor-element elementor-element-c736fe8 wcf-t-animation-none elementor-widget elementor-widget-heading\" data-id=\"c736fe8\" data-element_type=\"widget\" data-settings=\"{&quot;wcf_text_animation&quot;:&quot;none&quot;,&quot;wcf-animation&quot;:&quot;none&quot;}\" data-widget_type=\"heading.default\">\n\t\t\t\t<div class=\"elementor-widget-container\">\n\t\t\t\t\t<h2 class=\"elementor-heading-title elementor-size-default\">Compartilhe esta entrevista:<\/h2>\t\t\t\t<\/div>\n\t\t\t\t<\/div>\n\t\t\t\t<div class=\"elementor-element elementor-element-fb5b415 elementor-share-buttons--view-icon elementor-share-buttons--skin-flat elementor-share-buttons--shape-square elementor-grid-0 elementor-share-buttons--color-official elementor-widget elementor-widget-share-buttons\" data-id=\"fb5b415\" data-element_type=\"widget\" data-settings=\"{&quot;wcf-animation&quot;:&quot;none&quot;}\" data-widget_type=\"share-buttons.default\">\n\t\t\t\t<div class=\"elementor-widget-container\">\n\t\t\t\t\t\t\t<div class=\"elementor-grid\">\n\t\t\t\t\t\t\t\t<div class=\"elementor-grid-item\">\n\t\t\t\t\t\t<div\n\t\t\t\t\t\t\tclass=\"elementor-share-btn elementor-share-btn_facebook\"\n\t\t\t\t\t\t\trole=\"button\"\n\t\t\t\t\t\t\ttabindex=\"0\"\n\t\t\t\t\t\t\taria-label=\"Share on facebook\"\n\t\t\t\t\t\t>\n\t\t\t\t\t\t\t\t\t\t\t\t\t\t\t<span class=\"elementor-share-btn__icon\">\n\t\t\t\t\t\t\t\t<svg class=\"e-font-icon-svg e-fab-facebook\" viewBox=\"0 0 512 512\" xmlns=\"http:\/\/www.w3.org\/2000\/svg\"><path d=\"M504 256C504 119 393 8 256 8S8 119 8 256c0 123.78 90.69 226.38 209.25 245V327.69h-63V256h63v-54.64c0-62.15 37-96.48 93.67-96.48 27.14 0 55.52 4.84 55.52 4.84v61h-31.28c-30.8 0-40.41 19.12-40.41 38.73V256h68.78l-11 71.69h-57.78V501C413.31 482.38 504 379.78 504 256z\"><\/path><\/svg>\t\t\t\t\t\t\t<\/span>\n\t\t\t\t\t\t\t\t\t\t\t\t\t\t\t\t\t\t\t\t<\/div>\n\t\t\t\t\t<\/div>\n\t\t\t\t\t\t\t\t\t<div class=\"elementor-grid-item\">\n\t\t\t\t\t\t<div\n\t\t\t\t\t\t\tclass=\"elementor-share-btn elementor-share-btn_pinterest\"\n\t\t\t\t\t\t\trole=\"button\"\n\t\t\t\t\t\t\ttabindex=\"0\"\n\t\t\t\t\t\t\taria-label=\"Share on pinterest\"\n\t\t\t\t\t\t>\n\t\t\t\t\t\t\t\t\t\t\t\t\t\t\t<span class=\"elementor-share-btn__icon\">\n\t\t\t\t\t\t\t\t<svg class=\"e-font-icon-svg e-fab-pinterest\" viewBox=\"0 0 496 512\" xmlns=\"http:\/\/www.w3.org\/2000\/svg\"><path d=\"M496 256c0 137-111 248-248 248-25.6 0-50.2-3.9-73.4-11.1 10.1-16.5 25.2-43.5 30.8-65 3-11.6 15.4-59 15.4-59 8.1 15.4 31.7 28.5 56.8 28.5 74.8 0 128.7-68.8 128.7-154.3 0-81.9-66.9-143.2-152.9-143.2-107 0-163.9 71.8-163.9 150.1 0 36.4 19.4 81.7 50.3 96.1 4.7 2.2 7.2 1.2 8.3-3.3.8-3.4 5-20.3 6.9-28.1.6-2.5.3-4.7-1.7-7.1-10.1-12.5-18.3-35.3-18.3-56.6 0-54.7 41.4-107.6 112-107.6 60.9 0 103.6 41.5 103.6 100.9 0 67.1-33.9 113.6-78 113.6-24.3 0-42.6-20.1-36.7-44.8 7-29.5 20.5-61.3 20.5-82.6 0-19-10.2-34.9-31.4-34.9-24.9 0-44.9 25.7-44.9 60.2 0 22 7.4 36.8 7.4 36.8s-24.5 103.8-29 123.2c-5 21.4-3 51.6-.9 71.2C65.4 450.9 0 361.1 0 256 0 119 111 8 248 8s248 111 248 248z\"><\/path><\/svg>\t\t\t\t\t\t\t<\/span>\n\t\t\t\t\t\t\t\t\t\t\t\t\t\t\t\t\t\t\t\t<\/div>\n\t\t\t\t\t<\/div>\n\t\t\t\t\t\t\t\t\t<div class=\"elementor-grid-item\">\n\t\t\t\t\t\t<div\n\t\t\t\t\t\t\tclass=\"elementor-share-btn elementor-share-btn_linkedin\"\n\t\t\t\t\t\t\trole=\"button\"\n\t\t\t\t\t\t\ttabindex=\"0\"\n\t\t\t\t\t\t\taria-label=\"Share on linkedin\"\n\t\t\t\t\t\t>\n\t\t\t\t\t\t\t\t\t\t\t\t\t\t\t<span class=\"elementor-share-btn__icon\">\n\t\t\t\t\t\t\t\t<svg class=\"e-font-icon-svg e-fab-linkedin\" viewBox=\"0 0 448 512\" xmlns=\"http:\/\/www.w3.org\/2000\/svg\"><path d=\"M416 32H31.9C14.3 32 0 46.5 0 64.3v383.4C0 465.5 14.3 480 31.9 480H416c17.6 0 32-14.5 32-32.3V64.3c0-17.8-14.4-32.3-32-32.3zM135.4 416H69V202.2h66.5V416zm-33.2-243c-21.3 0-38.5-17.3-38.5-38.5S80.9 96 102.2 96c21.2 0 38.5 17.3 38.5 38.5 0 21.3-17.2 38.5-38.5 38.5zm282.1 243h-66.4V312c0-24.8-.5-56.7-34.5-56.7-34.6 0-39.9 27-39.9 54.9V416h-66.4V202.2h63.7v29.2h.9c8.9-16.8 30.6-34.5 62.9-34.5 67.2 0 79.7 44.3 79.7 101.9V416z\"><\/path><\/svg>\t\t\t\t\t\t\t<\/span>\n\t\t\t\t\t\t\t\t\t\t\t\t\t\t\t\t\t\t\t\t<\/div>\n\t\t\t\t\t<\/div>\n\t\t\t\t\t\t\t\t\t<div class=\"elementor-grid-item\">\n\t\t\t\t\t\t<div\n\t\t\t\t\t\t\tclass=\"elementor-share-btn elementor-share-btn_whatsapp\"\n\t\t\t\t\t\t\trole=\"button\"\n\t\t\t\t\t\t\ttabindex=\"0\"\n\t\t\t\t\t\t\taria-label=\"Share on whatsapp\"\n\t\t\t\t\t\t>\n\t\t\t\t\t\t\t\t\t\t\t\t\t\t\t<span class=\"elementor-share-btn__icon\">\n\t\t\t\t\t\t\t\t<svg class=\"e-font-icon-svg e-fab-whatsapp\" viewBox=\"0 0 448 512\" xmlns=\"http:\/\/www.w3.org\/2000\/svg\"><path d=\"M380.9 97.1C339 55.1 283.2 32 223.9 32c-122.4 0-222 99.6-222 222 0 39.1 10.2 77.3 29.6 111L0 480l117.7-30.9c32.4 17.7 68.9 27 106.1 27h.1c122.3 0 224.1-99.6 224.1-222 0-59.3-25.2-115-67.1-157zm-157 341.6c-33.2 0-65.7-8.9-94-25.7l-6.7-4-69.8 18.3L72 359.2l-4.4-7c-18.5-29.4-28.2-63.3-28.2-98.2 0-101.7 82.8-184.5 184.6-184.5 49.3 0 95.6 19.2 130.4 54.1 34.8 34.9 56.2 81.2 56.1 130.5 0 101.8-84.9 184.6-186.6 184.6zm101.2-138.2c-5.5-2.8-32.8-16.2-37.9-18-5.1-1.9-8.8-2.8-12.5 2.8-3.7 5.6-14.3 18-17.6 21.8-3.2 3.7-6.5 4.2-12 1.4-32.6-16.3-54-29.1-75.5-66-5.7-9.8 5.7-9.1 16.3-30.3 1.8-3.7.9-6.9-.5-9.7-1.4-2.8-12.5-30.1-17.1-41.2-4.5-10.8-9.1-9.3-12.5-9.5-3.2-.2-6.9-.2-10.6-.2-3.7 0-9.7 1.4-14.8 6.9-5.1 5.6-19.4 19-19.4 46.3 0 27.3 19.9 53.7 22.6 57.4 2.8 3.7 39.1 59.7 94.8 83.8 35.2 15.2 49 16.5 66.6 13.9 10.7-1.6 32.8-13.4 37.4-26.4 4.6-13 4.6-24.1 3.2-26.4-1.3-2.5-5-3.9-10.5-6.6z\"><\/path><\/svg>\t\t\t\t\t\t\t<\/span>\n\t\t\t\t\t\t\t\t\t\t\t\t\t\t\t\t\t\t\t\t<\/div>\n\t\t\t\t\t<\/div>\n\t\t\t\t\t\t\t\t\t<div class=\"elementor-grid-item\">\n\t\t\t\t\t\t<div\n\t\t\t\t\t\t\tclass=\"elementor-share-btn elementor-share-btn_email\"\n\t\t\t\t\t\t\trole=\"button\"\n\t\t\t\t\t\t\ttabindex=\"0\"\n\t\t\t\t\t\t\taria-label=\"Share on email\"\n\t\t\t\t\t\t>\n\t\t\t\t\t\t\t\t\t\t\t\t\t\t\t<span class=\"elementor-share-btn__icon\">\n\t\t\t\t\t\t\t\t<svg class=\"e-font-icon-svg e-fas-envelope\" viewBox=\"0 0 512 512\" xmlns=\"http:\/\/www.w3.org\/2000\/svg\"><path d=\"M502.3 190.8c3.9-3.1 9.7-.2 9.7 4.7V400c0 26.5-21.5 48-48 48H48c-26.5 0-48-21.5-48-48V195.6c0-5 5.7-7.8 9.7-4.7 22.4 17.4 52.1 39.5 154.1 113.6 21.1 15.4 56.7 47.8 92.2 47.6 35.7.3 72-32.8 92.3-47.6 102-74.1 131.6-96.3 154-113.7zM256 320c23.2.4 56.6-29.2 73.4-41.4 132.7-96.3 142.8-104.7 173.4-128.7 5.8-4.5 9.2-11.5 9.2-18.9v-19c0-26.5-21.5-48-48-48H48C21.5 64 0 85.5 0 112v19c0 7.4 3.4 14.3 9.2 18.9 30.6 23.9 40.7 32.4 173.4 128.7 16.8 12.2 50.2 41.8 73.4 41.4z\"><\/path><\/svg>\t\t\t\t\t\t\t<\/span>\n\t\t\t\t\t\t\t\t\t\t\t\t\t\t\t\t\t\t\t\t<\/div>\n\t\t\t\t\t<\/div>\n\t\t\t\t\t\t<\/div>\n\t\t\t\t\t\t<\/div>\n\t\t\t\t<\/div>\n\t\t\t\t\t<\/div>\n\t\t\t\t<\/div>\n\t\t<div class=\"elementor-element elementor-element-0a1172d e-flex e-con-boxed e-con e-parent\" data-id=\"0a1172d\" data-element_type=\"container\" data-settings=\"{&quot;wcf_enable_cursor_hover_effect_text&quot;:&quot;View&quot;,&quot;wcf-animation&quot;:&quot;none&quot;,&quot;wcf_pin_breakpoint&quot;:&quot;mobile&quot;}\">\n\t\t\t\t\t<div class=\"e-con-inner\">\n\t\t<div class=\"elementor-element elementor-element-ca263bb e-con-full e-flex e-con e-child\" data-id=\"ca263bb\" data-element_type=\"container\" data-settings=\"{&quot;wcf_enable_cursor_hover_effect_text&quot;:&quot;View&quot;,&quot;wcf-animation&quot;:&quot;none&quot;,&quot;wcf_pin_breakpoint&quot;:&quot;mobile&quot;}\">\n\t\t\t\t<div class=\"elementor-element elementor-element-81289a8 wcf-t-animation-none elementor-widget elementor-widget-text-editor\" data-id=\"81289a8\" data-element_type=\"widget\" data-settings=\"{&quot;wcf_text_animation&quot;:&quot;none&quot;,&quot;wcf-animation&quot;:&quot;none&quot;}\" data-widget_type=\"text-editor.default\">\n\t\t\t\t<div class=\"elementor-widget-container\">\n\t\t\t\t\t\t\t\t\t<p>Sugest\u00f5es para ler na sequ\u00eancia:<\/p>\t\t\t\t\t\t\t\t<\/div>\n\t\t\t\t<\/div>\n\t\t\t\t<\/div>\n\t\t\t\t\t<\/div>\n\t\t\t\t<\/div>\n\t\t<div class=\"elementor-element elementor-element-d4d09d4 e-flex e-con-boxed e-con e-parent\" data-id=\"d4d09d4\" data-element_type=\"container\" data-settings=\"{&quot;wcf_enable_cursor_hover_effect_text&quot;:&quot;View&quot;,&quot;wcf-animation&quot;:&quot;none&quot;,&quot;wcf_pin_breakpoint&quot;:&quot;mobile&quot;}\">\n\t\t\t\t\t<div class=\"e-con-inner\">\n\t\t<div class=\"elementor-element elementor-element-89fbdf5 e-con-full e-flex e-con e-child\" data-id=\"89fbdf5\" data-element_type=\"container\" data-settings=\"{&quot;wcf_enable_cursor_hover_effect_text&quot;:&quot;View&quot;,&quot;wcf-animation&quot;:&quot;none&quot;,&quot;wcf_pin_breakpoint&quot;:&quot;mobile&quot;}\">\n\t\t<div class=\"elementor-element elementor-element-a45991f e-con-full e-flex e-con e-child\" data-id=\"a45991f\" data-element_type=\"container\" data-settings=\"{&quot;wcf_enable_cursor_hover_effect_text&quot;:&quot;View&quot;,&quot;wcf-animation&quot;:&quot;none&quot;,&quot;wcf_pin_breakpoint&quot;:&quot;mobile&quot;}\">\n\t\t<div class=\"elementor-element elementor-element-3ccb222 e-con-full e-flex e-con e-child\" data-id=\"3ccb222\" data-element_type=\"container\" data-settings=\"{&quot;wcf_enable_cursor_hover_effect_text&quot;:&quot;View&quot;,&quot;wcf-animation&quot;:&quot;none&quot;,&quot;wcf_pin_breakpoint&quot;:&quot;mobile&quot;}\">\n\t\t\t\t<div class=\"elementor-element elementor-element-2921396 elementor-widget elementor-widget-image\" data-id=\"2921396\" data-element_type=\"widget\" data-settings=\"{&quot;wcf-image-animation&quot;:&quot;none&quot;,&quot;wcf-animation&quot;:&quot;none&quot;}\" data-widget_type=\"image.default\">\n\t\t\t\t<div class=\"elementor-widget-container\">\n\t\t\t\t\t\t\t\t\t\t\t\t\t\t\t\t<a href=\"https:\/\/labnovalongevidade.org\/mapeamento2024\/entrevistas\/juliana-ramalho\/\">\n\t\t\t\t\t\t\t<img decoding=\"async\" width=\"583\" height=\"481\" src=\"https:\/\/labnovalongevidade.org\/mapeamento2024\/wp-content\/uploads\/2024\/09\/juliana-ramalho-1.png\" class=\"attachment-large size-large wp-image-12368\" alt=\"Juliana Ramalho\" srcset=\"https:\/\/labnovalongevidade.org\/mapeamento2024\/wp-content\/uploads\/2024\/09\/juliana-ramalho-1.png 583w, https:\/\/labnovalongevidade.org\/mapeamento2024\/wp-content\/uploads\/2024\/09\/juliana-ramalho-1-300x248.png 300w\" sizes=\"(max-width: 583px) 100vw, 583px\" \/>\t\t\t\t\t\t\t\t<\/a>\n\t\t\t\t\t\t\t\t\t\t\t\t\t\t\t<\/div>\n\t\t\t\t<\/div>\n\t\t\t\t<\/div>\n\t\t<div class=\"elementor-element elementor-element-c532e5a e-con-full e-flex e-con e-child\" data-id=\"c532e5a\" data-element_type=\"container\" data-settings=\"{&quot;wcf_enable_cursor_hover_effect_text&quot;:&quot;View&quot;,&quot;wcf-animation&quot;:&quot;none&quot;,&quot;wcf_pin_breakpoint&quot;:&quot;mobile&quot;}\">\n\t\t<div class=\"elementor-element elementor-element-f7f7ba3 e-con-full e-flex e-con e-child\" data-id=\"f7f7ba3\" data-element_type=\"container\" data-settings=\"{&quot;wcf_enable_cursor_hover_effect_text&quot;:&quot;View&quot;,&quot;wcf-animation&quot;:&quot;none&quot;,&quot;wcf_pin_breakpoint&quot;:&quot;mobile&quot;}\">\n\t\t\t\t<div class=\"elementor-element elementor-element-b8a3e71 wcf-t-animation-none elementor-widget elementor-widget-heading\" data-id=\"b8a3e71\" data-element_type=\"widget\" data-settings=\"{&quot;wcf_text_animation&quot;:&quot;none&quot;,&quot;wcf-animation&quot;:&quot;none&quot;}\" data-widget_type=\"heading.default\">\n\t\t\t\t<div class=\"elementor-widget-container\">\n\t\t\t\t\t<div class=\"elementor-heading-title elementor-size-default\">Explore<\/div>\t\t\t\t<\/div>\n\t\t\t\t<\/div>\n\t\t\t\t<div class=\"elementor-element elementor-element-07bf1e9 wcf-t-animation-none elementor-widget elementor-widget-heading\" data-id=\"07bf1e9\" data-element_type=\"widget\" data-settings=\"{&quot;wcf_text_animation&quot;:&quot;none&quot;,&quot;wcf-animation&quot;:&quot;none&quot;}\" data-widget_type=\"heading.default\">\n\t\t\t\t<div class=\"elementor-widget-container\">\n\t\t\t\t\t<h2 class=\"elementor-heading-title elementor-size-default\"><a href=\"https:\/\/labnovalongevidade.org\/mapeamento2024\/entrevistas\/juliana-ramalho\/\">Juliana Ramalho<\/a><\/h2>\t\t\t\t<\/div>\n\t\t\t\t<\/div>\n\t\t\t\t<div class=\"elementor-element elementor-element-f22d429 elementor-align-justify elementor-widget elementor-widget-button\" data-id=\"f22d429\" data-element_type=\"widget\" data-settings=\"{&quot;wcf-animation&quot;:&quot;none&quot;}\" data-widget_type=\"button.default\">\n\t\t\t\t<div class=\"elementor-widget-container\">\n\t\t\t\t\t\t\t\t\t<div class=\"elementor-button-wrapper\">\n\t\t\t\t\t<a class=\"elementor-button elementor-button-link elementor-size-sm\" href=\"https:\/\/labnovalongevidade.org\/mapeamento2024\/entrevistas\/juliana-ramalho\/\">\n\t\t\t\t\t\t<span class=\"elementor-button-content-wrapper\">\n\t\t\t\t\t\t\t\t\t<span class=\"elementor-button-text\">Leia Agora >><\/span>\n\t\t\t\t\t<\/span>\n\t\t\t\t\t<\/a>\n\t\t\t\t<\/div>\n\t\t\t\t\t\t\t\t<\/div>\n\t\t\t\t<\/div>\n\t\t\t\t<\/div>\n\t\t\t\t<\/div>\n\t\t\t\t<\/div>\n\t\t<div class=\"elementor-element elementor-element-3586318 e-con-full e-flex e-con e-child\" data-id=\"3586318\" data-element_type=\"container\" data-settings=\"{&quot;wcf_enable_cursor_hover_effect_text&quot;:&quot;View&quot;,&quot;wcf-animation&quot;:&quot;none&quot;,&quot;wcf_pin_breakpoint&quot;:&quot;mobile&quot;}\">\n\t\t<div class=\"elementor-element elementor-element-1dd915b e-con-full e-flex e-con e-child\" data-id=\"1dd915b\" data-element_type=\"container\" data-settings=\"{&quot;wcf_enable_cursor_hover_effect_text&quot;:&quot;View&quot;,&quot;wcf-animation&quot;:&quot;none&quot;,&quot;wcf_pin_breakpoint&quot;:&quot;mobile&quot;}\">\n\t\t\t\t<div class=\"elementor-element elementor-element-fd6c07a elementor-widget elementor-widget-image\" data-id=\"fd6c07a\" data-element_type=\"widget\" data-settings=\"{&quot;wcf-image-animation&quot;:&quot;none&quot;,&quot;wcf-animation&quot;:&quot;none&quot;}\" data-widget_type=\"image.default\">\n\t\t\t\t<div class=\"elementor-widget-container\">\n\t\t\t\t\t\t\t\t\t\t\t\t\t\t\t\t<a href=\"https:\/\/labnovalongevidade.org\/mapeamento2024\/entrevistas\/lisiane-lemos\/\">\n\t\t\t\t\t\t\t<img loading=\"lazy\" decoding=\"async\" width=\"583\" height=\"481\" src=\"https:\/\/labnovalongevidade.org\/mapeamento2024\/wp-content\/uploads\/2024\/09\/lisiane-lemos-1.png\" class=\"attachment-large size-large wp-image-12388\" alt=\"Lisiane Lemos\" srcset=\"https:\/\/labnovalongevidade.org\/mapeamento2024\/wp-content\/uploads\/2024\/09\/lisiane-lemos-1.png 583w, https:\/\/labnovalongevidade.org\/mapeamento2024\/wp-content\/uploads\/2024\/09\/lisiane-lemos-1-300x248.png 300w\" sizes=\"(max-width: 583px) 100vw, 583px\" \/>\t\t\t\t\t\t\t\t<\/a>\n\t\t\t\t\t\t\t\t\t\t\t\t\t\t\t<\/div>\n\t\t\t\t<\/div>\n\t\t\t\t<\/div>\n\t\t<div class=\"elementor-element elementor-element-aaad0e9 e-con-full e-flex e-con e-child\" data-id=\"aaad0e9\" data-element_type=\"container\" data-settings=\"{&quot;wcf_enable_cursor_hover_effect_text&quot;:&quot;View&quot;,&quot;wcf-animation&quot;:&quot;none&quot;,&quot;wcf_pin_breakpoint&quot;:&quot;mobile&quot;}\">\n\t\t<div class=\"elementor-element elementor-element-e5abe56 e-con-full e-flex e-con e-child\" data-id=\"e5abe56\" data-element_type=\"container\" data-settings=\"{&quot;wcf_enable_cursor_hover_effect_text&quot;:&quot;View&quot;,&quot;wcf-animation&quot;:&quot;none&quot;,&quot;wcf_pin_breakpoint&quot;:&quot;mobile&quot;}\">\n\t\t\t\t<div class=\"elementor-element elementor-element-defec92 wcf-t-animation-none elementor-widget elementor-widget-heading\" data-id=\"defec92\" data-element_type=\"widget\" data-settings=\"{&quot;wcf_text_animation&quot;:&quot;none&quot;,&quot;wcf-animation&quot;:&quot;none&quot;}\" data-widget_type=\"heading.default\">\n\t\t\t\t<div class=\"elementor-widget-container\">\n\t\t\t\t\t<div class=\"elementor-heading-title elementor-size-default\">Explore<\/div>\t\t\t\t<\/div>\n\t\t\t\t<\/div>\n\t\t\t\t<div class=\"elementor-element elementor-element-78e05c8 wcf-t-animation-none elementor-widget elementor-widget-heading\" data-id=\"78e05c8\" data-element_type=\"widget\" data-settings=\"{&quot;wcf_text_animation&quot;:&quot;none&quot;,&quot;wcf-animation&quot;:&quot;none&quot;}\" data-widget_type=\"heading.default\">\n\t\t\t\t<div class=\"elementor-widget-container\">\n\t\t\t\t\t<h2 class=\"elementor-heading-title elementor-size-default\"><a href=\"https:\/\/labnovalongevidade.org\/mapeamento2024\/entrevistas\/lisiane-lemos\/\">Lisiane Lemos<\/a><\/h2>\t\t\t\t<\/div>\n\t\t\t\t<\/div>\n\t\t\t\t<div class=\"elementor-element elementor-element-9683c86 elementor-align-justify elementor-widget elementor-widget-button\" data-id=\"9683c86\" data-element_type=\"widget\" data-settings=\"{&quot;wcf-animation&quot;:&quot;none&quot;}\" data-widget_type=\"button.default\">\n\t\t\t\t<div class=\"elementor-widget-container\">\n\t\t\t\t\t\t\t\t\t<div class=\"elementor-button-wrapper\">\n\t\t\t\t\t<a class=\"elementor-button elementor-button-link elementor-size-sm\" href=\"https:\/\/labnovalongevidade.org\/mapeamento2024\/entrevistas\/lisiane-lemos\/\">\n\t\t\t\t\t\t<span class=\"elementor-button-content-wrapper\">\n\t\t\t\t\t\t\t\t\t<span class=\"elementor-button-text\">Leia Agora >><\/span>\n\t\t\t\t\t<\/span>\n\t\t\t\t\t<\/a>\n\t\t\t\t<\/div>\n\t\t\t\t\t\t\t\t<\/div>\n\t\t\t\t<\/div>\n\t\t\t\t<\/div>\n\t\t\t\t<\/div>\n\t\t\t\t<\/div>\n\t\t\t\t<\/div>\n\t\t\t\t\t<\/div>\n\t\t\t\t<\/div>\n\t\t\t\t<\/div>\n\t\t","protected":false},"excerpt":{"rendered":"<p>Layse Vicente F\u00f3rum Gera\u00e7\u00f5es e Futuro do Trabalho &#8221; Um ambiente de trabalho inclusivo melhora a satisfa\u00e7\u00e3o e reten\u00e7\u00e3o de talentos, fortalecendo a competitividade das empresas. Layse Vicente Por que um F\u00f3rum Gera\u00e7\u00f5es e Futuro do Trabalho? Layse Vicente: O F\u00f3rum Gera\u00e7\u00f5es e Futuro do Trabalho \u00e9 necess\u00e1rio dada a import\u00e2ncia cada vez mais evidente [&hellip;]<\/p>\n","protected":false},"author":5,"featured_media":12282,"parent":11395,"menu_order":0,"comment_status":"closed","ping_status":"closed","template":"elementor_header_footer","meta":{"_acf_changed":false,"footnotes":""},"class_list":["post-12279","page","type-page","status-publish","has-post-thumbnail","hentry"],"acf":[],"yoast_head":"<!-- This site is optimized with the Yoast SEO plugin v24.1 - https:\/\/yoast.com\/wordpress\/plugins\/seo\/ -->\n<title>Lab Nova Longevidade | Layse Vicente<\/title>\n<meta name=\"description\" content=\"Secret\u00e1ria Executiva Adjunta do F\u00f3rum Gera\u00e7\u00f5es e Futuro do Trabalho destaca a import\u00e2ncia de discutir a diversidade et\u00e1ria nas empresas e sociedade.\" \/>\n<meta name=\"robots\" content=\"index, follow, max-snippet:-1, max-image-preview:large, max-video-preview:-1\" \/>\n<link rel=\"canonical\" href=\"https:\/\/labnovalongevidade.org\/mapeamento2024\/entrevistas\/layse-vicente\/\" \/>\n<meta property=\"og:locale\" content=\"pt_BR\" \/>\n<meta property=\"og:type\" content=\"article\" \/>\n<meta property=\"og:title\" content=\"Lab Nova Longevidade | Layse Vicente\" \/>\n<meta property=\"og:description\" content=\"Secret\u00e1ria Executiva Adjunta do F\u00f3rum Gera\u00e7\u00f5es e Futuro do Trabalho destaca a import\u00e2ncia de discutir a diversidade et\u00e1ria nas empresas e sociedade.\" \/>\n<meta property=\"og:url\" content=\"https:\/\/labnovalongevidade.org\/mapeamento2024\/entrevistas\/layse-vicente\/\" \/>\n<meta property=\"og:site_name\" content=\"Lab Nova Longevidade\" \/>\n<meta property=\"article:modified_time\" content=\"2024-09-26T23:19:38+00:00\" \/>\n<meta property=\"og:image\" content=\"https:\/\/labnovalongevidade.org\/mapeamento2024\/wp-content\/uploads\/2024\/09\/layse-vicente-1.png\" \/>\n\t<meta property=\"og:image:width\" content=\"583\" \/>\n\t<meta property=\"og:image:height\" content=\"481\" \/>\n\t<meta property=\"og:image:type\" content=\"image\/png\" \/>\n<meta name=\"twitter:card\" content=\"summary_large_image\" \/>\n<meta name=\"twitter:label1\" content=\"Est. tempo de leitura\" \/>\n\t<meta name=\"twitter:data1\" content=\"11 minutos\" \/>\n<script type=\"application\/ld+json\" class=\"yoast-schema-graph\">{\"@context\":\"https:\/\/schema.org\",\"@graph\":[{\"@type\":\"WebPage\",\"@id\":\"https:\/\/labnovalongevidade.org\/mapeamento2024\/entrevistas\/layse-vicente\/\",\"url\":\"https:\/\/labnovalongevidade.org\/mapeamento2024\/entrevistas\/layse-vicente\/\",\"name\":\"Lab Nova Longevidade | Layse Vicente\",\"isPartOf\":{\"@id\":\"https:\/\/labnovalongevidade.org\/mapeamento2024\/#website\"},\"primaryImageOfPage\":{\"@id\":\"https:\/\/labnovalongevidade.org\/mapeamento2024\/entrevistas\/layse-vicente\/#primaryimage\"},\"image\":{\"@id\":\"https:\/\/labnovalongevidade.org\/mapeamento2024\/entrevistas\/layse-vicente\/#primaryimage\"},\"thumbnailUrl\":\"https:\/\/labnovalongevidade.org\/mapeamento2024\/wp-content\/uploads\/2024\/09\/layse-vicente-1.png\",\"datePublished\":\"2024-09-20T12:40:08+00:00\",\"dateModified\":\"2024-09-26T23:19:38+00:00\",\"description\":\"Secret\u00e1ria Executiva Adjunta do F\u00f3rum Gera\u00e7\u00f5es e Futuro do Trabalho destaca a import\u00e2ncia de discutir a diversidade et\u00e1ria nas empresas e sociedade.\",\"breadcrumb\":{\"@id\":\"https:\/\/labnovalongevidade.org\/mapeamento2024\/entrevistas\/layse-vicente\/#breadcrumb\"},\"inLanguage\":\"pt-BR\",\"potentialAction\":[{\"@type\":\"ReadAction\",\"target\":[\"https:\/\/labnovalongevidade.org\/mapeamento2024\/entrevistas\/layse-vicente\/\"]}]},{\"@type\":\"ImageObject\",\"inLanguage\":\"pt-BR\",\"@id\":\"https:\/\/labnovalongevidade.org\/mapeamento2024\/entrevistas\/layse-vicente\/#primaryimage\",\"url\":\"https:\/\/labnovalongevidade.org\/mapeamento2024\/wp-content\/uploads\/2024\/09\/layse-vicente-1.png\",\"contentUrl\":\"https:\/\/labnovalongevidade.org\/mapeamento2024\/wp-content\/uploads\/2024\/09\/layse-vicente-1.png\",\"width\":583,\"height\":481,\"caption\":\"Layse Vicente\"},{\"@type\":\"BreadcrumbList\",\"@id\":\"https:\/\/labnovalongevidade.org\/mapeamento2024\/entrevistas\/layse-vicente\/#breadcrumb\",\"itemListElement\":[{\"@type\":\"ListItem\",\"position\":1,\"name\":\"In\u00edcio\",\"item\":\"https:\/\/labnovalongevidade.org\/mapeamento2024\/\"},{\"@type\":\"ListItem\",\"position\":2,\"name\":\"Entrevistas\",\"item\":\"https:\/\/labnovalongevidade.org\/mapeamento2024\/entrevistas\/\"},{\"@type\":\"ListItem\",\"position\":3,\"name\":\"Layse Vicente\"}]},{\"@type\":\"WebSite\",\"@id\":\"https:\/\/labnovalongevidade.org\/mapeamento2024\/#website\",\"url\":\"https:\/\/labnovalongevidade.org\/mapeamento2024\/\",\"name\":\"Lab Nova Longevidade\",\"description\":\"\",\"publisher\":{\"@id\":\"https:\/\/labnovalongevidade.org\/mapeamento2024\/#organization\"},\"potentialAction\":[{\"@type\":\"SearchAction\",\"target\":{\"@type\":\"EntryPoint\",\"urlTemplate\":\"https:\/\/labnovalongevidade.org\/mapeamento2024\/?s={search_term_string}\"},\"query-input\":{\"@type\":\"PropertyValueSpecification\",\"valueRequired\":true,\"valueName\":\"search_term_string\"}}],\"inLanguage\":\"pt-BR\"},{\"@type\":\"Organization\",\"@id\":\"https:\/\/labnovalongevidade.org\/mapeamento2024\/#organization\",\"name\":\"Nova Longevidade\",\"url\":\"https:\/\/labnovalongevidade.org\/mapeamento2024\/\",\"logo\":{\"@type\":\"ImageObject\",\"inLanguage\":\"pt-BR\",\"@id\":\"https:\/\/labnovalongevidade.org\/mapeamento2024\/#\/schema\/logo\/image\/\",\"url\":\"https:\/\/labnovalongevidade.org\/mapeamento2024\/wp-content\/uploads\/2024\/06\/logo-lab-nova-longevidade-1.svg\",\"contentUrl\":\"https:\/\/labnovalongevidade.org\/mapeamento2024\/wp-content\/uploads\/2024\/06\/logo-lab-nova-longevidade-1.svg\",\"width\":402,\"height\":104,\"caption\":\"Nova Longevidade\"},\"image\":{\"@id\":\"https:\/\/labnovalongevidade.org\/mapeamento2024\/#\/schema\/logo\/image\/\"}}]}<\/script>\n<!-- \/ Yoast SEO plugin. -->","yoast_head_json":{"title":"Lab Nova Longevidade | Layse Vicente","description":"Secret\u00e1ria Executiva Adjunta do F\u00f3rum Gera\u00e7\u00f5es e Futuro do Trabalho destaca a import\u00e2ncia de discutir a diversidade et\u00e1ria nas empresas e sociedade.","robots":{"index":"index","follow":"follow","max-snippet":"max-snippet:-1","max-image-preview":"max-image-preview:large","max-video-preview":"max-video-preview:-1"},"canonical":"https:\/\/labnovalongevidade.org\/mapeamento2024\/entrevistas\/layse-vicente\/","og_locale":"pt_BR","og_type":"article","og_title":"Lab Nova Longevidade | Layse Vicente","og_description":"Secret\u00e1ria Executiva Adjunta do F\u00f3rum Gera\u00e7\u00f5es e Futuro do Trabalho destaca a import\u00e2ncia de discutir a diversidade et\u00e1ria nas empresas e sociedade.","og_url":"https:\/\/labnovalongevidade.org\/mapeamento2024\/entrevistas\/layse-vicente\/","og_site_name":"Lab Nova Longevidade","article_modified_time":"2024-09-26T23:19:38+00:00","og_image":[{"width":583,"height":481,"url":"https:\/\/labnovalongevidade.org\/mapeamento2024\/wp-content\/uploads\/2024\/09\/layse-vicente-1.png","type":"image\/png"}],"twitter_card":"summary_large_image","twitter_misc":{"Est. tempo de leitura":"11 minutos"},"schema":{"@context":"https:\/\/schema.org","@graph":[{"@type":"WebPage","@id":"https:\/\/labnovalongevidade.org\/mapeamento2024\/entrevistas\/layse-vicente\/","url":"https:\/\/labnovalongevidade.org\/mapeamento2024\/entrevistas\/layse-vicente\/","name":"Lab Nova Longevidade | Layse Vicente","isPartOf":{"@id":"https:\/\/labnovalongevidade.org\/mapeamento2024\/#website"},"primaryImageOfPage":{"@id":"https:\/\/labnovalongevidade.org\/mapeamento2024\/entrevistas\/layse-vicente\/#primaryimage"},"image":{"@id":"https:\/\/labnovalongevidade.org\/mapeamento2024\/entrevistas\/layse-vicente\/#primaryimage"},"thumbnailUrl":"https:\/\/labnovalongevidade.org\/mapeamento2024\/wp-content\/uploads\/2024\/09\/layse-vicente-1.png","datePublished":"2024-09-20T12:40:08+00:00","dateModified":"2024-09-26T23:19:38+00:00","description":"Secret\u00e1ria Executiva Adjunta do F\u00f3rum Gera\u00e7\u00f5es e Futuro do Trabalho destaca a import\u00e2ncia de discutir a diversidade et\u00e1ria nas empresas e sociedade.","breadcrumb":{"@id":"https:\/\/labnovalongevidade.org\/mapeamento2024\/entrevistas\/layse-vicente\/#breadcrumb"},"inLanguage":"pt-BR","potentialAction":[{"@type":"ReadAction","target":["https:\/\/labnovalongevidade.org\/mapeamento2024\/entrevistas\/layse-vicente\/"]}]},{"@type":"ImageObject","inLanguage":"pt-BR","@id":"https:\/\/labnovalongevidade.org\/mapeamento2024\/entrevistas\/layse-vicente\/#primaryimage","url":"https:\/\/labnovalongevidade.org\/mapeamento2024\/wp-content\/uploads\/2024\/09\/layse-vicente-1.png","contentUrl":"https:\/\/labnovalongevidade.org\/mapeamento2024\/wp-content\/uploads\/2024\/09\/layse-vicente-1.png","width":583,"height":481,"caption":"Layse Vicente"},{"@type":"BreadcrumbList","@id":"https:\/\/labnovalongevidade.org\/mapeamento2024\/entrevistas\/layse-vicente\/#breadcrumb","itemListElement":[{"@type":"ListItem","position":1,"name":"In\u00edcio","item":"https:\/\/labnovalongevidade.org\/mapeamento2024\/"},{"@type":"ListItem","position":2,"name":"Entrevistas","item":"https:\/\/labnovalongevidade.org\/mapeamento2024\/entrevistas\/"},{"@type":"ListItem","position":3,"name":"Layse Vicente"}]},{"@type":"WebSite","@id":"https:\/\/labnovalongevidade.org\/mapeamento2024\/#website","url":"https:\/\/labnovalongevidade.org\/mapeamento2024\/","name":"Lab Nova Longevidade","description":"","publisher":{"@id":"https:\/\/labnovalongevidade.org\/mapeamento2024\/#organization"},"potentialAction":[{"@type":"SearchAction","target":{"@type":"EntryPoint","urlTemplate":"https:\/\/labnovalongevidade.org\/mapeamento2024\/?s={search_term_string}"},"query-input":{"@type":"PropertyValueSpecification","valueRequired":true,"valueName":"search_term_string"}}],"inLanguage":"pt-BR"},{"@type":"Organization","@id":"https:\/\/labnovalongevidade.org\/mapeamento2024\/#organization","name":"Nova Longevidade","url":"https:\/\/labnovalongevidade.org\/mapeamento2024\/","logo":{"@type":"ImageObject","inLanguage":"pt-BR","@id":"https:\/\/labnovalongevidade.org\/mapeamento2024\/#\/schema\/logo\/image\/","url":"https:\/\/labnovalongevidade.org\/mapeamento2024\/wp-content\/uploads\/2024\/06\/logo-lab-nova-longevidade-1.svg","contentUrl":"https:\/\/labnovalongevidade.org\/mapeamento2024\/wp-content\/uploads\/2024\/06\/logo-lab-nova-longevidade-1.svg","width":402,"height":104,"caption":"Nova Longevidade"},"image":{"@id":"https:\/\/labnovalongevidade.org\/mapeamento2024\/#\/schema\/logo\/image\/"}}]}},"_links":{"self":[{"href":"https:\/\/labnovalongevidade.org\/mapeamento2024\/wp-json\/wp\/v2\/pages\/12279","targetHints":{"allow":["GET"]}}],"collection":[{"href":"https:\/\/labnovalongevidade.org\/mapeamento2024\/wp-json\/wp\/v2\/pages"}],"about":[{"href":"https:\/\/labnovalongevidade.org\/mapeamento2024\/wp-json\/wp\/v2\/types\/page"}],"author":[{"embeddable":true,"href":"https:\/\/labnovalongevidade.org\/mapeamento2024\/wp-json\/wp\/v2\/users\/5"}],"replies":[{"embeddable":true,"href":"https:\/\/labnovalongevidade.org\/mapeamento2024\/wp-json\/wp\/v2\/comments?post=12279"}],"version-history":[{"count":27,"href":"https:\/\/labnovalongevidade.org\/mapeamento2024\/wp-json\/wp\/v2\/pages\/12279\/revisions"}],"predecessor-version":[{"id":14955,"href":"https:\/\/labnovalongevidade.org\/mapeamento2024\/wp-json\/wp\/v2\/pages\/12279\/revisions\/14955"}],"up":[{"embeddable":true,"href":"https:\/\/labnovalongevidade.org\/mapeamento2024\/wp-json\/wp\/v2\/pages\/11395"}],"wp:featuredmedia":[{"embeddable":true,"href":"https:\/\/labnovalongevidade.org\/mapeamento2024\/wp-json\/wp\/v2\/media\/12282"}],"wp:attachment":[{"href":"https:\/\/labnovalongevidade.org\/mapeamento2024\/wp-json\/wp\/v2\/media?parent=12279"}],"curies":[{"name":"wp","href":"https:\/\/api.w.org\/{rel}","templated":true}]}}