{"id":12386,"date":"2024-09-20T15:17:00","date_gmt":"2024-09-20T15:17:00","guid":{"rendered":"https:\/\/labnovalongevidade.org\/mapeamento2024\/?page_id=12386"},"modified":"2024-11-25T19:11:55","modified_gmt":"2024-11-25T19:11:55","slug":"lisiane-lemos","status":"publish","type":"page","link":"https:\/\/labnovalongevidade.org\/mapeamento2024\/entrevistas\/lisiane-lemos\/","title":{"rendered":"Lisiane Lemos"},"content":{"rendered":"\t\t<div data-elementor-type=\"wp-page\" data-elementor-id=\"12386\" class=\"elementor elementor-12386\" data-elementor-post-type=\"page\">\n\t\t\t\t<div class=\"elementor-element elementor-element-8cc968a e-con-full e-flex e-con e-parent\" data-id=\"8cc968a\" data-element_type=\"container\" data-settings=\"{&quot;wcf_enable_cursor_hover_effect_text&quot;:&quot;View&quot;,&quot;wcf-animation&quot;:&quot;none&quot;,&quot;wcf_pin_breakpoint&quot;:&quot;mobile&quot;}\">\n\t\t<div class=\"elementor-element elementor-element-cebd6f6 e-con-full e-flex e-con e-child\" data-id=\"cebd6f6\" data-element_type=\"container\" data-settings=\"{&quot;wcf_enable_cursor_hover_effect_text&quot;:&quot;View&quot;,&quot;background_background&quot;:&quot;classic&quot;,&quot;background_motion_fx_motion_fx_scrolling&quot;:&quot;yes&quot;,&quot;background_motion_fx_translateY_effect&quot;:&quot;yes&quot;,&quot;background_motion_fx_translateY_speed&quot;:{&quot;unit&quot;:&quot;px&quot;,&quot;size&quot;:0.4,&quot;sizes&quot;:[]},&quot;background_motion_fx_translateY_affectedRange&quot;:{&quot;unit&quot;:&quot;%&quot;,&quot;size&quot;:&quot;&quot;,&quot;sizes&quot;:{&quot;start&quot;:0,&quot;end&quot;:100}},&quot;background_motion_fx_devices&quot;:[&quot;widescreen&quot;,&quot;desktop&quot;,&quot;laptop&quot;,&quot;tablet_extra&quot;,&quot;tablet&quot;,&quot;mobile_extra&quot;,&quot;mobile&quot;],&quot;wcf-animation&quot;:&quot;none&quot;,&quot;wcf_pin_breakpoint&quot;:&quot;mobile&quot;}\">\n\t\t<div class=\"elementor-element elementor-element-ede60d5 e-con-full e-flex e-con e-child\" data-id=\"ede60d5\" data-element_type=\"container\" data-settings=\"{&quot;wcf_enable_cursor_hover_effect_text&quot;:&quot;View&quot;,&quot;wcf-animation&quot;:&quot;none&quot;,&quot;wcf_pin_breakpoint&quot;:&quot;mobile&quot;}\">\n\t\t<div class=\"elementor-element elementor-element-350a49b e-con-full e-flex e-con e-child\" data-id=\"350a49b\" data-element_type=\"container\" data-settings=\"{&quot;wcf_enable_cursor_hover_effect_text&quot;:&quot;View&quot;,&quot;wcf-animation&quot;:&quot;none&quot;,&quot;wcf_pin_breakpoint&quot;:&quot;mobile&quot;}\">\n\t\t<div class=\"elementor-element elementor-element-94cf719 e-con-full e-flex e-con e-child\" data-id=\"94cf719\" data-element_type=\"container\" data-settings=\"{&quot;wcf_enable_cursor_hover_effect_text&quot;:&quot;View&quot;,&quot;wcf-animation&quot;:&quot;none&quot;,&quot;wcf_pin_breakpoint&quot;:&quot;mobile&quot;}\">\n\t\t\t\t<div class=\"elementor-element elementor-element-c2755e5 elementor-widget elementor-widget-image\" data-id=\"c2755e5\" data-element_type=\"widget\" data-settings=\"{&quot;wcf-image-animation&quot;:&quot;none&quot;,&quot;wcf-animation&quot;:&quot;none&quot;}\" data-widget_type=\"image.default\">\n\t\t\t\t<div class=\"elementor-widget-container\">\n\t\t\t\t\t\t\t\t\t\t\t\t\t\t\t<img fetchpriority=\"high\" decoding=\"async\" width=\"583\" height=\"481\" src=\"https:\/\/labnovalongevidade.org\/mapeamento2024\/wp-content\/uploads\/2024\/09\/lisiane-lemos-1.png\" class=\"attachment-large size-large wp-image-12388\" alt=\"Lisiane Lemos\" srcset=\"https:\/\/labnovalongevidade.org\/mapeamento2024\/wp-content\/uploads\/2024\/09\/lisiane-lemos-1.png 583w, https:\/\/labnovalongevidade.org\/mapeamento2024\/wp-content\/uploads\/2024\/09\/lisiane-lemos-1-300x248.png 300w\" sizes=\"(max-width: 583px) 100vw, 583px\" \/>\t\t\t\t\t\t\t\t\t\t\t\t\t\t\t<\/div>\n\t\t\t\t<\/div>\n\t\t\t\t<\/div>\n\t\t<div class=\"elementor-element elementor-element-24629c7 e-con-full e-flex e-con e-child\" data-id=\"24629c7\" data-element_type=\"container\" data-settings=\"{&quot;wcf_enable_cursor_hover_effect_text&quot;:&quot;View&quot;,&quot;wcf-animation&quot;:&quot;none&quot;,&quot;wcf_pin_breakpoint&quot;:&quot;mobile&quot;}\">\n\t\t\t\t<div class=\"elementor-element elementor-element-ecf2d78 wcf-t-animation-char elementor-widget elementor-widget-wcf--title\" data-id=\"ecf2d78\" data-element_type=\"widget\" data-settings=\"{&quot;wcf_text_animation&quot;:&quot;char&quot;,&quot;text_delay&quot;:0.15,&quot;text_duration&quot;:1,&quot;text_stagger&quot;:0.02,&quot;text_on_scroll&quot;:&quot;yes&quot;,&quot;text_translate_x&quot;:20,&quot;text_translate_y&quot;:0,&quot;wcf-animation&quot;:&quot;none&quot;}\" data-widget_type=\"wcf--title.default\">\n\t\t\t\t<div class=\"elementor-widget-container\">\n\t\t\t\t\t<h1 class=\"wcf--title\">Lisiane Lemos<\/h1>\t\t\t\t<\/div>\n\t\t\t\t<\/div>\n\t\t\t\t<div class=\"elementor-element elementor-element-a61fcee wcf-t-animation-none elementor-widget elementor-widget-heading\" data-id=\"a61fcee\" data-element_type=\"widget\" data-settings=\"{&quot;wcf_text_animation&quot;:&quot;none&quot;,&quot;wcf-animation&quot;:&quot;none&quot;}\" data-widget_type=\"heading.default\">\n\t\t\t\t<div class=\"elementor-widget-container\">\n\t\t\t\t\t<p class=\"elementor-heading-title elementor-size-default\">Secretaria Extraordin\u00e1ria de Inclus\u00e3o Digital e Apoio \u00e0s Pol\u00edticas de Equidade do Rio Grande do Sul<\/p>\t\t\t\t<\/div>\n\t\t\t\t<\/div>\n\t\t\t\t<\/div>\n\t\t\t\t<\/div>\n\t\t<div class=\"elementor-element elementor-element-2bff60c e-con-full e-flex e-con e-child\" data-id=\"2bff60c\" data-element_type=\"container\" data-settings=\"{&quot;wcf_enable_cursor_hover_effect_text&quot;:&quot;View&quot;,&quot;wcf-animation&quot;:&quot;none&quot;,&quot;wcf_pin_breakpoint&quot;:&quot;mobile&quot;}\">\n\t\t<div class=\"elementor-element elementor-element-5da112a e-con-full e-flex e-con e-child\" data-id=\"5da112a\" data-element_type=\"container\" data-settings=\"{&quot;background_background&quot;:&quot;classic&quot;,&quot;wcf_enable_cursor_hover_effect_text&quot;:&quot;View&quot;,&quot;wcf-animation&quot;:&quot;none&quot;,&quot;wcf_pin_breakpoint&quot;:&quot;mobile&quot;}\">\n\t\t<div class=\"elementor-element elementor-element-885ae71 e-con-full e-flex e-con e-child\" data-id=\"885ae71\" data-element_type=\"container\" data-settings=\"{&quot;wcf_enable_cursor_hover_effect_text&quot;:&quot;View&quot;,&quot;wcf-animation&quot;:&quot;none&quot;,&quot;wcf_pin_breakpoint&quot;:&quot;mobile&quot;}\">\n\t\t\t\t<div class=\"elementor-element elementor-element-a027df8 wcf-t-animation-none elementor-widget elementor-widget-heading\" data-id=\"a027df8\" data-element_type=\"widget\" data-settings=\"{&quot;wcf_text_animation&quot;:&quot;none&quot;,&quot;wcf-animation&quot;:&quot;none&quot;}\" data-widget_type=\"heading.default\">\n\t\t\t\t<div class=\"elementor-widget-container\">\n\t\t\t\t\t<div class=\"elementor-heading-title elementor-size-default\">\"<\/div>\t\t\t\t<\/div>\n\t\t\t\t<\/div>\n\t\t\t\t<\/div>\n\t\t<div class=\"elementor-element elementor-element-feee22e e-con-full e-flex e-con e-child\" data-id=\"feee22e\" data-element_type=\"container\" data-settings=\"{&quot;wcf_enable_cursor_hover_effect_text&quot;:&quot;View&quot;,&quot;wcf-animation&quot;:&quot;none&quot;,&quot;wcf_pin_breakpoint&quot;:&quot;mobile&quot;}\">\n\t\t\t\t<div class=\"elementor-element elementor-element-893ba99 wcf-t-animation-none elementor-widget elementor-widget-text-editor\" data-id=\"893ba99\" data-element_type=\"widget\" data-settings=\"{&quot;wcf_text_animation&quot;:&quot;none&quot;,&quot;wcf-animation&quot;:&quot;none&quot;}\" data-widget_type=\"text-editor.default\">\n\t\t\t\t<div class=\"elementor-widget-container\">\n\t\t\t\t\t\t\t\t\t<p><i><span style=\"font-weight: 400;\">Eu acho que a gente s\u00f3 constr\u00f3i pol\u00edtica quando as pessoas a quem vamos servir est\u00e3o na mesa tomando essa decis\u00e3o.<\/span><\/i><\/p>\t\t\t\t\t\t\t\t<\/div>\n\t\t\t\t<\/div>\n\t\t<div class=\"elementor-element elementor-element-491f735 e-con-full e-flex e-con e-child\" data-id=\"491f735\" data-element_type=\"container\" data-settings=\"{&quot;wcf_enable_cursor_hover_effect_text&quot;:&quot;View&quot;,&quot;wcf-animation&quot;:&quot;none&quot;,&quot;wcf_pin_breakpoint&quot;:&quot;mobile&quot;}\">\n\t\t<div class=\"elementor-element elementor-element-6a1a4f0 e-con-full e-flex e-con e-child\" data-id=\"6a1a4f0\" data-element_type=\"container\" data-settings=\"{&quot;background_background&quot;:&quot;classic&quot;,&quot;wcf_enable_cursor_hover_effect_text&quot;:&quot;View&quot;,&quot;wcf-animation&quot;:&quot;none&quot;,&quot;wcf_pin_breakpoint&quot;:&quot;mobile&quot;}\">\n\t\t\t\t<\/div>\n\t\t<div class=\"elementor-element elementor-element-5ca1807 e-con-full e-flex e-con e-child\" data-id=\"5ca1807\" data-element_type=\"container\" data-settings=\"{&quot;wcf_enable_cursor_hover_effect_text&quot;:&quot;View&quot;,&quot;wcf-animation&quot;:&quot;none&quot;,&quot;wcf_pin_breakpoint&quot;:&quot;mobile&quot;}\">\n\t\t\t\t<div class=\"elementor-element elementor-element-6f652cd wcf-t-animation-none elementor-widget elementor-widget-heading\" data-id=\"6f652cd\" data-element_type=\"widget\" data-settings=\"{&quot;wcf_text_animation&quot;:&quot;none&quot;,&quot;wcf-animation&quot;:&quot;none&quot;}\" data-widget_type=\"heading.default\">\n\t\t\t\t<div class=\"elementor-widget-container\">\n\t\t\t\t\t<p class=\"elementor-heading-title elementor-size-default\">Lisiane Lemos<\/p>\t\t\t\t<\/div>\n\t\t\t\t<\/div>\n\t\t\t\t<\/div>\n\t\t\t\t<\/div>\n\t\t\t\t<\/div>\n\t\t\t\t<\/div>\n\t\t\t\t<\/div>\n\t\t\t\t<\/div>\n\t\t\t\t<\/div>\n\t\t\t\t<\/div>\n\t\t<div class=\"elementor-element elementor-element-1da93f2 e-flex e-con-boxed e-con e-parent\" data-id=\"1da93f2\" data-element_type=\"container\" data-settings=\"{&quot;wcf_enable_cursor_hover_effect_text&quot;:&quot;View&quot;,&quot;wcf-animation&quot;:&quot;none&quot;,&quot;wcf_pin_breakpoint&quot;:&quot;mobile&quot;}\">\n\t\t\t\t\t<div class=\"e-con-inner\">\n\t\t<div class=\"elementor-element elementor-element-f96eee3 e-con-full e-flex e-con e-child\" data-id=\"f96eee3\" data-element_type=\"container\" data-settings=\"{&quot;wcf_enable_cursor_hover_effect_text&quot;:&quot;View&quot;,&quot;wcf-animation&quot;:&quot;none&quot;,&quot;wcf_pin_breakpoint&quot;:&quot;mobile&quot;}\">\n\t\t<div class=\"elementor-element elementor-element-f099fe5 e-con-full e-flex e-con e-child\" data-id=\"f099fe5\" data-element_type=\"container\" data-settings=\"{&quot;wcf_enable_cursor_hover_effect_text&quot;:&quot;View&quot;,&quot;wcf-animation&quot;:&quot;none&quot;,&quot;wcf_pin_breakpoint&quot;:&quot;mobile&quot;}\">\n\t\t<div class=\"elementor-element elementor-element-b6c6ba4 e-con-full elementor-hidden-tablet_extra elementor-hidden-tablet elementor-hidden-mobile_extra elementor-hidden-mobile e-flex e-con e-child\" data-id=\"b6c6ba4\" data-element_type=\"container\" data-settings=\"{&quot;background_background&quot;:&quot;classic&quot;,&quot;position&quot;:&quot;absolute&quot;,&quot;wcf_enable_cursor_hover_effect_text&quot;:&quot;View&quot;,&quot;wcf-animation&quot;:&quot;none&quot;,&quot;wcf_pin_breakpoint&quot;:&quot;mobile&quot;}\">\n\t\t\t\t<\/div>\n\t\t\t\t<div class=\"elementor-element elementor-element-01d4f49 wcf-t-animation-none elementor-widget elementor-widget-heading\" data-id=\"01d4f49\" data-element_type=\"widget\" data-settings=\"{&quot;wcf_text_animation&quot;:&quot;none&quot;,&quot;wcf-animation&quot;:&quot;none&quot;}\" data-widget_type=\"heading.default\">\n\t\t\t\t<div class=\"elementor-widget-container\">\n\t\t\t\t\t<h2 class=\"elementor-heading-title elementor-size-default\">Por que a pauta da longevidade \u00e9 importante? <\/h2>\t\t\t\t<\/div>\n\t\t\t\t<\/div>\n\t\t\t\t<div class=\"elementor-element elementor-element-6245a95 wcf-t-animation-none elementor-widget elementor-widget-text-editor\" data-id=\"6245a95\" data-element_type=\"widget\" data-settings=\"{&quot;wcf_text_animation&quot;:&quot;none&quot;,&quot;wcf-animation&quot;:&quot;none&quot;}\" data-widget_type=\"text-editor.default\">\n\t\t\t\t<div class=\"elementor-widget-container\">\n\t\t\t\t\t\t\t\t\t<strong class=\"title-color-a\" style=\"font-weight: 800;\"><em>Lisiane Lemos:<\/em><\/strong> <span style=\"font-weight: 400;\">Meu \u00faltimo cargo no Google foi trabalhar com diversidade de recrutamento, focado em minorias. Ent\u00e3o, pensando Latinoam\u00e9rica inteira, mulheres, popula\u00e7\u00e3o LGBTQIA+, povos origin\u00e1rios, pessoas com defici\u00eancia. O primeiro choque que eu tive foi a m\u00e9dia de idade. Na Microsoft eu trabalhava com pessoas bem mais velhas. E quando eu fui para o Google, a m\u00e9dia de idade era 30 e menos. E tem uma cultura que n\u00e3o valoriza as pessoas 40+ e 50+. Nos quase quatro anos que eu fiquei l\u00e1, eu vi pouqu\u00edssimas pessoas que tivessem mais de 50 anos. E sabendo que a gente est\u00e1 cada vez mais longevo, com o nosso intelecto desenvolvendo mais, eu pensava, ser\u00e1 que eles n\u00e3o enxergam fortaleza nisso? Como \u00e9 que a empresa mais inovadora do mundo n\u00e3o v\u00ea esse ponto? <\/span>\n\nIndo para o setor p\u00fablico, parecia que era uma reprodu\u00e7\u00e3o da mesma coisa. Tecnologia s\u00f3 para jovens, tecnologia s\u00f3 feita na escola, tecnologia s\u00f3 feita desse jeito. N\u00e3o faz sentido, isso tem que ser para todo mundo. E a\u00ed, quando a gente v\u00ea os dados e entende que eu estou no estado mais longevo do pa\u00eds, eu mesma tive que reaprender e transformar minha vis\u00e3o sobre o ensino e uso de tecnologia, porque era uma vis\u00e3o muito pautada em S\u00e3o Paulo, nos grandes centros, em grandes empresas. Ent\u00e3o eu tive que destruir tudo que eu aprendi e reconstruir. Eu hoje tenho dois homens-av\u00f4s com mais de 60 anos no meu time construindo pol\u00edticas de inclus\u00e3o digital. Isso porque eu acho que a gente s\u00f3 constr\u00f3i pol\u00edtica quando as pessoas a quem vamos servir est\u00e3o na mesa tomando essa decis\u00e3o. Ent\u00e3o, todo teste que a gente vai fazer de alguma forma\u00e7\u00e3o nova, de alguma aula nova, a gente fala que o Marcelo, que \u00e9 esse meu assessor 60+, ele \u00e9 o aluno mais dif\u00edcil porque ele \u00e9 supercr\u00edtico. Meu aprendizado come\u00e7a quebrando tudo que eu aprendi nessas grandes empresas, que eu acho que est\u00e3o fazendo do jeito errado, e colocando as pessoas idosas para construir pol\u00edticas de inclus\u00e3o digital para pessoas idosas.\t\t\t\t\t\t\t\t<\/div>\n\t\t\t\t<\/div>\n\t\t\t\t<div class=\"elementor-element elementor-element-ce2f862 elementor-widget elementor-widget-image\" data-id=\"ce2f862\" data-element_type=\"widget\" data-settings=\"{&quot;wcf-image-animation&quot;:&quot;none&quot;,&quot;wcf-animation&quot;:&quot;none&quot;}\" data-widget_type=\"image.default\">\n\t\t\t\t<div class=\"elementor-widget-container\">\n\t\t\t\t\t\t\t\t\t\t\t\t\t\t\t<img decoding=\"async\" width=\"999\" height=\"278\" src=\"https:\/\/labnovalongevidade.org\/mapeamento2024\/wp-content\/uploads\/2024\/09\/36.jpg\" class=\"attachment-full size-full wp-image-12473\" alt=\"Dois amigos 60+ est\u00e3o se abra\u00e7ando.\" srcset=\"https:\/\/labnovalongevidade.org\/mapeamento2024\/wp-content\/uploads\/2024\/09\/36.jpg 999w, https:\/\/labnovalongevidade.org\/mapeamento2024\/wp-content\/uploads\/2024\/09\/36-300x83.jpg 300w, https:\/\/labnovalongevidade.org\/mapeamento2024\/wp-content\/uploads\/2024\/09\/36-768x214.jpg 768w\" sizes=\"(max-width: 999px) 100vw, 999px\" \/>\t\t\t\t\t\t\t\t\t\t\t\t\t\t\t<\/div>\n\t\t\t\t<\/div>\n\t\t\t\t<\/div>\n\t\t<div class=\"elementor-element elementor-element-a42d9dc e-con-full e-flex e-con e-child\" data-id=\"a42d9dc\" data-element_type=\"container\" data-settings=\"{&quot;wcf_enable_cursor_hover_effect_text&quot;:&quot;View&quot;,&quot;wcf-animation&quot;:&quot;none&quot;,&quot;wcf_pin_breakpoint&quot;:&quot;mobile&quot;}\">\n\t\t<div class=\"elementor-element elementor-element-6d9b9fd e-con-full elementor-hidden-tablet_extra elementor-hidden-tablet elementor-hidden-mobile_extra elementor-hidden-mobile e-flex e-con e-child\" data-id=\"6d9b9fd\" data-element_type=\"container\" data-settings=\"{&quot;background_background&quot;:&quot;classic&quot;,&quot;position&quot;:&quot;absolute&quot;,&quot;wcf_enable_cursor_hover_effect_text&quot;:&quot;View&quot;,&quot;wcf-animation&quot;:&quot;none&quot;,&quot;wcf_pin_breakpoint&quot;:&quot;mobile&quot;}\">\n\t\t\t\t<\/div>\n\t\t<div class=\"elementor-element elementor-element-0ce03f9 e-con-full e-flex e-con e-child\" data-id=\"0ce03f9\" data-element_type=\"container\" data-settings=\"{&quot;background_background&quot;:&quot;classic&quot;,&quot;wcf_enable_cursor_hover_effect_text&quot;:&quot;View&quot;,&quot;wcf-animation&quot;:&quot;none&quot;,&quot;wcf_pin_breakpoint&quot;:&quot;mobile&quot;}\">\n\t\t\t\t<div class=\"elementor-element elementor-element-d592703 wcf-t-animation-none elementor-widget elementor-widget-heading\" data-id=\"d592703\" data-element_type=\"widget\" data-settings=\"{&quot;wcf_text_animation&quot;:&quot;none&quot;,&quot;wcf-animation&quot;:&quot;none&quot;}\" data-widget_type=\"heading.default\">\n\t\t\t\t<div class=\"elementor-widget-container\">\n\t\t\t\t\t<h2 class=\"elementor-heading-title elementor-size-default\">Considerando o enfrentamento da emerg\u00eancia clim\u00e1tica e o fato do Rio Grande do Sul ser o estado mais longevo do Brasil, resume ent\u00e3o quais s\u00e3o os desafios da secretaria em rela\u00e7\u00e3o \u00e0 inclus\u00e3o digital dessa popula\u00e7\u00e3o? <\/h2>\t\t\t\t<\/div>\n\t\t\t\t<\/div>\n\t\t\t\t<div class=\"elementor-element elementor-element-08bcab6 wcf-t-animation-none elementor-widget elementor-widget-text-editor\" data-id=\"08bcab6\" data-element_type=\"widget\" data-settings=\"{&quot;wcf_text_animation&quot;:&quot;none&quot;,&quot;wcf-animation&quot;:&quot;none&quot;}\" data-widget_type=\"text-editor.default\">\n\t\t\t\t<div class=\"elementor-widget-container\">\n\t\t\t\t\t\t\t\t\t<strong class=\"title-color-a\" style=\"font-weight: 800;\"><em>Lisiane Lemos: <\/em><\/strong><span style=\"font-weight: 400;\">A gente tem o dia inteiro? Acho que existem dois momentos da secretaria. Quando eu cheguei, em fevereiro do ano passado, a gente desenhou como objetivo desenvolver pol\u00edticas p\u00fablicas de inclus\u00e3o digital, empreendedorismo e equidade, com prioriza\u00e7\u00e3o de popula\u00e7\u00f5es minimizadas e vulnerabilidades. Em toda a pol\u00edtica que eu desenvolvo, ela tem que ter um recorte de ra\u00e7a, g\u00eanero e idade. Sempre. Porque a maioria das pol\u00edticas p\u00fablicas n\u00e3o tem esse olhar. Elas t\u00e2m um olhar sempre geral. Quando eu cheguei, a gente desenvolveu pilares. Primeiro aten\u00e7\u00e3o a popula\u00e7\u00f5es de vulnerabilidades, muito focada em seguran\u00e7a p\u00fablica e combate a golpes de seguran\u00e7a. Depois educa\u00e7\u00e3o, empreendedorismo olhando para pequenos empreendedores e agroneg\u00f3cio, que tem um recorte de popula\u00e7\u00e3o idosa muito presente.\nQuando a gente est\u00e1 em grandes centros, voc\u00ea acha que o seu celular \u00e9 o centro do universo e que tudo vai ser feito pelo Instagram, pelo Facebook, pelo TikTok, ainda mais eu que vim do mundo de Google Ads. Entendendo o desenho do Rio Grande do Sul, onde metade dos munic\u00edpios tem menos de 5000 habitantes, o que eu aprendi? Aprendi que para desenvolver pol\u00edticas p\u00fablicas de tecnologia eu tinha que aprender a comunic\u00e1-las pelo r\u00e1dio e pelo jornal. Isso \u00e9 enlouquecedor para uma pessoa que trabalhou s\u00f3 com tecnologia, mas grande parte escuta a r\u00e1dio comunit\u00e1ria, r\u00e1dio da cidade. Como \u00e9 que eu vou conversar? A\u00ed a gente desenhava pol\u00edtica assim: como \u00e9 que eu vou ensinar sobre golpe do PIX na r\u00e1dio? A gente d\u00e1 um jeito. Como \u00e9 que eu vou ensinar sobre o golpe do PIX no jornal? T\u00ednhamos muito esse desenho transversal, muito de educa\u00e7\u00e3o, focado em seguran\u00e7a, que era uma das grandes preocupa\u00e7\u00f5es. Eis que em julho do ano passado, veio a primeira enchente. E agora, em maio desse ano, a segunda. Eu literalmente destru\u00ed os quatro pilares do jeito que eu tinha pensado para ter uma nova secretaria focada na reconstru\u00e7\u00e3o.<\/span>\t\t\t\t\t\t\t\t<\/div>\n\t\t\t\t<\/div>\n\t\t\t\t<\/div>\n\t\t\t\t<\/div>\n\t\t\t\t<\/div>\n\t\t<div class=\"elementor-element elementor-element-13a5dd9 e-con-full e-flex e-con e-child\" data-id=\"13a5dd9\" data-element_type=\"container\" data-settings=\"{&quot;wcf_enable_cursor_hover_effect_text&quot;:&quot;View&quot;,&quot;wcf-animation&quot;:&quot;none&quot;,&quot;wcf_pin_breakpoint&quot;:&quot;mobile&quot;}\">\n\t\t<div class=\"elementor-element elementor-element-ba4acee e-con-full e-flex e-con e-child\" data-id=\"ba4acee\" data-element_type=\"container\" data-settings=\"{&quot;wcf_enable_cursor_hover_effect_text&quot;:&quot;View&quot;,&quot;wcf-animation&quot;:&quot;none&quot;,&quot;wcf_pin_breakpoint&quot;:&quot;mobile&quot;}\">\n\t\t<div class=\"elementor-element elementor-element-7976b9a e-con-full elementor-hidden-tablet_extra elementor-hidden-tablet elementor-hidden-mobile_extra elementor-hidden-mobile e-flex e-con e-child\" data-id=\"7976b9a\" data-element_type=\"container\" data-settings=\"{&quot;background_background&quot;:&quot;classic&quot;,&quot;position&quot;:&quot;absolute&quot;,&quot;wcf_enable_cursor_hover_effect_text&quot;:&quot;View&quot;,&quot;wcf-animation&quot;:&quot;none&quot;,&quot;wcf_pin_breakpoint&quot;:&quot;mobile&quot;}\">\n\t\t\t\t<\/div>\n\t\t\t\t<div class=\"elementor-element elementor-element-2f6083d wcf-t-animation-none elementor-widget elementor-widget-heading\" data-id=\"2f6083d\" data-element_type=\"widget\" data-settings=\"{&quot;wcf_text_animation&quot;:&quot;none&quot;,&quot;wcf-animation&quot;:&quot;none&quot;}\" data-widget_type=\"heading.default\">\n\t\t\t\t<div class=\"elementor-widget-container\">\n\t\t\t\t\t<h2 class=\"elementor-heading-title elementor-size-default\">E o que mudou?<\/h2>\t\t\t\t<\/div>\n\t\t\t\t<\/div>\n\t\t\t\t<div class=\"elementor-element elementor-element-73f1344 wcf-t-animation-none elementor-widget elementor-widget-text-editor\" data-id=\"73f1344\" data-element_type=\"widget\" data-settings=\"{&quot;wcf_text_animation&quot;:&quot;none&quot;,&quot;wcf-animation&quot;:&quot;none&quot;}\" data-widget_type=\"text-editor.default\">\n\t\t\t\t<div class=\"elementor-widget-container\">\n\t\t\t\t\t\t\t\t\t<strong class=\"title-color-a\" style=\"font-weight: 800;\"><em>Lisiane Lemos: <\/em><\/strong><span style=\"font-weight: 400;\">O primeiro pilar foi focado em cuidado. N\u00e3o adianta eu desenvolver pol\u00edticas de inclus\u00e3o digital se as pessoas est\u00e3o passando fome, se elas n\u00e3o t\u00eam colch\u00e3o, se elas n\u00e3o t\u00eam casa, se elas est\u00e3o desabrigadas. A gente conseguiu alguns milh\u00f5es de reais em doa\u00e7\u00f5es de colch\u00f5es, cestas b\u00e1sicas. O segundo pilar \u00e9 de letramento digital. E qual \u00e9 o aprendizado aqui? Grande parte das solu\u00e7\u00f5es que voc\u00eas v\u00e3o mapear, elas s\u00e3o, de novo, balizadas em softwares que j\u00e1 v\u00eam prontos para rodar. S\u00f3 que elas n\u00e3o s\u00e3o pensadas para quem n\u00e3o sabe ligar o computador. Elas n\u00e3o s\u00e3o pensadas para quem n\u00e3o sabe mexer no mouse, n\u00e3o sabe clicar. Ent\u00e3o, o nosso letramento passa por esse b\u00e1sico, por construir espa\u00e7os acolhedores e turmas exclusivas para a popula\u00e7\u00e3o idosa para fazer essa jornada. Porque eu entendi que ela tem que ser do zero. Eu continuo com um pilar de educa\u00e7\u00e3o, uma educa\u00e7\u00e3o para o futuro, programadora. Ent\u00e3o, sempre que eu lan\u00e7ar uma aula de programa\u00e7\u00e3o, sempre que eu lan\u00e7ar um curso de forma\u00e7\u00e3o em marketing digital, sempre que eu lan\u00e7ar um curso de empreendedorismo, eu terei uma turma exclusiva para pessoas 50+.<\/span>\t\t\t\t\t\t\t\t<\/div>\n\t\t\t\t<\/div>\n\t\t\t\t<\/div>\n\t\t<div class=\"elementor-element elementor-element-4bef047 e-con-full e-flex e-con e-child\" data-id=\"4bef047\" data-element_type=\"container\" data-settings=\"{&quot;wcf_enable_cursor_hover_effect_text&quot;:&quot;View&quot;,&quot;wcf-animation&quot;:&quot;none&quot;,&quot;wcf_pin_breakpoint&quot;:&quot;mobile&quot;}\">\n\t\t<div class=\"elementor-element elementor-element-29a3acc e-con-full elementor-hidden-tablet_extra elementor-hidden-tablet elementor-hidden-mobile_extra elementor-hidden-mobile e-flex e-con e-child\" data-id=\"29a3acc\" data-element_type=\"container\" data-settings=\"{&quot;background_background&quot;:&quot;classic&quot;,&quot;position&quot;:&quot;absolute&quot;,&quot;wcf_enable_cursor_hover_effect_text&quot;:&quot;View&quot;,&quot;wcf-animation&quot;:&quot;none&quot;,&quot;wcf_pin_breakpoint&quot;:&quot;mobile&quot;}\">\n\t\t\t\t<\/div>\n\t\t<div class=\"elementor-element elementor-element-3b7eceb e-con-full e-flex e-con e-child\" data-id=\"3b7eceb\" data-element_type=\"container\" data-settings=\"{&quot;background_background&quot;:&quot;classic&quot;,&quot;wcf_enable_cursor_hover_effect_text&quot;:&quot;View&quot;,&quot;wcf-animation&quot;:&quot;none&quot;,&quot;wcf_pin_breakpoint&quot;:&quot;mobile&quot;}\">\n\t\t\t\t<div class=\"elementor-element elementor-element-c14513a wcf-t-animation-none elementor-widget elementor-widget-heading\" data-id=\"c14513a\" data-element_type=\"widget\" data-settings=\"{&quot;wcf_text_animation&quot;:&quot;none&quot;,&quot;wcf-animation&quot;:&quot;none&quot;}\" data-widget_type=\"heading.default\">\n\t\t\t\t<div class=\"elementor-widget-container\">\n\t\t\t\t\t<h2 class=\"elementor-heading-title elementor-size-default\">E por que a turma exclusiva?<\/h2>\t\t\t\t<\/div>\n\t\t\t\t<\/div>\n\t\t\t\t<div class=\"elementor-element elementor-element-0b6063e wcf-t-animation-none elementor-widget elementor-widget-text-editor\" data-id=\"0b6063e\" data-element_type=\"widget\" data-settings=\"{&quot;wcf_text_animation&quot;:&quot;none&quot;,&quot;wcf-animation&quot;:&quot;none&quot;}\" data-widget_type=\"text-editor.default\">\n\t\t\t\t<div class=\"elementor-widget-container\">\n\t\t\t\t\t\t\t\t\t<strong class=\"title-color-a\" style=\"font-weight: 800;\"><em>Lisiane Lemos: <\/em><\/strong><span style=\"font-weight: 400;\">A gente viu na pr\u00e1tica. A gente tinha turmas de empreendedorismo e de programa\u00e7\u00e3o dentro dos centros da Juventude. A gente abriu uma turma para alunos que j\u00e1 estavam nesses centros da juventude e outra para a comunidade, sem nenhum tipo de recorte. E as perguntas que as pessoas nos faziam eram: &#8220;essa turma vai ser exclusiva? Essa turma vai ter jovem junto?&#8221; O jovem tem \u00e0s vezes um ritmo ansioso e n\u00e3o compreensivo com quem n\u00e3o \u00e9 nativo digitalmente. Ent\u00e3o, na verdade, talvez eu fizesse um recorte de turma para nativos digitais e n\u00e3o nativos digitais. Eu acho que esse seria o termo correto sobre o que a gente tem feito. E vou confessar que \u00e9 muito baseado nesse conhecimento do Marcelo, que \u00e9 esse meu assessor, que \u00e9 60+.<\/span>\t\t\t\t\t\t\t\t<\/div>\n\t\t\t\t<\/div>\n\t\t\t\t<\/div>\n\t\t\t\t<\/div>\n\t\t\t\t<\/div>\n\t\t<div class=\"elementor-element elementor-element-6f78aff e-con-full e-flex e-con e-child\" data-id=\"6f78aff\" data-element_type=\"container\" data-settings=\"{&quot;wcf_enable_cursor_hover_effect_text&quot;:&quot;View&quot;,&quot;wcf-animation&quot;:&quot;none&quot;,&quot;wcf_pin_breakpoint&quot;:&quot;mobile&quot;}\">\n\t\t<div class=\"elementor-element elementor-element-4abcf72 e-con-full e-flex e-con e-child\" data-id=\"4abcf72\" data-element_type=\"container\" data-settings=\"{&quot;wcf_enable_cursor_hover_effect_text&quot;:&quot;View&quot;,&quot;wcf-animation&quot;:&quot;none&quot;,&quot;wcf_pin_breakpoint&quot;:&quot;mobile&quot;}\">\n\t\t<div class=\"elementor-element elementor-element-98c17b7 e-con-full elementor-hidden-tablet_extra elementor-hidden-tablet elementor-hidden-mobile_extra elementor-hidden-mobile e-flex e-con e-child\" data-id=\"98c17b7\" data-element_type=\"container\" data-settings=\"{&quot;background_background&quot;:&quot;classic&quot;,&quot;position&quot;:&quot;absolute&quot;,&quot;wcf_enable_cursor_hover_effect_text&quot;:&quot;View&quot;,&quot;wcf-animation&quot;:&quot;none&quot;,&quot;wcf_pin_breakpoint&quot;:&quot;mobile&quot;}\">\n\t\t\t\t<\/div>\n\t\t\t\t<div class=\"elementor-element elementor-element-9b8ec49 wcf-t-animation-none elementor-widget elementor-widget-heading\" data-id=\"9b8ec49\" data-element_type=\"widget\" data-settings=\"{&quot;wcf_text_animation&quot;:&quot;none&quot;,&quot;wcf-animation&quot;:&quot;none&quot;}\" data-widget_type=\"heading.default\">\n\t\t\t\t<div class=\"elementor-widget-container\">\n\t\t\t\t\t<h2 class=\"elementor-heading-title elementor-size-default\">Ele \u00e9 o grilo falante?<\/h2>\t\t\t\t<\/div>\n\t\t\t\t<\/div>\n\t\t\t\t<div class=\"elementor-element elementor-element-26fe2c4 wcf-t-animation-none elementor-widget elementor-widget-text-editor\" data-id=\"26fe2c4\" data-element_type=\"widget\" data-settings=\"{&quot;wcf_text_animation&quot;:&quot;none&quot;,&quot;wcf-animation&quot;:&quot;none&quot;}\" data-widget_type=\"text-editor.default\">\n\t\t\t\t<div class=\"elementor-widget-container\">\n\t\t\t\t\t\t\t\t\t<strong class=\"title-color-a\" style=\"font-weight: 800;\"><em>Lisiane Lemos: <\/em><\/strong><span style=\"font-weight: 400;\">Ele \u00e9 o nosso grilo falante e conselheiro para tudo. Quando eu convidei ele para fazer parte da minha equipe, foi uma surpresa para o governo, uma surpresa para ele mesmo, uma surpresa para todo mundo. &#8220;O que eu vou fazer numa Secretaria de Inclus\u00e3o digital? Mas eu n\u00e3o entendo nada disso&#8221;. Eu falei que era exatamente isso que a gente queria mudar. A primeira coisa que eu fa\u00e7o com meu time \u00e9 que eles t\u00eam tempo livre para aprender ingl\u00eas. E no Rio Grande do Sul tem um curso, acho que \u00e9 o \u00fanico do pa\u00eds que \u00e9 exclusivo para pessoas 50+, que \u00e9 o Masters. E eu empurrei ele para fazer. E a\u00ed que come\u00e7ou todo esse estudo sobre turmas exclusivas. Porque a gente aprende diferente e fica confort\u00e1vel para conversar. <\/span>\t\t\t\t\t\t\t\t<\/div>\n\t\t\t\t<\/div>\n\t\t\t\t<div class=\"elementor-element elementor-element-9ddf5a4 elementor-widget elementor-widget-image\" data-id=\"9ddf5a4\" data-element_type=\"widget\" data-settings=\"{&quot;wcf-image-animation&quot;:&quot;none&quot;,&quot;wcf-animation&quot;:&quot;none&quot;}\" data-widget_type=\"image.default\">\n\t\t\t\t<div class=\"elementor-widget-container\">\n\t\t\t\t\t\t\t\t\t\t\t\t\t\t\t<img decoding=\"async\" src=\"https:\/\/labnovalongevidade.org\/mapeamento2024\/wp-content\/uploads\/elementor\/thumbs\/31-que8dcvccueqcycsm8cm7ghcc7pqadibqb3pwd50r6.jpg\" title=\"Mapeamento do Ecossistema de Inova\u00e7\u00e3o Social e Longevidade\" alt=\"Senhor de descend\u00eancia oriental, usa \u00f3culos, tem cabelos encaracolhados e vez uma camisa colorida\" loading=\"lazy\" \/>\t\t\t\t\t\t\t\t\t\t\t\t\t\t\t<\/div>\n\t\t\t\t<\/div>\n\t\t\t\t<\/div>\n\t\t<div class=\"elementor-element elementor-element-7fc3d18 e-con-full e-flex e-con e-child\" data-id=\"7fc3d18\" data-element_type=\"container\" data-settings=\"{&quot;wcf_enable_cursor_hover_effect_text&quot;:&quot;View&quot;,&quot;wcf-animation&quot;:&quot;none&quot;,&quot;wcf_pin_breakpoint&quot;:&quot;mobile&quot;}\">\n\t\t<div class=\"elementor-element elementor-element-baef60b e-con-full elementor-hidden-tablet_extra elementor-hidden-tablet elementor-hidden-mobile_extra elementor-hidden-mobile e-flex e-con e-child\" data-id=\"baef60b\" data-element_type=\"container\" data-settings=\"{&quot;background_background&quot;:&quot;classic&quot;,&quot;position&quot;:&quot;absolute&quot;,&quot;wcf_enable_cursor_hover_effect_text&quot;:&quot;View&quot;,&quot;wcf-animation&quot;:&quot;none&quot;,&quot;wcf_pin_breakpoint&quot;:&quot;mobile&quot;}\">\n\t\t\t\t<\/div>\n\t\t<div class=\"elementor-element elementor-element-3e243ff e-con-full e-flex e-con e-child\" data-id=\"3e243ff\" data-element_type=\"container\" data-settings=\"{&quot;background_background&quot;:&quot;classic&quot;,&quot;wcf_enable_cursor_hover_effect_text&quot;:&quot;View&quot;,&quot;wcf-animation&quot;:&quot;none&quot;,&quot;wcf_pin_breakpoint&quot;:&quot;mobile&quot;}\">\n\t\t\t\t<div class=\"elementor-element elementor-element-5c74e7b wcf-t-animation-none elementor-widget elementor-widget-heading\" data-id=\"5c74e7b\" data-element_type=\"widget\" data-settings=\"{&quot;wcf_text_animation&quot;:&quot;none&quot;,&quot;wcf-animation&quot;:&quot;none&quot;}\" data-widget_type=\"heading.default\">\n\t\t\t\t<div class=\"elementor-widget-container\">\n\t\t\t\t\t<h2 class=\"elementor-heading-title elementor-size-default\">Como esses aprendizados retornam \u00e0 secretaria?<\/h2>\t\t\t\t<\/div>\n\t\t\t\t<\/div>\n\t\t\t\t<div class=\"elementor-element elementor-element-d0863d6 wcf-t-animation-none elementor-widget elementor-widget-text-editor\" data-id=\"d0863d6\" data-element_type=\"widget\" data-settings=\"{&quot;wcf_text_animation&quot;:&quot;none&quot;,&quot;wcf-animation&quot;:&quot;none&quot;}\" data-widget_type=\"text-editor.default\">\n\t\t\t\t<div class=\"elementor-widget-container\">\n\t\t\t\t\t\t\t\t\t<p><strong class=\"title-color-a\" style=\"font-weight: 800;\"><em>Lisiane Lemos: <\/em><\/strong><span style=\"font-weight: 400;\">Eles contribuem para o nosso primeiro piloto de turmas exclusivas num cen\u00e1rio p\u00f3s-enchente. A gente tem cinco centros humanit\u00e1rios de acolhimento, que s\u00e3o os grandes abrigos. Ent\u00e3o pessoas desalojadas est\u00e3o na casa de parentes. Pessoas desabrigadas est\u00e3o nos abrigos, que \u00e9 o vulner\u00e1vel do vulner\u00e1vel, do vulner\u00e1vel. E eu pedi para o vice-governador, que \u00e9 o orquestrador de tudo, para que a gente organizasse todas as atividades de desenvolvimento e qualifica\u00e7\u00e3o dentro dos centros humanit\u00e1rios. E l\u00e1 eu tenho uma m\u00e9dia entre 20 e 30 por cento da popula\u00e7\u00e3o 60+. E a\u00ed a gente vai desenvolver oficinas de pensamento computacional sem computador. E a gente vai ter turmas exclusivas, 60+ em parceria com uma universidade. A gente vai ter turmas de forma\u00e7\u00e3o empreendedora e a gente vai ter forma\u00e7\u00f5es exclusivas.\u00a0<\/span><span style=\"font-weight: 400;\">Claro que, qual \u00e9 o primeiro passo antes de eu colocar qualquer solu\u00e7\u00e3o? Ir l\u00e1 e perguntar se essas pessoas est\u00e3o a fim. Isso tamb\u00e9m \u00e9 outra coisa que a gente enfrentou dentro da secretaria. Todo mundo chega e assume que as pessoas idosas querem isso ou querem aquilo. Eu falei: primeiro voc\u00eas v\u00e3o l\u00e1 perguntar, depois a gente vai desenvolver. Ent\u00e3o, pensando no cen\u00e1rio p\u00f3s-enchente, teve muita gente que estava no topo da pir\u00e2mide falecendo porque n\u00e3o queriam sair das suas casas. Tem um qu\u00ea informativo que a gente tem a\u00ed de seguran\u00e7a junto com a Defesa Civil. Tem muita gente que n\u00e3o teve acesso \u00e0 informa\u00e7\u00e3o porque n\u00e3o tem nenhum meio tecnol\u00f3gico e por isso algumas das nossas informa\u00e7\u00f5es v\u00e3o ser super b\u00e1sicas de uso de GovBr, boletim de ocorr\u00eancia, reconhecimento de fake news, etc, etc, etc. E a\u00ed depois, se essa pessoa tiver afim, ela vai subindo na escada. Ela pode fazer aula de marketing digital, pode fazer aula de empreendedorismo, pode fazer aula de programa\u00e7\u00e3o. A gente est\u00e1 muito nesse crescimento, mas acho que \u00e9 sempre isso: primeiro \u00e9 n\u00e3o pressupor que as pessoas sabem as coisas. Porque tamb\u00e9m existe um medo. E eu trabalho com inova\u00e7\u00e3o h\u00e1 muito tempo, voc\u00ea n\u00e3o se sente seguro de dizer &#8220;eu n\u00e3o sei mexer no celular&#8221;. Ent\u00e3o, \u00e9 proporcionar um ambiente de seguran\u00e7a psicol\u00f3gica, acompanhar a pessoa idosa na rampa de aprendizado e medir no meio do caminho para ver se est\u00e1 sendo eficaz. Mas o ponto desafiador \u00e9 que os centros humanit\u00e1rios s\u00e3o feitos para durarem seis meses, sempre renov\u00e1veis por mais seis, e o nosso termo termina em dezembro de 2026. Ent\u00e3o, a cada dia que passa eu estou correndo contra o rel\u00f3gio.<\/span><\/p>\t\t\t\t\t\t\t\t<\/div>\n\t\t\t\t<\/div>\n\t\t\t\t<\/div>\n\t\t\t\t<\/div>\n\t\t\t\t<\/div>\n\t\t<div class=\"elementor-element elementor-element-5f2dd7d e-con-full e-flex e-con e-child\" data-id=\"5f2dd7d\" data-element_type=\"container\" data-settings=\"{&quot;wcf_enable_cursor_hover_effect_text&quot;:&quot;View&quot;,&quot;wcf-animation&quot;:&quot;none&quot;,&quot;wcf_pin_breakpoint&quot;:&quot;mobile&quot;}\">\n\t\t<div class=\"elementor-element elementor-element-332aec7 e-con-full e-flex e-con e-child\" data-id=\"332aec7\" data-element_type=\"container\" data-settings=\"{&quot;wcf_enable_cursor_hover_effect_text&quot;:&quot;View&quot;,&quot;wcf-animation&quot;:&quot;none&quot;,&quot;wcf_pin_breakpoint&quot;:&quot;mobile&quot;}\">\n\t\t<div class=\"elementor-element elementor-element-392aaea e-con-full e-flex e-con e-child\" data-id=\"392aaea\" data-element_type=\"container\" data-settings=\"{&quot;wcf_enable_cursor_hover_effect_text&quot;:&quot;View&quot;,&quot;wcf-animation&quot;:&quot;none&quot;,&quot;wcf_pin_breakpoint&quot;:&quot;mobile&quot;}\">\n\t\t\t\t<div class=\"elementor-element elementor-element-bb5d3b6 wcf-t-animation-none elementor-widget elementor-widget-text-editor\" data-id=\"bb5d3b6\" data-element_type=\"widget\" data-settings=\"{&quot;wcf_text_animation&quot;:&quot;none&quot;,&quot;wcf-animation&quot;:&quot;none&quot;}\" data-widget_type=\"text-editor.default\">\n\t\t\t\t<div class=\"elementor-widget-container\">\n\t\t\t\t\t\t\t\t\t<p><strong style=\"font-weight: 900; color: #ecb101;\">&#8220;<\/strong><i><span style=\"font-weight: 400;\">Todo mundo chega e assume que as pessoas idosas querem isso ou querem aquilo. Eu falei: primeiro voc\u00eas v\u00e3o l\u00e1 perguntar, depois a gente vai desenvolver.<\/span><\/i><strong style=\"font-weight: 900; color: #ecb101;\">&#8220;<\/strong><\/p>\t\t\t\t\t\t\t\t<\/div>\n\t\t\t\t<\/div>\n\t\t\t\t<\/div>\n\t\t\t\t<\/div>\n\t\t\t\t<\/div>\n\t\t<div class=\"elementor-element elementor-element-c5c51ce e-con-full e-flex e-con e-child\" data-id=\"c5c51ce\" data-element_type=\"container\" data-settings=\"{&quot;wcf_enable_cursor_hover_effect_text&quot;:&quot;View&quot;,&quot;wcf-animation&quot;:&quot;none&quot;,&quot;wcf_pin_breakpoint&quot;:&quot;mobile&quot;}\">\n\t\t<div class=\"elementor-element elementor-element-5a60c9f e-con-full e-flex e-con e-child\" data-id=\"5a60c9f\" data-element_type=\"container\" data-settings=\"{&quot;wcf_enable_cursor_hover_effect_text&quot;:&quot;View&quot;,&quot;wcf-animation&quot;:&quot;none&quot;,&quot;wcf_pin_breakpoint&quot;:&quot;mobile&quot;}\">\n\t\t<div class=\"elementor-element elementor-element-53df899 e-con-full elementor-hidden-tablet_extra elementor-hidden-tablet elementor-hidden-mobile_extra elementor-hidden-mobile e-flex e-con e-child\" data-id=\"53df899\" data-element_type=\"container\" data-settings=\"{&quot;background_background&quot;:&quot;classic&quot;,&quot;position&quot;:&quot;absolute&quot;,&quot;wcf_enable_cursor_hover_effect_text&quot;:&quot;View&quot;,&quot;wcf-animation&quot;:&quot;none&quot;,&quot;wcf_pin_breakpoint&quot;:&quot;mobile&quot;}\">\n\t\t\t\t<\/div>\n\t\t\t\t<div class=\"elementor-element elementor-element-f05fd9f wcf-t-animation-none elementor-widget elementor-widget-heading\" data-id=\"f05fd9f\" data-element_type=\"widget\" data-settings=\"{&quot;wcf_text_animation&quot;:&quot;none&quot;,&quot;wcf-animation&quot;:&quot;none&quot;}\" data-widget_type=\"heading.default\">\n\t\t\t\t<div class=\"elementor-widget-container\">\n\t\t\t\t\t<h2 class=\"elementor-heading-title elementor-size-default\">Por que garantir a inclus\u00e3o digital da popula\u00e7\u00e3o idosa \u00e9 importante? Quais s\u00e3o as consequ\u00eancias para a participa\u00e7\u00e3o e para a cidadania ao longo da vida?<\/h2>\t\t\t\t<\/div>\n\t\t\t\t<\/div>\n\t\t\t\t<div class=\"elementor-element elementor-element-191d917 wcf-t-animation-none elementor-widget elementor-widget-text-editor\" data-id=\"191d917\" data-element_type=\"widget\" data-settings=\"{&quot;wcf_text_animation&quot;:&quot;none&quot;,&quot;wcf-animation&quot;:&quot;none&quot;}\" data-widget_type=\"text-editor.default\">\n\t\t\t\t<div class=\"elementor-widget-container\">\n\t\t\t\t\t\t\t\t\t<p><strong class=\"title-color-a\" style=\"font-weight: 800;\"><em>Lisiane Lemos: <\/em><\/strong><span style=\"font-weight: 400;\">Um pa\u00eds tem que ser constru\u00eddo para todo mundo. Todo mundo tem que se sentir feliz. Tem uma parte do nosso mapa estrat\u00e9gico que \u00e9 uma sociedade justa, inclusiva e feliz. Eu quero que as pessoas naquele estado, elas sintam que o Estado \u00e9 delas, que o Estado \u00e9 feito para elas e que a gente possa ajud\u00e1-las a n\u00e3o s\u00f3 serem longevas, mas a terem uma longevidade com qualidade, acesso. \u00c9 um estado plural, onde as pessoas de todas as faixas et\u00e1rias t\u00eam voz. Fazendo a jornada, por que eu e o Eduardo, meu chefe, a gente colocou o nome da Secretaria de Pol\u00edticas de Equidade? Quando eu falo de equidade, \u00e9 sobre dar as das ferramentas na medida das desigualdades dessas pessoas. Ent\u00e3o eu construo turmas diferentes, mas eu permito que elas se sentem \u00e0 mesa tomando essas decis\u00f5es e falando, olha, quando voc\u00eas forem construir a pol\u00edtica p\u00fablica para pessoas idosas, deixa o idoso falar?\u00a0<\/span><span style=\"font-weight: 400;\">Incluindo digitalmente a popula\u00e7\u00e3o idosa, eu soluciono grande parte dos problemas socioecon\u00f4micos que eu tenho no meu estado. Eu soluciono o \u00eaxodo de talentos, porque eu desenvolvo novos talentos que possam gerar renda. Com acesso \u00e0 informa\u00e7\u00e3o, eu vou mitigar problemas de sa\u00fade, porque essas pessoas v\u00e3o deixar de ir aos postos. Eu vou mitigar problemas tribut\u00e1rios, porque elas v\u00e3o ter tamb\u00e9m uma vis\u00e3o financeira e or\u00e7ament\u00e1ria muito melhor. Eu vou ter problemas psicol\u00f3gicos e familiares e de combate \u00e0 viol\u00eancia muito menores, porque as pessoas v\u00e3o ter acesso \u00e0 informa\u00e7\u00e3o, v\u00e3o conseguir dialogar e construir essas pol\u00edticas. Ent\u00e3o, eu poderia ficar muito tempo falando sobre os benef\u00edcios, mas eles s\u00e3o sempre nessa raiz.\u00a0<\/span><span style=\"font-weight: 400;\">Se eu acredito que a pluralidade constr\u00f3i inova\u00e7\u00e3o e aumenta o poder econ\u00f4mico de qualquer estado, eu preciso que essas pessoas sejam vocais. E eu acho que tem um efeito colateral que \u00e9 de inspira\u00e7\u00e3o de outros estados. Isso porque se, no Estado que tem a popula\u00e7\u00e3o mais longeva do pa\u00eds, a gente conseguiu construir pol\u00edticas efetivas num modelo escal\u00e1vel, eu posso emprestar, doar, ensinar para os meus pares. Ent\u00e3o, acho que tem esse efeito cascata. <\/span><\/p>\t\t\t\t\t\t\t\t<\/div>\n\t\t\t\t<\/div>\n\t\t\t\t<\/div>\n\t\t<div class=\"elementor-element elementor-element-00cf663 e-con-full e-flex e-con e-child\" data-id=\"00cf663\" data-element_type=\"container\" data-settings=\"{&quot;wcf_enable_cursor_hover_effect_text&quot;:&quot;View&quot;,&quot;wcf-animation&quot;:&quot;none&quot;,&quot;wcf_pin_breakpoint&quot;:&quot;mobile&quot;}\">\n\t\t<div class=\"elementor-element elementor-element-b8e50b7 e-con-full elementor-hidden-tablet_extra elementor-hidden-tablet elementor-hidden-mobile_extra elementor-hidden-mobile e-flex e-con e-child\" data-id=\"b8e50b7\" data-element_type=\"container\" data-settings=\"{&quot;background_background&quot;:&quot;classic&quot;,&quot;position&quot;:&quot;absolute&quot;,&quot;wcf_enable_cursor_hover_effect_text&quot;:&quot;View&quot;,&quot;wcf-animation&quot;:&quot;none&quot;,&quot;wcf_pin_breakpoint&quot;:&quot;mobile&quot;}\">\n\t\t\t\t<\/div>\n\t\t<div class=\"elementor-element elementor-element-da2e18c e-con-full e-flex e-con e-child\" data-id=\"da2e18c\" data-element_type=\"container\" data-settings=\"{&quot;background_background&quot;:&quot;classic&quot;,&quot;wcf_enable_cursor_hover_effect_text&quot;:&quot;View&quot;,&quot;wcf-animation&quot;:&quot;none&quot;,&quot;wcf_pin_breakpoint&quot;:&quot;mobile&quot;}\">\n\t\t\t\t<div class=\"elementor-element elementor-element-d0f1176 wcf-t-animation-none elementor-widget elementor-widget-heading\" data-id=\"d0f1176\" data-element_type=\"widget\" data-settings=\"{&quot;wcf_text_animation&quot;:&quot;none&quot;,&quot;wcf-animation&quot;:&quot;none&quot;}\" data-widget_type=\"heading.default\">\n\t\t\t\t<div class=\"elementor-widget-container\">\n\t\t\t\t\t<h2 class=\"elementor-heading-title elementor-size-default\">Voc\u00ea vem de uma s\u00f3lida carreira no mercado, incluindo experi\u00eancias no Google e na Microsoft. O que a gente pode aprender com a iniciativa privada em termos de inclus\u00e3o digital, inova\u00e7\u00e3o e equidade?<\/h2>\t\t\t\t<\/div>\n\t\t\t\t<\/div>\n\t\t\t\t<div class=\"elementor-element elementor-element-634c0ad wcf-t-animation-none elementor-widget elementor-widget-text-editor\" data-id=\"634c0ad\" data-element_type=\"widget\" data-settings=\"{&quot;wcf_text_animation&quot;:&quot;none&quot;,&quot;wcf-animation&quot;:&quot;none&quot;}\" data-widget_type=\"text-editor.default\">\n\t\t\t\t<div class=\"elementor-widget-container\">\n\t\t\t\t\t\t\t\t\t<strong class=\"title-color-a\" style=\"font-weight: 800;\"><em>Lisiane Lemos: <\/em><\/strong><span style=\"font-weight: 400;\">Primeiro, o que a gente pode desaprender? As grandes empresas orbitam em torno delas mesmas. Ent\u00e3o, se voc\u00ea quer se candidatar para o Google ou para Microsoft, voc\u00ea vai acessar o site de carreira deles, que funciona do jeito deles, que preenche o curr\u00edculo do jeito deles e que funciona desse jeito e se n\u00e3o quer, adeus. Acho que esse \u00e9 o primeiro ponto que a gente tem que desaprender.\nO que a gente pode aprender, eu acho que \u00e9 planejamento, processo e escuta do cliente. Eu trabalhei sempre em vendas. E eu peguei muito a virada de cultura na Microsoft quando passou de uma empresa &#8220;teach it all&#8221;, quando ach\u00e1vamos que \u00e9ramos geniais e incr\u00edveis, para &#8220;learn it all&#8221;, quando passamos a aprender e escutar o cliente e a ser cr\u00edtico com a gente mesmo, isso me ajudou muito nessa jornada. Ent\u00e3o, falando de pol\u00edticas de inclus\u00e3o digital, acho que esse \u00e9 o que eu aprendi muito na Microsoft foi esse setor de escuta. N\u00e3o se constr\u00f3i nada sem ir a campo. N\u00e3o se constr\u00f3i nada sem escutar as pessoas e n\u00e3o se constr\u00f3i nada dentro do escrit\u00f3rio.<\/span>\t\t\t\t\t\t\t\t<\/div>\n\t\t\t\t<\/div>\n\t\t\t\t<\/div>\n\t\t\t\t<\/div>\n\t\t\t\t<\/div>\n\t\t<div class=\"elementor-element elementor-element-d2205cc e-con-full e-flex e-con e-child\" data-id=\"d2205cc\" data-element_type=\"container\" data-settings=\"{&quot;wcf_enable_cursor_hover_effect_text&quot;:&quot;View&quot;,&quot;wcf-animation&quot;:&quot;none&quot;,&quot;wcf_pin_breakpoint&quot;:&quot;mobile&quot;}\">\n\t\t<div class=\"elementor-element elementor-element-7da026f e-con-full e-flex e-con e-child\" data-id=\"7da026f\" data-element_type=\"container\" data-settings=\"{&quot;wcf_enable_cursor_hover_effect_text&quot;:&quot;View&quot;,&quot;wcf-animation&quot;:&quot;none&quot;,&quot;wcf_pin_breakpoint&quot;:&quot;mobile&quot;}\">\n\t\t<div class=\"elementor-element elementor-element-2a4a650 e-con-full elementor-hidden-tablet_extra elementor-hidden-tablet elementor-hidden-mobile_extra elementor-hidden-mobile e-flex e-con e-child\" data-id=\"2a4a650\" data-element_type=\"container\" data-settings=\"{&quot;background_background&quot;:&quot;classic&quot;,&quot;position&quot;:&quot;absolute&quot;,&quot;wcf_enable_cursor_hover_effect_text&quot;:&quot;View&quot;,&quot;wcf-animation&quot;:&quot;none&quot;,&quot;wcf_pin_breakpoint&quot;:&quot;mobile&quot;}\">\n\t\t\t\t<\/div>\n\t\t\t\t<div class=\"elementor-element elementor-element-ff0e795 wcf-t-animation-none elementor-widget elementor-widget-heading\" data-id=\"ff0e795\" data-element_type=\"widget\" data-settings=\"{&quot;wcf_text_animation&quot;:&quot;none&quot;,&quot;wcf-animation&quot;:&quot;none&quot;}\" data-widget_type=\"heading.default\">\n\t\t\t\t<div class=\"elementor-widget-container\">\n\t\t\t\t\t<h2 class=\"elementor-heading-title elementor-size-default\">E com rela\u00e7\u00e3o aos empreendedores sociais? De que maneira eles podem colaborar para esse momento da secretaria e para os desafios de inclus\u00e3o digital e equidade? Tem algum exemplo de alguma colabora\u00e7\u00e3o exitosa que voc\u00ea possa citar?<\/h2>\t\t\t\t<\/div>\n\t\t\t\t<\/div>\n\t\t\t\t<div class=\"elementor-element elementor-element-0c1891b wcf-t-animation-none elementor-widget elementor-widget-text-editor\" data-id=\"0c1891b\" data-element_type=\"widget\" data-settings=\"{&quot;wcf_text_animation&quot;:&quot;none&quot;,&quot;wcf-animation&quot;:&quot;none&quot;}\" data-widget_type=\"text-editor.default\">\n\t\t\t\t<div class=\"elementor-widget-container\">\n\t\t\t\t\t\t\t\t\t<strong class=\"title-color-a\" style=\"font-weight: 800;\"><em>Lisiane Lemos: <\/em><\/strong><span style=\"font-weight: 400;\">Eu vou te falar um pouco do desafio que eu tenho com empreendedores sociais. Por alguns deles n\u00e3o terem trabalhado no governo, existe essa pressuposi\u00e7\u00e3o de que a gente est\u00e1 cheio da grana. Al\u00e9m disso, o tr\u00e2mite interno \u00e9 muito dif\u00edcil para essa contrata\u00e7\u00e3o. A ideia de que, se eu escolhesse trabalhar contigo amanh\u00e3, era separar parte do or\u00e7amento e te escolher. Isso no m\u00e1ximo me levaria para cadeia. Ent\u00e3o eu tenho muita dificuldade, mesmo com muita oferta boa, mas que vai me dar muito trabalho, que normalmente n\u00e3o v\u00e3o ser efetivada nos pr\u00f3ximos quatro anos. E hoje eu n\u00e3o tenho esse poder de ensinar como que as coisas funcionam do lado de c\u00e1. Mas a gente tem usado muito dessa quest\u00e3o de construir caminhos juntos para efetivar as coisas. E a\u00ed vai o meu exemplo.\u00a0<\/span>\n\n<span style=\"font-weight: 400;\">Tem uma startup, uma EdTech que chama SoulCode. A SoulCode \u00e9 fundada pela Carmela e pelo Fabricio que s\u00e3o ex-Microsoft, foram meus colegas. Encurtando a hist\u00f3ria, eu fui almo\u00e7ar com eles e eles me apresentaram aula de programa\u00e7\u00e3o, sem conhecimento, funcionando do zero. Eu falei &#8220;voc\u00eas n\u00e3o querem me dar uma turma?&#8221;. Eles deram. Com eles a gente n\u00e3o poderia contratar diretamente, mas eu posso fazer alian\u00e7as com uma funda\u00e7\u00e3o que paga o trabalho deles e que doe para o Estado. Ent\u00e3o, como que os empreendedores sociais podem ajudar agora?\u00a0<\/span>\n\n<span style=\"font-weight: 400;\">Eu acho que \u00e9 um pensamento muito coletivo. Como \u00e9 que a gente conseguiria reunir todos eles num grande f\u00f3rum, que fosse para o Estado expor os seus desafios, Ideathon, Hackathon, alguma coisa e que a gente ouvisse deles. Porque eu sou muito assediada no um-a-um e a\u00ed eu tenho 37 projetos para tocar ao mesmo tempo, mais uma secretaria, mais or\u00e7amento. Se eu for atender todo empreendedor que bate na minha porta, n\u00e3o vai funcionar. Ent\u00e3o, acho que o desafio \u00e9 muito mais a gente encontrar mecanismos efetivos de comunica\u00e7\u00e3o entre os dois lados: para eles me contarem o que fazem e eu contar o que eu fa\u00e7o e a gente conseguir solu\u00e7\u00f5es r\u00e1pidas e escal\u00e1veis de contrata\u00e7\u00e3o.<\/span>\t\t\t\t\t\t\t\t<\/div>\n\t\t\t\t<\/div>\n\t\t\t\t<\/div>\n\t\t\t\t<div class=\"elementor-element elementor-element-2f412fb elementor-widget elementor-widget-image\" data-id=\"2f412fb\" data-element_type=\"widget\" data-settings=\"{&quot;wcf-image-animation&quot;:&quot;none&quot;,&quot;wcf-animation&quot;:&quot;none&quot;}\" data-widget_type=\"image.default\">\n\t\t\t\t<div class=\"elementor-widget-container\">\n\t\t\t\t\t\t\t\t\t\t\t\t\t\t\t<img decoding=\"async\" width=\"999\" height=\"278\" src=\"https:\/\/labnovalongevidade.org\/mapeamento2024\/wp-content\/uploads\/2024\/09\/33.jpg\" class=\"attachment-full size-full wp-image-12476\" alt=\"Senhora de cabelo bem curtos, sorri\" srcset=\"https:\/\/labnovalongevidade.org\/mapeamento2024\/wp-content\/uploads\/2024\/09\/33.jpg 999w, https:\/\/labnovalongevidade.org\/mapeamento2024\/wp-content\/uploads\/2024\/09\/33-300x83.jpg 300w, https:\/\/labnovalongevidade.org\/mapeamento2024\/wp-content\/uploads\/2024\/09\/33-768x214.jpg 768w\" sizes=\"(max-width: 999px) 100vw, 999px\" \/>\t\t\t\t\t\t\t\t\t\t\t\t\t\t\t<\/div>\n\t\t\t\t<\/div>\n\t\t<div class=\"elementor-element elementor-element-7f38f8b e-con-full e-flex e-con e-child\" data-id=\"7f38f8b\" data-element_type=\"container\" data-settings=\"{&quot;wcf_enable_cursor_hover_effect_text&quot;:&quot;View&quot;,&quot;wcf-animation&quot;:&quot;none&quot;,&quot;wcf_pin_breakpoint&quot;:&quot;mobile&quot;}\">\n\t\t<div class=\"elementor-element elementor-element-c2f5812 e-con-full elementor-hidden-tablet_extra elementor-hidden-tablet elementor-hidden-mobile_extra elementor-hidden-mobile e-flex e-con e-child\" data-id=\"c2f5812\" data-element_type=\"container\" data-settings=\"{&quot;background_background&quot;:&quot;classic&quot;,&quot;position&quot;:&quot;absolute&quot;,&quot;wcf_enable_cursor_hover_effect_text&quot;:&quot;View&quot;,&quot;wcf-animation&quot;:&quot;none&quot;,&quot;wcf_pin_breakpoint&quot;:&quot;mobile&quot;}\">\n\t\t\t\t<\/div>\n\t\t<div class=\"elementor-element elementor-element-fd3fac8 e-con-full e-flex e-con e-child\" data-id=\"fd3fac8\" data-element_type=\"container\" data-settings=\"{&quot;background_background&quot;:&quot;classic&quot;,&quot;wcf_enable_cursor_hover_effect_text&quot;:&quot;View&quot;,&quot;wcf-animation&quot;:&quot;none&quot;,&quot;wcf_pin_breakpoint&quot;:&quot;mobile&quot;}\">\n\t\t\t\t<div class=\"elementor-element elementor-element-fbccad8 wcf-t-animation-none elementor-widget elementor-widget-heading\" data-id=\"fbccad8\" data-element_type=\"widget\" data-settings=\"{&quot;wcf_text_animation&quot;:&quot;none&quot;,&quot;wcf-animation&quot;:&quot;none&quot;}\" data-widget_type=\"heading.default\">\n\t\t\t\t<div class=\"elementor-widget-container\">\n\t\t\t\t\t<h2 class=\"elementor-heading-title elementor-size-default\">Qual a import\u00e2ncia da diversidade et\u00e1ria nas equipes que est\u00e3o desenvolvendo produtos, servi\u00e7os e mesmo pol\u00edticas p\u00fablicas? <\/h2>\t\t\t\t<\/div>\n\t\t\t\t<\/div>\n\t\t\t\t<div class=\"elementor-element elementor-element-3421906 wcf-t-animation-none elementor-widget elementor-widget-text-editor\" data-id=\"3421906\" data-element_type=\"widget\" data-settings=\"{&quot;wcf_text_animation&quot;:&quot;none&quot;,&quot;wcf-animation&quot;:&quot;none&quot;}\" data-widget_type=\"text-editor.default\">\n\t\t\t\t<div class=\"elementor-widget-container\">\n\t\t\t\t\t\t\t\t\t<strong class=\"title-color-a\" style=\"font-weight: 800;\"><em>Lisiane Lemos: <\/em><\/strong><span style=\"font-weight: 400;\">\u00c9 muito dif\u00edcil liderar um time diverso etariamente. Quando eu fiz essa escolha, eu pensei, esse neg\u00f3cio tem que dar certo porque a secretaria tem que ser o retrato de tudo que eu acredito, mas ela n\u00e3o te prepara para isso. Quando eu estou falando dos meus funcion\u00e1rios 45+, eles se comunicam mais por \u00e1udio. Eu sendo 35-, odeio o \u00e1udio. E a\u00ed eu tenho que escutar os \u00e1udios deles. A\u00ed a gente chega no meio termo. \u00c0s vezes eles me mandam um texto, \u00e0s vezes eles mandam um \u00e1udio. A forma de conviv\u00eancia dentro da secretaria tamb\u00e9m \u00e9 extremamente complexa, porque eu tenho nativos digitais e n\u00e3o nativos digitais. Ent\u00e3o \u00e0s vezes eu dou o mesmo direcionamento para ambos. Parte da equipe vai me entregar em duas horas, parte da equipe vai demorar 3 dias.\u00a0<\/span>\n\n<span style=\"font-weight: 400;\">\u00a0<\/span>\n\n<span style=\"font-weight: 400;\">Eu tenho que fazer esse mapeamento de como cada um funciona como pessoa, do quociente geracional e dessa evolu\u00e7\u00e3o tecnol\u00f3gica e ao mesmo tempo n\u00e3o gerar frustra\u00e7\u00e3o. Porque tamb\u00e9m tem muito dessa constru\u00e7\u00e3o de que velho n\u00e3o presta para nada. Se a sociedade inteira est\u00e1 dizendo que essa pessoa n\u00e3o presta para nada, eu vou na dire\u00e7\u00e3o contr\u00e1ria. Mas eu tenho certeza de que a gente s\u00f3 tem atingido bons resultados, conseguindo doa\u00e7\u00f5es na casa de milh\u00f5es para dentro do Estado, porque eu consigo gerar solu\u00e7\u00f5es inovadoras e fora da caixa com esse time plural, que se complementa. Eu queria que outras pessoas vissem esses benef\u00edcios. E a\u00ed uma sugest\u00e3o: a gente s\u00f3 vai conseguir entender isso quando tiver a coragem de fazer um censo dentro das organiza\u00e7\u00f5es para entender o tamanho do nosso problema. E n\u00e3o \u00e9 todo mundo que tem coragem de sentar e ver os \u00edndices.<\/span>\t\t\t\t\t\t\t\t<\/div>\n\t\t\t\t<\/div>\n\t\t\t\t<\/div>\n\t\t\t\t<\/div>\n\t\t\t\t<\/div>\n\t\t<div class=\"elementor-element elementor-element-96c0c28 e-con-full e-flex e-con e-child\" data-id=\"96c0c28\" data-element_type=\"container\" data-settings=\"{&quot;wcf_enable_cursor_hover_effect_text&quot;:&quot;View&quot;,&quot;wcf-animation&quot;:&quot;none&quot;,&quot;wcf_pin_breakpoint&quot;:&quot;mobile&quot;}\">\n\t\t<div class=\"elementor-element elementor-element-0e19a41 e-con-full e-flex e-con e-child\" data-id=\"0e19a41\" data-element_type=\"container\" data-settings=\"{&quot;wcf_enable_cursor_hover_effect_text&quot;:&quot;View&quot;,&quot;wcf-animation&quot;:&quot;none&quot;,&quot;wcf_pin_breakpoint&quot;:&quot;mobile&quot;}\">\n\t\t<div class=\"elementor-element elementor-element-5686af9 e-con-full elementor-hidden-tablet_extra elementor-hidden-tablet elementor-hidden-mobile_extra elementor-hidden-mobile e-flex e-con e-child\" data-id=\"5686af9\" data-element_type=\"container\" data-settings=\"{&quot;background_background&quot;:&quot;classic&quot;,&quot;position&quot;:&quot;absolute&quot;,&quot;wcf_enable_cursor_hover_effect_text&quot;:&quot;View&quot;,&quot;wcf-animation&quot;:&quot;none&quot;,&quot;wcf_pin_breakpoint&quot;:&quot;mobile&quot;}\">\n\t\t\t\t<\/div>\n\t\t\t\t<div class=\"elementor-element elementor-element-6082ea7 wcf-t-animation-none elementor-widget elementor-widget-heading\" data-id=\"6082ea7\" data-element_type=\"widget\" data-settings=\"{&quot;wcf_text_animation&quot;:&quot;none&quot;,&quot;wcf-animation&quot;:&quot;none&quot;}\" data-widget_type=\"heading.default\">\n\t\t\t\t<div class=\"elementor-widget-container\">\n\t\t\t\t\t<h2 class=\"elementor-heading-title elementor-size-default\">O mapeamento identificou cerca de 400 iniciativas de todos os setores que est\u00e3o ajudando de alguma forma a pensar e de uma maneira inovadora. O que que precisa acontecer para que a sociedade crie mais demanda por essas solu\u00e7\u00f5es?<\/h2>\t\t\t\t<\/div>\n\t\t\t\t<\/div>\n\t\t\t\t<div class=\"elementor-element elementor-element-5f87b6d wcf-t-animation-none elementor-widget elementor-widget-text-editor\" data-id=\"5f87b6d\" data-element_type=\"widget\" data-settings=\"{&quot;wcf_text_animation&quot;:&quot;none&quot;,&quot;wcf-animation&quot;:&quot;none&quot;}\" data-widget_type=\"text-editor.default\">\n\t\t\t\t<div class=\"elementor-widget-container\">\n\t\t\t\t\t\t\t\t\t<p><strong class=\"title-color-a\" style=\"font-weight: 800;\"><em>Lisiane Lemos: <\/em><\/strong><span style=\"font-weight: 400;\">A gente s\u00f3 vai criar demanda se a gente tiver acesso ao dado e \u00e0 informa\u00e7\u00e3o. Enquanto as pessoas n\u00e3o tiverem consci\u00eancia do perfil populacional que a gente tem, elas n\u00e3o v\u00e3o criar demanda. O que eu quero dizer com isso? Eu s\u00f3 descobri que eu vivia no estado mais longevo do pa\u00eds quando eu me sentei numa cadeira de secret\u00e1ria, sendo que durante 24 anos da minha vida eu vivi no Rio Grande do Sul. E as pessoas, elas s\u00f3 se preocupam com o que elas veem ou com a informa\u00e7\u00e3o que chega at\u00e9 elas. Por que eu me preocupo com a minha seguran\u00e7a, com a criminalidade? Porque eu ligo a TV e ela est\u00e1 gritando todo dia que v\u00e3o me assaltar na marginal. <\/span>Mas n\u00e3o \u00e9 todo dia que eu vejo a televis\u00e3o olhando de uma forma otimista para o envelhecimento. Estamos ficando cada vez mais velhos; estamos cada vez mais produtivos; veja o exemplo de pessoa fulano de tal que est\u00e1 fazendo isso. A\u00ed isso vai se tornar uma preocupa\u00e7\u00e3o. Ent\u00e3o, acho que a demanda s\u00f3 vai ser criada quando a gente conscientizar a popula\u00e7\u00e3o do cen\u00e1rio que a gente est\u00e1 vivendo aqui. Se n\u00e3o, ningu\u00e9m vai se preocupar. Se voc\u00ea chegar nos meus 497 munic\u00edpios, dos quais metade tem menos de 10.000 habitantes, eu posso afirmar com toda a certeza, que eles n\u00e3o sabem que n\u00f3s somos a popula\u00e7\u00e3o mais longeva do pa\u00eds. Falta uma conscientiza\u00e7\u00e3o de que \u00e9 bom, de que existe um caminho muito mais legal, de que essas pessoas podem contribuir mais. Mais casos de sucesso. Olhar por uma perspectiva otimista. Por exemplo, nossa secret\u00e1ria de educa\u00e7\u00e3o tem 77 anos. A nossa secret\u00e1ria da Sa\u00fade tem 75, se eu n\u00e3o me engano. S\u00e3o as pessoas mais ativas e mais legais que eu conhe\u00e7o no governo. S\u00e3o as minhas \u00eddolas. Elas me inspiram. Eu acho que falta isso.\u00a0<\/p>\t\t\t\t\t\t\t\t<\/div>\n\t\t\t\t<\/div>\n\t\t\t\t<\/div>\n\t\t<div class=\"elementor-element elementor-element-f146fed e-con-full e-flex e-con e-child\" data-id=\"f146fed\" data-element_type=\"container\" data-settings=\"{&quot;wcf_enable_cursor_hover_effect_text&quot;:&quot;View&quot;,&quot;wcf-animation&quot;:&quot;none&quot;,&quot;wcf_pin_breakpoint&quot;:&quot;mobile&quot;}\">\n\t\t<div class=\"elementor-element elementor-element-abfee73 e-con-full elementor-hidden-tablet_extra elementor-hidden-tablet elementor-hidden-mobile_extra elementor-hidden-mobile e-flex e-con e-child\" data-id=\"abfee73\" data-element_type=\"container\" data-settings=\"{&quot;background_background&quot;:&quot;classic&quot;,&quot;position&quot;:&quot;absolute&quot;,&quot;wcf_enable_cursor_hover_effect_text&quot;:&quot;View&quot;,&quot;wcf-animation&quot;:&quot;none&quot;,&quot;wcf_pin_breakpoint&quot;:&quot;mobile&quot;}\">\n\t\t\t\t<\/div>\n\t\t<div class=\"elementor-element elementor-element-e40ac97 e-con-full e-flex e-con e-child\" data-id=\"e40ac97\" data-element_type=\"container\" data-settings=\"{&quot;background_background&quot;:&quot;classic&quot;,&quot;wcf_enable_cursor_hover_effect_text&quot;:&quot;View&quot;,&quot;wcf-animation&quot;:&quot;none&quot;,&quot;wcf_pin_breakpoint&quot;:&quot;mobile&quot;}\">\n\t\t\t\t<div class=\"elementor-element elementor-element-ca8ed30 wcf-t-animation-none elementor-widget elementor-widget-heading\" data-id=\"ca8ed30\" data-element_type=\"widget\" data-settings=\"{&quot;wcf_text_animation&quot;:&quot;none&quot;,&quot;wcf-animation&quot;:&quot;none&quot;}\" data-widget_type=\"heading.default\">\n\t\t\t\t<div class=\"elementor-widget-container\">\n\t\t\t\t\t<h2 class=\"elementor-heading-title elementor-size-default\">Ent\u00e3o, o que falta \u00e9 uma educa\u00e7\u00e3o para a longevidade?<\/h2>\t\t\t\t<\/div>\n\t\t\t\t<\/div>\n\t\t\t\t<div class=\"elementor-element elementor-element-cf1171c wcf-t-animation-none elementor-widget elementor-widget-text-editor\" data-id=\"cf1171c\" data-element_type=\"widget\" data-settings=\"{&quot;wcf_text_animation&quot;:&quot;none&quot;,&quot;wcf-animation&quot;:&quot;none&quot;}\" data-widget_type=\"text-editor.default\">\n\t\t\t\t<div class=\"elementor-widget-container\">\n\t\t\t\t\t\t\t\t\t<p><strong class=\"title-color-a\" style=\"font-weight: 800;\"><em>Lisiane Lemos:\u00a0\u00a0<\/em><\/strong><span style=\"font-weight: 400;\">S\u00f3 vamos gerar demanda quando a gente tiver bons exemplos que as pessoas vejam.\u00a0<\/span><span style=\"font-weight: 400;\">Eu tenho um mantra para a vida: a gente s\u00f3 sonha com o que a gente v\u00ea. Se eu ligo a televis\u00e3o, se eu pego o celular e eu s\u00f3 vejo velhinhos fazendo tric\u00f4, jogando bocha, indo pro baile, eu n\u00e3o vou acreditar que essa pessoa pode ser uma pessoa programadora. Eu n\u00e3o vou acreditar que ela pode ter autonomia. Ela pode se aposentar e se aposentar pode ser legal, mas \u00e9 um saber que est\u00e1 sendo desperdi\u00e7ado. E isso vale para os jovens tamb\u00e9m. Narrativas de sucesso que os jovens vejam que t\u00eam que aprender com as pessoas mais velhas.<\/span><\/p>\t\t\t\t\t\t\t\t<\/div>\n\t\t\t\t<\/div>\n\t\t\t\t<\/div>\n\t\t\t\t<\/div>\n\t\t\t\t<\/div>\n\t\t<div class=\"elementor-element elementor-element-65f00c0 e-con-full e-flex e-con e-child\" data-id=\"65f00c0\" data-element_type=\"container\" data-settings=\"{&quot;wcf_enable_cursor_hover_effect_text&quot;:&quot;View&quot;,&quot;wcf-animation&quot;:&quot;none&quot;,&quot;wcf_pin_breakpoint&quot;:&quot;mobile&quot;}\">\n\t\t<div class=\"elementor-element elementor-element-61e6a89 e-con-full e-flex e-con e-child\" data-id=\"61e6a89\" data-element_type=\"container\" data-settings=\"{&quot;wcf_enable_cursor_hover_effect_text&quot;:&quot;View&quot;,&quot;wcf-animation&quot;:&quot;none&quot;,&quot;wcf_pin_breakpoint&quot;:&quot;mobile&quot;}\">\n\t\t<div class=\"elementor-element elementor-element-4df9dc9 e-con-full e-flex e-con e-child\" data-id=\"4df9dc9\" data-element_type=\"container\" data-settings=\"{&quot;wcf_enable_cursor_hover_effect_text&quot;:&quot;View&quot;,&quot;wcf-animation&quot;:&quot;none&quot;,&quot;wcf_pin_breakpoint&quot;:&quot;mobile&quot;}\">\n\t\t\t\t<div class=\"elementor-element elementor-element-603ec09 wcf-t-animation-none elementor-widget elementor-widget-text-editor\" data-id=\"603ec09\" data-element_type=\"widget\" data-settings=\"{&quot;wcf_text_animation&quot;:&quot;none&quot;,&quot;wcf-animation&quot;:&quot;none&quot;}\" data-widget_type=\"text-editor.default\">\n\t\t\t\t<div class=\"elementor-widget-container\">\n\t\t\t\t\t\t\t\t\t<p><strong style=\"font-weight: 900; color: #ecb101;\">&#8220;<\/strong><i><span style=\"font-weight: 400;\">Eu tenho um mantra para a vida: a gente s\u00f3 sonha com o que a gente v\u00ea. Se eu ligo a televis\u00e3o, se eu pego o celular e eu s\u00f3 vejo velhinhos fazendo tric\u00f4, jogando bocha, indo pro baile, eu n\u00e3o vou acreditar que essa pessoa pode ser uma pessoa programadora.<\/span><\/i><strong style=\"font-weight: 900; color: #ecb101;\">&#8220;<\/strong><\/p>\t\t\t\t\t\t\t\t<\/div>\n\t\t\t\t<\/div>\n\t\t\t\t<\/div>\n\t\t\t\t<\/div>\n\t\t\t\t<\/div>\n\t\t<div class=\"elementor-element elementor-element-f8cafe3 e-con-full e-flex e-con e-child\" data-id=\"f8cafe3\" data-element_type=\"container\" data-settings=\"{&quot;wcf_enable_cursor_hover_effect_text&quot;:&quot;View&quot;,&quot;wcf-animation&quot;:&quot;none&quot;,&quot;wcf_pin_breakpoint&quot;:&quot;mobile&quot;}\">\n\t\t<div class=\"elementor-element elementor-element-80090b5 e-con-full elementor-hidden-mobile e-flex e-con e-child\" data-id=\"80090b5\" data-element_type=\"container\" data-settings=\"{&quot;background_background&quot;:&quot;classic&quot;,&quot;position&quot;:&quot;absolute&quot;,&quot;wcf_enable_cursor_hover_effect_text&quot;:&quot;View&quot;,&quot;wcf-animation&quot;:&quot;none&quot;,&quot;wcf_pin_breakpoint&quot;:&quot;mobile&quot;}\">\n\t\t\t\t<\/div>\n\t\t<div class=\"elementor-element elementor-element-07b45ba e-con-full e-flex e-con e-child\" data-id=\"07b45ba\" data-element_type=\"container\" data-settings=\"{&quot;background_background&quot;:&quot;classic&quot;,&quot;wcf_enable_cursor_hover_effect_text&quot;:&quot;View&quot;,&quot;wcf-animation&quot;:&quot;none&quot;,&quot;wcf_pin_breakpoint&quot;:&quot;mobile&quot;}\">\n\t\t\t\t<div class=\"elementor-element elementor-element-88a0af6 elementor-absolute elementor-widget elementor-widget-image\" data-id=\"88a0af6\" data-element_type=\"widget\" data-settings=\"{&quot;_position&quot;:&quot;absolute&quot;,&quot;wcf-image-animation&quot;:&quot;none&quot;,&quot;wcf-animation&quot;:&quot;none&quot;}\" data-widget_type=\"image.default\">\n\t\t\t\t<div class=\"elementor-widget-container\">\n\t\t\t\t\t\t\t\t\t\t\t\t\t\t\t<img fetchpriority=\"high\" decoding=\"async\" width=\"583\" height=\"481\" src=\"https:\/\/labnovalongevidade.org\/mapeamento2024\/wp-content\/uploads\/2024\/09\/lisiane-lemos-1.png\" class=\"attachment-large size-large wp-image-12388\" alt=\"Lisiane Lemos\" srcset=\"https:\/\/labnovalongevidade.org\/mapeamento2024\/wp-content\/uploads\/2024\/09\/lisiane-lemos-1.png 583w, https:\/\/labnovalongevidade.org\/mapeamento2024\/wp-content\/uploads\/2024\/09\/lisiane-lemos-1-300x248.png 300w\" sizes=\"(max-width: 583px) 100vw, 583px\" \/>\t\t\t\t\t\t\t\t\t\t\t\t\t\t\t<\/div>\n\t\t\t\t<\/div>\n\t\t\t\t<div class=\"elementor-element elementor-element-a309c98 wcf-t-animation-none elementor-widget elementor-widget-heading\" data-id=\"a309c98\" data-element_type=\"widget\" data-settings=\"{&quot;wcf_text_animation&quot;:&quot;none&quot;,&quot;wcf-animation&quot;:&quot;none&quot;}\" data-widget_type=\"heading.default\">\n\t\t\t\t<div class=\"elementor-widget-container\">\n\t\t\t\t\t<h2 class=\"elementor-heading-title elementor-size-default\">Sobre Lisiane Lemos<\/h2>\t\t\t\t<\/div>\n\t\t\t\t<\/div>\n\t\t\t\t<div class=\"elementor-element elementor-element-2317d4b elementor-widget__width-initial elementor-widget-widescreen__width-initial elementor-widget-laptop__width-initial elementor-widget-tablet__width-initial wcf-t-animation-none elementor-widget elementor-widget-text-editor\" data-id=\"2317d4b\" data-element_type=\"widget\" data-settings=\"{&quot;wcf_text_animation&quot;:&quot;none&quot;,&quot;wcf-animation&quot;:&quot;none&quot;}\" data-widget_type=\"text-editor.default\">\n\t\t\t\t<div class=\"elementor-widget-container\">\n\t\t\t\t\t\t\t\t\t<p><span style=\"font-weight: 400;\">Lisiane Lemos \u00e9 especialista em tecnologia por escolha, sua paix\u00e3o pelo universo digital surgiu da sua experi\u00eancia como executiva em uma das multinacionais mais importantes do mundo. A partir disso, passou a se engajar em movimentos de inclus\u00e3o de popula\u00e7\u00f5es sub representadas em espa\u00e7os empresariais, tornando-se porta-voz no ramo.<\/span><\/p><p><span style=\"font-weight: 400;\">Seu principal desafio como figura de lideran\u00e7a \u00e9 implementar o uso da tecnologia como instrumento de ascens\u00e3o social dentro do mundo corporativo.<\/span><\/p><p><span style=\"font-weight: 400;\">Para isso, co-criou e co-liderou iniciativas como a Rede de Profissionais Negros, o Comit\u00ea de Igualdade Racial no grupo Mulheres do Brasil, e o Conselheira 101. Tamb\u00e9m atua como mentora no programa de startups do Google, Black Funders Fund, e \u00e9 professora no MBA de Tecnologia para Neg\u00f3cios da PUCRS.<\/span><\/p><p><span style=\"font-weight: 400;\">Possui uma gradua\u00e7\u00e3o em Direito, dois MBAs, um p\u00f3s-MBA em Governan\u00e7a Corporativa e certifica\u00e7\u00f5es nas \u00e1reas de educa\u00e7\u00e3o e gest\u00e3o de mudan\u00e7a. \u00c9 nascida e criada em Pelotas, Rio Grande do Sul, e se considera uma pessoa naturalmente curiosa, acreditando sempre no poder do conhecimento para evoluir como l\u00edder.<\/span><\/p><p><span style=\"font-weight: 400;\">Seu principal prop\u00f3sito \u00e9 tornar o mundo melhor do que quando entrou nele, fazendo uso de qualquer ferramenta a seu alcance para fazer isso acontecer.<\/span><\/p>\t\t\t\t\t\t\t\t<\/div>\n\t\t\t\t<\/div>\n\t\t\t\t<\/div>\n\t\t\t\t<\/div>\n\t\t\t\t\t<\/div>\n\t\t\t\t<\/div>\n\t\t<div class=\"elementor-element elementor-element-2bec556 e-flex e-con-boxed e-con e-parent\" data-id=\"2bec556\" data-element_type=\"container\" data-settings=\"{&quot;wcf_enable_cursor_hover_effect_text&quot;:&quot;View&quot;,&quot;wcf-animation&quot;:&quot;none&quot;,&quot;wcf_pin_breakpoint&quot;:&quot;mobile&quot;}\">\n\t\t\t\t\t<div class=\"e-con-inner\">\n\t\t\t\t<div class=\"elementor-element elementor-element-c736fe8 wcf-t-animation-none elementor-widget elementor-widget-heading\" data-id=\"c736fe8\" data-element_type=\"widget\" data-settings=\"{&quot;wcf_text_animation&quot;:&quot;none&quot;,&quot;wcf-animation&quot;:&quot;none&quot;}\" data-widget_type=\"heading.default\">\n\t\t\t\t<div class=\"elementor-widget-container\">\n\t\t\t\t\t<h2 class=\"elementor-heading-title elementor-size-default\">Compartilhe esta entrevista:<\/h2>\t\t\t\t<\/div>\n\t\t\t\t<\/div>\n\t\t\t\t<div class=\"elementor-element elementor-element-fb5b415 elementor-share-buttons--view-icon elementor-share-buttons--skin-flat elementor-share-buttons--shape-square elementor-grid-0 elementor-share-buttons--color-official elementor-widget elementor-widget-share-buttons\" data-id=\"fb5b415\" data-element_type=\"widget\" data-settings=\"{&quot;wcf-animation&quot;:&quot;none&quot;}\" data-widget_type=\"share-buttons.default\">\n\t\t\t\t<div class=\"elementor-widget-container\">\n\t\t\t\t\t\t\t<div class=\"elementor-grid\">\n\t\t\t\t\t\t\t\t<div class=\"elementor-grid-item\">\n\t\t\t\t\t\t<div\n\t\t\t\t\t\t\tclass=\"elementor-share-btn elementor-share-btn_facebook\"\n\t\t\t\t\t\t\trole=\"button\"\n\t\t\t\t\t\t\ttabindex=\"0\"\n\t\t\t\t\t\t\taria-label=\"Share on facebook\"\n\t\t\t\t\t\t>\n\t\t\t\t\t\t\t\t\t\t\t\t\t\t\t<span class=\"elementor-share-btn__icon\">\n\t\t\t\t\t\t\t\t<svg class=\"e-font-icon-svg e-fab-facebook\" viewBox=\"0 0 512 512\" xmlns=\"http:\/\/www.w3.org\/2000\/svg\"><path d=\"M504 256C504 119 393 8 256 8S8 119 8 256c0 123.78 90.69 226.38 209.25 245V327.69h-63V256h63v-54.64c0-62.15 37-96.48 93.67-96.48 27.14 0 55.52 4.84 55.52 4.84v61h-31.28c-30.8 0-40.41 19.12-40.41 38.73V256h68.78l-11 71.69h-57.78V501C413.31 482.38 504 379.78 504 256z\"><\/path><\/svg>\t\t\t\t\t\t\t<\/span>\n\t\t\t\t\t\t\t\t\t\t\t\t\t\t\t\t\t\t\t\t<\/div>\n\t\t\t\t\t<\/div>\n\t\t\t\t\t\t\t\t\t<div class=\"elementor-grid-item\">\n\t\t\t\t\t\t<div\n\t\t\t\t\t\t\tclass=\"elementor-share-btn elementor-share-btn_pinterest\"\n\t\t\t\t\t\t\trole=\"button\"\n\t\t\t\t\t\t\ttabindex=\"0\"\n\t\t\t\t\t\t\taria-label=\"Share on pinterest\"\n\t\t\t\t\t\t>\n\t\t\t\t\t\t\t\t\t\t\t\t\t\t\t<span class=\"elementor-share-btn__icon\">\n\t\t\t\t\t\t\t\t<svg class=\"e-font-icon-svg e-fab-pinterest\" viewBox=\"0 0 496 512\" xmlns=\"http:\/\/www.w3.org\/2000\/svg\"><path d=\"M496 256c0 137-111 248-248 248-25.6 0-50.2-3.9-73.4-11.1 10.1-16.5 25.2-43.5 30.8-65 3-11.6 15.4-59 15.4-59 8.1 15.4 31.7 28.5 56.8 28.5 74.8 0 128.7-68.8 128.7-154.3 0-81.9-66.9-143.2-152.9-143.2-107 0-163.9 71.8-163.9 150.1 0 36.4 19.4 81.7 50.3 96.1 4.7 2.2 7.2 1.2 8.3-3.3.8-3.4 5-20.3 6.9-28.1.6-2.5.3-4.7-1.7-7.1-10.1-12.5-18.3-35.3-18.3-56.6 0-54.7 41.4-107.6 112-107.6 60.9 0 103.6 41.5 103.6 100.9 0 67.1-33.9 113.6-78 113.6-24.3 0-42.6-20.1-36.7-44.8 7-29.5 20.5-61.3 20.5-82.6 0-19-10.2-34.9-31.4-34.9-24.9 0-44.9 25.7-44.9 60.2 0 22 7.4 36.8 7.4 36.8s-24.5 103.8-29 123.2c-5 21.4-3 51.6-.9 71.2C65.4 450.9 0 361.1 0 256 0 119 111 8 248 8s248 111 248 248z\"><\/path><\/svg>\t\t\t\t\t\t\t<\/span>\n\t\t\t\t\t\t\t\t\t\t\t\t\t\t\t\t\t\t\t\t<\/div>\n\t\t\t\t\t<\/div>\n\t\t\t\t\t\t\t\t\t<div class=\"elementor-grid-item\">\n\t\t\t\t\t\t<div\n\t\t\t\t\t\t\tclass=\"elementor-share-btn elementor-share-btn_linkedin\"\n\t\t\t\t\t\t\trole=\"button\"\n\t\t\t\t\t\t\ttabindex=\"0\"\n\t\t\t\t\t\t\taria-label=\"Share on linkedin\"\n\t\t\t\t\t\t>\n\t\t\t\t\t\t\t\t\t\t\t\t\t\t\t<span class=\"elementor-share-btn__icon\">\n\t\t\t\t\t\t\t\t<svg class=\"e-font-icon-svg e-fab-linkedin\" viewBox=\"0 0 448 512\" xmlns=\"http:\/\/www.w3.org\/2000\/svg\"><path d=\"M416 32H31.9C14.3 32 0 46.5 0 64.3v383.4C0 465.5 14.3 480 31.9 480H416c17.6 0 32-14.5 32-32.3V64.3c0-17.8-14.4-32.3-32-32.3zM135.4 416H69V202.2h66.5V416zm-33.2-243c-21.3 0-38.5-17.3-38.5-38.5S80.9 96 102.2 96c21.2 0 38.5 17.3 38.5 38.5 0 21.3-17.2 38.5-38.5 38.5zm282.1 243h-66.4V312c0-24.8-.5-56.7-34.5-56.7-34.6 0-39.9 27-39.9 54.9V416h-66.4V202.2h63.7v29.2h.9c8.9-16.8 30.6-34.5 62.9-34.5 67.2 0 79.7 44.3 79.7 101.9V416z\"><\/path><\/svg>\t\t\t\t\t\t\t<\/span>\n\t\t\t\t\t\t\t\t\t\t\t\t\t\t\t\t\t\t\t\t<\/div>\n\t\t\t\t\t<\/div>\n\t\t\t\t\t\t\t\t\t<div class=\"elementor-grid-item\">\n\t\t\t\t\t\t<div\n\t\t\t\t\t\t\tclass=\"elementor-share-btn elementor-share-btn_whatsapp\"\n\t\t\t\t\t\t\trole=\"button\"\n\t\t\t\t\t\t\ttabindex=\"0\"\n\t\t\t\t\t\t\taria-label=\"Share on whatsapp\"\n\t\t\t\t\t\t>\n\t\t\t\t\t\t\t\t\t\t\t\t\t\t\t<span class=\"elementor-share-btn__icon\">\n\t\t\t\t\t\t\t\t<svg class=\"e-font-icon-svg e-fab-whatsapp\" viewBox=\"0 0 448 512\" xmlns=\"http:\/\/www.w3.org\/2000\/svg\"><path d=\"M380.9 97.1C339 55.1 283.2 32 223.9 32c-122.4 0-222 99.6-222 222 0 39.1 10.2 77.3 29.6 111L0 480l117.7-30.9c32.4 17.7 68.9 27 106.1 27h.1c122.3 0 224.1-99.6 224.1-222 0-59.3-25.2-115-67.1-157zm-157 341.6c-33.2 0-65.7-8.9-94-25.7l-6.7-4-69.8 18.3L72 359.2l-4.4-7c-18.5-29.4-28.2-63.3-28.2-98.2 0-101.7 82.8-184.5 184.6-184.5 49.3 0 95.6 19.2 130.4 54.1 34.8 34.9 56.2 81.2 56.1 130.5 0 101.8-84.9 184.6-186.6 184.6zm101.2-138.2c-5.5-2.8-32.8-16.2-37.9-18-5.1-1.9-8.8-2.8-12.5 2.8-3.7 5.6-14.3 18-17.6 21.8-3.2 3.7-6.5 4.2-12 1.4-32.6-16.3-54-29.1-75.5-66-5.7-9.8 5.7-9.1 16.3-30.3 1.8-3.7.9-6.9-.5-9.7-1.4-2.8-12.5-30.1-17.1-41.2-4.5-10.8-9.1-9.3-12.5-9.5-3.2-.2-6.9-.2-10.6-.2-3.7 0-9.7 1.4-14.8 6.9-5.1 5.6-19.4 19-19.4 46.3 0 27.3 19.9 53.7 22.6 57.4 2.8 3.7 39.1 59.7 94.8 83.8 35.2 15.2 49 16.5 66.6 13.9 10.7-1.6 32.8-13.4 37.4-26.4 4.6-13 4.6-24.1 3.2-26.4-1.3-2.5-5-3.9-10.5-6.6z\"><\/path><\/svg>\t\t\t\t\t\t\t<\/span>\n\t\t\t\t\t\t\t\t\t\t\t\t\t\t\t\t\t\t\t\t<\/div>\n\t\t\t\t\t<\/div>\n\t\t\t\t\t\t\t\t\t<div class=\"elementor-grid-item\">\n\t\t\t\t\t\t<div\n\t\t\t\t\t\t\tclass=\"elementor-share-btn elementor-share-btn_email\"\n\t\t\t\t\t\t\trole=\"button\"\n\t\t\t\t\t\t\ttabindex=\"0\"\n\t\t\t\t\t\t\taria-label=\"Share on email\"\n\t\t\t\t\t\t>\n\t\t\t\t\t\t\t\t\t\t\t\t\t\t\t<span class=\"elementor-share-btn__icon\">\n\t\t\t\t\t\t\t\t<svg class=\"e-font-icon-svg e-fas-envelope\" viewBox=\"0 0 512 512\" xmlns=\"http:\/\/www.w3.org\/2000\/svg\"><path d=\"M502.3 190.8c3.9-3.1 9.7-.2 9.7 4.7V400c0 26.5-21.5 48-48 48H48c-26.5 0-48-21.5-48-48V195.6c0-5 5.7-7.8 9.7-4.7 22.4 17.4 52.1 39.5 154.1 113.6 21.1 15.4 56.7 47.8 92.2 47.6 35.7.3 72-32.8 92.3-47.6 102-74.1 131.6-96.3 154-113.7zM256 320c23.2.4 56.6-29.2 73.4-41.4 132.7-96.3 142.8-104.7 173.4-128.7 5.8-4.5 9.2-11.5 9.2-18.9v-19c0-26.5-21.5-48-48-48H48C21.5 64 0 85.5 0 112v19c0 7.4 3.4 14.3 9.2 18.9 30.6 23.9 40.7 32.4 173.4 128.7 16.8 12.2 50.2 41.8 73.4 41.4z\"><\/path><\/svg>\t\t\t\t\t\t\t<\/span>\n\t\t\t\t\t\t\t\t\t\t\t\t\t\t\t\t\t\t\t\t<\/div>\n\t\t\t\t\t<\/div>\n\t\t\t\t\t\t<\/div>\n\t\t\t\t\t\t<\/div>\n\t\t\t\t<\/div>\n\t\t\t\t\t<\/div>\n\t\t\t\t<\/div>\n\t\t<div class=\"elementor-element elementor-element-0a1172d e-flex e-con-boxed e-con e-parent\" data-id=\"0a1172d\" data-element_type=\"container\" data-settings=\"{&quot;wcf_enable_cursor_hover_effect_text&quot;:&quot;View&quot;,&quot;wcf-animation&quot;:&quot;none&quot;,&quot;wcf_pin_breakpoint&quot;:&quot;mobile&quot;}\">\n\t\t\t\t\t<div class=\"e-con-inner\">\n\t\t<div class=\"elementor-element elementor-element-ca263bb e-con-full e-flex e-con e-child\" data-id=\"ca263bb\" data-element_type=\"container\" data-settings=\"{&quot;wcf_enable_cursor_hover_effect_text&quot;:&quot;View&quot;,&quot;wcf-animation&quot;:&quot;none&quot;,&quot;wcf_pin_breakpoint&quot;:&quot;mobile&quot;}\">\n\t\t\t\t<div class=\"elementor-element elementor-element-81289a8 wcf-t-animation-none elementor-widget elementor-widget-text-editor\" data-id=\"81289a8\" data-element_type=\"widget\" data-settings=\"{&quot;wcf_text_animation&quot;:&quot;none&quot;,&quot;wcf-animation&quot;:&quot;none&quot;}\" data-widget_type=\"text-editor.default\">\n\t\t\t\t<div class=\"elementor-widget-container\">\n\t\t\t\t\t\t\t\t\t<p>Sugest\u00f5es para ler na sequ\u00eancia:<\/p>\t\t\t\t\t\t\t\t<\/div>\n\t\t\t\t<\/div>\n\t\t\t\t<\/div>\n\t\t\t\t\t<\/div>\n\t\t\t\t<\/div>\n\t\t<div class=\"elementor-element elementor-element-d4d09d4 e-flex e-con-boxed e-con e-parent\" data-id=\"d4d09d4\" data-element_type=\"container\" data-settings=\"{&quot;wcf_enable_cursor_hover_effect_text&quot;:&quot;View&quot;,&quot;wcf-animation&quot;:&quot;none&quot;,&quot;wcf_pin_breakpoint&quot;:&quot;mobile&quot;}\">\n\t\t\t\t\t<div class=\"e-con-inner\">\n\t\t<div class=\"elementor-element elementor-element-89fbdf5 e-con-full e-flex e-con e-child\" data-id=\"89fbdf5\" data-element_type=\"container\" data-settings=\"{&quot;wcf_enable_cursor_hover_effect_text&quot;:&quot;View&quot;,&quot;wcf-animation&quot;:&quot;none&quot;,&quot;wcf_pin_breakpoint&quot;:&quot;mobile&quot;}\">\n\t\t<div class=\"elementor-element elementor-element-a45991f e-con-full e-flex e-con e-child\" data-id=\"a45991f\" data-element_type=\"container\" data-settings=\"{&quot;wcf_enable_cursor_hover_effect_text&quot;:&quot;View&quot;,&quot;wcf-animation&quot;:&quot;none&quot;,&quot;wcf_pin_breakpoint&quot;:&quot;mobile&quot;}\">\n\t\t<div class=\"elementor-element elementor-element-3ccb222 e-con-full e-flex e-con e-child\" data-id=\"3ccb222\" data-element_type=\"container\" data-settings=\"{&quot;wcf_enable_cursor_hover_effect_text&quot;:&quot;View&quot;,&quot;wcf-animation&quot;:&quot;none&quot;,&quot;wcf_pin_breakpoint&quot;:&quot;mobile&quot;}\">\n\t\t\t\t<div class=\"elementor-element elementor-element-2921396 elementor-widget elementor-widget-image\" data-id=\"2921396\" data-element_type=\"widget\" data-settings=\"{&quot;wcf-image-animation&quot;:&quot;none&quot;,&quot;wcf-animation&quot;:&quot;none&quot;}\" data-widget_type=\"image.default\">\n\t\t\t\t<div class=\"elementor-widget-container\">\n\t\t\t\t\t\t\t\t\t\t\t\t\t\t\t\t<a href=\"https:\/\/labnovalongevidade.org\/mapeamento2024\/entrevistas\/layse-vicente\/\">\n\t\t\t\t\t\t\t<img loading=\"lazy\" decoding=\"async\" width=\"583\" height=\"481\" src=\"https:\/\/labnovalongevidade.org\/mapeamento2024\/wp-content\/uploads\/2024\/09\/layse-vicente-1.png\" class=\"attachment-large size-large wp-image-12282\" alt=\"Layse Vicente\" srcset=\"https:\/\/labnovalongevidade.org\/mapeamento2024\/wp-content\/uploads\/2024\/09\/layse-vicente-1.png 583w, https:\/\/labnovalongevidade.org\/mapeamento2024\/wp-content\/uploads\/2024\/09\/layse-vicente-1-300x248.png 300w\" sizes=\"(max-width: 583px) 100vw, 583px\" \/>\t\t\t\t\t\t\t\t<\/a>\n\t\t\t\t\t\t\t\t\t\t\t\t\t\t\t<\/div>\n\t\t\t\t<\/div>\n\t\t\t\t<\/div>\n\t\t<div class=\"elementor-element elementor-element-c532e5a e-con-full e-flex e-con e-child\" data-id=\"c532e5a\" data-element_type=\"container\" data-settings=\"{&quot;wcf_enable_cursor_hover_effect_text&quot;:&quot;View&quot;,&quot;wcf-animation&quot;:&quot;none&quot;,&quot;wcf_pin_breakpoint&quot;:&quot;mobile&quot;}\">\n\t\t<div class=\"elementor-element elementor-element-f7f7ba3 e-con-full e-flex e-con e-child\" data-id=\"f7f7ba3\" data-element_type=\"container\" data-settings=\"{&quot;wcf_enable_cursor_hover_effect_text&quot;:&quot;View&quot;,&quot;wcf-animation&quot;:&quot;none&quot;,&quot;wcf_pin_breakpoint&quot;:&quot;mobile&quot;}\">\n\t\t\t\t<div class=\"elementor-element elementor-element-b8a3e71 wcf-t-animation-none elementor-widget elementor-widget-heading\" data-id=\"b8a3e71\" data-element_type=\"widget\" data-settings=\"{&quot;wcf_text_animation&quot;:&quot;none&quot;,&quot;wcf-animation&quot;:&quot;none&quot;}\" data-widget_type=\"heading.default\">\n\t\t\t\t<div class=\"elementor-widget-container\">\n\t\t\t\t\t<div class=\"elementor-heading-title elementor-size-default\">Explore<\/div>\t\t\t\t<\/div>\n\t\t\t\t<\/div>\n\t\t\t\t<div class=\"elementor-element elementor-element-07bf1e9 wcf-t-animation-none elementor-widget elementor-widget-heading\" data-id=\"07bf1e9\" data-element_type=\"widget\" data-settings=\"{&quot;wcf_text_animation&quot;:&quot;none&quot;,&quot;wcf-animation&quot;:&quot;none&quot;}\" data-widget_type=\"heading.default\">\n\t\t\t\t<div class=\"elementor-widget-container\">\n\t\t\t\t\t<h2 class=\"elementor-heading-title elementor-size-default\"><a href=\"https:\/\/labnovalongevidade.org\/mapeamento2024\/entrevistas\/layse-vicente\/\">Layse Vicente<\/a><\/h2>\t\t\t\t<\/div>\n\t\t\t\t<\/div>\n\t\t\t\t<div class=\"elementor-element elementor-element-f22d429 elementor-align-justify elementor-widget elementor-widget-button\" data-id=\"f22d429\" data-element_type=\"widget\" data-settings=\"{&quot;wcf-animation&quot;:&quot;none&quot;}\" data-widget_type=\"button.default\">\n\t\t\t\t<div class=\"elementor-widget-container\">\n\t\t\t\t\t\t\t\t\t<div class=\"elementor-button-wrapper\">\n\t\t\t\t\t<a class=\"elementor-button elementor-button-link elementor-size-sm\" href=\"https:\/\/labnovalongevidade.org\/mapeamento2024\/entrevistas\/layse-vicente\/\">\n\t\t\t\t\t\t<span class=\"elementor-button-content-wrapper\">\n\t\t\t\t\t\t\t\t\t<span class=\"elementor-button-text\">Leia Agora >><\/span>\n\t\t\t\t\t<\/span>\n\t\t\t\t\t<\/a>\n\t\t\t\t<\/div>\n\t\t\t\t\t\t\t\t<\/div>\n\t\t\t\t<\/div>\n\t\t\t\t<\/div>\n\t\t\t\t<\/div>\n\t\t\t\t<\/div>\n\t\t<div class=\"elementor-element elementor-element-3586318 e-con-full e-flex e-con e-child\" data-id=\"3586318\" data-element_type=\"container\" data-settings=\"{&quot;wcf_enable_cursor_hover_effect_text&quot;:&quot;View&quot;,&quot;wcf-animation&quot;:&quot;none&quot;,&quot;wcf_pin_breakpoint&quot;:&quot;mobile&quot;}\">\n\t\t<div class=\"elementor-element elementor-element-1dd915b e-con-full e-flex e-con e-child\" data-id=\"1dd915b\" data-element_type=\"container\" data-settings=\"{&quot;wcf_enable_cursor_hover_effect_text&quot;:&quot;View&quot;,&quot;wcf-animation&quot;:&quot;none&quot;,&quot;wcf_pin_breakpoint&quot;:&quot;mobile&quot;}\">\n\t\t\t\t<div class=\"elementor-element elementor-element-fd6c07a elementor-widget elementor-widget-image\" data-id=\"fd6c07a\" data-element_type=\"widget\" data-settings=\"{&quot;wcf-image-animation&quot;:&quot;none&quot;,&quot;wcf-animation&quot;:&quot;none&quot;}\" data-widget_type=\"image.default\">\n\t\t\t\t<div class=\"elementor-widget-container\">\n\t\t\t\t\t\t\t\t\t\t\t\t\t\t\t\t<a href=\"https:\/\/labnovalongevidade.org\/mapeamento2024\/entrevistas\/marcia-vieira\/\">\n\t\t\t\t\t\t\t<img loading=\"lazy\" decoding=\"async\" width=\"583\" height=\"481\" src=\"https:\/\/labnovalongevidade.org\/mapeamento2024\/wp-content\/uploads\/2024\/09\/marcia-vieira.png\" class=\"attachment-large size-large wp-image-12294\" alt=\"Marcia Vieira\" srcset=\"https:\/\/labnovalongevidade.org\/mapeamento2024\/wp-content\/uploads\/2024\/09\/marcia-vieira.png 583w, https:\/\/labnovalongevidade.org\/mapeamento2024\/wp-content\/uploads\/2024\/09\/marcia-vieira-300x248.png 300w\" sizes=\"(max-width: 583px) 100vw, 583px\" \/>\t\t\t\t\t\t\t\t<\/a>\n\t\t\t\t\t\t\t\t\t\t\t\t\t\t\t<\/div>\n\t\t\t\t<\/div>\n\t\t\t\t<\/div>\n\t\t<div class=\"elementor-element elementor-element-aaad0e9 e-con-full e-flex e-con e-child\" data-id=\"aaad0e9\" data-element_type=\"container\" data-settings=\"{&quot;wcf_enable_cursor_hover_effect_text&quot;:&quot;View&quot;,&quot;wcf-animation&quot;:&quot;none&quot;,&quot;wcf_pin_breakpoint&quot;:&quot;mobile&quot;}\">\n\t\t<div class=\"elementor-element elementor-element-e5abe56 e-con-full e-flex e-con e-child\" data-id=\"e5abe56\" data-element_type=\"container\" data-settings=\"{&quot;wcf_enable_cursor_hover_effect_text&quot;:&quot;View&quot;,&quot;wcf-animation&quot;:&quot;none&quot;,&quot;wcf_pin_breakpoint&quot;:&quot;mobile&quot;}\">\n\t\t\t\t<div class=\"elementor-element elementor-element-defec92 wcf-t-animation-none elementor-widget elementor-widget-heading\" data-id=\"defec92\" data-element_type=\"widget\" data-settings=\"{&quot;wcf_text_animation&quot;:&quot;none&quot;,&quot;wcf-animation&quot;:&quot;none&quot;}\" data-widget_type=\"heading.default\">\n\t\t\t\t<div class=\"elementor-widget-container\">\n\t\t\t\t\t<div class=\"elementor-heading-title elementor-size-default\">Explore<\/div>\t\t\t\t<\/div>\n\t\t\t\t<\/div>\n\t\t\t\t<div class=\"elementor-element elementor-element-78e05c8 wcf-t-animation-none elementor-widget elementor-widget-heading\" data-id=\"78e05c8\" data-element_type=\"widget\" data-settings=\"{&quot;wcf_text_animation&quot;:&quot;none&quot;,&quot;wcf-animation&quot;:&quot;none&quot;}\" data-widget_type=\"heading.default\">\n\t\t\t\t<div class=\"elementor-widget-container\">\n\t\t\t\t\t<h2 class=\"elementor-heading-title elementor-size-default\"><a href=\"https:\/\/labnovalongevidade.org\/mapeamento2024\/entrevistas\/marcia-vieira\/\">Marcia Vieira<\/a><\/h2>\t\t\t\t<\/div>\n\t\t\t\t<\/div>\n\t\t\t\t<div class=\"elementor-element elementor-element-9683c86 elementor-align-justify elementor-widget elementor-widget-button\" data-id=\"9683c86\" data-element_type=\"widget\" data-settings=\"{&quot;wcf-animation&quot;:&quot;none&quot;}\" data-widget_type=\"button.default\">\n\t\t\t\t<div class=\"elementor-widget-container\">\n\t\t\t\t\t\t\t\t\t<div class=\"elementor-button-wrapper\">\n\t\t\t\t\t<a class=\"elementor-button elementor-button-link elementor-size-sm\" href=\"https:\/\/labnovalongevidade.org\/mapeamento2024\/entrevistas\/marcia-vieira\/\">\n\t\t\t\t\t\t<span class=\"elementor-button-content-wrapper\">\n\t\t\t\t\t\t\t\t\t<span class=\"elementor-button-text\">Leia Agora >><\/span>\n\t\t\t\t\t<\/span>\n\t\t\t\t\t<\/a>\n\t\t\t\t<\/div>\n\t\t\t\t\t\t\t\t<\/div>\n\t\t\t\t<\/div>\n\t\t\t\t<\/div>\n\t\t\t\t<\/div>\n\t\t\t\t<\/div>\n\t\t\t\t<\/div>\n\t\t\t\t\t<\/div>\n\t\t\t\t<\/div>\n\t\t\t\t<\/div>\n\t\t","protected":false},"excerpt":{"rendered":"<p>Lisiane Lemos Secretaria Extraordin\u00e1ria de Inclus\u00e3o Digital e Apoio \u00e0s Pol\u00edticas de Equidade do Rio Grande do Sul &#8221; Eu acho que a gente s\u00f3 constr\u00f3i pol\u00edtica quando as pessoas a quem vamos servir est\u00e3o na mesa tomando essa decis\u00e3o. Lisiane Lemos Por que a pauta da longevidade \u00e9 importante? Lisiane Lemos: Meu \u00faltimo cargo [&hellip;]<\/p>\n","protected":false},"author":5,"featured_media":12388,"parent":11395,"menu_order":0,"comment_status":"closed","ping_status":"closed","template":"elementor_header_footer","meta":{"_acf_changed":false,"footnotes":""},"class_list":["post-12386","page","type-page","status-publish","has-post-thumbnail","hentry"],"acf":[],"yoast_head":"<!-- This site is optimized with the Yoast SEO plugin v24.1 - https:\/\/yoast.com\/wordpress\/plugins\/seo\/ -->\n<title>Lab Nova Longevidade | Lisiane Lemos<\/title>\n<meta name=\"description\" content=\"Secret\u00e1ria de Inclus\u00e3o Digital e Apoio \u00e0s Pol\u00edticas de Equidade do RS comenta sobre os desafios da inclus\u00e3o digital na popula\u00e7\u00e3o idosa\" \/>\n<meta name=\"robots\" content=\"index, follow, max-snippet:-1, max-image-preview:large, max-video-preview:-1\" \/>\n<link rel=\"canonical\" href=\"https:\/\/labnovalongevidade.org\/mapeamento2024\/entrevistas\/lisiane-lemos\/\" \/>\n<meta property=\"og:locale\" content=\"pt_BR\" \/>\n<meta property=\"og:type\" content=\"article\" \/>\n<meta property=\"og:title\" content=\"Lab Nova Longevidade | Lisiane Lemos\" \/>\n<meta property=\"og:description\" content=\"Secretaria Extraordin\u00e1ria de Inclus\u00e3o Digital e Apoio \u00e0s Pol\u00edticas de Equidade do RS, comenta sobre os desafios da inclus\u00e3o digital na popula\u00e7\u00e3o idosa\" \/>\n<meta property=\"og:url\" content=\"https:\/\/labnovalongevidade.org\/mapeamento2024\/entrevistas\/lisiane-lemos\/\" \/>\n<meta property=\"og:site_name\" content=\"Lab Nova Longevidade\" \/>\n<meta property=\"article:modified_time\" content=\"2024-11-25T19:11:55+00:00\" \/>\n<meta property=\"og:image\" content=\"https:\/\/labnovalongevidade.org\/mapeamento2024\/wp-content\/uploads\/2024\/09\/lisiane-lemos-1.png\" \/>\n\t<meta property=\"og:image:width\" content=\"583\" \/>\n\t<meta property=\"og:image:height\" content=\"481\" \/>\n\t<meta property=\"og:image:type\" content=\"image\/png\" \/>\n<meta name=\"twitter:card\" content=\"summary_large_image\" \/>\n<meta name=\"twitter:label1\" content=\"Est. tempo de leitura\" \/>\n\t<meta name=\"twitter:data1\" content=\"22 minutos\" \/>\n<script type=\"application\/ld+json\" class=\"yoast-schema-graph\">{\"@context\":\"https:\/\/schema.org\",\"@graph\":[{\"@type\":\"WebPage\",\"@id\":\"https:\/\/labnovalongevidade.org\/mapeamento2024\/entrevistas\/lisiane-lemos\/\",\"url\":\"https:\/\/labnovalongevidade.org\/mapeamento2024\/entrevistas\/lisiane-lemos\/\",\"name\":\"Lab Nova Longevidade | Lisiane Lemos\",\"isPartOf\":{\"@id\":\"https:\/\/labnovalongevidade.org\/mapeamento2024\/#website\"},\"primaryImageOfPage\":{\"@id\":\"https:\/\/labnovalongevidade.org\/mapeamento2024\/entrevistas\/lisiane-lemos\/#primaryimage\"},\"image\":{\"@id\":\"https:\/\/labnovalongevidade.org\/mapeamento2024\/entrevistas\/lisiane-lemos\/#primaryimage\"},\"thumbnailUrl\":\"https:\/\/labnovalongevidade.org\/mapeamento2024\/wp-content\/uploads\/2024\/09\/lisiane-lemos-1.png\",\"datePublished\":\"2024-09-20T15:17:00+00:00\",\"dateModified\":\"2024-11-25T19:11:55+00:00\",\"description\":\"Secret\u00e1ria de Inclus\u00e3o Digital e Apoio \u00e0s Pol\u00edticas de Equidade do RS comenta sobre os desafios da inclus\u00e3o digital na popula\u00e7\u00e3o idosa\",\"breadcrumb\":{\"@id\":\"https:\/\/labnovalongevidade.org\/mapeamento2024\/entrevistas\/lisiane-lemos\/#breadcrumb\"},\"inLanguage\":\"pt-BR\",\"potentialAction\":[{\"@type\":\"ReadAction\",\"target\":[\"https:\/\/labnovalongevidade.org\/mapeamento2024\/entrevistas\/lisiane-lemos\/\"]}]},{\"@type\":\"ImageObject\",\"inLanguage\":\"pt-BR\",\"@id\":\"https:\/\/labnovalongevidade.org\/mapeamento2024\/entrevistas\/lisiane-lemos\/#primaryimage\",\"url\":\"https:\/\/labnovalongevidade.org\/mapeamento2024\/wp-content\/uploads\/2024\/09\/lisiane-lemos-1.png\",\"contentUrl\":\"https:\/\/labnovalongevidade.org\/mapeamento2024\/wp-content\/uploads\/2024\/09\/lisiane-lemos-1.png\",\"width\":583,\"height\":481,\"caption\":\"Lisiane Lemos\"},{\"@type\":\"BreadcrumbList\",\"@id\":\"https:\/\/labnovalongevidade.org\/mapeamento2024\/entrevistas\/lisiane-lemos\/#breadcrumb\",\"itemListElement\":[{\"@type\":\"ListItem\",\"position\":1,\"name\":\"In\u00edcio\",\"item\":\"https:\/\/labnovalongevidade.org\/mapeamento2024\/\"},{\"@type\":\"ListItem\",\"position\":2,\"name\":\"Entrevistas\",\"item\":\"https:\/\/labnovalongevidade.org\/mapeamento2024\/entrevistas\/\"},{\"@type\":\"ListItem\",\"position\":3,\"name\":\"Lisiane Lemos\"}]},{\"@type\":\"WebSite\",\"@id\":\"https:\/\/labnovalongevidade.org\/mapeamento2024\/#website\",\"url\":\"https:\/\/labnovalongevidade.org\/mapeamento2024\/\",\"name\":\"Lab Nova Longevidade\",\"description\":\"\",\"publisher\":{\"@id\":\"https:\/\/labnovalongevidade.org\/mapeamento2024\/#organization\"},\"potentialAction\":[{\"@type\":\"SearchAction\",\"target\":{\"@type\":\"EntryPoint\",\"urlTemplate\":\"https:\/\/labnovalongevidade.org\/mapeamento2024\/?s={search_term_string}\"},\"query-input\":{\"@type\":\"PropertyValueSpecification\",\"valueRequired\":true,\"valueName\":\"search_term_string\"}}],\"inLanguage\":\"pt-BR\"},{\"@type\":\"Organization\",\"@id\":\"https:\/\/labnovalongevidade.org\/mapeamento2024\/#organization\",\"name\":\"Nova Longevidade\",\"url\":\"https:\/\/labnovalongevidade.org\/mapeamento2024\/\",\"logo\":{\"@type\":\"ImageObject\",\"inLanguage\":\"pt-BR\",\"@id\":\"https:\/\/labnovalongevidade.org\/mapeamento2024\/#\/schema\/logo\/image\/\",\"url\":\"https:\/\/labnovalongevidade.org\/mapeamento2024\/wp-content\/uploads\/2024\/06\/logo-lab-nova-longevidade-1.svg\",\"contentUrl\":\"https:\/\/labnovalongevidade.org\/mapeamento2024\/wp-content\/uploads\/2024\/06\/logo-lab-nova-longevidade-1.svg\",\"width\":402,\"height\":104,\"caption\":\"Nova Longevidade\"},\"image\":{\"@id\":\"https:\/\/labnovalongevidade.org\/mapeamento2024\/#\/schema\/logo\/image\/\"}}]}<\/script>\n<!-- \/ Yoast SEO plugin. -->","yoast_head_json":{"title":"Lab Nova Longevidade | Lisiane Lemos","description":"Secret\u00e1ria de Inclus\u00e3o Digital e Apoio \u00e0s Pol\u00edticas de Equidade do RS comenta sobre os desafios da inclus\u00e3o digital na popula\u00e7\u00e3o idosa","robots":{"index":"index","follow":"follow","max-snippet":"max-snippet:-1","max-image-preview":"max-image-preview:large","max-video-preview":"max-video-preview:-1"},"canonical":"https:\/\/labnovalongevidade.org\/mapeamento2024\/entrevistas\/lisiane-lemos\/","og_locale":"pt_BR","og_type":"article","og_title":"Lab Nova Longevidade | Lisiane Lemos","og_description":"Secretaria Extraordin\u00e1ria de Inclus\u00e3o Digital e Apoio \u00e0s Pol\u00edticas de Equidade do RS, comenta sobre os desafios da inclus\u00e3o digital na popula\u00e7\u00e3o idosa","og_url":"https:\/\/labnovalongevidade.org\/mapeamento2024\/entrevistas\/lisiane-lemos\/","og_site_name":"Lab Nova Longevidade","article_modified_time":"2024-11-25T19:11:55+00:00","og_image":[{"width":583,"height":481,"url":"https:\/\/labnovalongevidade.org\/mapeamento2024\/wp-content\/uploads\/2024\/09\/lisiane-lemos-1.png","type":"image\/png"}],"twitter_card":"summary_large_image","twitter_misc":{"Est. tempo de leitura":"22 minutos"},"schema":{"@context":"https:\/\/schema.org","@graph":[{"@type":"WebPage","@id":"https:\/\/labnovalongevidade.org\/mapeamento2024\/entrevistas\/lisiane-lemos\/","url":"https:\/\/labnovalongevidade.org\/mapeamento2024\/entrevistas\/lisiane-lemos\/","name":"Lab Nova Longevidade | Lisiane Lemos","isPartOf":{"@id":"https:\/\/labnovalongevidade.org\/mapeamento2024\/#website"},"primaryImageOfPage":{"@id":"https:\/\/labnovalongevidade.org\/mapeamento2024\/entrevistas\/lisiane-lemos\/#primaryimage"},"image":{"@id":"https:\/\/labnovalongevidade.org\/mapeamento2024\/entrevistas\/lisiane-lemos\/#primaryimage"},"thumbnailUrl":"https:\/\/labnovalongevidade.org\/mapeamento2024\/wp-content\/uploads\/2024\/09\/lisiane-lemos-1.png","datePublished":"2024-09-20T15:17:00+00:00","dateModified":"2024-11-25T19:11:55+00:00","description":"Secret\u00e1ria de Inclus\u00e3o Digital e Apoio \u00e0s Pol\u00edticas de Equidade do RS comenta sobre os desafios da inclus\u00e3o digital na popula\u00e7\u00e3o idosa","breadcrumb":{"@id":"https:\/\/labnovalongevidade.org\/mapeamento2024\/entrevistas\/lisiane-lemos\/#breadcrumb"},"inLanguage":"pt-BR","potentialAction":[{"@type":"ReadAction","target":["https:\/\/labnovalongevidade.org\/mapeamento2024\/entrevistas\/lisiane-lemos\/"]}]},{"@type":"ImageObject","inLanguage":"pt-BR","@id":"https:\/\/labnovalongevidade.org\/mapeamento2024\/entrevistas\/lisiane-lemos\/#primaryimage","url":"https:\/\/labnovalongevidade.org\/mapeamento2024\/wp-content\/uploads\/2024\/09\/lisiane-lemos-1.png","contentUrl":"https:\/\/labnovalongevidade.org\/mapeamento2024\/wp-content\/uploads\/2024\/09\/lisiane-lemos-1.png","width":583,"height":481,"caption":"Lisiane Lemos"},{"@type":"BreadcrumbList","@id":"https:\/\/labnovalongevidade.org\/mapeamento2024\/entrevistas\/lisiane-lemos\/#breadcrumb","itemListElement":[{"@type":"ListItem","position":1,"name":"In\u00edcio","item":"https:\/\/labnovalongevidade.org\/mapeamento2024\/"},{"@type":"ListItem","position":2,"name":"Entrevistas","item":"https:\/\/labnovalongevidade.org\/mapeamento2024\/entrevistas\/"},{"@type":"ListItem","position":3,"name":"Lisiane Lemos"}]},{"@type":"WebSite","@id":"https:\/\/labnovalongevidade.org\/mapeamento2024\/#website","url":"https:\/\/labnovalongevidade.org\/mapeamento2024\/","name":"Lab Nova Longevidade","description":"","publisher":{"@id":"https:\/\/labnovalongevidade.org\/mapeamento2024\/#organization"},"potentialAction":[{"@type":"SearchAction","target":{"@type":"EntryPoint","urlTemplate":"https:\/\/labnovalongevidade.org\/mapeamento2024\/?s={search_term_string}"},"query-input":{"@type":"PropertyValueSpecification","valueRequired":true,"valueName":"search_term_string"}}],"inLanguage":"pt-BR"},{"@type":"Organization","@id":"https:\/\/labnovalongevidade.org\/mapeamento2024\/#organization","name":"Nova Longevidade","url":"https:\/\/labnovalongevidade.org\/mapeamento2024\/","logo":{"@type":"ImageObject","inLanguage":"pt-BR","@id":"https:\/\/labnovalongevidade.org\/mapeamento2024\/#\/schema\/logo\/image\/","url":"https:\/\/labnovalongevidade.org\/mapeamento2024\/wp-content\/uploads\/2024\/06\/logo-lab-nova-longevidade-1.svg","contentUrl":"https:\/\/labnovalongevidade.org\/mapeamento2024\/wp-content\/uploads\/2024\/06\/logo-lab-nova-longevidade-1.svg","width":402,"height":104,"caption":"Nova Longevidade"},"image":{"@id":"https:\/\/labnovalongevidade.org\/mapeamento2024\/#\/schema\/logo\/image\/"}}]}},"_links":{"self":[{"href":"https:\/\/labnovalongevidade.org\/mapeamento2024\/wp-json\/wp\/v2\/pages\/12386","targetHints":{"allow":["GET"]}}],"collection":[{"href":"https:\/\/labnovalongevidade.org\/mapeamento2024\/wp-json\/wp\/v2\/pages"}],"about":[{"href":"https:\/\/labnovalongevidade.org\/mapeamento2024\/wp-json\/wp\/v2\/types\/page"}],"author":[{"embeddable":true,"href":"https:\/\/labnovalongevidade.org\/mapeamento2024\/wp-json\/wp\/v2\/users\/5"}],"replies":[{"embeddable":true,"href":"https:\/\/labnovalongevidade.org\/mapeamento2024\/wp-json\/wp\/v2\/comments?post=12386"}],"version-history":[{"count":33,"href":"https:\/\/labnovalongevidade.org\/mapeamento2024\/wp-json\/wp\/v2\/pages\/12386\/revisions"}],"predecessor-version":[{"id":16530,"href":"https:\/\/labnovalongevidade.org\/mapeamento2024\/wp-json\/wp\/v2\/pages\/12386\/revisions\/16530"}],"up":[{"embeddable":true,"href":"https:\/\/labnovalongevidade.org\/mapeamento2024\/wp-json\/wp\/v2\/pages\/11395"}],"wp:featuredmedia":[{"embeddable":true,"href":"https:\/\/labnovalongevidade.org\/mapeamento2024\/wp-json\/wp\/v2\/media\/12388"}],"wp:attachment":[{"href":"https:\/\/labnovalongevidade.org\/mapeamento2024\/wp-json\/wp\/v2\/media?parent=12386"}],"curies":[{"name":"wp","href":"https:\/\/api.w.org\/{rel}","templated":true}]}}