{"id":12902,"date":"2024-09-24T15:16:09","date_gmt":"2024-09-24T15:16:09","guid":{"rendered":"https:\/\/labnovalongevidade.org\/mapeamento2024\/?page_id=12902"},"modified":"2024-10-01T12:21:25","modified_gmt":"2024-10-01T12:21:25","slug":"empreendedorismo-e-geracao-de-renda","status":"publish","type":"page","link":"https:\/\/labnovalongevidade.org\/mapeamento2024\/contribuicoes\/empreendedorismo-e-geracao-de-renda\/","title":{"rendered":"Empreendedorismo e Gera\u00e7\u00e3o de renda"},"content":{"rendered":"\t\t<div data-elementor-type=\"wp-page\" data-elementor-id=\"12902\" class=\"elementor elementor-12902\" data-elementor-post-type=\"page\">\n\t\t\t\t<div class=\"elementor-element elementor-element-b20c819 e-con-full e-flex e-con e-parent\" data-id=\"b20c819\" data-element_type=\"container\" data-settings=\"{&quot;wcf_enable_cursor_hover_effect_text&quot;:&quot;View&quot;,&quot;wcf-animation&quot;:&quot;none&quot;,&quot;wcf_pin_breakpoint&quot;:&quot;mobile&quot;}\">\n\t\t<div class=\"elementor-element elementor-element-a0dfcd1 e-flex e-con-boxed e-con e-child\" data-id=\"a0dfcd1\" data-element_type=\"container\" data-settings=\"{&quot;wcf_enable_cursor_hover_effect_text&quot;:&quot;View&quot;,&quot;background_background&quot;:&quot;classic&quot;,&quot;wcf-animation&quot;:&quot;none&quot;,&quot;wcf_pin_breakpoint&quot;:&quot;mobile&quot;}\">\n\t\t\t\t\t<div class=\"e-con-inner\">\n\t\t<div class=\"elementor-element elementor-element-d57efd8 e-con-full e-flex e-con e-child\" data-id=\"d57efd8\" data-element_type=\"container\" data-settings=\"{&quot;wcf_enable_cursor_hover_effect_text&quot;:&quot;View&quot;,&quot;wcf-animation&quot;:&quot;none&quot;,&quot;wcf_pin_breakpoint&quot;:&quot;mobile&quot;}\">\n\t\t<div class=\"elementor-element elementor-element-af93e5b e-con-full e-flex e-con e-child\" data-id=\"af93e5b\" data-element_type=\"container\" data-settings=\"{&quot;wcf_enable_cursor_hover_effect_text&quot;:&quot;View&quot;,&quot;wcf-animation&quot;:&quot;none&quot;,&quot;wcf_pin_breakpoint&quot;:&quot;mobile&quot;}\">\n\t\t<div class=\"elementor-element elementor-element-994657c e-con-full e-flex e-con e-child\" data-id=\"994657c\" data-element_type=\"container\" data-settings=\"{&quot;wcf_enable_cursor_hover_effect_text&quot;:&quot;View&quot;,&quot;wcf-animation&quot;:&quot;none&quot;,&quot;wcf_pin_breakpoint&quot;:&quot;mobile&quot;}\">\n\t\t\t\t<div class=\"elementor-element elementor-element-9792b14 elementor-widget elementor-widget-image\" data-id=\"9792b14\" data-element_type=\"widget\" data-settings=\"{&quot;wcf-image-animation&quot;:&quot;none&quot;,&quot;wcf-animation&quot;:&quot;none&quot;}\" data-widget_type=\"image.default\">\n\t\t\t\t<div class=\"elementor-widget-container\">\n\t\t\t\t\t\t\t\t\t\t\t\t\t\t\t<img fetchpriority=\"high\" decoding=\"async\" width=\"436\" height=\"361\" src=\"https:\/\/labnovalongevidade.org\/mapeamento2024\/wp-content\/uploads\/2024\/09\/7-2.jpg\" class=\"attachment-medium_large size-medium_large wp-image-13652\" alt=\"Uma senhora idosa est\u00e1 trabalhando e preenche um caderno\" srcset=\"https:\/\/labnovalongevidade.org\/mapeamento2024\/wp-content\/uploads\/2024\/09\/7-2.jpg 436w, https:\/\/labnovalongevidade.org\/mapeamento2024\/wp-content\/uploads\/2024\/09\/7-2-300x248.jpg 300w\" sizes=\"(max-width: 436px) 100vw, 436px\" \/>\t\t\t\t\t\t\t\t\t\t\t\t\t\t\t<\/div>\n\t\t\t\t<\/div>\n\t\t\t\t<\/div>\n\t\t<div class=\"elementor-element elementor-element-d85aefa e-con-full e-flex e-con e-child\" data-id=\"d85aefa\" data-element_type=\"container\" data-settings=\"{&quot;wcf_enable_cursor_hover_effect_text&quot;:&quot;View&quot;,&quot;wcf-animation&quot;:&quot;none&quot;,&quot;wcf_pin_breakpoint&quot;:&quot;mobile&quot;}\">\n\t\t\t\t<div class=\"elementor-element elementor-element-75a5f0d wcf-t-animation-none elementor-widget elementor-widget-heading\" data-id=\"75a5f0d\" data-element_type=\"widget\" data-settings=\"{&quot;wcf_text_animation&quot;:&quot;none&quot;,&quot;wcf-animation&quot;:&quot;none&quot;}\" data-widget_type=\"heading.default\">\n\t\t\t\t<div class=\"elementor-widget-container\">\n\t\t\t\t\t<p class=\"elementor-heading-title elementor-size-default\">28<\/p>\t\t\t\t<\/div>\n\t\t\t\t<\/div>\n\t\t\t\t<div class=\"elementor-element elementor-element-91f0fdb wcf-t-animation-char elementor-widget elementor-widget-wcf--title\" data-id=\"91f0fdb\" data-element_type=\"widget\" data-settings=\"{&quot;wcf_text_animation&quot;:&quot;char&quot;,&quot;text_delay&quot;:0.15,&quot;text_duration&quot;:1,&quot;text_stagger&quot;:0.02,&quot;text_on_scroll&quot;:&quot;yes&quot;,&quot;text_translate_x&quot;:20,&quot;text_translate_y&quot;:0,&quot;wcf-animation&quot;:&quot;none&quot;}\" data-widget_type=\"wcf--title.default\">\n\t\t\t\t<div class=\"elementor-widget-container\">\n\t\t\t\t\t<h1 class=\"wcf--title\">Empreendedorismo e Gera\u00e7\u00e3o de renda<\/h1>\t\t\t\t<\/div>\n\t\t\t\t<\/div>\n\t\t\t\t<\/div>\n\t\t\t\t<\/div>\n\t\t\t\t<\/div>\n\t\t\t\t\t<\/div>\n\t\t\t\t<\/div>\n\t\t\t\t<\/div>\n\t\t<div class=\"elementor-element elementor-element-c90ceac e-flex e-con-boxed e-con e-parent\" data-id=\"c90ceac\" data-element_type=\"container\" data-settings=\"{&quot;wcf_enable_cursor_hover_effect_text&quot;:&quot;View&quot;,&quot;wcf-animation&quot;:&quot;none&quot;,&quot;wcf_pin_breakpoint&quot;:&quot;mobile&quot;}\">\n\t\t\t\t\t<div class=\"e-con-inner\">\n\t\t<div class=\"elementor-element elementor-element-9ff5bd0 e-flex e-con-boxed e-con e-child\" data-id=\"9ff5bd0\" data-element_type=\"container\" data-settings=\"{&quot;wcf_enable_cursor_hover_effect_text&quot;:&quot;View&quot;,&quot;wcf-animation&quot;:&quot;none&quot;,&quot;wcf_pin_breakpoint&quot;:&quot;mobile&quot;}\">\n\t\t\t\t\t<div class=\"e-con-inner\">\n\t\t<div class=\"elementor-element elementor-element-21c2e32 e-flex e-con-boxed e-con e-child\" data-id=\"21c2e32\" data-element_type=\"container\" data-settings=\"{&quot;wcf_enable_cursor_hover_effect_text&quot;:&quot;View&quot;,&quot;wcf-animation&quot;:&quot;none&quot;,&quot;wcf_pin_breakpoint&quot;:&quot;mobile&quot;}\">\n\t\t\t\t\t<div class=\"e-con-inner\">\n\t\t\t\t<div class=\"elementor-element elementor-element-39fd7c8 wcf-t-animation-none elementor-widget elementor-widget-text-editor\" data-id=\"39fd7c8\" data-element_type=\"widget\" data-settings=\"{&quot;wcf_text_animation&quot;:&quot;none&quot;,&quot;wcf-animation&quot;:&quot;none&quot;}\" data-widget_type=\"text-editor.default\">\n\t\t\t\t<div class=\"elementor-widget-container\">\n\t\t\t\t\t\t\t\t\t<p>Iniciativas que contribuem para o empreendedorismo s\u00eanior, oferecendo aprendizado cont\u00ednuo e qualifica\u00e7\u00e3o para <strong class=\"title-color-a\" style=\"font-weight: 900;\">gera\u00e7\u00e3o de renda<\/strong> e empoderamento de pessoas idosas.<\/p>\t\t\t\t\t\t\t\t<\/div>\n\t\t\t\t<\/div>\n\t\t\t\t\t<\/div>\n\t\t\t\t<\/div>\n\t\t\t\t\t<\/div>\n\t\t\t\t<\/div>\n\t\t<div class=\"elementor-element elementor-element-a135d17 e-flex e-con-boxed e-con e-child\" data-id=\"a135d17\" data-element_type=\"container\" data-settings=\"{&quot;wcf_enable_cursor_hover_effect_text&quot;:&quot;View&quot;,&quot;wcf-animation&quot;:&quot;none&quot;,&quot;wcf_pin_breakpoint&quot;:&quot;mobile&quot;}\">\n\t\t\t\t\t<div class=\"e-con-inner\">\n\t\t<div class=\"elementor-element elementor-element-75fac3d e-con-full e-flex e-con e-child\" data-id=\"75fac3d\" data-element_type=\"container\" data-settings=\"{&quot;wcf_enable_cursor_hover_effect_text&quot;:&quot;View&quot;,&quot;wcf-animation&quot;:&quot;none&quot;,&quot;wcf_pin_breakpoint&quot;:&quot;mobile&quot;}\">\n\t\t\t\t<div class=\"elementor-element elementor-element-869674a elementor-widget elementor-widget-image\" data-id=\"869674a\" data-element_type=\"widget\" data-settings=\"{&quot;wcf-image-animation&quot;:&quot;none&quot;,&quot;wcf-animation&quot;:&quot;none&quot;}\" data-widget_type=\"image.default\">\n\t\t\t\t<div class=\"elementor-widget-container\">\n\t\t\t\t\t\t\t\t\t\t\t\t\t\t\t<img decoding=\"async\" width=\"294\" height=\"300\" src=\"https:\/\/labnovalongevidade.org\/mapeamento2024\/wp-content\/uploads\/2024\/09\/Ativo-4-294x300.png\" class=\"attachment-medium size-medium wp-image-12552\" alt=\"Mapa regi\u00e3o sudeste do Brasil\" srcset=\"https:\/\/labnovalongevidade.org\/mapeamento2024\/wp-content\/uploads\/2024\/09\/Ativo-4-294x300.png 294w, https:\/\/labnovalongevidade.org\/mapeamento2024\/wp-content\/uploads\/2024\/09\/Ativo-4.png 726w\" sizes=\"(max-width: 294px) 100vw, 294px\" \/>\t\t\t\t\t\t\t\t\t\t\t\t\t\t\t<\/div>\n\t\t\t\t<\/div>\n\t\t\t\t<\/div>\n\t\t<div class=\"elementor-element elementor-element-e1acd42 e-con-full e-flex e-con e-child\" data-id=\"e1acd42\" data-element_type=\"container\" data-settings=\"{&quot;wcf_enable_cursor_hover_effect_text&quot;:&quot;View&quot;,&quot;wcf-animation&quot;:&quot;none&quot;,&quot;wcf_pin_breakpoint&quot;:&quot;mobile&quot;}\">\n\t\t\t\t<div class=\"elementor-element elementor-element-6831d61 wcf-t-animation-none elementor-widget elementor-widget-text-editor\" data-id=\"6831d61\" data-element_type=\"widget\" data-settings=\"{&quot;wcf_text_animation&quot;:&quot;none&quot;,&quot;wcf-animation&quot;:&quot;none&quot;}\" data-widget_type=\"text-editor.default\">\n\t\t\t\t<div class=\"elementor-widget-container\">\n\t\t\t\t\t\t\t\t\t<p><span style=\"font-weight: 400;\">Em Belo Horizonte, Minas Gerais, o <\/span><b>IPPE \u2013 Instituto de Pesquisas e Projetos Empreendedores<\/b><span style=\"font-weight: 400;\"> \u00e9 uma fonte de transforma\u00e7\u00e3o e impacto positivo na sociedade. Fundado em 2014, \u00e9 pioneiro no Brasil e no mundo com seu projeto de empreendedorismo para a maturidade. Sua parceria com o CMI\/BH, iniciada em 2017\/2018, atrav\u00e9s do projeto &#8220;Empreendedorismo na Melhor Idade&#8221;, j\u00e1 capacitou mais de 45 mil alunos, utilizando aulas EAD, capacita\u00e7\u00e3o online e plataformas digitais para levar conhecimento e fortalecimento a todas as pessoas idosas. Em 2022, o projeto &#8220;Intergeracional&#8221; promoveu a troca de conhecimentos entre gera\u00e7\u00f5es, impactando diretamente 8.733 pessoas sendo 75% p\u00fablico idoso. No final de 2022 lan\u00e7ou o projeto &#8220;Depende de N\u00f3s&#8221;, com v\u00e1rias a\u00e7\u00f5es incluindo laborat\u00f3rio pr\u00e1tico com a\u00e7\u00f5es educacionais, capacita\u00e7\u00f5es e o fortalecimento do empreendedorismo. Aprovou o projeto &#8220;Empreendedorismo Turbinado&#8221;, visando a sustentabilidade e gera\u00e7\u00e3o de renda para as fam\u00edlias.<\/span><\/p>\t\t\t\t\t\t\t\t<\/div>\n\t\t\t\t<\/div>\n\t\t\t\t<\/div>\n\t\t\t\t\t<\/div>\n\t\t\t\t<\/div>\n\t\t<div class=\"elementor-element elementor-element-839e181 e-flex e-con-boxed e-con e-child\" data-id=\"839e181\" data-element_type=\"container\" data-settings=\"{&quot;wcf_enable_cursor_hover_effect_text&quot;:&quot;View&quot;,&quot;wcf-animation&quot;:&quot;none&quot;,&quot;wcf_pin_breakpoint&quot;:&quot;mobile&quot;}\">\n\t\t\t\t\t<div class=\"e-con-inner\">\n\t\t<div class=\"elementor-element elementor-element-d1af9c7 e-con-full e-flex e-con e-child\" data-id=\"d1af9c7\" data-element_type=\"container\" data-settings=\"{&quot;wcf_enable_cursor_hover_effect_text&quot;:&quot;View&quot;,&quot;wcf-animation&quot;:&quot;none&quot;,&quot;wcf_pin_breakpoint&quot;:&quot;mobile&quot;}\">\n\t\t\t\t<div class=\"elementor-element elementor-element-1d50b49 elementor-widget elementor-widget-image\" data-id=\"1d50b49\" data-element_type=\"widget\" data-settings=\"{&quot;wcf-image-animation&quot;:&quot;none&quot;,&quot;wcf-animation&quot;:&quot;none&quot;}\" data-widget_type=\"image.default\">\n\t\t\t\t<div class=\"elementor-widget-container\">\n\t\t\t\t\t\t\t\t\t\t\t\t\t\t\t<img decoding=\"async\" width=\"294\" height=\"300\" src=\"https:\/\/labnovalongevidade.org\/mapeamento2024\/wp-content\/uploads\/2024\/09\/Ativo-1-294x300.png\" class=\"attachment-medium size-medium wp-image-12554\" alt=\"Mapa regi\u00e3o nordeste do Brasil\" srcset=\"https:\/\/labnovalongevidade.org\/mapeamento2024\/wp-content\/uploads\/2024\/09\/Ativo-1-294x300.png 294w, https:\/\/labnovalongevidade.org\/mapeamento2024\/wp-content\/uploads\/2024\/09\/Ativo-1.png 726w\" sizes=\"(max-width: 294px) 100vw, 294px\" \/>\t\t\t\t\t\t\t\t\t\t\t\t\t\t\t<\/div>\n\t\t\t\t<\/div>\n\t\t\t\t<\/div>\n\t\t<div class=\"elementor-element elementor-element-a78102d e-con-full e-flex e-con e-child\" data-id=\"a78102d\" data-element_type=\"container\" data-settings=\"{&quot;wcf_enable_cursor_hover_effect_text&quot;:&quot;View&quot;,&quot;wcf-animation&quot;:&quot;none&quot;,&quot;wcf_pin_breakpoint&quot;:&quot;mobile&quot;}\">\n\t\t\t\t<div class=\"elementor-element elementor-element-fd1c5c8 wcf-t-animation-none elementor-widget elementor-widget-text-editor\" data-id=\"fd1c5c8\" data-element_type=\"widget\" data-settings=\"{&quot;wcf_text_animation&quot;:&quot;none&quot;,&quot;wcf-animation&quot;:&quot;none&quot;}\" data-widget_type=\"text-editor.default\">\n\t\t\t\t<div class=\"elementor-widget-container\">\n\t\t\t\t\t\t\t\t\t<p><span style=\"font-weight: 400;\">Em S\u00e3o Lu\u00eds, no Maranh\u00e3o, o <\/span><b>Projeto Social Capiit \u2013 Casa de Apoio \u00e0 Pessoa Idosa do Ipem Turu<\/b><span style=\"font-weight: 400;\"> \u00e9 um ponto de apoio \u00e0 pessoa idosa da comunidade. Promove encontros algumas vezes por m\u00eas para atividades (atividade f\u00edsica, servi\u00e7os de saude, oficinas, assist\u00eancia social e lazer), ouvir demandas e atend\u00ea-las \u00e0 medida que recebem doa\u00e7\u00f5es. O projeto mobiliza os participantes para produ\u00e7\u00e3o de kits com buchas vegetais, como gera\u00e7\u00e3o de renda para as pessoas idosas.\u00a0<\/span><span style=\"font-weight: 400;\"><br \/><\/span><\/p>\t\t\t\t\t\t\t\t<\/div>\n\t\t\t\t<\/div>\n\t\t\t\t<\/div>\n\t\t\t\t\t<\/div>\n\t\t\t\t<\/div>\n\t\t<div class=\"elementor-element elementor-element-abab0cc e-flex e-con-boxed e-con e-child\" data-id=\"abab0cc\" data-element_type=\"container\" data-settings=\"{&quot;wcf_enable_cursor_hover_effect_text&quot;:&quot;View&quot;,&quot;wcf-animation&quot;:&quot;none&quot;,&quot;wcf_pin_breakpoint&quot;:&quot;mobile&quot;}\">\n\t\t\t\t\t<div class=\"e-con-inner\">\n\t\t<div class=\"elementor-element elementor-element-5b587de e-con-full e-flex e-con e-child\" data-id=\"5b587de\" data-element_type=\"container\" data-settings=\"{&quot;wcf_enable_cursor_hover_effect_text&quot;:&quot;View&quot;,&quot;wcf-animation&quot;:&quot;none&quot;,&quot;wcf_pin_breakpoint&quot;:&quot;mobile&quot;}\">\n\t\t\t\t<div class=\"elementor-element elementor-element-dc35785 elementor-widget elementor-widget-image\" data-id=\"dc35785\" data-element_type=\"widget\" data-settings=\"{&quot;wcf-image-animation&quot;:&quot;none&quot;,&quot;wcf-animation&quot;:&quot;none&quot;}\" data-widget_type=\"image.default\">\n\t\t\t\t<div class=\"elementor-widget-container\">\n\t\t\t\t\t\t\t\t\t\t\t\t\t\t\t<img decoding=\"async\" width=\"294\" height=\"300\" src=\"https:\/\/labnovalongevidade.org\/mapeamento2024\/wp-content\/uploads\/2024\/09\/Ativo-1-294x300.png\" class=\"attachment-medium size-medium wp-image-12554\" alt=\"Mapa regi\u00e3o nordeste do Brasil\" srcset=\"https:\/\/labnovalongevidade.org\/mapeamento2024\/wp-content\/uploads\/2024\/09\/Ativo-1-294x300.png 294w, https:\/\/labnovalongevidade.org\/mapeamento2024\/wp-content\/uploads\/2024\/09\/Ativo-1.png 726w\" sizes=\"(max-width: 294px) 100vw, 294px\" \/>\t\t\t\t\t\t\t\t\t\t\t\t\t\t\t<\/div>\n\t\t\t\t<\/div>\n\t\t\t\t<\/div>\n\t\t<div class=\"elementor-element elementor-element-3d5b6f7 e-con-full e-flex e-con e-child\" data-id=\"3d5b6f7\" data-element_type=\"container\" data-settings=\"{&quot;wcf_enable_cursor_hover_effect_text&quot;:&quot;View&quot;,&quot;wcf-animation&quot;:&quot;none&quot;,&quot;wcf_pin_breakpoint&quot;:&quot;mobile&quot;}\">\n\t\t\t\t<div class=\"elementor-element elementor-element-43c8774 wcf-t-animation-none elementor-widget elementor-widget-text-editor\" data-id=\"43c8774\" data-element_type=\"widget\" data-settings=\"{&quot;wcf_text_animation&quot;:&quot;none&quot;,&quot;wcf-animation&quot;:&quot;none&quot;}\" data-widget_type=\"text-editor.default\">\n\t\t\t\t<div class=\"elementor-widget-container\">\n\t\t\t\t\t\t\t\t\t<p><span style=\"font-weight: 400;\">Em Fortaleza, Cear\u00e1, o <b>Ateli\u00ea Apoena<\/b> \u00e9 uma iniciativa que defende que o artesanato se revela n\u00e3o apenas como uma forma de express\u00e3o cultural, mas como uma poderosa ferramenta para impulsionar mudan\u00e7as positivas na sociedade. O artesanato se destaca como uma poderosa ferramenta para um envelhecimento saud\u00e1vel e ativo, estimulando as capacidades motoras, cognitivas e sociais das pessoas idosas. Pensando nisso, o Ateli\u00ea Apoena tamb\u00e9m atua na capacita\u00e7\u00e3o de comunidades, oferecendo treinamento em habilidades artesanais, promo\u00e7\u00e3o da gera\u00e7\u00e3o de renda e empoderamento feminino atrav\u00e9s do artesanato. Seu principal objetivo \u00e9 catalisar mudan\u00e7as positivas ao capacitar mulheres a partir de 60 anos a utilizarem o artesanato como uma ferramenta para construir comunidades mais resilientes e inclusivas.\u00a0 <\/span><\/p>\t\t\t\t\t\t\t\t<\/div>\n\t\t\t\t<\/div>\n\t\t\t\t<\/div>\n\t\t\t\t\t<\/div>\n\t\t\t\t<\/div>\n\t\t<div class=\"elementor-element elementor-element-183adc4 e-flex e-con-boxed e-con e-child\" data-id=\"183adc4\" data-element_type=\"container\" data-settings=\"{&quot;wcf_enable_cursor_hover_effect_text&quot;:&quot;View&quot;,&quot;wcf-animation&quot;:&quot;none&quot;,&quot;wcf_pin_breakpoint&quot;:&quot;mobile&quot;}\">\n\t\t\t\t\t<div class=\"e-con-inner\">\n\t\t<div class=\"elementor-element elementor-element-2f356c9 e-con-full e-flex e-con e-child\" data-id=\"2f356c9\" data-element_type=\"container\" data-settings=\"{&quot;wcf_enable_cursor_hover_effect_text&quot;:&quot;View&quot;,&quot;wcf-animation&quot;:&quot;none&quot;,&quot;wcf_pin_breakpoint&quot;:&quot;mobile&quot;}\">\n\t\t\t\t<div class=\"elementor-element elementor-element-f7e6258 elementor-widget elementor-widget-image\" data-id=\"f7e6258\" data-element_type=\"widget\" data-settings=\"{&quot;wcf-image-animation&quot;:&quot;none&quot;,&quot;wcf-animation&quot;:&quot;none&quot;}\" data-widget_type=\"image.default\">\n\t\t\t\t<div class=\"elementor-widget-container\">\n\t\t\t\t\t\t\t\t\t\t\t\t\t\t\t<img decoding=\"async\" width=\"294\" height=\"300\" src=\"https:\/\/labnovalongevidade.org\/mapeamento2024\/wp-content\/uploads\/2024\/09\/Ativo-4-294x300.png\" class=\"attachment-medium size-medium wp-image-12552\" alt=\"Mapa regi\u00e3o sudeste do Brasil\" srcset=\"https:\/\/labnovalongevidade.org\/mapeamento2024\/wp-content\/uploads\/2024\/09\/Ativo-4-294x300.png 294w, https:\/\/labnovalongevidade.org\/mapeamento2024\/wp-content\/uploads\/2024\/09\/Ativo-4.png 726w\" sizes=\"(max-width: 294px) 100vw, 294px\" \/>\t\t\t\t\t\t\t\t\t\t\t\t\t\t\t<\/div>\n\t\t\t\t<\/div>\n\t\t\t\t<\/div>\n\t\t<div class=\"elementor-element elementor-element-5c31770 e-con-full e-flex e-con e-child\" data-id=\"5c31770\" data-element_type=\"container\" data-settings=\"{&quot;wcf_enable_cursor_hover_effect_text&quot;:&quot;View&quot;,&quot;wcf-animation&quot;:&quot;none&quot;,&quot;wcf_pin_breakpoint&quot;:&quot;mobile&quot;}\">\n\t\t\t\t<div class=\"elementor-element elementor-element-bb80682 wcf-t-animation-none elementor-widget elementor-widget-text-editor\" data-id=\"bb80682\" data-element_type=\"widget\" data-settings=\"{&quot;wcf_text_animation&quot;:&quot;none&quot;,&quot;wcf-animation&quot;:&quot;none&quot;}\" data-widget_type=\"text-editor.default\">\n\t\t\t\t<div class=\"elementor-widget-container\">\n\t\t\t\t\t\t\t\t\t<p><span style=\"font-weight: 400;\">Em Belo Horizonte, Minas Gerais, o <b>Grupo Cultural Meninas de Sinh\u00e1<\/b> promove projetos culturais, atividades de socializa\u00e7\u00e3o e oficinas voltadas ao desenvolvimento pessoal, comunit\u00e1rio e \u00e0 gera\u00e7\u00e3o de renda com prop\u00f3sito de promover o bem social de comunidades carentes, o resgate de mem\u00f3rias, a valoriza\u00e7\u00e3o e registros dos saberes das pessoas idosas, a preserva\u00e7\u00e3o da cultura popular, o reconhecimento, integra\u00e7\u00e3o e eleva\u00e7\u00e3o da autoestima, al\u00e9m do combate ao preconceito contra a pessoa idosa. O grupo foi criado por Dona Valdete e mulheres idosas e envelhecentes em 1996, residentes no bairro Alto Vera Cruz e imedia\u00e7\u00f5es, periferia leste de Belo Horizonte, Minas Gerais. Desde ent\u00e3o, esse grupo se apresenta como as cantadeiras Meninas de Sinh\u00e1, levando cantigas tradicionais, versos populares e oficinas a v\u00e1rias institui\u00e7\u00f5es. <\/span><\/p>\t\t\t\t\t\t\t\t<\/div>\n\t\t\t\t<\/div>\n\t\t\t\t<\/div>\n\t\t\t\t\t<\/div>\n\t\t\t\t<\/div>\n\t\t<div class=\"elementor-element elementor-element-f438095 e-flex e-con-boxed e-con e-child\" data-id=\"f438095\" data-element_type=\"container\" data-settings=\"{&quot;wcf_enable_cursor_hover_effect_text&quot;:&quot;View&quot;,&quot;wcf-animation&quot;:&quot;none&quot;,&quot;wcf_pin_breakpoint&quot;:&quot;mobile&quot;}\">\n\t\t\t\t\t<div class=\"e-con-inner\">\n\t\t<div class=\"elementor-element elementor-element-655e42d e-con-full e-flex e-con e-child\" data-id=\"655e42d\" data-element_type=\"container\" data-settings=\"{&quot;wcf_enable_cursor_hover_effect_text&quot;:&quot;View&quot;,&quot;wcf-animation&quot;:&quot;none&quot;,&quot;wcf_pin_breakpoint&quot;:&quot;mobile&quot;}\">\n\t\t\t\t<div class=\"elementor-element elementor-element-3e6fe95 elementor-widget elementor-widget-image\" data-id=\"3e6fe95\" data-element_type=\"widget\" data-settings=\"{&quot;wcf-image-animation&quot;:&quot;none&quot;,&quot;wcf-animation&quot;:&quot;none&quot;}\" data-widget_type=\"image.default\">\n\t\t\t\t<div class=\"elementor-widget-container\">\n\t\t\t\t\t\t\t\t\t\t\t\t\t\t\t<img decoding=\"async\" width=\"294\" height=\"300\" src=\"https:\/\/labnovalongevidade.org\/mapeamento2024\/wp-content\/uploads\/2024\/09\/Ativo-4-294x300.png\" class=\"attachment-medium size-medium wp-image-12552\" alt=\"Mapa regi\u00e3o sudeste do Brasil\" srcset=\"https:\/\/labnovalongevidade.org\/mapeamento2024\/wp-content\/uploads\/2024\/09\/Ativo-4-294x300.png 294w, https:\/\/labnovalongevidade.org\/mapeamento2024\/wp-content\/uploads\/2024\/09\/Ativo-4.png 726w\" sizes=\"(max-width: 294px) 100vw, 294px\" \/>\t\t\t\t\t\t\t\t\t\t\t\t\t\t\t<\/div>\n\t\t\t\t<\/div>\n\t\t\t\t<\/div>\n\t\t<div class=\"elementor-element elementor-element-1b93068 e-con-full e-flex e-con e-child\" data-id=\"1b93068\" data-element_type=\"container\" data-settings=\"{&quot;wcf_enable_cursor_hover_effect_text&quot;:&quot;View&quot;,&quot;wcf-animation&quot;:&quot;none&quot;,&quot;wcf_pin_breakpoint&quot;:&quot;mobile&quot;}\">\n\t\t\t\t<div class=\"elementor-element elementor-element-571ebee wcf-t-animation-none elementor-widget elementor-widget-text-editor\" data-id=\"571ebee\" data-element_type=\"widget\" data-settings=\"{&quot;wcf_text_animation&quot;:&quot;none&quot;,&quot;wcf-animation&quot;:&quot;none&quot;}\" data-widget_type=\"text-editor.default\">\n\t\t\t\t<div class=\"elementor-widget-container\">\n\t\t\t\t\t\t\t\t\t<p><span style=\"font-weight: 400;\">Com base em Sorocaba, S\u00e3o Paulo, e atua\u00e7\u00e3o em outros estados, a <\/span><b>Conex\u00e3o Musas<\/b><span style=\"font-weight: 400;\"> \u00e9 uma aceleradora de talentos e acolhimento feminino, que desenvolve grupos de mulheres e comunidades por meio de processos de Tratamento Comunit\u00e1rio e Economia Circular Criativa. S\u00e3o mulheres de diferentes recursos e talentos que, atrav\u00e9s de processos e projetos, se fortalecem valorizando os seus recursos humanos, econ\u00f4micos e sociais.<br \/><\/span><span style=\"font-weight: 400;\">Mais do que produtos e servi\u00e7os, essa rede empreende pela vontade de criar espa\u00e7os de liberdade, empoderamento, valoriza\u00e7\u00e3o humana e desenvolvimento social sustent\u00e1vel.<\/span><\/p>\t\t\t\t\t\t\t\t<\/div>\n\t\t\t\t<\/div>\n\t\t\t\t<\/div>\n\t\t\t\t\t<\/div>\n\t\t\t\t<\/div>\n\t\t<div class=\"elementor-element elementor-element-3c99dbc e-flex e-con-boxed e-con e-child\" data-id=\"3c99dbc\" data-element_type=\"container\" data-settings=\"{&quot;wcf_enable_cursor_hover_effect_text&quot;:&quot;View&quot;,&quot;wcf-animation&quot;:&quot;none&quot;,&quot;wcf_pin_breakpoint&quot;:&quot;mobile&quot;}\">\n\t\t\t\t\t<div class=\"e-con-inner\">\n\t\t<div class=\"elementor-element elementor-element-36c672d e-con-full e-flex e-con e-child\" data-id=\"36c672d\" data-element_type=\"container\" data-settings=\"{&quot;wcf_enable_cursor_hover_effect_text&quot;:&quot;View&quot;,&quot;wcf-animation&quot;:&quot;none&quot;,&quot;wcf_pin_breakpoint&quot;:&quot;mobile&quot;}\">\n\t\t\t\t<div class=\"elementor-element elementor-element-95cb753 elementor-widget elementor-widget-image\" data-id=\"95cb753\" data-element_type=\"widget\" data-settings=\"{&quot;wcf-image-animation&quot;:&quot;none&quot;,&quot;wcf-animation&quot;:&quot;none&quot;}\" data-widget_type=\"image.default\">\n\t\t\t\t<div class=\"elementor-widget-container\">\n\t\t\t\t\t\t\t\t\t\t\t\t\t\t\t<img decoding=\"async\" width=\"294\" height=\"300\" src=\"https:\/\/labnovalongevidade.org\/mapeamento2024\/wp-content\/uploads\/2024\/09\/Ativo-4-294x300.png\" class=\"attachment-medium size-medium wp-image-12552\" alt=\"Mapa regi\u00e3o sudeste do Brasil\" srcset=\"https:\/\/labnovalongevidade.org\/mapeamento2024\/wp-content\/uploads\/2024\/09\/Ativo-4-294x300.png 294w, https:\/\/labnovalongevidade.org\/mapeamento2024\/wp-content\/uploads\/2024\/09\/Ativo-4.png 726w\" sizes=\"(max-width: 294px) 100vw, 294px\" \/>\t\t\t\t\t\t\t\t\t\t\t\t\t\t\t<\/div>\n\t\t\t\t<\/div>\n\t\t\t\t<\/div>\n\t\t<div class=\"elementor-element elementor-element-75c85fa e-con-full e-flex e-con e-child\" data-id=\"75c85fa\" data-element_type=\"container\" data-settings=\"{&quot;wcf_enable_cursor_hover_effect_text&quot;:&quot;View&quot;,&quot;wcf-animation&quot;:&quot;none&quot;,&quot;wcf_pin_breakpoint&quot;:&quot;mobile&quot;}\">\n\t\t\t\t<div class=\"elementor-element elementor-element-e753620 wcf-t-animation-none elementor-widget elementor-widget-text-editor\" data-id=\"e753620\" data-element_type=\"widget\" data-settings=\"{&quot;wcf_text_animation&quot;:&quot;none&quot;,&quot;wcf-animation&quot;:&quot;none&quot;}\" data-widget_type=\"text-editor.default\">\n\t\t\t\t<div class=\"elementor-widget-container\">\n\t\t\t\t\t\t\t\t\t<p><span style=\"font-weight: 400;\">Na cidade de S\u00e3o Paulo, a <strong>50Tech<\/strong> \u00e9 uma escola de tecnologia para pessoas acima de 50 anos. Oferece treinamento em programa\u00e7\u00e3o (software, aplicativos e websites) e letramento digital (ferramentas Office, uso dos aplicativos m\u00f3veis e acessibilidade) para pessoas acima de 50 anos para forma\u00e7\u00e3o para segunda carreira, al\u00e9m de ser ponte de empresas com ofertas de trabalho e contribuir para reduzir o desemprego nessa faixa et\u00e1ria.<\/span><\/p>\t\t\t\t\t\t\t\t<\/div>\n\t\t\t\t<\/div>\n\t\t\t\t<\/div>\n\t\t\t\t\t<\/div>\n\t\t\t\t<\/div>\n\t\t\t\t\t<\/div>\n\t\t\t\t<\/div>\n\t\t<div class=\"elementor-element elementor-element-6f218e0 e-flex e-con-boxed e-con e-parent\" data-id=\"6f218e0\" data-element_type=\"container\" data-settings=\"{&quot;wcf_enable_cursor_hover_effect_text&quot;:&quot;View&quot;,&quot;wcf-animation&quot;:&quot;none&quot;,&quot;wcf_pin_breakpoint&quot;:&quot;mobile&quot;}\">\n\t\t\t\t\t<div class=\"e-con-inner\">\n\t\t<div class=\"elementor-element elementor-element-2958e79 e-con-full e-flex e-con e-child\" data-id=\"2958e79\" data-element_type=\"container\" data-settings=\"{&quot;wcf_enable_cursor_hover_effect_text&quot;:&quot;View&quot;,&quot;wcf-animation&quot;:&quot;none&quot;,&quot;wcf_pin_breakpoint&quot;:&quot;mobile&quot;}\">\n\t\t\t\t<div class=\"elementor-element elementor-element-5a0fe03 wcf-t-animation-none elementor-widget elementor-widget-text-editor\" data-id=\"5a0fe03\" data-element_type=\"widget\" data-settings=\"{&quot;wcf_text_animation&quot;:&quot;none&quot;,&quot;wcf-animation&quot;:&quot;none&quot;}\" data-widget_type=\"text-editor.default\">\n\t\t\t\t<div class=\"elementor-widget-container\">\n\t\t\t\t\t\t\t\t\t<span class=\"title-color-a\" style=\"font-weight: bold;\">Conhe\u00e7a mais<\/span> inova\u00e7\u00f5es contribuindo para repensar o envelhecimento no Brasil\t\t\t\t\t\t\t\t<\/div>\n\t\t\t\t<\/div>\n\t\t\t\t<\/div>\n\t\t\t\t\t<\/div>\n\t\t\t\t<\/div>\n\t\t<div class=\"elementor-element elementor-element-13c96f7 e-flex e-con-boxed e-con e-parent\" data-id=\"13c96f7\" data-element_type=\"container\" data-settings=\"{&quot;wcf_enable_cursor_hover_effect_text&quot;:&quot;View&quot;,&quot;wcf-animation&quot;:&quot;none&quot;,&quot;wcf_pin_breakpoint&quot;:&quot;mobile&quot;}\">\n\t\t\t\t\t<div class=\"e-con-inner\">\n\t\t<div class=\"elementor-element elementor-element-f507482 e-con-full e-flex e-con e-child\" data-id=\"f507482\" data-element_type=\"container\" data-settings=\"{&quot;wcf_enable_cursor_hover_effect_text&quot;:&quot;View&quot;,&quot;wcf-animation&quot;:&quot;none&quot;,&quot;wcf_pin_breakpoint&quot;:&quot;mobile&quot;}\">\n\t\t<div class=\"elementor-element elementor-element-8f73f0d e-con-full e-flex e-con e-child\" data-id=\"8f73f0d\" data-element_type=\"container\" data-settings=\"{&quot;wcf_enable_cursor_hover_effect_text&quot;:&quot;View&quot;,&quot;wcf-animation&quot;:&quot;none&quot;,&quot;wcf_pin_breakpoint&quot;:&quot;mobile&quot;}\">\n\t\t<div class=\"elementor-element elementor-element-dc23674 e-con-full e-flex e-con e-child\" data-id=\"dc23674\" data-element_type=\"container\" data-settings=\"{&quot;wcf_enable_cursor_hover_effect_text&quot;:&quot;View&quot;,&quot;wcf-animation&quot;:&quot;none&quot;,&quot;wcf_pin_breakpoint&quot;:&quot;mobile&quot;}\">\n\t\t\t\t<div class=\"elementor-element elementor-element-08b194b elementor-widget elementor-widget-image\" data-id=\"08b194b\" data-element_type=\"widget\" data-settings=\"{&quot;wcf-image-animation&quot;:&quot;none&quot;,&quot;wcf-animation&quot;:&quot;none&quot;}\" data-widget_type=\"image.default\">\n\t\t\t\t<div class=\"elementor-widget-container\">\n\t\t\t\t\t\t\t\t\t\t\t\t\t\t\t\t<a href=\"https:\/\/labnovalongevidade.org\/mapeamento2024\/contribuicoes\/letramento-e-inclusao-digital\/\">\n\t\t\t\t\t\t\t<img decoding=\"async\" src=\"https:\/\/labnovalongevidade.org\/mapeamento2024\/wp-content\/uploads\/elementor\/thumbs\/28-1-qumq8argabpe7huajb5ms4exbsidnh35yy2zr4y3p4.jpg\" title=\"Mapeamento do Ecossistema de Inova\u00e7\u00e3o Social e Longevidade\" alt=\"Uma senhora idosa est\u00e1 assistindo coisas pelo celular\" loading=\"lazy\" \/>\t\t\t\t\t\t\t\t<\/a>\n\t\t\t\t\t\t\t\t\t\t\t\t\t\t\t<\/div>\n\t\t\t\t<\/div>\n\t\t\t\t<\/div>\n\t\t<div class=\"elementor-element elementor-element-496d0f3 e-con-full e-flex e-con e-child\" data-id=\"496d0f3\" data-element_type=\"container\" data-settings=\"{&quot;wcf_enable_cursor_hover_effect_text&quot;:&quot;View&quot;,&quot;wcf-animation&quot;:&quot;none&quot;,&quot;wcf_pin_breakpoint&quot;:&quot;mobile&quot;}\">\n\t\t<div class=\"elementor-element elementor-element-13577aa e-con-full e-flex e-con e-child\" data-id=\"13577aa\" data-element_type=\"container\" data-settings=\"{&quot;wcf_enable_cursor_hover_effect_text&quot;:&quot;View&quot;,&quot;wcf-animation&quot;:&quot;none&quot;,&quot;wcf_pin_breakpoint&quot;:&quot;mobile&quot;}\">\n\t\t\t\t<div class=\"elementor-element elementor-element-feaac14 wcf-t-animation-none elementor-widget elementor-widget-heading\" data-id=\"feaac14\" data-element_type=\"widget\" data-settings=\"{&quot;wcf_text_animation&quot;:&quot;none&quot;,&quot;wcf-animation&quot;:&quot;none&quot;}\" data-widget_type=\"heading.default\">\n\t\t\t\t<div class=\"elementor-widget-container\">\n\t\t\t\t\t<div class=\"elementor-heading-title elementor-size-default\">Explore<\/div>\t\t\t\t<\/div>\n\t\t\t\t<\/div>\n\t\t\t\t<div class=\"elementor-element elementor-element-cd0e464 wcf-t-animation-none elementor-widget elementor-widget-heading\" data-id=\"cd0e464\" data-element_type=\"widget\" data-settings=\"{&quot;wcf_text_animation&quot;:&quot;none&quot;,&quot;wcf-animation&quot;:&quot;none&quot;}\" data-widget_type=\"heading.default\">\n\t\t\t\t<div class=\"elementor-widget-container\">\n\t\t\t\t\t<h2 class=\"elementor-heading-title elementor-size-default\"><a href=\"https:\/\/labnovalongevidade.org\/mapeamento2024\/contribuicoes\/letramento-e-inclusao-digital\/\">Letramento e Inclus\u00e3o Digital<\/a><\/h2>\t\t\t\t<\/div>\n\t\t\t\t<\/div>\n\t\t\t\t<div class=\"elementor-element elementor-element-4b517ef elementor-align-justify elementor-widget elementor-widget-button\" data-id=\"4b517ef\" data-element_type=\"widget\" data-settings=\"{&quot;wcf-animation&quot;:&quot;none&quot;}\" data-widget_type=\"button.default\">\n\t\t\t\t<div class=\"elementor-widget-container\">\n\t\t\t\t\t\t\t\t\t<div class=\"elementor-button-wrapper\">\n\t\t\t\t\t<a class=\"elementor-button elementor-button-link elementor-size-sm\" href=\"https:\/\/labnovalongevidade.org\/mapeamento2024\/contribuicoes\/letramento-e-inclusao-digital\/\">\n\t\t\t\t\t\t<span class=\"elementor-button-content-wrapper\">\n\t\t\t\t\t\t\t\t\t<span class=\"elementor-button-text\">Leia Agora >><\/span>\n\t\t\t\t\t<\/span>\n\t\t\t\t\t<\/a>\n\t\t\t\t<\/div>\n\t\t\t\t\t\t\t\t<\/div>\n\t\t\t\t<\/div>\n\t\t\t\t<\/div>\n\t\t\t\t<\/div>\n\t\t\t\t<\/div>\n\t\t<div class=\"elementor-element elementor-element-b904dc7 e-con-full e-flex e-con e-child\" data-id=\"b904dc7\" data-element_type=\"container\" data-settings=\"{&quot;wcf_enable_cursor_hover_effect_text&quot;:&quot;View&quot;,&quot;wcf-animation&quot;:&quot;none&quot;,&quot;wcf_pin_breakpoint&quot;:&quot;mobile&quot;}\">\n\t\t<div class=\"elementor-element elementor-element-7bb0a51 e-con-full e-flex e-con e-child\" data-id=\"7bb0a51\" data-element_type=\"container\" data-settings=\"{&quot;wcf_enable_cursor_hover_effect_text&quot;:&quot;View&quot;,&quot;wcf-animation&quot;:&quot;none&quot;,&quot;wcf_pin_breakpoint&quot;:&quot;mobile&quot;}\">\n\t\t\t\t<div class=\"elementor-element elementor-element-0103df8 elementor-widget elementor-widget-image\" data-id=\"0103df8\" data-element_type=\"widget\" data-settings=\"{&quot;wcf-image-animation&quot;:&quot;none&quot;,&quot;wcf-animation&quot;:&quot;none&quot;}\" data-widget_type=\"image.default\">\n\t\t\t\t<div class=\"elementor-widget-container\">\n\t\t\t\t\t\t\t\t\t\t\t\t\t\t\t\t<a href=\"https:\/\/labnovalongevidade.org\/mapeamento2024\/contribuicoes\/empregabilidade-e-futuro-do-trabalho\/\">\n\t\t\t\t\t\t\t<img decoding=\"async\" src=\"https:\/\/labnovalongevidade.org\/mapeamento2024\/wp-content\/uploads\/elementor\/thumbs\/2-2-qumq9ahbi12agoeeqqlgevefwfmbrz0yruvfznh54o.jpg\" title=\"Mapeamento do Ecossistema de Inova\u00e7\u00e3o Social e Longevidade\" alt=\"Duas funcion\u00e1rias de uma farm\u00e1cia conversam sobre assuntos profissionais. Uma mostra uma pasta para a outra\" loading=\"lazy\" \/>\t\t\t\t\t\t\t\t<\/a>\n\t\t\t\t\t\t\t\t\t\t\t\t\t\t\t<\/div>\n\t\t\t\t<\/div>\n\t\t\t\t<\/div>\n\t\t<div class=\"elementor-element elementor-element-57ceb65 e-con-full e-flex e-con e-child\" data-id=\"57ceb65\" data-element_type=\"container\" data-settings=\"{&quot;wcf_enable_cursor_hover_effect_text&quot;:&quot;View&quot;,&quot;wcf-animation&quot;:&quot;none&quot;,&quot;wcf_pin_breakpoint&quot;:&quot;mobile&quot;}\">\n\t\t<div class=\"elementor-element elementor-element-a07489e e-con-full e-flex e-con e-child\" data-id=\"a07489e\" data-element_type=\"container\" data-settings=\"{&quot;wcf_enable_cursor_hover_effect_text&quot;:&quot;View&quot;,&quot;wcf-animation&quot;:&quot;none&quot;,&quot;wcf_pin_breakpoint&quot;:&quot;mobile&quot;}\">\n\t\t\t\t<div class=\"elementor-element elementor-element-74dc7f0 wcf-t-animation-none elementor-widget elementor-widget-heading\" data-id=\"74dc7f0\" data-element_type=\"widget\" data-settings=\"{&quot;wcf_text_animation&quot;:&quot;none&quot;,&quot;wcf-animation&quot;:&quot;none&quot;}\" data-widget_type=\"heading.default\">\n\t\t\t\t<div class=\"elementor-widget-container\">\n\t\t\t\t\t<div class=\"elementor-heading-title elementor-size-default\">Explore<\/div>\t\t\t\t<\/div>\n\t\t\t\t<\/div>\n\t\t\t\t<div class=\"elementor-element elementor-element-2e95cbf wcf-t-animation-none elementor-widget elementor-widget-heading\" data-id=\"2e95cbf\" data-element_type=\"widget\" data-settings=\"{&quot;wcf_text_animation&quot;:&quot;none&quot;,&quot;wcf-animation&quot;:&quot;none&quot;}\" data-widget_type=\"heading.default\">\n\t\t\t\t<div class=\"elementor-widget-container\">\n\t\t\t\t\t<h2 class=\"elementor-heading-title elementor-size-default\"><a href=\"https:\/\/labnovalongevidade.org\/mapeamento2024\/contribuicoes\/empregabilidade-e-futuro-do-trabalho\/\">Empregabilidade e Futuro do Trabalho<\/a><\/h2>\t\t\t\t<\/div>\n\t\t\t\t<\/div>\n\t\t\t\t<div class=\"elementor-element elementor-element-b96abbc elementor-align-justify elementor-widget elementor-widget-button\" data-id=\"b96abbc\" data-element_type=\"widget\" data-settings=\"{&quot;wcf-animation&quot;:&quot;none&quot;}\" data-widget_type=\"button.default\">\n\t\t\t\t<div class=\"elementor-widget-container\">\n\t\t\t\t\t\t\t\t\t<div class=\"elementor-button-wrapper\">\n\t\t\t\t\t<a class=\"elementor-button elementor-button-link elementor-size-sm\" href=\"https:\/\/labnovalongevidade.org\/mapeamento2024\/contribuicoes\/empregabilidade-e-futuro-do-trabalho\/\">\n\t\t\t\t\t\t<span class=\"elementor-button-content-wrapper\">\n\t\t\t\t\t\t\t\t\t<span class=\"elementor-button-text\">Leia Agora >><\/span>\n\t\t\t\t\t<\/span>\n\t\t\t\t\t<\/a>\n\t\t\t\t<\/div>\n\t\t\t\t\t\t\t\t<\/div>\n\t\t\t\t<\/div>\n\t\t\t\t<\/div>\n\t\t\t\t<\/div>\n\t\t\t\t<\/div>\n\t\t\t\t<\/div>\n\t\t\t\t\t<\/div>\n\t\t\t\t<\/div>\n\t\t\t\t<\/div>\n\t\t","protected":false},"excerpt":{"rendered":"<p>28 Empreendedorismo e Gera\u00e7\u00e3o de renda Iniciativas que contribuem para o empreendedorismo s\u00eanior, oferecendo aprendizado cont\u00ednuo e qualifica\u00e7\u00e3o para gera\u00e7\u00e3o de renda e empoderamento de pessoas idosas. Em Belo Horizonte, Minas Gerais, o IPPE \u2013 Instituto de Pesquisas e Projetos Empreendedores \u00e9 uma fonte de transforma\u00e7\u00e3o e impacto positivo na sociedade. Fundado em 2014, \u00e9 [&hellip;]<\/p>\n","protected":false},"author":5,"featured_media":13652,"parent":12768,"menu_order":0,"comment_status":"closed","ping_status":"closed","template":"elementor_header_footer","meta":{"_acf_changed":false,"footnotes":""},"class_list":["post-12902","page","type-page","status-publish","has-post-thumbnail","hentry"],"acf":[],"yoast_head":"<!-- This site is optimized with the Yoast SEO plugin v24.1 - https:\/\/yoast.com\/wordpress\/plugins\/seo\/ -->\n<title>Lab Nova Longevidade | Empreendedorismo e Gera\u00e7\u00e3o de renda<\/title>\n<meta name=\"description\" content=\"Iniciativas que contribuem para o empreendedorismo s\u00eanior, oferecendo aprendizado cont\u00ednuo para gera\u00e7\u00e3o de renda de pessoas idosas. Confira!\" \/>\n<meta name=\"robots\" content=\"index, follow, max-snippet:-1, max-image-preview:large, max-video-preview:-1\" \/>\n<link rel=\"canonical\" href=\"https:\/\/labnovalongevidade.org\/mapeamento2024\/contribuicoes\/empreendedorismo-e-geracao-de-renda\/\" \/>\n<meta property=\"og:locale\" content=\"pt_BR\" \/>\n<meta property=\"og:type\" content=\"article\" \/>\n<meta property=\"og:title\" content=\"Lab Nova Longevidade | Empreendedorismo e Gera\u00e7\u00e3o de renda\" \/>\n<meta property=\"og:description\" content=\"Iniciativas que contribuem para o empreendedorismo s\u00eanior, oferecendo aprendizado cont\u00ednuo para gera\u00e7\u00e3o de renda de pessoas idosas. Confira!\" \/>\n<meta property=\"og:url\" content=\"https:\/\/labnovalongevidade.org\/mapeamento2024\/contribuicoes\/empreendedorismo-e-geracao-de-renda\/\" \/>\n<meta property=\"og:site_name\" content=\"Lab Nova Longevidade\" \/>\n<meta property=\"article:modified_time\" content=\"2024-10-01T12:21:25+00:00\" \/>\n<meta property=\"og:image\" content=\"https:\/\/labnovalongevidade.org\/mapeamento2024\/wp-content\/uploads\/2024\/09\/7-2.jpg\" \/>\n\t<meta property=\"og:image:width\" content=\"436\" \/>\n\t<meta property=\"og:image:height\" content=\"361\" \/>\n\t<meta property=\"og:image:type\" content=\"image\/jpeg\" \/>\n<meta name=\"twitter:card\" content=\"summary_large_image\" \/>\n<meta name=\"twitter:label1\" content=\"Est. tempo de leitura\" \/>\n\t<meta name=\"twitter:data1\" content=\"6 minutos\" \/>\n<script type=\"application\/ld+json\" class=\"yoast-schema-graph\">{\"@context\":\"https:\/\/schema.org\",\"@graph\":[{\"@type\":\"WebPage\",\"@id\":\"https:\/\/labnovalongevidade.org\/mapeamento2024\/contribuicoes\/empreendedorismo-e-geracao-de-renda\/\",\"url\":\"https:\/\/labnovalongevidade.org\/mapeamento2024\/contribuicoes\/empreendedorismo-e-geracao-de-renda\/\",\"name\":\"Lab Nova Longevidade | Empreendedorismo e Gera\u00e7\u00e3o de renda\",\"isPartOf\":{\"@id\":\"https:\/\/labnovalongevidade.org\/mapeamento2024\/#website\"},\"primaryImageOfPage\":{\"@id\":\"https:\/\/labnovalongevidade.org\/mapeamento2024\/contribuicoes\/empreendedorismo-e-geracao-de-renda\/#primaryimage\"},\"image\":{\"@id\":\"https:\/\/labnovalongevidade.org\/mapeamento2024\/contribuicoes\/empreendedorismo-e-geracao-de-renda\/#primaryimage\"},\"thumbnailUrl\":\"https:\/\/labnovalongevidade.org\/mapeamento2024\/wp-content\/uploads\/2024\/09\/7-2.jpg\",\"datePublished\":\"2024-09-24T15:16:09+00:00\",\"dateModified\":\"2024-10-01T12:21:25+00:00\",\"description\":\"Iniciativas que contribuem para o empreendedorismo s\u00eanior, oferecendo aprendizado cont\u00ednuo para gera\u00e7\u00e3o de renda de pessoas idosas. Confira!\",\"breadcrumb\":{\"@id\":\"https:\/\/labnovalongevidade.org\/mapeamento2024\/contribuicoes\/empreendedorismo-e-geracao-de-renda\/#breadcrumb\"},\"inLanguage\":\"pt-BR\",\"potentialAction\":[{\"@type\":\"ReadAction\",\"target\":[\"https:\/\/labnovalongevidade.org\/mapeamento2024\/contribuicoes\/empreendedorismo-e-geracao-de-renda\/\"]}]},{\"@type\":\"ImageObject\",\"inLanguage\":\"pt-BR\",\"@id\":\"https:\/\/labnovalongevidade.org\/mapeamento2024\/contribuicoes\/empreendedorismo-e-geracao-de-renda\/#primaryimage\",\"url\":\"https:\/\/labnovalongevidade.org\/mapeamento2024\/wp-content\/uploads\/2024\/09\/7-2.jpg\",\"contentUrl\":\"https:\/\/labnovalongevidade.org\/mapeamento2024\/wp-content\/uploads\/2024\/09\/7-2.jpg\",\"width\":436,\"height\":361,\"caption\":\"Uma senhora idosa est\u00e1 trabalhando e preenche um caderno\"},{\"@type\":\"BreadcrumbList\",\"@id\":\"https:\/\/labnovalongevidade.org\/mapeamento2024\/contribuicoes\/empreendedorismo-e-geracao-de-renda\/#breadcrumb\",\"itemListElement\":[{\"@type\":\"ListItem\",\"position\":1,\"name\":\"In\u00edcio\",\"item\":\"https:\/\/labnovalongevidade.org\/mapeamento2024\/\"},{\"@type\":\"ListItem\",\"position\":2,\"name\":\"Contribui\u00e7\u00f5es\",\"item\":\"https:\/\/labnovalongevidade.org\/mapeamento2024\/contribuicoes\/\"},{\"@type\":\"ListItem\",\"position\":3,\"name\":\"Empreendedorismo e Gera\u00e7\u00e3o de renda\"}]},{\"@type\":\"WebSite\",\"@id\":\"https:\/\/labnovalongevidade.org\/mapeamento2024\/#website\",\"url\":\"https:\/\/labnovalongevidade.org\/mapeamento2024\/\",\"name\":\"Lab Nova Longevidade\",\"description\":\"\",\"publisher\":{\"@id\":\"https:\/\/labnovalongevidade.org\/mapeamento2024\/#organization\"},\"potentialAction\":[{\"@type\":\"SearchAction\",\"target\":{\"@type\":\"EntryPoint\",\"urlTemplate\":\"https:\/\/labnovalongevidade.org\/mapeamento2024\/?s={search_term_string}\"},\"query-input\":{\"@type\":\"PropertyValueSpecification\",\"valueRequired\":true,\"valueName\":\"search_term_string\"}}],\"inLanguage\":\"pt-BR\"},{\"@type\":\"Organization\",\"@id\":\"https:\/\/labnovalongevidade.org\/mapeamento2024\/#organization\",\"name\":\"Nova Longevidade\",\"url\":\"https:\/\/labnovalongevidade.org\/mapeamento2024\/\",\"logo\":{\"@type\":\"ImageObject\",\"inLanguage\":\"pt-BR\",\"@id\":\"https:\/\/labnovalongevidade.org\/mapeamento2024\/#\/schema\/logo\/image\/\",\"url\":\"https:\/\/labnovalongevidade.org\/mapeamento2024\/wp-content\/uploads\/2024\/06\/logo-lab-nova-longevidade-1.svg\",\"contentUrl\":\"https:\/\/labnovalongevidade.org\/mapeamento2024\/wp-content\/uploads\/2024\/06\/logo-lab-nova-longevidade-1.svg\",\"width\":402,\"height\":104,\"caption\":\"Nova Longevidade\"},\"image\":{\"@id\":\"https:\/\/labnovalongevidade.org\/mapeamento2024\/#\/schema\/logo\/image\/\"}}]}<\/script>\n<!-- \/ Yoast SEO plugin. -->","yoast_head_json":{"title":"Lab Nova Longevidade | Empreendedorismo e Gera\u00e7\u00e3o de renda","description":"Iniciativas que contribuem para o empreendedorismo s\u00eanior, oferecendo aprendizado cont\u00ednuo para gera\u00e7\u00e3o de renda de pessoas idosas. Confira!","robots":{"index":"index","follow":"follow","max-snippet":"max-snippet:-1","max-image-preview":"max-image-preview:large","max-video-preview":"max-video-preview:-1"},"canonical":"https:\/\/labnovalongevidade.org\/mapeamento2024\/contribuicoes\/empreendedorismo-e-geracao-de-renda\/","og_locale":"pt_BR","og_type":"article","og_title":"Lab Nova Longevidade | Empreendedorismo e Gera\u00e7\u00e3o de renda","og_description":"Iniciativas que contribuem para o empreendedorismo s\u00eanior, oferecendo aprendizado cont\u00ednuo para gera\u00e7\u00e3o de renda de pessoas idosas. Confira!","og_url":"https:\/\/labnovalongevidade.org\/mapeamento2024\/contribuicoes\/empreendedorismo-e-geracao-de-renda\/","og_site_name":"Lab Nova Longevidade","article_modified_time":"2024-10-01T12:21:25+00:00","og_image":[{"width":436,"height":361,"url":"https:\/\/labnovalongevidade.org\/mapeamento2024\/wp-content\/uploads\/2024\/09\/7-2.jpg","type":"image\/jpeg"}],"twitter_card":"summary_large_image","twitter_misc":{"Est. tempo de leitura":"6 minutos"},"schema":{"@context":"https:\/\/schema.org","@graph":[{"@type":"WebPage","@id":"https:\/\/labnovalongevidade.org\/mapeamento2024\/contribuicoes\/empreendedorismo-e-geracao-de-renda\/","url":"https:\/\/labnovalongevidade.org\/mapeamento2024\/contribuicoes\/empreendedorismo-e-geracao-de-renda\/","name":"Lab Nova Longevidade | Empreendedorismo e Gera\u00e7\u00e3o de renda","isPartOf":{"@id":"https:\/\/labnovalongevidade.org\/mapeamento2024\/#website"},"primaryImageOfPage":{"@id":"https:\/\/labnovalongevidade.org\/mapeamento2024\/contribuicoes\/empreendedorismo-e-geracao-de-renda\/#primaryimage"},"image":{"@id":"https:\/\/labnovalongevidade.org\/mapeamento2024\/contribuicoes\/empreendedorismo-e-geracao-de-renda\/#primaryimage"},"thumbnailUrl":"https:\/\/labnovalongevidade.org\/mapeamento2024\/wp-content\/uploads\/2024\/09\/7-2.jpg","datePublished":"2024-09-24T15:16:09+00:00","dateModified":"2024-10-01T12:21:25+00:00","description":"Iniciativas que contribuem para o empreendedorismo s\u00eanior, oferecendo aprendizado cont\u00ednuo para gera\u00e7\u00e3o de renda de pessoas idosas. Confira!","breadcrumb":{"@id":"https:\/\/labnovalongevidade.org\/mapeamento2024\/contribuicoes\/empreendedorismo-e-geracao-de-renda\/#breadcrumb"},"inLanguage":"pt-BR","potentialAction":[{"@type":"ReadAction","target":["https:\/\/labnovalongevidade.org\/mapeamento2024\/contribuicoes\/empreendedorismo-e-geracao-de-renda\/"]}]},{"@type":"ImageObject","inLanguage":"pt-BR","@id":"https:\/\/labnovalongevidade.org\/mapeamento2024\/contribuicoes\/empreendedorismo-e-geracao-de-renda\/#primaryimage","url":"https:\/\/labnovalongevidade.org\/mapeamento2024\/wp-content\/uploads\/2024\/09\/7-2.jpg","contentUrl":"https:\/\/labnovalongevidade.org\/mapeamento2024\/wp-content\/uploads\/2024\/09\/7-2.jpg","width":436,"height":361,"caption":"Uma senhora idosa est\u00e1 trabalhando e preenche um caderno"},{"@type":"BreadcrumbList","@id":"https:\/\/labnovalongevidade.org\/mapeamento2024\/contribuicoes\/empreendedorismo-e-geracao-de-renda\/#breadcrumb","itemListElement":[{"@type":"ListItem","position":1,"name":"In\u00edcio","item":"https:\/\/labnovalongevidade.org\/mapeamento2024\/"},{"@type":"ListItem","position":2,"name":"Contribui\u00e7\u00f5es","item":"https:\/\/labnovalongevidade.org\/mapeamento2024\/contribuicoes\/"},{"@type":"ListItem","position":3,"name":"Empreendedorismo e Gera\u00e7\u00e3o de renda"}]},{"@type":"WebSite","@id":"https:\/\/labnovalongevidade.org\/mapeamento2024\/#website","url":"https:\/\/labnovalongevidade.org\/mapeamento2024\/","name":"Lab Nova Longevidade","description":"","publisher":{"@id":"https:\/\/labnovalongevidade.org\/mapeamento2024\/#organization"},"potentialAction":[{"@type":"SearchAction","target":{"@type":"EntryPoint","urlTemplate":"https:\/\/labnovalongevidade.org\/mapeamento2024\/?s={search_term_string}"},"query-input":{"@type":"PropertyValueSpecification","valueRequired":true,"valueName":"search_term_string"}}],"inLanguage":"pt-BR"},{"@type":"Organization","@id":"https:\/\/labnovalongevidade.org\/mapeamento2024\/#organization","name":"Nova Longevidade","url":"https:\/\/labnovalongevidade.org\/mapeamento2024\/","logo":{"@type":"ImageObject","inLanguage":"pt-BR","@id":"https:\/\/labnovalongevidade.org\/mapeamento2024\/#\/schema\/logo\/image\/","url":"https:\/\/labnovalongevidade.org\/mapeamento2024\/wp-content\/uploads\/2024\/06\/logo-lab-nova-longevidade-1.svg","contentUrl":"https:\/\/labnovalongevidade.org\/mapeamento2024\/wp-content\/uploads\/2024\/06\/logo-lab-nova-longevidade-1.svg","width":402,"height":104,"caption":"Nova Longevidade"},"image":{"@id":"https:\/\/labnovalongevidade.org\/mapeamento2024\/#\/schema\/logo\/image\/"}}]}},"_links":{"self":[{"href":"https:\/\/labnovalongevidade.org\/mapeamento2024\/wp-json\/wp\/v2\/pages\/12902","targetHints":{"allow":["GET"]}}],"collection":[{"href":"https:\/\/labnovalongevidade.org\/mapeamento2024\/wp-json\/wp\/v2\/pages"}],"about":[{"href":"https:\/\/labnovalongevidade.org\/mapeamento2024\/wp-json\/wp\/v2\/types\/page"}],"author":[{"embeddable":true,"href":"https:\/\/labnovalongevidade.org\/mapeamento2024\/wp-json\/wp\/v2\/users\/5"}],"replies":[{"embeddable":true,"href":"https:\/\/labnovalongevidade.org\/mapeamento2024\/wp-json\/wp\/v2\/comments?post=12902"}],"version-history":[{"count":38,"href":"https:\/\/labnovalongevidade.org\/mapeamento2024\/wp-json\/wp\/v2\/pages\/12902\/revisions"}],"predecessor-version":[{"id":15943,"href":"https:\/\/labnovalongevidade.org\/mapeamento2024\/wp-json\/wp\/v2\/pages\/12902\/revisions\/15943"}],"up":[{"embeddable":true,"href":"https:\/\/labnovalongevidade.org\/mapeamento2024\/wp-json\/wp\/v2\/pages\/12768"}],"wp:featuredmedia":[{"embeddable":true,"href":"https:\/\/labnovalongevidade.org\/mapeamento2024\/wp-json\/wp\/v2\/media\/13652"}],"wp:attachment":[{"href":"https:\/\/labnovalongevidade.org\/mapeamento2024\/wp-json\/wp\/v2\/media?parent=12902"}],"curies":[{"name":"wp","href":"https:\/\/api.w.org\/{rel}","templated":true}]}}