{"id":13171,"date":"2024-09-24T18:25:16","date_gmt":"2024-09-24T18:25:16","guid":{"rendered":"https:\/\/labnovalongevidade.org\/mapeamento2024\/?page_id=13171"},"modified":"2024-10-01T12:18:27","modified_gmt":"2024-10-01T12:18:27","slug":"sustentabilidade-e-educacao-socioambiental","status":"publish","type":"page","link":"https:\/\/labnovalongevidade.org\/mapeamento2024\/contribuicoes\/sustentabilidade-e-educacao-socioambiental\/","title":{"rendered":"Sustentabilidade e Educa\u00e7\u00e3o Socioambiental"},"content":{"rendered":"\t\t<div data-elementor-type=\"wp-page\" data-elementor-id=\"13171\" class=\"elementor elementor-13171\" data-elementor-post-type=\"page\">\n\t\t\t\t<div class=\"elementor-element elementor-element-b20c819 e-con-full e-flex e-con e-parent\" data-id=\"b20c819\" data-element_type=\"container\" data-settings=\"{&quot;wcf_enable_cursor_hover_effect_text&quot;:&quot;View&quot;,&quot;wcf-animation&quot;:&quot;none&quot;,&quot;wcf_pin_breakpoint&quot;:&quot;mobile&quot;}\">\n\t\t<div class=\"elementor-element elementor-element-a0dfcd1 e-flex e-con-boxed e-con e-child\" data-id=\"a0dfcd1\" data-element_type=\"container\" data-settings=\"{&quot;wcf_enable_cursor_hover_effect_text&quot;:&quot;View&quot;,&quot;background_background&quot;:&quot;classic&quot;,&quot;wcf-animation&quot;:&quot;none&quot;,&quot;wcf_pin_breakpoint&quot;:&quot;mobile&quot;}\">\n\t\t\t\t\t<div class=\"e-con-inner\">\n\t\t<div class=\"elementor-element elementor-element-d57efd8 e-con-full e-flex e-con e-child\" data-id=\"d57efd8\" data-element_type=\"container\" data-settings=\"{&quot;wcf_enable_cursor_hover_effect_text&quot;:&quot;View&quot;,&quot;wcf-animation&quot;:&quot;none&quot;,&quot;wcf_pin_breakpoint&quot;:&quot;mobile&quot;}\">\n\t\t<div class=\"elementor-element elementor-element-af93e5b e-con-full e-flex e-con e-child\" data-id=\"af93e5b\" data-element_type=\"container\" data-settings=\"{&quot;wcf_enable_cursor_hover_effect_text&quot;:&quot;View&quot;,&quot;wcf-animation&quot;:&quot;none&quot;,&quot;wcf_pin_breakpoint&quot;:&quot;mobile&quot;}\">\n\t\t<div class=\"elementor-element elementor-element-994657c e-con-full e-flex e-con e-child\" data-id=\"994657c\" data-element_type=\"container\" data-settings=\"{&quot;wcf_enable_cursor_hover_effect_text&quot;:&quot;View&quot;,&quot;wcf-animation&quot;:&quot;none&quot;,&quot;wcf_pin_breakpoint&quot;:&quot;mobile&quot;}\">\n\t\t\t\t<div class=\"elementor-element elementor-element-9792b14 elementor-widget elementor-widget-image\" data-id=\"9792b14\" data-element_type=\"widget\" data-settings=\"{&quot;wcf-image-animation&quot;:&quot;none&quot;,&quot;wcf-animation&quot;:&quot;none&quot;}\" data-widget_type=\"image.default\">\n\t\t\t\t<div class=\"elementor-widget-container\">\n\t\t\t\t\t\t\t\t\t\t\t\t\t\t\t<img fetchpriority=\"high\" decoding=\"async\" width=\"436\" height=\"361\" src=\"https:\/\/labnovalongevidade.org\/mapeamento2024\/wp-content\/uploads\/2024\/09\/15-2.jpg\" class=\"attachment-medium_large size-medium_large wp-image-13644\" alt=\"Uma senhora idosa auxilia a planta\u00e7\u00e3o de uma \u00e1rvore, com um grupo de quatro jovens\" srcset=\"https:\/\/labnovalongevidade.org\/mapeamento2024\/wp-content\/uploads\/2024\/09\/15-2.jpg 436w, https:\/\/labnovalongevidade.org\/mapeamento2024\/wp-content\/uploads\/2024\/09\/15-2-300x248.jpg 300w\" sizes=\"(max-width: 436px) 100vw, 436px\" \/>\t\t\t\t\t\t\t\t\t\t\t\t\t\t\t<\/div>\n\t\t\t\t<\/div>\n\t\t\t\t<\/div>\n\t\t<div class=\"elementor-element elementor-element-d85aefa e-con-full e-flex e-con e-child\" data-id=\"d85aefa\" data-element_type=\"container\" data-settings=\"{&quot;wcf_enable_cursor_hover_effect_text&quot;:&quot;View&quot;,&quot;wcf-animation&quot;:&quot;none&quot;,&quot;wcf_pin_breakpoint&quot;:&quot;mobile&quot;}\">\n\t\t\t\t<div class=\"elementor-element elementor-element-75a5f0d wcf-t-animation-none elementor-widget elementor-widget-heading\" data-id=\"75a5f0d\" data-element_type=\"widget\" data-settings=\"{&quot;wcf_text_animation&quot;:&quot;none&quot;,&quot;wcf-animation&quot;:&quot;none&quot;}\" data-widget_type=\"heading.default\">\n\t\t\t\t<div class=\"elementor-widget-container\">\n\t\t\t\t\t<p class=\"elementor-heading-title elementor-size-default\">22<\/p>\t\t\t\t<\/div>\n\t\t\t\t<\/div>\n\t\t\t\t<div class=\"elementor-element elementor-element-91f0fdb wcf-t-animation-char elementor-widget elementor-widget-wcf--title\" data-id=\"91f0fdb\" data-element_type=\"widget\" data-settings=\"{&quot;wcf_text_animation&quot;:&quot;char&quot;,&quot;text_delay&quot;:0.15,&quot;text_duration&quot;:1,&quot;text_stagger&quot;:0.02,&quot;text_on_scroll&quot;:&quot;yes&quot;,&quot;text_translate_x&quot;:20,&quot;text_translate_y&quot;:0,&quot;wcf-animation&quot;:&quot;none&quot;}\" data-widget_type=\"wcf--title.default\">\n\t\t\t\t<div class=\"elementor-widget-container\">\n\t\t\t\t\t<h1 class=\"wcf--title\">Sustentabilidade e Educa\u00e7\u00e3o Socioambiental<\/h1>\t\t\t\t<\/div>\n\t\t\t\t<\/div>\n\t\t\t\t<\/div>\n\t\t\t\t<\/div>\n\t\t\t\t<\/div>\n\t\t\t\t\t<\/div>\n\t\t\t\t<\/div>\n\t\t\t\t<\/div>\n\t\t<div class=\"elementor-element elementor-element-c90ceac e-flex e-con-boxed e-con e-parent\" data-id=\"c90ceac\" data-element_type=\"container\" data-settings=\"{&quot;wcf_enable_cursor_hover_effect_text&quot;:&quot;View&quot;,&quot;wcf-animation&quot;:&quot;none&quot;,&quot;wcf_pin_breakpoint&quot;:&quot;mobile&quot;}\">\n\t\t\t\t\t<div class=\"e-con-inner\">\n\t\t<div class=\"elementor-element elementor-element-9ff5bd0 e-flex e-con-boxed e-con e-child\" data-id=\"9ff5bd0\" data-element_type=\"container\" data-settings=\"{&quot;wcf_enable_cursor_hover_effect_text&quot;:&quot;View&quot;,&quot;wcf-animation&quot;:&quot;none&quot;,&quot;wcf_pin_breakpoint&quot;:&quot;mobile&quot;}\">\n\t\t\t\t\t<div class=\"e-con-inner\">\n\t\t<div class=\"elementor-element elementor-element-21c2e32 e-flex e-con-boxed e-con e-child\" data-id=\"21c2e32\" data-element_type=\"container\" data-settings=\"{&quot;wcf_enable_cursor_hover_effect_text&quot;:&quot;View&quot;,&quot;wcf-animation&quot;:&quot;none&quot;,&quot;wcf_pin_breakpoint&quot;:&quot;mobile&quot;}\">\n\t\t\t\t\t<div class=\"e-con-inner\">\n\t\t\t\t<div class=\"elementor-element elementor-element-39fd7c8 wcf-t-animation-none elementor-widget elementor-widget-text-editor\" data-id=\"39fd7c8\" data-element_type=\"widget\" data-settings=\"{&quot;wcf_text_animation&quot;:&quot;none&quot;,&quot;wcf-animation&quot;:&quot;none&quot;}\" data-widget_type=\"text-editor.default\">\n\t\t\t\t<div class=\"elementor-widget-container\">\n\t\t\t\t\t\t\t\t\tIniciativas que contribuem para a conscientiza\u00e7\u00e3o e educa\u00e7\u00e3o socioambiental e para desenvolvimento de <strong class=\"title-color-a\" style=\"font-weight: 900;\">pr\u00e1ticas sustent\u00e1veis<\/strong>.\t\t\t\t\t\t\t\t<\/div>\n\t\t\t\t<\/div>\n\t\t\t\t\t<\/div>\n\t\t\t\t<\/div>\n\t\t\t\t\t<\/div>\n\t\t\t\t<\/div>\n\t\t<div class=\"elementor-element elementor-element-a135d17 e-flex e-con-boxed e-con e-child\" data-id=\"a135d17\" data-element_type=\"container\" data-settings=\"{&quot;wcf_enable_cursor_hover_effect_text&quot;:&quot;View&quot;,&quot;wcf-animation&quot;:&quot;none&quot;,&quot;wcf_pin_breakpoint&quot;:&quot;mobile&quot;}\">\n\t\t\t\t\t<div class=\"e-con-inner\">\n\t\t<div class=\"elementor-element elementor-element-75fac3d e-con-full e-flex e-con e-child\" data-id=\"75fac3d\" data-element_type=\"container\" data-settings=\"{&quot;wcf_enable_cursor_hover_effect_text&quot;:&quot;View&quot;,&quot;wcf-animation&quot;:&quot;none&quot;,&quot;wcf_pin_breakpoint&quot;:&quot;mobile&quot;}\">\n\t\t\t\t<div class=\"elementor-element elementor-element-869674a elementor-widget elementor-widget-image\" data-id=\"869674a\" data-element_type=\"widget\" data-settings=\"{&quot;wcf-image-animation&quot;:&quot;none&quot;,&quot;wcf-animation&quot;:&quot;none&quot;}\" data-widget_type=\"image.default\">\n\t\t\t\t<div class=\"elementor-widget-container\">\n\t\t\t\t\t\t\t\t\t\t\t\t\t\t\t<img decoding=\"async\" width=\"294\" height=\"300\" src=\"https:\/\/labnovalongevidade.org\/mapeamento2024\/wp-content\/uploads\/2024\/09\/Ativo-4-294x300.png\" class=\"attachment-medium size-medium wp-image-12552\" alt=\"Mapa regi\u00e3o sudeste do Brasil\" srcset=\"https:\/\/labnovalongevidade.org\/mapeamento2024\/wp-content\/uploads\/2024\/09\/Ativo-4-294x300.png 294w, https:\/\/labnovalongevidade.org\/mapeamento2024\/wp-content\/uploads\/2024\/09\/Ativo-4.png 726w\" sizes=\"(max-width: 294px) 100vw, 294px\" \/>\t\t\t\t\t\t\t\t\t\t\t\t\t\t\t<\/div>\n\t\t\t\t<\/div>\n\t\t\t\t<\/div>\n\t\t<div class=\"elementor-element elementor-element-e1acd42 e-con-full e-flex e-con e-child\" data-id=\"e1acd42\" data-element_type=\"container\" data-settings=\"{&quot;wcf_enable_cursor_hover_effect_text&quot;:&quot;View&quot;,&quot;wcf-animation&quot;:&quot;none&quot;,&quot;wcf_pin_breakpoint&quot;:&quot;mobile&quot;}\">\n\t\t\t\t<div class=\"elementor-element elementor-element-6831d61 wcf-t-animation-none elementor-widget elementor-widget-text-editor\" data-id=\"6831d61\" data-element_type=\"widget\" data-settings=\"{&quot;wcf_text_animation&quot;:&quot;none&quot;,&quot;wcf-animation&quot;:&quot;none&quot;}\" data-widget_type=\"text-editor.default\">\n\t\t\t\t<div class=\"elementor-widget-container\">\n\t\t\t\t\t\t\t\t\t<p><span style=\"font-weight: 400;\">De Botucatu, S\u00e3o Paulo, com atua\u00e7\u00e3o tamb\u00e9m nos estado do Piau\u00ed, Bahia, Maranh\u00e3o e Par\u00e1, o <\/span><b>Instituto Floravida<\/b><span style=\"font-weight: 400;\"> possui a miss\u00e3o de contribuir com a transforma\u00e7\u00e3o socioambiental das comunidades inseridas em suas iniciativas, promovendo a educa\u00e7\u00e3o em defesa da vida. Seus programas contemplam iniciativas de bioeconomia, educa\u00e7\u00e3o, sa\u00fade coletiva, conserva\u00e7\u00e3o de flora e fauna e desenvolvimento territorial. Entre eles, o programa Coletivo 60+ \u00e9 um Servi\u00e7o de Conviv\u00eancia e Fortalecimento de V\u00ednculo (SCFV) que mant\u00e9m ampla articula\u00e7\u00e3o com a rede Socioassistencial do Munic\u00edpio, com o Sistema de Garantia de Direitos e com outras pol\u00edticas setoriais. Visando parcerias com outros agentes e institui\u00e7\u00f5es possibilitando a amplia\u00e7\u00e3o das atividades oferecidas, bem como a diversifica\u00e7\u00e3o de temas trabalhados, especialmente os relativos \u00e0s pol\u00edticas de sa\u00fade, educa\u00e7\u00e3o socioambiental e cultura, como campanhas educativas e preventivas.<\/span><\/p>\t\t\t\t\t\t\t\t<\/div>\n\t\t\t\t<\/div>\n\t\t\t\t<\/div>\n\t\t\t\t\t<\/div>\n\t\t\t\t<\/div>\n\t\t<div class=\"elementor-element elementor-element-839e181 e-flex e-con-boxed e-con e-child\" data-id=\"839e181\" data-element_type=\"container\" data-settings=\"{&quot;wcf_enable_cursor_hover_effect_text&quot;:&quot;View&quot;,&quot;wcf-animation&quot;:&quot;none&quot;,&quot;wcf_pin_breakpoint&quot;:&quot;mobile&quot;}\">\n\t\t\t\t\t<div class=\"e-con-inner\">\n\t\t<div class=\"elementor-element elementor-element-d1af9c7 e-con-full e-flex e-con e-child\" data-id=\"d1af9c7\" data-element_type=\"container\" data-settings=\"{&quot;wcf_enable_cursor_hover_effect_text&quot;:&quot;View&quot;,&quot;wcf-animation&quot;:&quot;none&quot;,&quot;wcf_pin_breakpoint&quot;:&quot;mobile&quot;}\">\n\t\t\t\t<div class=\"elementor-element elementor-element-1d50b49 elementor-widget elementor-widget-image\" data-id=\"1d50b49\" data-element_type=\"widget\" data-settings=\"{&quot;wcf-image-animation&quot;:&quot;none&quot;,&quot;wcf-animation&quot;:&quot;none&quot;}\" data-widget_type=\"image.default\">\n\t\t\t\t<div class=\"elementor-widget-container\">\n\t\t\t\t\t\t\t\t\t\t\t\t\t\t\t<img decoding=\"async\" width=\"294\" height=\"300\" src=\"https:\/\/labnovalongevidade.org\/mapeamento2024\/wp-content\/uploads\/2024\/09\/Ativo-1-294x300.png\" class=\"attachment-medium size-medium wp-image-12554\" alt=\"Mapa regi\u00e3o nordeste do Brasil\" srcset=\"https:\/\/labnovalongevidade.org\/mapeamento2024\/wp-content\/uploads\/2024\/09\/Ativo-1-294x300.png 294w, https:\/\/labnovalongevidade.org\/mapeamento2024\/wp-content\/uploads\/2024\/09\/Ativo-1.png 726w\" sizes=\"(max-width: 294px) 100vw, 294px\" \/>\t\t\t\t\t\t\t\t\t\t\t\t\t\t\t<\/div>\n\t\t\t\t<\/div>\n\t\t\t\t<\/div>\n\t\t<div class=\"elementor-element elementor-element-a78102d e-con-full e-flex e-con e-child\" data-id=\"a78102d\" data-element_type=\"container\" data-settings=\"{&quot;wcf_enable_cursor_hover_effect_text&quot;:&quot;View&quot;,&quot;wcf-animation&quot;:&quot;none&quot;,&quot;wcf_pin_breakpoint&quot;:&quot;mobile&quot;}\">\n\t\t\t\t<div class=\"elementor-element elementor-element-fd1c5c8 wcf-t-animation-none elementor-widget elementor-widget-text-editor\" data-id=\"fd1c5c8\" data-element_type=\"widget\" data-settings=\"{&quot;wcf_text_animation&quot;:&quot;none&quot;,&quot;wcf-animation&quot;:&quot;none&quot;}\" data-widget_type=\"text-editor.default\">\n\t\t\t\t<div class=\"elementor-widget-container\">\n\t\t\t\t\t\t\t\t\t<p><span style=\"font-weight: 400;\">Na Lagoa do Itaenga, em Pernambuco, o <\/span><b>Projeto Verdeporto \u2013 Idosos e Meio Ambiente<\/b><span style=\"font-weight: 400;\"> tem o objetivo de envolver pessoas idosas na forma\u00e7\u00e3o em Agentes de Desenvolvimento Ambiental, no reflorestamento e na arboriza\u00e7\u00e3o da cidade, recuperando \u00e1reas degradadas, para a promo\u00e7\u00e3o da qualidade de vida e para um meio ambiente sustent\u00e1vel. Tem o compromisso com mobiliza\u00e7\u00f5es educativas no territ\u00f3rio tur\u00edstico do Complexo de Suape e prev\u00ea o reflorestamento de \u00e1reas, com o plantio de 10mil mudas de \u00e1rvores nativas por ano.<\/span><\/p>\t\t\t\t\t\t\t\t<\/div>\n\t\t\t\t<\/div>\n\t\t\t\t<\/div>\n\t\t\t\t\t<\/div>\n\t\t\t\t<\/div>\n\t\t<div class=\"elementor-element elementor-element-abab0cc e-flex e-con-boxed e-con e-child\" data-id=\"abab0cc\" data-element_type=\"container\" data-settings=\"{&quot;wcf_enable_cursor_hover_effect_text&quot;:&quot;View&quot;,&quot;wcf-animation&quot;:&quot;none&quot;,&quot;wcf_pin_breakpoint&quot;:&quot;mobile&quot;}\">\n\t\t\t\t\t<div class=\"e-con-inner\">\n\t\t<div class=\"elementor-element elementor-element-5b587de e-con-full e-flex e-con e-child\" data-id=\"5b587de\" data-element_type=\"container\" data-settings=\"{&quot;wcf_enable_cursor_hover_effect_text&quot;:&quot;View&quot;,&quot;wcf-animation&quot;:&quot;none&quot;,&quot;wcf_pin_breakpoint&quot;:&quot;mobile&quot;}\">\n\t\t\t\t<div class=\"elementor-element elementor-element-dc35785 elementor-widget elementor-widget-image\" data-id=\"dc35785\" data-element_type=\"widget\" data-settings=\"{&quot;wcf-image-animation&quot;:&quot;none&quot;,&quot;wcf-animation&quot;:&quot;none&quot;}\" data-widget_type=\"image.default\">\n\t\t\t\t<div class=\"elementor-widget-container\">\n\t\t\t\t\t\t\t\t\t\t\t\t\t\t\t<img decoding=\"async\" width=\"294\" height=\"300\" src=\"https:\/\/labnovalongevidade.org\/mapeamento2024\/wp-content\/uploads\/2024\/09\/Ativo-1-294x300.png\" class=\"attachment-medium size-medium wp-image-12554\" alt=\"Mapa regi\u00e3o nordeste do Brasil\" srcset=\"https:\/\/labnovalongevidade.org\/mapeamento2024\/wp-content\/uploads\/2024\/09\/Ativo-1-294x300.png 294w, https:\/\/labnovalongevidade.org\/mapeamento2024\/wp-content\/uploads\/2024\/09\/Ativo-1.png 726w\" sizes=\"(max-width: 294px) 100vw, 294px\" \/>\t\t\t\t\t\t\t\t\t\t\t\t\t\t\t<\/div>\n\t\t\t\t<\/div>\n\t\t\t\t<\/div>\n\t\t<div class=\"elementor-element elementor-element-3d5b6f7 e-con-full e-flex e-con e-child\" data-id=\"3d5b6f7\" data-element_type=\"container\" data-settings=\"{&quot;wcf_enable_cursor_hover_effect_text&quot;:&quot;View&quot;,&quot;wcf-animation&quot;:&quot;none&quot;,&quot;wcf_pin_breakpoint&quot;:&quot;mobile&quot;}\">\n\t\t\t\t<div class=\"elementor-element elementor-element-43c8774 wcf-t-animation-none elementor-widget elementor-widget-text-editor\" data-id=\"43c8774\" data-element_type=\"widget\" data-settings=\"{&quot;wcf_text_animation&quot;:&quot;none&quot;,&quot;wcf-animation&quot;:&quot;none&quot;}\" data-widget_type=\"text-editor.default\">\n\t\t\t\t<div class=\"elementor-widget-container\">\n\t\t\t\t\t\t\t\t\t<p><span style=\"font-weight: 400;\">Em Recife, Pernambuco, o <strong>SERTA , Servi\u00e7o de Tecnologia Alternativa<\/strong>, trabalha com 600 pessoas idosas com \u00eanfase na agricultura urbana, que chegou como uma necessidade de valoriza\u00e7\u00e3o da vida nos aspectos social, econ\u00f4mico, cultural e acima de tudo ambiental. As a\u00e7\u00f5es do <\/span><b>Projeto Vida Saud\u00e1vel nos Morros<\/b><span style=\"font-weight: 400;\"> desenvolvem a\u00e7\u00f5es educativas sobre agricultura urbana org\u00e2nica, seguran\u00e7a alimentar e qualidade nutricional com idosos e suas fam\u00edlias por meio da implementa\u00e7\u00e3o de quintais ecoprodutivos e hortas comunit\u00e1rias, promovendo a seguran\u00e7a alimentar e nutricional, bem como a gera\u00e7\u00e3o de renda e o protagonismo de idosos das comunidades Alto Jos\u00e9 do Pinho e Vila Santa Luzia, no Recife. Al\u00e9m de abordar os desafios da popula\u00e7\u00e3o idosa, com atividades de fomento ao envelhecimento ativo, estrutura feiras agroecol\u00f3gicas para comercializa\u00e7\u00e3o do excedente da produ\u00e7\u00e3o dos quintais produtivos e hortas comunit\u00e1rias, garantindo a gera\u00e7\u00e3o de renda e a socializa\u00e7\u00e3o das pessoas idosas.<\/span><\/p>\t\t\t\t\t\t\t\t<\/div>\n\t\t\t\t<\/div>\n\t\t\t\t<\/div>\n\t\t\t\t\t<\/div>\n\t\t\t\t<\/div>\n\t\t<div class=\"elementor-element elementor-element-183adc4 e-flex e-con-boxed e-con e-child\" data-id=\"183adc4\" data-element_type=\"container\" data-settings=\"{&quot;wcf_enable_cursor_hover_effect_text&quot;:&quot;View&quot;,&quot;wcf-animation&quot;:&quot;none&quot;,&quot;wcf_pin_breakpoint&quot;:&quot;mobile&quot;}\">\n\t\t\t\t\t<div class=\"e-con-inner\">\n\t\t<div class=\"elementor-element elementor-element-2f356c9 e-con-full e-flex e-con e-child\" data-id=\"2f356c9\" data-element_type=\"container\" data-settings=\"{&quot;wcf_enable_cursor_hover_effect_text&quot;:&quot;View&quot;,&quot;wcf-animation&quot;:&quot;none&quot;,&quot;wcf_pin_breakpoint&quot;:&quot;mobile&quot;}\">\n\t\t\t\t<div class=\"elementor-element elementor-element-f7e6258 elementor-widget elementor-widget-image\" data-id=\"f7e6258\" data-element_type=\"widget\" data-settings=\"{&quot;wcf-image-animation&quot;:&quot;none&quot;,&quot;wcf-animation&quot;:&quot;none&quot;}\" data-widget_type=\"image.default\">\n\t\t\t\t<div class=\"elementor-widget-container\">\n\t\t\t\t\t\t\t\t\t\t\t\t\t\t\t<img decoding=\"async\" width=\"294\" height=\"300\" src=\"https:\/\/labnovalongevidade.org\/mapeamento2024\/wp-content\/uploads\/2024\/09\/Ativo-1-294x300.png\" class=\"attachment-medium size-medium wp-image-12554\" alt=\"Mapa regi\u00e3o nordeste do Brasil\" srcset=\"https:\/\/labnovalongevidade.org\/mapeamento2024\/wp-content\/uploads\/2024\/09\/Ativo-1-294x300.png 294w, https:\/\/labnovalongevidade.org\/mapeamento2024\/wp-content\/uploads\/2024\/09\/Ativo-1.png 726w\" sizes=\"(max-width: 294px) 100vw, 294px\" \/>\t\t\t\t\t\t\t\t\t\t\t\t\t\t\t<\/div>\n\t\t\t\t<\/div>\n\t\t\t\t<\/div>\n\t\t<div class=\"elementor-element elementor-element-5c31770 e-con-full e-flex e-con e-child\" data-id=\"5c31770\" data-element_type=\"container\" data-settings=\"{&quot;wcf_enable_cursor_hover_effect_text&quot;:&quot;View&quot;,&quot;wcf-animation&quot;:&quot;none&quot;,&quot;wcf_pin_breakpoint&quot;:&quot;mobile&quot;}\">\n\t\t\t\t<div class=\"elementor-element elementor-element-bb80682 wcf-t-animation-none elementor-widget elementor-widget-text-editor\" data-id=\"bb80682\" data-element_type=\"widget\" data-settings=\"{&quot;wcf_text_animation&quot;:&quot;none&quot;,&quot;wcf-animation&quot;:&quot;none&quot;}\" data-widget_type=\"text-editor.default\">\n\t\t\t\t<div class=\"elementor-widget-container\">\n\t\t\t\t\t\t\t\t\t<p><span style=\"font-weight: 400;\">Na Lagoa do Itaenga, em Pernambuco, a <strong>Associa\u00e7\u00e3o Centro Cultural Raio de Luz<\/strong> desenvolve a\u00e7\u00f5es, articula\u00e7\u00f5es e projetos sociais que favore\u00e7am o resgate e a viv\u00eancia dos valores culturais, da cidadania, da organiza\u00e7\u00e3o comunit\u00e1ria, da preserva\u00e7\u00e3o do meio ambiente e da mobiliza\u00e7\u00e3o dos indiv\u00edduos. O<\/span><b> projeto Reciclar Como Direito <\/b><span style=\"font-weight: 400;\">de mobiliza\u00e7\u00e3o socioambiental \u00e9 dirigido \u00e0 popula\u00e7\u00e3o idosa e promover a conscientiza\u00e7\u00e3o e a\u00e7\u00f5es pr\u00e1ticas sobre o cuidado com o meio ambiente, com oficinas sobre gest\u00e3o de res\u00edduos s\u00f3lidos, reciclagem, e outras atividades relacionadas \u00e0 sustentabilidade, todas pensadas para os 60+.<\/span><\/p>\t\t\t\t\t\t\t\t<\/div>\n\t\t\t\t<\/div>\n\t\t\t\t<\/div>\n\t\t\t\t\t<\/div>\n\t\t\t\t<\/div>\n\t\t\t\t\t<\/div>\n\t\t\t\t<\/div>\n\t\t<div class=\"elementor-element elementor-element-6f218e0 e-flex e-con-boxed e-con e-parent\" data-id=\"6f218e0\" data-element_type=\"container\" data-settings=\"{&quot;wcf_enable_cursor_hover_effect_text&quot;:&quot;View&quot;,&quot;wcf-animation&quot;:&quot;none&quot;,&quot;wcf_pin_breakpoint&quot;:&quot;mobile&quot;}\">\n\t\t\t\t\t<div class=\"e-con-inner\">\n\t\t<div class=\"elementor-element elementor-element-2958e79 e-con-full e-flex e-con e-child\" data-id=\"2958e79\" data-element_type=\"container\" data-settings=\"{&quot;wcf_enable_cursor_hover_effect_text&quot;:&quot;View&quot;,&quot;wcf-animation&quot;:&quot;none&quot;,&quot;wcf_pin_breakpoint&quot;:&quot;mobile&quot;}\">\n\t\t\t\t<div class=\"elementor-element elementor-element-5a0fe03 wcf-t-animation-none elementor-widget elementor-widget-text-editor\" data-id=\"5a0fe03\" data-element_type=\"widget\" data-settings=\"{&quot;wcf_text_animation&quot;:&quot;none&quot;,&quot;wcf-animation&quot;:&quot;none&quot;}\" data-widget_type=\"text-editor.default\">\n\t\t\t\t<div class=\"elementor-widget-container\">\n\t\t\t\t\t\t\t\t\t<span class=\"title-color-a\" style=\"font-weight: bold;\">Conhe\u00e7a mais<\/span> inova\u00e7\u00f5es contribuindo para repensar o envelhecimento no Brasil\t\t\t\t\t\t\t\t<\/div>\n\t\t\t\t<\/div>\n\t\t\t\t<\/div>\n\t\t\t\t\t<\/div>\n\t\t\t\t<\/div>\n\t\t<div class=\"elementor-element elementor-element-13c96f7 e-flex e-con-boxed e-con e-parent\" data-id=\"13c96f7\" data-element_type=\"container\" data-settings=\"{&quot;wcf_enable_cursor_hover_effect_text&quot;:&quot;View&quot;,&quot;wcf-animation&quot;:&quot;none&quot;,&quot;wcf_pin_breakpoint&quot;:&quot;mobile&quot;}\">\n\t\t\t\t\t<div class=\"e-con-inner\">\n\t\t<div class=\"elementor-element elementor-element-f507482 e-con-full e-flex e-con e-child\" data-id=\"f507482\" data-element_type=\"container\" data-settings=\"{&quot;wcf_enable_cursor_hover_effect_text&quot;:&quot;View&quot;,&quot;wcf-animation&quot;:&quot;none&quot;,&quot;wcf_pin_breakpoint&quot;:&quot;mobile&quot;}\">\n\t\t<div class=\"elementor-element elementor-element-8f73f0d e-con-full e-flex e-con e-child\" data-id=\"8f73f0d\" data-element_type=\"container\" data-settings=\"{&quot;wcf_enable_cursor_hover_effect_text&quot;:&quot;View&quot;,&quot;wcf-animation&quot;:&quot;none&quot;,&quot;wcf_pin_breakpoint&quot;:&quot;mobile&quot;}\">\n\t\t<div class=\"elementor-element elementor-element-dc23674 e-con-full e-flex e-con e-child\" data-id=\"dc23674\" data-element_type=\"container\" data-settings=\"{&quot;wcf_enable_cursor_hover_effect_text&quot;:&quot;View&quot;,&quot;wcf-animation&quot;:&quot;none&quot;,&quot;wcf_pin_breakpoint&quot;:&quot;mobile&quot;}\">\n\t\t\t\t<div class=\"elementor-element elementor-element-08b194b elementor-widget elementor-widget-image\" data-id=\"08b194b\" data-element_type=\"widget\" data-settings=\"{&quot;wcf-image-animation&quot;:&quot;none&quot;,&quot;wcf-animation&quot;:&quot;none&quot;}\" data-widget_type=\"image.default\">\n\t\t\t\t<div class=\"elementor-widget-container\">\n\t\t\t\t\t\t\t\t\t\t\t\t\t\t\t\t<a href=\"https:\/\/labnovalongevidade.org\/mapeamento2024\/contribuicoes\/novas-formas-de-moradia\/\">\n\t\t\t\t\t\t\t<img decoding=\"async\" src=\"https:\/\/labnovalongevidade.org\/mapeamento2024\/wp-content\/uploads\/elementor\/thumbs\/14-2-qumq8tk830f4np2zhja65zo57hxpxf5spj4pco688o.jpg\" title=\"Mapeamento do Ecossistema de Inova\u00e7\u00e3o Social e Longevidade\" alt=\"Duas senhoras est\u00e3o bem de frente. Uma tem fones grandes de ouvido que est\u00e3o baixados na altura do pesco\u00e7o e, a outra, tem cabelos ruivos e veste um moleton branco\" loading=\"lazy\" \/>\t\t\t\t\t\t\t\t<\/a>\n\t\t\t\t\t\t\t\t\t\t\t\t\t\t\t<\/div>\n\t\t\t\t<\/div>\n\t\t\t\t<\/div>\n\t\t<div class=\"elementor-element elementor-element-496d0f3 e-con-full e-flex e-con e-child\" data-id=\"496d0f3\" data-element_type=\"container\" data-settings=\"{&quot;wcf_enable_cursor_hover_effect_text&quot;:&quot;View&quot;,&quot;wcf-animation&quot;:&quot;none&quot;,&quot;wcf_pin_breakpoint&quot;:&quot;mobile&quot;}\">\n\t\t<div class=\"elementor-element elementor-element-13577aa e-con-full e-flex e-con e-child\" data-id=\"13577aa\" data-element_type=\"container\" data-settings=\"{&quot;wcf_enable_cursor_hover_effect_text&quot;:&quot;View&quot;,&quot;wcf-animation&quot;:&quot;none&quot;,&quot;wcf_pin_breakpoint&quot;:&quot;mobile&quot;}\">\n\t\t\t\t<div class=\"elementor-element elementor-element-feaac14 wcf-t-animation-none elementor-widget elementor-widget-heading\" data-id=\"feaac14\" data-element_type=\"widget\" data-settings=\"{&quot;wcf_text_animation&quot;:&quot;none&quot;,&quot;wcf-animation&quot;:&quot;none&quot;}\" data-widget_type=\"heading.default\">\n\t\t\t\t<div class=\"elementor-widget-container\">\n\t\t\t\t\t<div class=\"elementor-heading-title elementor-size-default\">Explore<\/div>\t\t\t\t<\/div>\n\t\t\t\t<\/div>\n\t\t\t\t<div class=\"elementor-element elementor-element-cd0e464 wcf-t-animation-none elementor-widget elementor-widget-heading\" data-id=\"cd0e464\" data-element_type=\"widget\" data-settings=\"{&quot;wcf_text_animation&quot;:&quot;none&quot;,&quot;wcf-animation&quot;:&quot;none&quot;}\" data-widget_type=\"heading.default\">\n\t\t\t\t<div class=\"elementor-widget-container\">\n\t\t\t\t\t<h2 class=\"elementor-heading-title elementor-size-default\"><a href=\"https:\/\/labnovalongevidade.org\/mapeamento2024\/contribuicoes\/novas-formas-de-moradia\/\">Novas Formas de Moradia<\/a><\/h2>\t\t\t\t<\/div>\n\t\t\t\t<\/div>\n\t\t\t\t<div class=\"elementor-element elementor-element-4b517ef elementor-align-justify elementor-widget elementor-widget-button\" data-id=\"4b517ef\" data-element_type=\"widget\" data-settings=\"{&quot;wcf-animation&quot;:&quot;none&quot;}\" data-widget_type=\"button.default\">\n\t\t\t\t<div class=\"elementor-widget-container\">\n\t\t\t\t\t\t\t\t\t<div class=\"elementor-button-wrapper\">\n\t\t\t\t\t<a class=\"elementor-button elementor-button-link elementor-size-sm\" href=\"https:\/\/labnovalongevidade.org\/mapeamento2024\/contribuicoes\/novas-formas-de-moradia\/\">\n\t\t\t\t\t\t<span class=\"elementor-button-content-wrapper\">\n\t\t\t\t\t\t\t\t\t<span class=\"elementor-button-text\">Leia Agora >><\/span>\n\t\t\t\t\t<\/span>\n\t\t\t\t\t<\/a>\n\t\t\t\t<\/div>\n\t\t\t\t\t\t\t\t<\/div>\n\t\t\t\t<\/div>\n\t\t\t\t<\/div>\n\t\t\t\t<\/div>\n\t\t\t\t<\/div>\n\t\t<div class=\"elementor-element elementor-element-b904dc7 e-con-full e-flex e-con e-child\" data-id=\"b904dc7\" data-element_type=\"container\" data-settings=\"{&quot;wcf_enable_cursor_hover_effect_text&quot;:&quot;View&quot;,&quot;wcf-animation&quot;:&quot;none&quot;,&quot;wcf_pin_breakpoint&quot;:&quot;mobile&quot;}\">\n\t\t<div class=\"elementor-element elementor-element-7bb0a51 e-con-full e-flex e-con e-child\" data-id=\"7bb0a51\" data-element_type=\"container\" data-settings=\"{&quot;wcf_enable_cursor_hover_effect_text&quot;:&quot;View&quot;,&quot;wcf-animation&quot;:&quot;none&quot;,&quot;wcf_pin_breakpoint&quot;:&quot;mobile&quot;}\">\n\t\t\t\t<div class=\"elementor-element elementor-element-0103df8 elementor-widget elementor-widget-image\" data-id=\"0103df8\" data-element_type=\"widget\" data-settings=\"{&quot;wcf-image-animation&quot;:&quot;none&quot;,&quot;wcf-animation&quot;:&quot;none&quot;}\" data-widget_type=\"image.default\">\n\t\t\t\t<div class=\"elementor-widget-container\">\n\t\t\t\t\t\t\t\t\t\t\t\t\t\t\t\t<a href=\"https:\/\/labnovalongevidade.org\/mapeamento2024\/contribuicoes\/protecao-emergencial-seguranca-alimentar\/\">\n\t\t\t\t\t\t\t<img decoding=\"async\" src=\"https:\/\/labnovalongevidade.org\/mapeamento2024\/wp-content\/uploads\/elementor\/thumbs\/25-1-qumq8fgn8hvttjngrv6rml88apv7pyltnlcf5ir4u0.jpg\" title=\"Mapeamento do Ecossistema de Inova\u00e7\u00e3o Social e Longevidade\" alt=\"Uma senhora idosa muito estilosa, usa chap\u00e9u de abas grandes vermelho, \u00f3culos de sol e d\u00e1 um sorriso discreto\" loading=\"lazy\" \/>\t\t\t\t\t\t\t\t<\/a>\n\t\t\t\t\t\t\t\t\t\t\t\t\t\t\t<\/div>\n\t\t\t\t<\/div>\n\t\t\t\t<\/div>\n\t\t<div class=\"elementor-element elementor-element-57ceb65 e-con-full e-flex e-con e-child\" data-id=\"57ceb65\" data-element_type=\"container\" data-settings=\"{&quot;wcf_enable_cursor_hover_effect_text&quot;:&quot;View&quot;,&quot;wcf-animation&quot;:&quot;none&quot;,&quot;wcf_pin_breakpoint&quot;:&quot;mobile&quot;}\">\n\t\t<div class=\"elementor-element elementor-element-a07489e e-con-full e-flex e-con e-child\" data-id=\"a07489e\" data-element_type=\"container\" data-settings=\"{&quot;wcf_enable_cursor_hover_effect_text&quot;:&quot;View&quot;,&quot;wcf-animation&quot;:&quot;none&quot;,&quot;wcf_pin_breakpoint&quot;:&quot;mobile&quot;}\">\n\t\t\t\t<div class=\"elementor-element elementor-element-74dc7f0 wcf-t-animation-none elementor-widget elementor-widget-heading\" data-id=\"74dc7f0\" data-element_type=\"widget\" data-settings=\"{&quot;wcf_text_animation&quot;:&quot;none&quot;,&quot;wcf-animation&quot;:&quot;none&quot;}\" data-widget_type=\"heading.default\">\n\t\t\t\t<div class=\"elementor-widget-container\">\n\t\t\t\t\t<div class=\"elementor-heading-title elementor-size-default\">Explore<\/div>\t\t\t\t<\/div>\n\t\t\t\t<\/div>\n\t\t\t\t<div class=\"elementor-element elementor-element-2e95cbf wcf-t-animation-none elementor-widget elementor-widget-heading\" data-id=\"2e95cbf\" data-element_type=\"widget\" data-settings=\"{&quot;wcf_text_animation&quot;:&quot;none&quot;,&quot;wcf-animation&quot;:&quot;none&quot;}\" data-widget_type=\"heading.default\">\n\t\t\t\t<div class=\"elementor-widget-container\">\n\t\t\t\t\t<h2 class=\"elementor-heading-title elementor-size-default\"><a href=\"https:\/\/labnovalongevidade.org\/mapeamento2024\/contribuicoes\/protecao-emergencial-seguranca-alimentar\/\">Prote\u00e7\u00e3o Emergencial, Seguran\u00e7a Alimentar<\/a><\/h2>\t\t\t\t<\/div>\n\t\t\t\t<\/div>\n\t\t\t\t<div class=\"elementor-element elementor-element-b96abbc elementor-align-justify elementor-widget elementor-widget-button\" data-id=\"b96abbc\" data-element_type=\"widget\" data-settings=\"{&quot;wcf-animation&quot;:&quot;none&quot;}\" data-widget_type=\"button.default\">\n\t\t\t\t<div class=\"elementor-widget-container\">\n\t\t\t\t\t\t\t\t\t<div class=\"elementor-button-wrapper\">\n\t\t\t\t\t<a class=\"elementor-button elementor-button-link elementor-size-sm\" href=\"https:\/\/labnovalongevidade.org\/mapeamento2024\/contribuicoes\/protecao-emergencial-seguranca-alimentar\/\">\n\t\t\t\t\t\t<span class=\"elementor-button-content-wrapper\">\n\t\t\t\t\t\t\t\t\t<span class=\"elementor-button-text\">Leia Agora >><\/span>\n\t\t\t\t\t<\/span>\n\t\t\t\t\t<\/a>\n\t\t\t\t<\/div>\n\t\t\t\t\t\t\t\t<\/div>\n\t\t\t\t<\/div>\n\t\t\t\t<\/div>\n\t\t\t\t<\/div>\n\t\t\t\t<\/div>\n\t\t\t\t<\/div>\n\t\t\t\t\t<\/div>\n\t\t\t\t<\/div>\n\t\t\t\t<\/div>\n\t\t","protected":false},"excerpt":{"rendered":"<p>22 Sustentabilidade e Educa\u00e7\u00e3o Socioambiental Iniciativas que contribuem para a conscientiza\u00e7\u00e3o e educa\u00e7\u00e3o socioambiental e para desenvolvimento de pr\u00e1ticas sustent\u00e1veis. De Botucatu, S\u00e3o Paulo, com atua\u00e7\u00e3o tamb\u00e9m nos estado do Piau\u00ed, Bahia, Maranh\u00e3o e Par\u00e1, o Instituto Floravida possui a miss\u00e3o de contribuir com a transforma\u00e7\u00e3o socioambiental das comunidades inseridas em suas iniciativas, promovendo a [&hellip;]<\/p>\n","protected":false},"author":5,"featured_media":13644,"parent":12768,"menu_order":0,"comment_status":"closed","ping_status":"closed","template":"elementor_header_footer","meta":{"_acf_changed":false,"footnotes":""},"class_list":["post-13171","page","type-page","status-publish","has-post-thumbnail","hentry"],"acf":[],"yoast_head":"<!-- This site is optimized with the Yoast SEO plugin v24.1 - https:\/\/yoast.com\/wordpress\/plugins\/seo\/ -->\n<title>Lab Nova Longevidade | Sustentabilidade e Socioambiental<\/title>\n<meta name=\"description\" content=\"Iniciativas que contribuem para a conscientiza\u00e7\u00e3o e educa\u00e7\u00e3o socioambiental e para desenvolvimento de pr\u00e1ticas sustent\u00e1veis.\" \/>\n<meta name=\"robots\" content=\"index, follow, max-snippet:-1, max-image-preview:large, max-video-preview:-1\" \/>\n<link rel=\"canonical\" href=\"https:\/\/labnovalongevidade.org\/mapeamento2024\/contribuicoes\/sustentabilidade-e-educacao-socioambiental\/\" \/>\n<meta property=\"og:locale\" content=\"pt_BR\" \/>\n<meta property=\"og:type\" content=\"article\" \/>\n<meta property=\"og:title\" content=\"Lab Nova Longevidade | Sustentabilidade e Socioambiental\" \/>\n<meta property=\"og:description\" content=\"Iniciativas que contribuem para a conscientiza\u00e7\u00e3o e educa\u00e7\u00e3o socioambiental e para desenvolvimento de pr\u00e1ticas sustent\u00e1veis.\" \/>\n<meta property=\"og:url\" content=\"https:\/\/labnovalongevidade.org\/mapeamento2024\/contribuicoes\/sustentabilidade-e-educacao-socioambiental\/\" \/>\n<meta property=\"og:site_name\" content=\"Lab Nova Longevidade\" \/>\n<meta property=\"article:modified_time\" content=\"2024-10-01T12:18:27+00:00\" \/>\n<meta property=\"og:image\" content=\"https:\/\/labnovalongevidade.org\/mapeamento2024\/wp-content\/uploads\/2024\/09\/15-2.jpg\" \/>\n\t<meta property=\"og:image:width\" content=\"436\" \/>\n\t<meta property=\"og:image:height\" content=\"361\" \/>\n\t<meta property=\"og:image:type\" content=\"image\/jpeg\" \/>\n<meta name=\"twitter:card\" content=\"summary_large_image\" \/>\n<meta name=\"twitter:label1\" content=\"Est. tempo de leitura\" \/>\n\t<meta name=\"twitter:data1\" content=\"5 minutos\" \/>\n<script type=\"application\/ld+json\" class=\"yoast-schema-graph\">{\"@context\":\"https:\/\/schema.org\",\"@graph\":[{\"@type\":\"WebPage\",\"@id\":\"https:\/\/labnovalongevidade.org\/mapeamento2024\/contribuicoes\/sustentabilidade-e-educacao-socioambiental\/\",\"url\":\"https:\/\/labnovalongevidade.org\/mapeamento2024\/contribuicoes\/sustentabilidade-e-educacao-socioambiental\/\",\"name\":\"Lab Nova Longevidade | Sustentabilidade e Socioambiental\",\"isPartOf\":{\"@id\":\"https:\/\/labnovalongevidade.org\/mapeamento2024\/#website\"},\"primaryImageOfPage\":{\"@id\":\"https:\/\/labnovalongevidade.org\/mapeamento2024\/contribuicoes\/sustentabilidade-e-educacao-socioambiental\/#primaryimage\"},\"image\":{\"@id\":\"https:\/\/labnovalongevidade.org\/mapeamento2024\/contribuicoes\/sustentabilidade-e-educacao-socioambiental\/#primaryimage\"},\"thumbnailUrl\":\"https:\/\/labnovalongevidade.org\/mapeamento2024\/wp-content\/uploads\/2024\/09\/15-2.jpg\",\"datePublished\":\"2024-09-24T18:25:16+00:00\",\"dateModified\":\"2024-10-01T12:18:27+00:00\",\"description\":\"Iniciativas que contribuem para a conscientiza\u00e7\u00e3o e educa\u00e7\u00e3o socioambiental e para desenvolvimento de pr\u00e1ticas sustent\u00e1veis.\",\"breadcrumb\":{\"@id\":\"https:\/\/labnovalongevidade.org\/mapeamento2024\/contribuicoes\/sustentabilidade-e-educacao-socioambiental\/#breadcrumb\"},\"inLanguage\":\"pt-BR\",\"potentialAction\":[{\"@type\":\"ReadAction\",\"target\":[\"https:\/\/labnovalongevidade.org\/mapeamento2024\/contribuicoes\/sustentabilidade-e-educacao-socioambiental\/\"]}]},{\"@type\":\"ImageObject\",\"inLanguage\":\"pt-BR\",\"@id\":\"https:\/\/labnovalongevidade.org\/mapeamento2024\/contribuicoes\/sustentabilidade-e-educacao-socioambiental\/#primaryimage\",\"url\":\"https:\/\/labnovalongevidade.org\/mapeamento2024\/wp-content\/uploads\/2024\/09\/15-2.jpg\",\"contentUrl\":\"https:\/\/labnovalongevidade.org\/mapeamento2024\/wp-content\/uploads\/2024\/09\/15-2.jpg\",\"width\":436,\"height\":361,\"caption\":\"Uma senhora idosa auxilia a planta\u00e7\u00e3o de uma \u00e1rvore, com um grupo de quatro jovens\"},{\"@type\":\"BreadcrumbList\",\"@id\":\"https:\/\/labnovalongevidade.org\/mapeamento2024\/contribuicoes\/sustentabilidade-e-educacao-socioambiental\/#breadcrumb\",\"itemListElement\":[{\"@type\":\"ListItem\",\"position\":1,\"name\":\"In\u00edcio\",\"item\":\"https:\/\/labnovalongevidade.org\/mapeamento2024\/\"},{\"@type\":\"ListItem\",\"position\":2,\"name\":\"Contribui\u00e7\u00f5es\",\"item\":\"https:\/\/labnovalongevidade.org\/mapeamento2024\/contribuicoes\/\"},{\"@type\":\"ListItem\",\"position\":3,\"name\":\"Sustentabilidade e Educa\u00e7\u00e3o Socioambiental\"}]},{\"@type\":\"WebSite\",\"@id\":\"https:\/\/labnovalongevidade.org\/mapeamento2024\/#website\",\"url\":\"https:\/\/labnovalongevidade.org\/mapeamento2024\/\",\"name\":\"Lab Nova Longevidade\",\"description\":\"\",\"publisher\":{\"@id\":\"https:\/\/labnovalongevidade.org\/mapeamento2024\/#organization\"},\"potentialAction\":[{\"@type\":\"SearchAction\",\"target\":{\"@type\":\"EntryPoint\",\"urlTemplate\":\"https:\/\/labnovalongevidade.org\/mapeamento2024\/?s={search_term_string}\"},\"query-input\":{\"@type\":\"PropertyValueSpecification\",\"valueRequired\":true,\"valueName\":\"search_term_string\"}}],\"inLanguage\":\"pt-BR\"},{\"@type\":\"Organization\",\"@id\":\"https:\/\/labnovalongevidade.org\/mapeamento2024\/#organization\",\"name\":\"Nova Longevidade\",\"url\":\"https:\/\/labnovalongevidade.org\/mapeamento2024\/\",\"logo\":{\"@type\":\"ImageObject\",\"inLanguage\":\"pt-BR\",\"@id\":\"https:\/\/labnovalongevidade.org\/mapeamento2024\/#\/schema\/logo\/image\/\",\"url\":\"https:\/\/labnovalongevidade.org\/mapeamento2024\/wp-content\/uploads\/2024\/06\/logo-lab-nova-longevidade-1.svg\",\"contentUrl\":\"https:\/\/labnovalongevidade.org\/mapeamento2024\/wp-content\/uploads\/2024\/06\/logo-lab-nova-longevidade-1.svg\",\"width\":402,\"height\":104,\"caption\":\"Nova Longevidade\"},\"image\":{\"@id\":\"https:\/\/labnovalongevidade.org\/mapeamento2024\/#\/schema\/logo\/image\/\"}}]}<\/script>\n<!-- \/ Yoast SEO plugin. -->","yoast_head_json":{"title":"Lab Nova Longevidade | Sustentabilidade e Socioambiental","description":"Iniciativas que contribuem para a conscientiza\u00e7\u00e3o e educa\u00e7\u00e3o socioambiental e para desenvolvimento de pr\u00e1ticas sustent\u00e1veis.","robots":{"index":"index","follow":"follow","max-snippet":"max-snippet:-1","max-image-preview":"max-image-preview:large","max-video-preview":"max-video-preview:-1"},"canonical":"https:\/\/labnovalongevidade.org\/mapeamento2024\/contribuicoes\/sustentabilidade-e-educacao-socioambiental\/","og_locale":"pt_BR","og_type":"article","og_title":"Lab Nova Longevidade | Sustentabilidade e Socioambiental","og_description":"Iniciativas que contribuem para a conscientiza\u00e7\u00e3o e educa\u00e7\u00e3o socioambiental e para desenvolvimento de pr\u00e1ticas sustent\u00e1veis.","og_url":"https:\/\/labnovalongevidade.org\/mapeamento2024\/contribuicoes\/sustentabilidade-e-educacao-socioambiental\/","og_site_name":"Lab Nova Longevidade","article_modified_time":"2024-10-01T12:18:27+00:00","og_image":[{"width":436,"height":361,"url":"https:\/\/labnovalongevidade.org\/mapeamento2024\/wp-content\/uploads\/2024\/09\/15-2.jpg","type":"image\/jpeg"}],"twitter_card":"summary_large_image","twitter_misc":{"Est. tempo de leitura":"5 minutos"},"schema":{"@context":"https:\/\/schema.org","@graph":[{"@type":"WebPage","@id":"https:\/\/labnovalongevidade.org\/mapeamento2024\/contribuicoes\/sustentabilidade-e-educacao-socioambiental\/","url":"https:\/\/labnovalongevidade.org\/mapeamento2024\/contribuicoes\/sustentabilidade-e-educacao-socioambiental\/","name":"Lab Nova Longevidade | Sustentabilidade e Socioambiental","isPartOf":{"@id":"https:\/\/labnovalongevidade.org\/mapeamento2024\/#website"},"primaryImageOfPage":{"@id":"https:\/\/labnovalongevidade.org\/mapeamento2024\/contribuicoes\/sustentabilidade-e-educacao-socioambiental\/#primaryimage"},"image":{"@id":"https:\/\/labnovalongevidade.org\/mapeamento2024\/contribuicoes\/sustentabilidade-e-educacao-socioambiental\/#primaryimage"},"thumbnailUrl":"https:\/\/labnovalongevidade.org\/mapeamento2024\/wp-content\/uploads\/2024\/09\/15-2.jpg","datePublished":"2024-09-24T18:25:16+00:00","dateModified":"2024-10-01T12:18:27+00:00","description":"Iniciativas que contribuem para a conscientiza\u00e7\u00e3o e educa\u00e7\u00e3o socioambiental e para desenvolvimento de pr\u00e1ticas sustent\u00e1veis.","breadcrumb":{"@id":"https:\/\/labnovalongevidade.org\/mapeamento2024\/contribuicoes\/sustentabilidade-e-educacao-socioambiental\/#breadcrumb"},"inLanguage":"pt-BR","potentialAction":[{"@type":"ReadAction","target":["https:\/\/labnovalongevidade.org\/mapeamento2024\/contribuicoes\/sustentabilidade-e-educacao-socioambiental\/"]}]},{"@type":"ImageObject","inLanguage":"pt-BR","@id":"https:\/\/labnovalongevidade.org\/mapeamento2024\/contribuicoes\/sustentabilidade-e-educacao-socioambiental\/#primaryimage","url":"https:\/\/labnovalongevidade.org\/mapeamento2024\/wp-content\/uploads\/2024\/09\/15-2.jpg","contentUrl":"https:\/\/labnovalongevidade.org\/mapeamento2024\/wp-content\/uploads\/2024\/09\/15-2.jpg","width":436,"height":361,"caption":"Uma senhora idosa auxilia a planta\u00e7\u00e3o de uma \u00e1rvore, com um grupo de quatro jovens"},{"@type":"BreadcrumbList","@id":"https:\/\/labnovalongevidade.org\/mapeamento2024\/contribuicoes\/sustentabilidade-e-educacao-socioambiental\/#breadcrumb","itemListElement":[{"@type":"ListItem","position":1,"name":"In\u00edcio","item":"https:\/\/labnovalongevidade.org\/mapeamento2024\/"},{"@type":"ListItem","position":2,"name":"Contribui\u00e7\u00f5es","item":"https:\/\/labnovalongevidade.org\/mapeamento2024\/contribuicoes\/"},{"@type":"ListItem","position":3,"name":"Sustentabilidade e Educa\u00e7\u00e3o Socioambiental"}]},{"@type":"WebSite","@id":"https:\/\/labnovalongevidade.org\/mapeamento2024\/#website","url":"https:\/\/labnovalongevidade.org\/mapeamento2024\/","name":"Lab Nova Longevidade","description":"","publisher":{"@id":"https:\/\/labnovalongevidade.org\/mapeamento2024\/#organization"},"potentialAction":[{"@type":"SearchAction","target":{"@type":"EntryPoint","urlTemplate":"https:\/\/labnovalongevidade.org\/mapeamento2024\/?s={search_term_string}"},"query-input":{"@type":"PropertyValueSpecification","valueRequired":true,"valueName":"search_term_string"}}],"inLanguage":"pt-BR"},{"@type":"Organization","@id":"https:\/\/labnovalongevidade.org\/mapeamento2024\/#organization","name":"Nova Longevidade","url":"https:\/\/labnovalongevidade.org\/mapeamento2024\/","logo":{"@type":"ImageObject","inLanguage":"pt-BR","@id":"https:\/\/labnovalongevidade.org\/mapeamento2024\/#\/schema\/logo\/image\/","url":"https:\/\/labnovalongevidade.org\/mapeamento2024\/wp-content\/uploads\/2024\/06\/logo-lab-nova-longevidade-1.svg","contentUrl":"https:\/\/labnovalongevidade.org\/mapeamento2024\/wp-content\/uploads\/2024\/06\/logo-lab-nova-longevidade-1.svg","width":402,"height":104,"caption":"Nova Longevidade"},"image":{"@id":"https:\/\/labnovalongevidade.org\/mapeamento2024\/#\/schema\/logo\/image\/"}}]}},"_links":{"self":[{"href":"https:\/\/labnovalongevidade.org\/mapeamento2024\/wp-json\/wp\/v2\/pages\/13171","targetHints":{"allow":["GET"]}}],"collection":[{"href":"https:\/\/labnovalongevidade.org\/mapeamento2024\/wp-json\/wp\/v2\/pages"}],"about":[{"href":"https:\/\/labnovalongevidade.org\/mapeamento2024\/wp-json\/wp\/v2\/types\/page"}],"author":[{"embeddable":true,"href":"https:\/\/labnovalongevidade.org\/mapeamento2024\/wp-json\/wp\/v2\/users\/5"}],"replies":[{"embeddable":true,"href":"https:\/\/labnovalongevidade.org\/mapeamento2024\/wp-json\/wp\/v2\/comments?post=13171"}],"version-history":[{"count":23,"href":"https:\/\/labnovalongevidade.org\/mapeamento2024\/wp-json\/wp\/v2\/pages\/13171\/revisions"}],"predecessor-version":[{"id":15922,"href":"https:\/\/labnovalongevidade.org\/mapeamento2024\/wp-json\/wp\/v2\/pages\/13171\/revisions\/15922"}],"up":[{"embeddable":true,"href":"https:\/\/labnovalongevidade.org\/mapeamento2024\/wp-json\/wp\/v2\/pages\/12768"}],"wp:featuredmedia":[{"embeddable":true,"href":"https:\/\/labnovalongevidade.org\/mapeamento2024\/wp-json\/wp\/v2\/media\/13644"}],"wp:attachment":[{"href":"https:\/\/labnovalongevidade.org\/mapeamento2024\/wp-json\/wp\/v2\/media?parent=13171"}],"curies":[{"name":"wp","href":"https:\/\/api.w.org\/{rel}","templated":true}]}}