{"id":13386,"date":"2024-09-24T20:44:27","date_gmt":"2024-09-24T20:44:27","guid":{"rendered":"https:\/\/labnovalongevidade.org\/mapeamento2024\/?page_id=13386"},"modified":"2024-10-01T12:12:01","modified_gmt":"2024-10-01T12:12:01","slug":"politicas-defesa-de-direitos-e-advocacy","status":"publish","type":"page","link":"https:\/\/labnovalongevidade.org\/mapeamento2024\/contribuicoes\/politicas-defesa-de-direitos-e-advocacy\/","title":{"rendered":"Pol\u00edticas, Defesa de Direitos e Advocacy"},"content":{"rendered":"\t\t<div data-elementor-type=\"wp-page\" data-elementor-id=\"13386\" class=\"elementor elementor-13386\" data-elementor-post-type=\"page\">\n\t\t\t\t<div class=\"elementor-element elementor-element-b20c819 e-con-full e-flex e-con e-parent\" data-id=\"b20c819\" data-element_type=\"container\" data-settings=\"{&quot;wcf_enable_cursor_hover_effect_text&quot;:&quot;View&quot;,&quot;wcf-animation&quot;:&quot;none&quot;,&quot;wcf_pin_breakpoint&quot;:&quot;mobile&quot;}\">\n\t\t<div class=\"elementor-element elementor-element-a0dfcd1 e-flex e-con-boxed e-con e-child\" data-id=\"a0dfcd1\" data-element_type=\"container\" data-settings=\"{&quot;wcf_enable_cursor_hover_effect_text&quot;:&quot;View&quot;,&quot;background_background&quot;:&quot;classic&quot;,&quot;wcf-animation&quot;:&quot;none&quot;,&quot;wcf_pin_breakpoint&quot;:&quot;mobile&quot;}\">\n\t\t\t\t\t<div class=\"e-con-inner\">\n\t\t<div class=\"elementor-element elementor-element-d57efd8 e-con-full e-flex e-con e-child\" data-id=\"d57efd8\" data-element_type=\"container\" data-settings=\"{&quot;wcf_enable_cursor_hover_effect_text&quot;:&quot;View&quot;,&quot;wcf-animation&quot;:&quot;none&quot;,&quot;wcf_pin_breakpoint&quot;:&quot;mobile&quot;}\">\n\t\t<div class=\"elementor-element elementor-element-af93e5b e-con-full e-flex e-con e-child\" data-id=\"af93e5b\" data-element_type=\"container\" data-settings=\"{&quot;wcf_enable_cursor_hover_effect_text&quot;:&quot;View&quot;,&quot;wcf-animation&quot;:&quot;none&quot;,&quot;wcf_pin_breakpoint&quot;:&quot;mobile&quot;}\">\n\t\t<div class=\"elementor-element elementor-element-994657c e-con-full e-flex e-con e-child\" data-id=\"994657c\" data-element_type=\"container\" data-settings=\"{&quot;wcf_enable_cursor_hover_effect_text&quot;:&quot;View&quot;,&quot;wcf-animation&quot;:&quot;none&quot;,&quot;wcf_pin_breakpoint&quot;:&quot;mobile&quot;}\">\n\t\t\t\t<div class=\"elementor-element elementor-element-9792b14 elementor-widget elementor-widget-image\" data-id=\"9792b14\" data-element_type=\"widget\" data-settings=\"{&quot;wcf-image-animation&quot;:&quot;none&quot;,&quot;wcf-animation&quot;:&quot;none&quot;}\" data-widget_type=\"image.default\">\n\t\t\t\t<div class=\"elementor-widget-container\">\n\t\t\t\t\t\t\t\t\t\t\t\t\t\t\t<img fetchpriority=\"high\" decoding=\"async\" width=\"436\" height=\"361\" src=\"https:\/\/labnovalongevidade.org\/mapeamento2024\/wp-content\/uploads\/2024\/09\/12-2.jpg\" class=\"attachment-medium_large size-medium_large wp-image-13647\" alt=\"Um senhor idoso est\u00e1 em uma sala de reuni\u00e3o com um mo\u00e7o bem mais jovem\" srcset=\"https:\/\/labnovalongevidade.org\/mapeamento2024\/wp-content\/uploads\/2024\/09\/12-2.jpg 436w, https:\/\/labnovalongevidade.org\/mapeamento2024\/wp-content\/uploads\/2024\/09\/12-2-300x248.jpg 300w\" sizes=\"(max-width: 436px) 100vw, 436px\" \/>\t\t\t\t\t\t\t\t\t\t\t\t\t\t\t<\/div>\n\t\t\t\t<\/div>\n\t\t\t\t<\/div>\n\t\t<div class=\"elementor-element elementor-element-d85aefa e-con-full e-flex e-con e-child\" data-id=\"d85aefa\" data-element_type=\"container\" data-settings=\"{&quot;wcf_enable_cursor_hover_effect_text&quot;:&quot;View&quot;,&quot;wcf-animation&quot;:&quot;none&quot;,&quot;wcf_pin_breakpoint&quot;:&quot;mobile&quot;}\">\n\t\t\t\t<div class=\"elementor-element elementor-element-906f9bb wcf-t-animation-none elementor-widget elementor-widget-heading\" data-id=\"906f9bb\" data-element_type=\"widget\" data-settings=\"{&quot;wcf_text_animation&quot;:&quot;none&quot;,&quot;wcf-animation&quot;:&quot;none&quot;}\" data-widget_type=\"heading.default\">\n\t\t\t\t<div class=\"elementor-widget-container\">\n\t\t\t\t\t<p class=\"elementor-heading-title elementor-size-default\">6<\/p>\t\t\t\t<\/div>\n\t\t\t\t<\/div>\n\t\t\t\t<div class=\"elementor-element elementor-element-91f0fdb wcf-t-animation-char elementor-widget elementor-widget-wcf--title\" data-id=\"91f0fdb\" data-element_type=\"widget\" data-settings=\"{&quot;wcf_text_animation&quot;:&quot;char&quot;,&quot;text_delay&quot;:0.15,&quot;text_duration&quot;:1,&quot;text_stagger&quot;:0.02,&quot;text_on_scroll&quot;:&quot;yes&quot;,&quot;text_translate_x&quot;:20,&quot;text_translate_y&quot;:0,&quot;wcf-animation&quot;:&quot;none&quot;}\" data-widget_type=\"wcf--title.default\">\n\t\t\t\t<div class=\"elementor-widget-container\">\n\t\t\t\t\t<h1 class=\"wcf--title\">Pol\u00edticas, Defesa de Direitos e Advocacy<\/h1>\t\t\t\t<\/div>\n\t\t\t\t<\/div>\n\t\t\t\t<\/div>\n\t\t\t\t<\/div>\n\t\t\t\t<\/div>\n\t\t\t\t\t<\/div>\n\t\t\t\t<\/div>\n\t\t\t\t<\/div>\n\t\t<div class=\"elementor-element elementor-element-c90ceac e-flex e-con-boxed e-con e-parent\" data-id=\"c90ceac\" data-element_type=\"container\" data-settings=\"{&quot;wcf_enable_cursor_hover_effect_text&quot;:&quot;View&quot;,&quot;wcf-animation&quot;:&quot;none&quot;,&quot;wcf_pin_breakpoint&quot;:&quot;mobile&quot;}\">\n\t\t\t\t\t<div class=\"e-con-inner\">\n\t\t<div class=\"elementor-element elementor-element-9ff5bd0 e-flex e-con-boxed e-con e-child\" data-id=\"9ff5bd0\" data-element_type=\"container\" data-settings=\"{&quot;wcf_enable_cursor_hover_effect_text&quot;:&quot;View&quot;,&quot;wcf-animation&quot;:&quot;none&quot;,&quot;wcf_pin_breakpoint&quot;:&quot;mobile&quot;}\">\n\t\t\t\t\t<div class=\"e-con-inner\">\n\t\t<div class=\"elementor-element elementor-element-21c2e32 e-flex e-con-boxed e-con e-child\" data-id=\"21c2e32\" data-element_type=\"container\" data-settings=\"{&quot;wcf_enable_cursor_hover_effect_text&quot;:&quot;View&quot;,&quot;wcf-animation&quot;:&quot;none&quot;,&quot;wcf_pin_breakpoint&quot;:&quot;mobile&quot;}\">\n\t\t\t\t\t<div class=\"e-con-inner\">\n\t\t\t\t<div class=\"elementor-element elementor-element-39fd7c8 wcf-t-animation-none elementor-widget elementor-widget-text-editor\" data-id=\"39fd7c8\" data-element_type=\"widget\" data-settings=\"{&quot;wcf_text_animation&quot;:&quot;none&quot;,&quot;wcf-animation&quot;:&quot;none&quot;}\" data-widget_type=\"text-editor.default\">\n\t\t\t\t<div class=\"elementor-widget-container\">\n\t\t\t\t\t\t\t\t\tIniciativas que focam na necessidade de pol\u00edticas e em esfor\u00e7os de defesa para ampliar  <strong class=\"title-color-a\" style=\"font-weight: 900;\">acesso a direitos<\/strong> e apoiar o envelhecimento saud\u00e1vel, a participa\u00e7\u00e3o e a cidadania ao longo da vida.\t\t\t\t\t\t\t\t<\/div>\n\t\t\t\t<\/div>\n\t\t\t\t\t<\/div>\n\t\t\t\t<\/div>\n\t\t\t\t\t<\/div>\n\t\t\t\t<\/div>\n\t\t<div class=\"elementor-element elementor-element-a135d17 e-flex e-con-boxed e-con e-child\" data-id=\"a135d17\" data-element_type=\"container\" data-settings=\"{&quot;wcf_enable_cursor_hover_effect_text&quot;:&quot;View&quot;,&quot;wcf-animation&quot;:&quot;none&quot;,&quot;wcf_pin_breakpoint&quot;:&quot;mobile&quot;}\">\n\t\t\t\t\t<div class=\"e-con-inner\">\n\t\t<div class=\"elementor-element elementor-element-75fac3d e-con-full e-flex e-con e-child\" data-id=\"75fac3d\" data-element_type=\"container\" data-settings=\"{&quot;wcf_enable_cursor_hover_effect_text&quot;:&quot;View&quot;,&quot;wcf-animation&quot;:&quot;none&quot;,&quot;wcf_pin_breakpoint&quot;:&quot;mobile&quot;}\">\n\t\t\t\t<div class=\"elementor-element elementor-element-869674a elementor-widget elementor-widget-image\" data-id=\"869674a\" data-element_type=\"widget\" data-settings=\"{&quot;wcf-image-animation&quot;:&quot;none&quot;,&quot;wcf-animation&quot;:&quot;none&quot;}\" data-widget_type=\"image.default\">\n\t\t\t\t<div class=\"elementor-widget-container\">\n\t\t\t\t\t\t\t\t\t\t\t\t\t\t\t<img decoding=\"async\" width=\"294\" height=\"300\" src=\"https:\/\/labnovalongevidade.org\/mapeamento2024\/wp-content\/uploads\/2024\/09\/Ativo-4-294x300.png\" class=\"attachment-medium size-medium wp-image-12552\" alt=\"Mapa regi\u00e3o sudeste do Brasil\" srcset=\"https:\/\/labnovalongevidade.org\/mapeamento2024\/wp-content\/uploads\/2024\/09\/Ativo-4-294x300.png 294w, https:\/\/labnovalongevidade.org\/mapeamento2024\/wp-content\/uploads\/2024\/09\/Ativo-4.png 726w\" sizes=\"(max-width: 294px) 100vw, 294px\" \/>\t\t\t\t\t\t\t\t\t\t\t\t\t\t\t<\/div>\n\t\t\t\t<\/div>\n\t\t\t\t<\/div>\n\t\t<div class=\"elementor-element elementor-element-e1acd42 e-con-full e-flex e-con e-child\" data-id=\"e1acd42\" data-element_type=\"container\" data-settings=\"{&quot;wcf_enable_cursor_hover_effect_text&quot;:&quot;View&quot;,&quot;wcf-animation&quot;:&quot;none&quot;,&quot;wcf_pin_breakpoint&quot;:&quot;mobile&quot;}\">\n\t\t\t\t<div class=\"elementor-element elementor-element-6831d61 wcf-t-animation-none elementor-widget elementor-widget-text-editor\" data-id=\"6831d61\" data-element_type=\"widget\" data-settings=\"{&quot;wcf_text_animation&quot;:&quot;none&quot;,&quot;wcf-animation&quot;:&quot;none&quot;}\" data-widget_type=\"text-editor.default\">\n\t\t\t\t<div class=\"elementor-widget-container\">\n\t\t\t\t\t\t\t\t\t<p><span style=\"font-weight: 400;\">Em Carapicu\u00edba, S\u00e3o Paulo, a <strong>Associa\u00e7\u00e3o S\u00e3o Joaquim de Apoio \u00e0 Maturidade<\/strong>, tem como objetivo oportunizar a longevidade digna por meio da socializa\u00e7\u00e3o, participa\u00e7\u00e3o social, manuten\u00e7\u00e3o da autonomia, promo\u00e7\u00e3o da vitalidade, valoriza\u00e7\u00e3o e a garantia de direitos das pessoas idosas (advocacy, cidadania, representa\u00e7\u00e3o em conselhos de direitos e redes). O trabalho social embasa a produ\u00e7\u00e3o de conhecimento e \u00e9 refer\u00eancia no setor e de grande relev\u00e2ncia para a melhoria da qualidade de vida destas pessoas e suas fam\u00edlias.<\/span><\/p>\t\t\t\t\t\t\t\t<\/div>\n\t\t\t\t<\/div>\n\t\t\t\t<\/div>\n\t\t\t\t\t<\/div>\n\t\t\t\t<\/div>\n\t\t<div class=\"elementor-element elementor-element-839e181 e-flex e-con-boxed e-con e-child\" data-id=\"839e181\" data-element_type=\"container\" data-settings=\"{&quot;wcf_enable_cursor_hover_effect_text&quot;:&quot;View&quot;,&quot;wcf-animation&quot;:&quot;none&quot;,&quot;wcf_pin_breakpoint&quot;:&quot;mobile&quot;}\">\n\t\t\t\t\t<div class=\"e-con-inner\">\n\t\t<div class=\"elementor-element elementor-element-d1af9c7 e-con-full e-flex e-con e-child\" data-id=\"d1af9c7\" data-element_type=\"container\" data-settings=\"{&quot;wcf_enable_cursor_hover_effect_text&quot;:&quot;View&quot;,&quot;wcf-animation&quot;:&quot;none&quot;,&quot;wcf_pin_breakpoint&quot;:&quot;mobile&quot;}\">\n\t\t\t\t<div class=\"elementor-element elementor-element-1d50b49 elementor-widget elementor-widget-image\" data-id=\"1d50b49\" data-element_type=\"widget\" data-settings=\"{&quot;wcf-image-animation&quot;:&quot;none&quot;,&quot;wcf-animation&quot;:&quot;none&quot;}\" data-widget_type=\"image.default\">\n\t\t\t\t<div class=\"elementor-widget-container\">\n\t\t\t\t\t\t\t\t\t\t\t\t\t\t\t<img decoding=\"async\" width=\"294\" height=\"300\" src=\"https:\/\/labnovalongevidade.org\/mapeamento2024\/wp-content\/uploads\/2024\/09\/Ativo-1-294x300.png\" class=\"attachment-medium size-medium wp-image-12554\" alt=\"Mapa regi\u00e3o nordeste do Brasil\" srcset=\"https:\/\/labnovalongevidade.org\/mapeamento2024\/wp-content\/uploads\/2024\/09\/Ativo-1-294x300.png 294w, https:\/\/labnovalongevidade.org\/mapeamento2024\/wp-content\/uploads\/2024\/09\/Ativo-1.png 726w\" sizes=\"(max-width: 294px) 100vw, 294px\" \/>\t\t\t\t\t\t\t\t\t\t\t\t\t\t\t<\/div>\n\t\t\t\t<\/div>\n\t\t\t\t<\/div>\n\t\t<div class=\"elementor-element elementor-element-a78102d e-con-full e-flex e-con e-child\" data-id=\"a78102d\" data-element_type=\"container\" data-settings=\"{&quot;wcf_enable_cursor_hover_effect_text&quot;:&quot;View&quot;,&quot;wcf-animation&quot;:&quot;none&quot;,&quot;wcf_pin_breakpoint&quot;:&quot;mobile&quot;}\">\n\t\t\t\t<div class=\"elementor-element elementor-element-fd1c5c8 wcf-t-animation-none elementor-widget elementor-widget-text-editor\" data-id=\"fd1c5c8\" data-element_type=\"widget\" data-settings=\"{&quot;wcf_text_animation&quot;:&quot;none&quot;,&quot;wcf-animation&quot;:&quot;none&quot;}\" data-widget_type=\"text-editor.default\">\n\t\t\t\t<div class=\"elementor-widget-container\">\n\t\t\t\t\t\t\t\t\t<p><span style=\"font-weight: 400;\">Em Jaboat\u00e3o dos Guararapes, em Pernambuco, o <\/span><b>Instituto Metropolitano de Profissionaliza\u00e7\u00e3o, Arte, Cultura e Oportunidades<\/b><span style=\"font-weight: 400;\"> &#8211; Impacto abarca em seus projetos linhas de a\u00e7\u00f5es program\u00e1ticas voltadas \u00e0 garantia dos Direitos Humanos e Socioassistenciais. Buscando promover o empoderamento pessoal e cidad\u00e3o, o fortalecimento dos v\u00ednculos familiares e comunit\u00e1rios, o protagonismo dos usu\u00e1rios, Al\u00e9m de diversos projetos sociais, a equipe do Instituto Impacto busca realizar a\u00e7\u00f5es e atividades de Controle Social que fortale\u00e7am o Sistema de Garantia de Direitos &#8211; SGD, participando dos Conselhos setoriais e propondo a\u00e7\u00f5es de mudan\u00e7a social.<\/span><\/p>\t\t\t\t\t\t\t\t<\/div>\n\t\t\t\t<\/div>\n\t\t\t\t<\/div>\n\t\t\t\t\t<\/div>\n\t\t\t\t<\/div>\n\t\t<div class=\"elementor-element elementor-element-abab0cc e-flex e-con-boxed e-con e-child\" data-id=\"abab0cc\" data-element_type=\"container\" data-settings=\"{&quot;wcf_enable_cursor_hover_effect_text&quot;:&quot;View&quot;,&quot;wcf-animation&quot;:&quot;none&quot;,&quot;wcf_pin_breakpoint&quot;:&quot;mobile&quot;}\">\n\t\t\t\t\t<div class=\"e-con-inner\">\n\t\t<div class=\"elementor-element elementor-element-5b587de e-con-full e-flex e-con e-child\" data-id=\"5b587de\" data-element_type=\"container\" data-settings=\"{&quot;wcf_enable_cursor_hover_effect_text&quot;:&quot;View&quot;,&quot;wcf-animation&quot;:&quot;none&quot;,&quot;wcf_pin_breakpoint&quot;:&quot;mobile&quot;}\">\n\t\t\t\t<div class=\"elementor-element elementor-element-dc35785 elementor-widget elementor-widget-image\" data-id=\"dc35785\" data-element_type=\"widget\" data-settings=\"{&quot;wcf-image-animation&quot;:&quot;none&quot;,&quot;wcf-animation&quot;:&quot;none&quot;}\" data-widget_type=\"image.default\">\n\t\t\t\t<div class=\"elementor-widget-container\">\n\t\t\t\t\t\t\t\t\t\t\t\t\t\t\t<img decoding=\"async\" width=\"294\" height=\"300\" src=\"https:\/\/labnovalongevidade.org\/mapeamento2024\/wp-content\/uploads\/2024\/09\/Ativo-4-294x300.png\" class=\"attachment-medium size-medium wp-image-12552\" alt=\"Mapa regi\u00e3o sudeste do Brasil\" srcset=\"https:\/\/labnovalongevidade.org\/mapeamento2024\/wp-content\/uploads\/2024\/09\/Ativo-4-294x300.png 294w, https:\/\/labnovalongevidade.org\/mapeamento2024\/wp-content\/uploads\/2024\/09\/Ativo-4.png 726w\" sizes=\"(max-width: 294px) 100vw, 294px\" \/>\t\t\t\t\t\t\t\t\t\t\t\t\t\t\t<\/div>\n\t\t\t\t<\/div>\n\t\t\t\t<\/div>\n\t\t<div class=\"elementor-element elementor-element-3d5b6f7 e-con-full e-flex e-con e-child\" data-id=\"3d5b6f7\" data-element_type=\"container\" data-settings=\"{&quot;wcf_enable_cursor_hover_effect_text&quot;:&quot;View&quot;,&quot;wcf-animation&quot;:&quot;none&quot;,&quot;wcf_pin_breakpoint&quot;:&quot;mobile&quot;}\">\n\t\t\t\t<div class=\"elementor-element elementor-element-43c8774 wcf-t-animation-none elementor-widget elementor-widget-text-editor\" data-id=\"43c8774\" data-element_type=\"widget\" data-settings=\"{&quot;wcf_text_animation&quot;:&quot;none&quot;,&quot;wcf-animation&quot;:&quot;none&quot;}\" data-widget_type=\"text-editor.default\">\n\t\t\t\t<div class=\"elementor-widget-container\">\n\t\t\t\t\t\t\t\t\t<p><span style=\"font-weight: 400;\">Em S\u00e3o Paulo capital, o <\/span><b>F\u00f3rum Amigo da Pessoa Idosa Vila Mariana<\/b><span style=\"font-weight: 400;\"> tem como objetivo principal esclarecer, divulgar e debater as pol\u00edticas p\u00fablicas e os direitos da pessoa idosa, bem como incentivar a participa\u00e7\u00e3o social na constru\u00e7\u00e3o do envelhecimento digno para todas as pessoas.<\/span><\/p>\t\t\t\t\t\t\t\t<\/div>\n\t\t\t\t<\/div>\n\t\t\t\t<\/div>\n\t\t\t\t\t<\/div>\n\t\t\t\t<\/div>\n\t\t<div class=\"elementor-element elementor-element-183adc4 e-flex e-con-boxed e-con e-child\" data-id=\"183adc4\" data-element_type=\"container\" data-settings=\"{&quot;wcf_enable_cursor_hover_effect_text&quot;:&quot;View&quot;,&quot;wcf-animation&quot;:&quot;none&quot;,&quot;wcf_pin_breakpoint&quot;:&quot;mobile&quot;}\">\n\t\t\t\t\t<div class=\"e-con-inner\">\n\t\t<div class=\"elementor-element elementor-element-2f356c9 e-con-full e-flex e-con e-child\" data-id=\"2f356c9\" data-element_type=\"container\" data-settings=\"{&quot;wcf_enable_cursor_hover_effect_text&quot;:&quot;View&quot;,&quot;wcf-animation&quot;:&quot;none&quot;,&quot;wcf_pin_breakpoint&quot;:&quot;mobile&quot;}\">\n\t\t\t\t<div class=\"elementor-element elementor-element-f7e6258 elementor-widget elementor-widget-image\" data-id=\"f7e6258\" data-element_type=\"widget\" data-settings=\"{&quot;wcf-image-animation&quot;:&quot;none&quot;,&quot;wcf-animation&quot;:&quot;none&quot;}\" data-widget_type=\"image.default\">\n\t\t\t\t<div class=\"elementor-widget-container\">\n\t\t\t\t\t\t\t\t\t\t\t\t\t\t\t<img decoding=\"async\" width=\"294\" height=\"300\" src=\"https:\/\/labnovalongevidade.org\/mapeamento2024\/wp-content\/uploads\/2024\/09\/Ativo-4-294x300.png\" class=\"attachment-medium size-medium wp-image-12552\" alt=\"Mapa regi\u00e3o sudeste do Brasil\" srcset=\"https:\/\/labnovalongevidade.org\/mapeamento2024\/wp-content\/uploads\/2024\/09\/Ativo-4-294x300.png 294w, https:\/\/labnovalongevidade.org\/mapeamento2024\/wp-content\/uploads\/2024\/09\/Ativo-4.png 726w\" sizes=\"(max-width: 294px) 100vw, 294px\" \/>\t\t\t\t\t\t\t\t\t\t\t\t\t\t\t<\/div>\n\t\t\t\t<\/div>\n\t\t\t\t<\/div>\n\t\t<div class=\"elementor-element elementor-element-5c31770 e-con-full e-flex e-con e-child\" data-id=\"5c31770\" data-element_type=\"container\" data-settings=\"{&quot;wcf_enable_cursor_hover_effect_text&quot;:&quot;View&quot;,&quot;wcf-animation&quot;:&quot;none&quot;,&quot;wcf_pin_breakpoint&quot;:&quot;mobile&quot;}\">\n\t\t\t\t<div class=\"elementor-element elementor-element-bb80682 wcf-t-animation-none elementor-widget elementor-widget-text-editor\" data-id=\"bb80682\" data-element_type=\"widget\" data-settings=\"{&quot;wcf_text_animation&quot;:&quot;none&quot;,&quot;wcf-animation&quot;:&quot;none&quot;}\" data-widget_type=\"text-editor.default\">\n\t\t\t\t<div class=\"elementor-widget-container\">\n\t\t\t\t\t\t\t\t\t<p><span style=\"font-weight: 400;\">Em S\u00e3o Paulo, o <\/span><b>OLHE Observat\u00f3rio da Longevidade Humana<\/b><span style=\"font-weight: 400;\"> \u00e9 uma organiza\u00e7\u00e3o de interesse social que se prop\u00f5e a contribuir com a defesa dos direitos e da melhoria das condi\u00e7\u00f5es de vida das pessoas idosas. \u00c9 formado por uma equipe multiprofissional especializada no estudo do envelhecimento humano e desenvolve atividades nas mais diversas \u00e1reas de cuidado, assist\u00eancia e defesa dos direitos das pessoas idosas. Dissemina conhecimento qualificado e atualizado das quest\u00f5es que envolvem a longevidade e suas implica\u00e7\u00f5es na vida social, p\u00fablica e individual. Atua com a\u00e7\u00f5es destinadas aos profissionais, pessoas idosas, familiares e gestores p\u00fablicos.<\/span><\/p>\t\t\t\t\t\t\t\t<\/div>\n\t\t\t\t<\/div>\n\t\t\t\t<\/div>\n\t\t\t\t\t<\/div>\n\t\t\t\t<\/div>\n\t\t<div class=\"elementor-element elementor-element-f438095 e-flex e-con-boxed e-con e-child\" data-id=\"f438095\" data-element_type=\"container\" data-settings=\"{&quot;wcf_enable_cursor_hover_effect_text&quot;:&quot;View&quot;,&quot;wcf-animation&quot;:&quot;none&quot;,&quot;wcf_pin_breakpoint&quot;:&quot;mobile&quot;}\">\n\t\t\t\t\t<div class=\"e-con-inner\">\n\t\t<div class=\"elementor-element elementor-element-655e42d e-con-full e-flex e-con e-child\" data-id=\"655e42d\" data-element_type=\"container\" data-settings=\"{&quot;wcf_enable_cursor_hover_effect_text&quot;:&quot;View&quot;,&quot;wcf-animation&quot;:&quot;none&quot;,&quot;wcf_pin_breakpoint&quot;:&quot;mobile&quot;}\">\n\t\t\t\t<div class=\"elementor-element elementor-element-3e6fe95 elementor-widget elementor-widget-image\" data-id=\"3e6fe95\" data-element_type=\"widget\" data-settings=\"{&quot;wcf-image-animation&quot;:&quot;none&quot;,&quot;wcf-animation&quot;:&quot;none&quot;}\" data-widget_type=\"image.default\">\n\t\t\t\t<div class=\"elementor-widget-container\">\n\t\t\t\t\t\t\t\t\t\t\t\t\t\t\t<img decoding=\"async\" width=\"294\" height=\"300\" src=\"https:\/\/labnovalongevidade.org\/mapeamento2024\/wp-content\/uploads\/2024\/09\/Ativo-1-294x300.png\" class=\"attachment-medium size-medium wp-image-12554\" alt=\"Mapa regi\u00e3o nordeste do Brasil\" srcset=\"https:\/\/labnovalongevidade.org\/mapeamento2024\/wp-content\/uploads\/2024\/09\/Ativo-1-294x300.png 294w, https:\/\/labnovalongevidade.org\/mapeamento2024\/wp-content\/uploads\/2024\/09\/Ativo-1.png 726w\" sizes=\"(max-width: 294px) 100vw, 294px\" \/>\t\t\t\t\t\t\t\t\t\t\t\t\t\t\t<\/div>\n\t\t\t\t<\/div>\n\t\t\t\t<\/div>\n\t\t<div class=\"elementor-element elementor-element-1b93068 e-con-full e-flex e-con e-child\" data-id=\"1b93068\" data-element_type=\"container\" data-settings=\"{&quot;wcf_enable_cursor_hover_effect_text&quot;:&quot;View&quot;,&quot;wcf-animation&quot;:&quot;none&quot;,&quot;wcf_pin_breakpoint&quot;:&quot;mobile&quot;}\">\n\t\t\t\t<div class=\"elementor-element elementor-element-571ebee wcf-t-animation-none elementor-widget elementor-widget-text-editor\" data-id=\"571ebee\" data-element_type=\"widget\" data-settings=\"{&quot;wcf_text_animation&quot;:&quot;none&quot;,&quot;wcf-animation&quot;:&quot;none&quot;}\" data-widget_type=\"text-editor.default\">\n\t\t\t\t<div class=\"elementor-widget-container\">\n\t\t\t\t\t\t\t\t\t<p><span style=\"font-weight: 400;\">Em Salvador, na Bahia, o <\/span><b>Centro de Refer\u00eancia Estadual de Aten\u00e7\u00e3o \u00e0 Sa\u00fade do Idoso (CREASI)<\/b><span style=\"font-weight: 400;\"> \u00e9 um servi\u00e7o docente\/assistencial de m\u00e9dia\/alta complexidade do Sistema \u00danico de Sa\u00fade (SUS), com atendimento especializado na \u00e1rea de geriatria e gerontologia, vinculado \u00e0 Secretaria de Sa\u00fade do Estado da Bahia (SESAB). Atua como campo de est\u00e1gio e pesquisa, al\u00e9m de ofertar discuss\u00f5es de casos e a\u00e7\u00f5es t\u00e9cnico-pedag\u00f3gicas. Tamb\u00e9m contribui para a formula\u00e7\u00e3o e implementa\u00e7\u00e3o de pol\u00edticas p\u00fablicas em gerontologia.<\/span><\/p>\t\t\t\t\t\t\t\t<\/div>\n\t\t\t\t<\/div>\n\t\t\t\t<\/div>\n\t\t\t\t\t<\/div>\n\t\t\t\t<\/div>\n\t\t<div class=\"elementor-element elementor-element-2ecd523 e-flex e-con-boxed e-con e-child\" data-id=\"2ecd523\" data-element_type=\"container\" data-settings=\"{&quot;wcf_enable_cursor_hover_effect_text&quot;:&quot;View&quot;,&quot;wcf-animation&quot;:&quot;none&quot;,&quot;wcf_pin_breakpoint&quot;:&quot;mobile&quot;}\">\n\t\t\t\t\t<div class=\"e-con-inner\">\n\t\t<div class=\"elementor-element elementor-element-95335e2 e-con-full e-flex e-con e-child\" data-id=\"95335e2\" data-element_type=\"container\" data-settings=\"{&quot;wcf_enable_cursor_hover_effect_text&quot;:&quot;View&quot;,&quot;wcf-animation&quot;:&quot;none&quot;,&quot;wcf_pin_breakpoint&quot;:&quot;mobile&quot;}\">\n\t\t\t\t<div class=\"elementor-element elementor-element-e1b71cb elementor-widget elementor-widget-image\" data-id=\"e1b71cb\" data-element_type=\"widget\" data-settings=\"{&quot;wcf-image-animation&quot;:&quot;none&quot;,&quot;wcf-animation&quot;:&quot;none&quot;}\" data-widget_type=\"image.default\">\n\t\t\t\t<div class=\"elementor-widget-container\">\n\t\t\t\t\t\t\t\t\t\t\t\t\t\t\t<img decoding=\"async\" width=\"294\" height=\"300\" src=\"https:\/\/labnovalongevidade.org\/mapeamento2024\/wp-content\/uploads\/2024\/09\/Ativo-4-294x300.png\" class=\"attachment-medium size-medium wp-image-12552\" alt=\"Mapa regi\u00e3o sudeste do Brasil\" srcset=\"https:\/\/labnovalongevidade.org\/mapeamento2024\/wp-content\/uploads\/2024\/09\/Ativo-4-294x300.png 294w, https:\/\/labnovalongevidade.org\/mapeamento2024\/wp-content\/uploads\/2024\/09\/Ativo-4.png 726w\" sizes=\"(max-width: 294px) 100vw, 294px\" \/>\t\t\t\t\t\t\t\t\t\t\t\t\t\t\t<\/div>\n\t\t\t\t<\/div>\n\t\t\t\t<\/div>\n\t\t<div class=\"elementor-element elementor-element-caa5097 e-con-full e-flex e-con e-child\" data-id=\"caa5097\" data-element_type=\"container\" data-settings=\"{&quot;wcf_enable_cursor_hover_effect_text&quot;:&quot;View&quot;,&quot;wcf-animation&quot;:&quot;none&quot;,&quot;wcf_pin_breakpoint&quot;:&quot;mobile&quot;}\">\n\t\t\t\t<div class=\"elementor-element elementor-element-9a2f416 wcf-t-animation-none elementor-widget elementor-widget-text-editor\" data-id=\"9a2f416\" data-element_type=\"widget\" data-settings=\"{&quot;wcf_text_animation&quot;:&quot;none&quot;,&quot;wcf-animation&quot;:&quot;none&quot;}\" data-widget_type=\"text-editor.default\">\n\t\t\t\t<div class=\"elementor-widget-container\">\n\t\t\t\t\t\t\t\t\t<p><span style=\"font-weight: 400;\">Em Te\u00f3filo Otoni, Minas Gerais, o <\/span><b>Instituto Ie3p<\/b><span style=\"font-weight: 400;\"> presta assessoria e consultoria no desenvolvimento de pol\u00edticas p\u00fablicas. Atualmente est\u00e1 desenvolvendo o Diagn\u00f3stico Situacional da Pessoa Idosa do munic\u00edpio de Te\u00f3filo Otoni-MG e implementar\u00e1 a Plataforma de Monitoramento do Diagn\u00f3stico. <\/span><\/p>\t\t\t\t\t\t\t\t<\/div>\n\t\t\t\t<\/div>\n\t\t\t\t<\/div>\n\t\t\t\t\t<\/div>\n\t\t\t\t<\/div>\n\t\t\t\t\t<\/div>\n\t\t\t\t<\/div>\n\t\t<div class=\"elementor-element elementor-element-6f218e0 e-flex e-con-boxed e-con e-parent\" data-id=\"6f218e0\" data-element_type=\"container\" data-settings=\"{&quot;wcf_enable_cursor_hover_effect_text&quot;:&quot;View&quot;,&quot;wcf-animation&quot;:&quot;none&quot;,&quot;wcf_pin_breakpoint&quot;:&quot;mobile&quot;}\">\n\t\t\t\t\t<div class=\"e-con-inner\">\n\t\t<div class=\"elementor-element elementor-element-2958e79 e-con-full e-flex e-con e-child\" data-id=\"2958e79\" data-element_type=\"container\" data-settings=\"{&quot;wcf_enable_cursor_hover_effect_text&quot;:&quot;View&quot;,&quot;wcf-animation&quot;:&quot;none&quot;,&quot;wcf_pin_breakpoint&quot;:&quot;mobile&quot;}\">\n\t\t\t\t<div class=\"elementor-element elementor-element-5a0fe03 wcf-t-animation-none elementor-widget elementor-widget-text-editor\" data-id=\"5a0fe03\" data-element_type=\"widget\" data-settings=\"{&quot;wcf_text_animation&quot;:&quot;none&quot;,&quot;wcf-animation&quot;:&quot;none&quot;}\" data-widget_type=\"text-editor.default\">\n\t\t\t\t<div class=\"elementor-widget-container\">\n\t\t\t\t\t\t\t\t\t<span class=\"title-color-a\" style=\"font-weight: bold;\">Conhe\u00e7a mais<\/span> inova\u00e7\u00f5es contribuindo para repensar o envelhecimento no Brasil\t\t\t\t\t\t\t\t<\/div>\n\t\t\t\t<\/div>\n\t\t\t\t<\/div>\n\t\t\t\t\t<\/div>\n\t\t\t\t<\/div>\n\t\t<div class=\"elementor-element elementor-element-13c96f7 e-flex e-con-boxed e-con e-parent\" data-id=\"13c96f7\" data-element_type=\"container\" data-settings=\"{&quot;wcf_enable_cursor_hover_effect_text&quot;:&quot;View&quot;,&quot;wcf-animation&quot;:&quot;none&quot;,&quot;wcf_pin_breakpoint&quot;:&quot;mobile&quot;}\">\n\t\t\t\t\t<div class=\"e-con-inner\">\n\t\t<div class=\"elementor-element elementor-element-f507482 e-con-full e-flex e-con e-child\" data-id=\"f507482\" data-element_type=\"container\" data-settings=\"{&quot;wcf_enable_cursor_hover_effect_text&quot;:&quot;View&quot;,&quot;wcf-animation&quot;:&quot;none&quot;,&quot;wcf_pin_breakpoint&quot;:&quot;mobile&quot;}\">\n\t\t<div class=\"elementor-element elementor-element-8f73f0d e-con-full e-flex e-con e-child\" data-id=\"8f73f0d\" data-element_type=\"container\" data-settings=\"{&quot;wcf_enable_cursor_hover_effect_text&quot;:&quot;View&quot;,&quot;wcf-animation&quot;:&quot;none&quot;,&quot;wcf_pin_breakpoint&quot;:&quot;mobile&quot;}\">\n\t\t<div class=\"elementor-element elementor-element-dc23674 e-con-full e-flex e-con e-child\" data-id=\"dc23674\" data-element_type=\"container\" data-settings=\"{&quot;wcf_enable_cursor_hover_effect_text&quot;:&quot;View&quot;,&quot;wcf-animation&quot;:&quot;none&quot;,&quot;wcf_pin_breakpoint&quot;:&quot;mobile&quot;}\">\n\t\t\t\t<div class=\"elementor-element elementor-element-08b194b elementor-widget elementor-widget-image\" data-id=\"08b194b\" data-element_type=\"widget\" data-settings=\"{&quot;wcf-image-animation&quot;:&quot;none&quot;,&quot;wcf-animation&quot;:&quot;none&quot;}\" data-widget_type=\"image.default\">\n\t\t\t\t<div class=\"elementor-widget-container\">\n\t\t\t\t\t\t\t\t\t\t\t\t\t\t\t\t<a href=\"https:\/\/labnovalongevidade.org\/mapeamento2024\/contribuicoes\/valorizacao-da-historia-de-vida-e-legado\/\">\n\t\t\t\t\t\t\t<img decoding=\"async\" src=\"https:\/\/labnovalongevidade.org\/mapeamento2024\/wp-content\/uploads\/elementor\/thumbs\/16-2-qumy1j332uotvfc5cdg8ankrp0cvnck0ywtvuhyo1k.jpg\" title=\"Mapeamento do Ecossistema de Inova\u00e7\u00e3o Social e Longevidade\" alt=\"Uma av\u00f3 l\u00ea um livro de hist\u00f3ria para sua neta.\" loading=\"lazy\" \/>\t\t\t\t\t\t\t\t<\/a>\n\t\t\t\t\t\t\t\t\t\t\t\t\t\t\t<\/div>\n\t\t\t\t<\/div>\n\t\t\t\t<\/div>\n\t\t<div class=\"elementor-element elementor-element-496d0f3 e-con-full e-flex e-con e-child\" data-id=\"496d0f3\" data-element_type=\"container\" data-settings=\"{&quot;wcf_enable_cursor_hover_effect_text&quot;:&quot;View&quot;,&quot;wcf-animation&quot;:&quot;none&quot;,&quot;wcf_pin_breakpoint&quot;:&quot;mobile&quot;}\">\n\t\t<div class=\"elementor-element elementor-element-13577aa e-con-full e-flex e-con e-child\" data-id=\"13577aa\" data-element_type=\"container\" data-settings=\"{&quot;wcf_enable_cursor_hover_effect_text&quot;:&quot;View&quot;,&quot;wcf-animation&quot;:&quot;none&quot;,&quot;wcf_pin_breakpoint&quot;:&quot;mobile&quot;}\">\n\t\t\t\t<div class=\"elementor-element elementor-element-feaac14 wcf-t-animation-none elementor-widget elementor-widget-heading\" data-id=\"feaac14\" data-element_type=\"widget\" data-settings=\"{&quot;wcf_text_animation&quot;:&quot;none&quot;,&quot;wcf-animation&quot;:&quot;none&quot;}\" data-widget_type=\"heading.default\">\n\t\t\t\t<div class=\"elementor-widget-container\">\n\t\t\t\t\t<div class=\"elementor-heading-title elementor-size-default\">Explore<\/div>\t\t\t\t<\/div>\n\t\t\t\t<\/div>\n\t\t\t\t<div class=\"elementor-element elementor-element-cd0e464 wcf-t-animation-none elementor-widget elementor-widget-heading\" data-id=\"cd0e464\" data-element_type=\"widget\" data-settings=\"{&quot;wcf_text_animation&quot;:&quot;none&quot;,&quot;wcf-animation&quot;:&quot;none&quot;}\" data-widget_type=\"heading.default\">\n\t\t\t\t<div class=\"elementor-widget-container\">\n\t\t\t\t\t<h2 class=\"elementor-heading-title elementor-size-default\"><a href=\"https:\/\/labnovalongevidade.org\/mapeamento2024\/contribuicoes\/valorizacao-da-historia-de-vida-e-legado\/\">Valoriza\u00e7\u00e3o da hist\u00f3ria de vida e legado<\/a><\/h2>\t\t\t\t<\/div>\n\t\t\t\t<\/div>\n\t\t\t\t<div class=\"elementor-element elementor-element-4b517ef elementor-align-justify elementor-widget elementor-widget-button\" data-id=\"4b517ef\" data-element_type=\"widget\" data-settings=\"{&quot;wcf-animation&quot;:&quot;none&quot;}\" data-widget_type=\"button.default\">\n\t\t\t\t<div class=\"elementor-widget-container\">\n\t\t\t\t\t\t\t\t\t<div class=\"elementor-button-wrapper\">\n\t\t\t\t\t<a class=\"elementor-button elementor-button-link elementor-size-sm\" href=\"https:\/\/labnovalongevidade.org\/mapeamento2024\/contribuicoes\/valorizacao-da-historia-de-vida-e-legado\/\">\n\t\t\t\t\t\t<span class=\"elementor-button-content-wrapper\">\n\t\t\t\t\t\t\t\t\t<span class=\"elementor-button-text\">Leia Agora >><\/span>\n\t\t\t\t\t<\/span>\n\t\t\t\t\t<\/a>\n\t\t\t\t<\/div>\n\t\t\t\t\t\t\t\t<\/div>\n\t\t\t\t<\/div>\n\t\t\t\t<\/div>\n\t\t\t\t<\/div>\n\t\t\t\t<\/div>\n\t\t<div class=\"elementor-element elementor-element-b904dc7 e-con-full e-flex e-con e-child\" data-id=\"b904dc7\" data-element_type=\"container\" data-settings=\"{&quot;wcf_enable_cursor_hover_effect_text&quot;:&quot;View&quot;,&quot;wcf-animation&quot;:&quot;none&quot;,&quot;wcf_pin_breakpoint&quot;:&quot;mobile&quot;}\">\n\t\t<div class=\"elementor-element elementor-element-7bb0a51 e-con-full e-flex e-con e-child\" data-id=\"7bb0a51\" data-element_type=\"container\" data-settings=\"{&quot;wcf_enable_cursor_hover_effect_text&quot;:&quot;View&quot;,&quot;wcf-animation&quot;:&quot;none&quot;,&quot;wcf_pin_breakpoint&quot;:&quot;mobile&quot;}\">\n\t\t\t\t<div class=\"elementor-element elementor-element-0103df8 elementor-widget elementor-widget-image\" data-id=\"0103df8\" data-element_type=\"widget\" data-settings=\"{&quot;wcf-image-animation&quot;:&quot;none&quot;,&quot;wcf-animation&quot;:&quot;none&quot;}\" data-widget_type=\"image.default\">\n\t\t\t\t<div class=\"elementor-widget-container\">\n\t\t\t\t\t\t\t\t\t\t\t\t\t\t\t\t<a href=\"https:\/\/labnovalongevidade.org\/mapeamento2024\/contribuicoes\/capacitacao-para-participacao-cidada\/\">\n\t\t\t\t\t\t\t<img decoding=\"async\" src=\"https:\/\/labnovalongevidade.org\/mapeamento2024\/wp-content\/uploads\/elementor\/thumbs\/pexels-olly-3753009-qul5xz6p6rtntr6ptx5y3yhbxpzp59qcdl3oi3e794.jpg\" title=\"Mapeamento do Ecossistema de Inova\u00e7\u00e3o Social e Longevidade\" alt=\"Cinco idosos est\u00e3o discutindo temas importantes, com ar de preocupados\" loading=\"lazy\" \/>\t\t\t\t\t\t\t\t<\/a>\n\t\t\t\t\t\t\t\t\t\t\t\t\t\t\t<\/div>\n\t\t\t\t<\/div>\n\t\t\t\t<\/div>\n\t\t<div class=\"elementor-element elementor-element-57ceb65 e-con-full e-flex e-con e-child\" data-id=\"57ceb65\" data-element_type=\"container\" data-settings=\"{&quot;wcf_enable_cursor_hover_effect_text&quot;:&quot;View&quot;,&quot;wcf-animation&quot;:&quot;none&quot;,&quot;wcf_pin_breakpoint&quot;:&quot;mobile&quot;}\">\n\t\t<div class=\"elementor-element elementor-element-a07489e e-con-full e-flex e-con e-child\" data-id=\"a07489e\" data-element_type=\"container\" data-settings=\"{&quot;wcf_enable_cursor_hover_effect_text&quot;:&quot;View&quot;,&quot;wcf-animation&quot;:&quot;none&quot;,&quot;wcf_pin_breakpoint&quot;:&quot;mobile&quot;}\">\n\t\t\t\t<div class=\"elementor-element elementor-element-74dc7f0 wcf-t-animation-none elementor-widget elementor-widget-heading\" data-id=\"74dc7f0\" data-element_type=\"widget\" data-settings=\"{&quot;wcf_text_animation&quot;:&quot;none&quot;,&quot;wcf-animation&quot;:&quot;none&quot;}\" data-widget_type=\"heading.default\">\n\t\t\t\t<div class=\"elementor-widget-container\">\n\t\t\t\t\t<div class=\"elementor-heading-title elementor-size-default\">Explore<\/div>\t\t\t\t<\/div>\n\t\t\t\t<\/div>\n\t\t\t\t<div class=\"elementor-element elementor-element-2e95cbf wcf-t-animation-none elementor-widget elementor-widget-heading\" data-id=\"2e95cbf\" data-element_type=\"widget\" data-settings=\"{&quot;wcf_text_animation&quot;:&quot;none&quot;,&quot;wcf-animation&quot;:&quot;none&quot;}\" data-widget_type=\"heading.default\">\n\t\t\t\t<div class=\"elementor-widget-container\">\n\t\t\t\t\t<h2 class=\"elementor-heading-title elementor-size-default\"><a href=\"https:\/\/labnovalongevidade.org\/mapeamento2024\/contribuicoes\/capacitacao-para-participacao-cidada\/\">Capacita\u00e7\u00e3o para participa\u00e7\u00e3o cidad\u00e3<\/a><\/h2>\t\t\t\t<\/div>\n\t\t\t\t<\/div>\n\t\t\t\t<div class=\"elementor-element elementor-element-b96abbc elementor-align-justify elementor-widget elementor-widget-button\" data-id=\"b96abbc\" data-element_type=\"widget\" data-settings=\"{&quot;wcf-animation&quot;:&quot;none&quot;}\" data-widget_type=\"button.default\">\n\t\t\t\t<div class=\"elementor-widget-container\">\n\t\t\t\t\t\t\t\t\t<div class=\"elementor-button-wrapper\">\n\t\t\t\t\t<a class=\"elementor-button elementor-button-link elementor-size-sm\" href=\"https:\/\/labnovalongevidade.org\/mapeamento2024\/contribuicoes\/capacitacao-para-participacao-cidada\/\">\n\t\t\t\t\t\t<span class=\"elementor-button-content-wrapper\">\n\t\t\t\t\t\t\t\t\t<span class=\"elementor-button-text\">Leia Agora >><\/span>\n\t\t\t\t\t<\/span>\n\t\t\t\t\t<\/a>\n\t\t\t\t<\/div>\n\t\t\t\t\t\t\t\t<\/div>\n\t\t\t\t<\/div>\n\t\t\t\t<\/div>\n\t\t\t\t<\/div>\n\t\t\t\t<\/div>\n\t\t\t\t<\/div>\n\t\t\t\t\t<\/div>\n\t\t\t\t<\/div>\n\t\t\t\t<\/div>\n\t\t","protected":false},"excerpt":{"rendered":"<p>6 Pol\u00edticas, Defesa de Direitos e Advocacy Iniciativas que focam na necessidade de pol\u00edticas e em esfor\u00e7os de defesa para ampliar acesso a direitos e apoiar o envelhecimento saud\u00e1vel, a participa\u00e7\u00e3o e a cidadania ao longo da vida. Em Carapicu\u00edba, S\u00e3o Paulo, a Associa\u00e7\u00e3o S\u00e3o Joaquim de Apoio \u00e0 Maturidade, tem como objetivo oportunizar a [&hellip;]<\/p>\n","protected":false},"author":5,"featured_media":13647,"parent":12768,"menu_order":0,"comment_status":"closed","ping_status":"closed","template":"elementor_header_footer","meta":{"_acf_changed":false,"footnotes":""},"class_list":["post-13386","page","type-page","status-publish","has-post-thumbnail","hentry"],"acf":[],"yoast_head":"<!-- This site is optimized with the Yoast SEO plugin v24.1 - https:\/\/yoast.com\/wordpress\/plugins\/seo\/ -->\n<title>Lab Nova Longevidade | Pol\u00edticas, Defesa de Direitos e Advocacy<\/title>\n<meta name=\"description\" content=\"Iniciativas que focam na necessidade de pol\u00edticas e em esfor\u00e7os de defesa para ampliar acesso a direitos e apoiar o envelhecimento saud\u00e1vel\" \/>\n<meta name=\"robots\" content=\"index, follow, max-snippet:-1, max-image-preview:large, max-video-preview:-1\" \/>\n<link rel=\"canonical\" href=\"https:\/\/labnovalongevidade.org\/mapeamento2024\/contribuicoes\/politicas-defesa-de-direitos-e-advocacy\/\" \/>\n<meta property=\"og:locale\" content=\"pt_BR\" \/>\n<meta property=\"og:type\" content=\"article\" \/>\n<meta property=\"og:title\" content=\"Lab Nova Longevidade | Pol\u00edticas, Defesa de Direitos e Advocacy\" \/>\n<meta property=\"og:description\" content=\"Iniciativas que focam na necessidade de pol\u00edticas e em esfor\u00e7os de defesa para ampliar acesso a direitos e apoiar o envelhecimento saud\u00e1vel\" \/>\n<meta property=\"og:url\" content=\"https:\/\/labnovalongevidade.org\/mapeamento2024\/contribuicoes\/politicas-defesa-de-direitos-e-advocacy\/\" \/>\n<meta property=\"og:site_name\" content=\"Lab Nova Longevidade\" \/>\n<meta property=\"article:modified_time\" content=\"2024-10-01T12:12:01+00:00\" \/>\n<meta property=\"og:image\" content=\"https:\/\/labnovalongevidade.org\/mapeamento2024\/wp-content\/uploads\/2024\/09\/12-2.jpg\" \/>\n\t<meta property=\"og:image:width\" content=\"436\" \/>\n\t<meta property=\"og:image:height\" content=\"361\" \/>\n\t<meta property=\"og:image:type\" content=\"image\/jpeg\" \/>\n<meta name=\"twitter:card\" content=\"summary_large_image\" \/>\n<meta name=\"twitter:label1\" content=\"Est. tempo de leitura\" \/>\n\t<meta name=\"twitter:data1\" content=\"5 minutos\" \/>\n<script type=\"application\/ld+json\" class=\"yoast-schema-graph\">{\"@context\":\"https:\/\/schema.org\",\"@graph\":[{\"@type\":\"WebPage\",\"@id\":\"https:\/\/labnovalongevidade.org\/mapeamento2024\/contribuicoes\/politicas-defesa-de-direitos-e-advocacy\/\",\"url\":\"https:\/\/labnovalongevidade.org\/mapeamento2024\/contribuicoes\/politicas-defesa-de-direitos-e-advocacy\/\",\"name\":\"Lab Nova Longevidade | Pol\u00edticas, Defesa de Direitos e Advocacy\",\"isPartOf\":{\"@id\":\"https:\/\/labnovalongevidade.org\/mapeamento2024\/#website\"},\"primaryImageOfPage\":{\"@id\":\"https:\/\/labnovalongevidade.org\/mapeamento2024\/contribuicoes\/politicas-defesa-de-direitos-e-advocacy\/#primaryimage\"},\"image\":{\"@id\":\"https:\/\/labnovalongevidade.org\/mapeamento2024\/contribuicoes\/politicas-defesa-de-direitos-e-advocacy\/#primaryimage\"},\"thumbnailUrl\":\"https:\/\/labnovalongevidade.org\/mapeamento2024\/wp-content\/uploads\/2024\/09\/12-2.jpg\",\"datePublished\":\"2024-09-24T20:44:27+00:00\",\"dateModified\":\"2024-10-01T12:12:01+00:00\",\"description\":\"Iniciativas que focam na necessidade de pol\u00edticas e em esfor\u00e7os de defesa para ampliar acesso a direitos e apoiar o envelhecimento saud\u00e1vel\",\"breadcrumb\":{\"@id\":\"https:\/\/labnovalongevidade.org\/mapeamento2024\/contribuicoes\/politicas-defesa-de-direitos-e-advocacy\/#breadcrumb\"},\"inLanguage\":\"pt-BR\",\"potentialAction\":[{\"@type\":\"ReadAction\",\"target\":[\"https:\/\/labnovalongevidade.org\/mapeamento2024\/contribuicoes\/politicas-defesa-de-direitos-e-advocacy\/\"]}]},{\"@type\":\"ImageObject\",\"inLanguage\":\"pt-BR\",\"@id\":\"https:\/\/labnovalongevidade.org\/mapeamento2024\/contribuicoes\/politicas-defesa-de-direitos-e-advocacy\/#primaryimage\",\"url\":\"https:\/\/labnovalongevidade.org\/mapeamento2024\/wp-content\/uploads\/2024\/09\/12-2.jpg\",\"contentUrl\":\"https:\/\/labnovalongevidade.org\/mapeamento2024\/wp-content\/uploads\/2024\/09\/12-2.jpg\",\"width\":436,\"height\":361,\"caption\":\"Um senhor idoso est\u00e1 em uma sala de reuni\u00e3o com um mo\u00e7o bem mais jovem\"},{\"@type\":\"BreadcrumbList\",\"@id\":\"https:\/\/labnovalongevidade.org\/mapeamento2024\/contribuicoes\/politicas-defesa-de-direitos-e-advocacy\/#breadcrumb\",\"itemListElement\":[{\"@type\":\"ListItem\",\"position\":1,\"name\":\"In\u00edcio\",\"item\":\"https:\/\/labnovalongevidade.org\/mapeamento2024\/\"},{\"@type\":\"ListItem\",\"position\":2,\"name\":\"Contribui\u00e7\u00f5es\",\"item\":\"https:\/\/labnovalongevidade.org\/mapeamento2024\/contribuicoes\/\"},{\"@type\":\"ListItem\",\"position\":3,\"name\":\"Pol\u00edticas, Defesa de Direitos e Advocacy\"}]},{\"@type\":\"WebSite\",\"@id\":\"https:\/\/labnovalongevidade.org\/mapeamento2024\/#website\",\"url\":\"https:\/\/labnovalongevidade.org\/mapeamento2024\/\",\"name\":\"Lab Nova Longevidade\",\"description\":\"\",\"publisher\":{\"@id\":\"https:\/\/labnovalongevidade.org\/mapeamento2024\/#organization\"},\"potentialAction\":[{\"@type\":\"SearchAction\",\"target\":{\"@type\":\"EntryPoint\",\"urlTemplate\":\"https:\/\/labnovalongevidade.org\/mapeamento2024\/?s={search_term_string}\"},\"query-input\":{\"@type\":\"PropertyValueSpecification\",\"valueRequired\":true,\"valueName\":\"search_term_string\"}}],\"inLanguage\":\"pt-BR\"},{\"@type\":\"Organization\",\"@id\":\"https:\/\/labnovalongevidade.org\/mapeamento2024\/#organization\",\"name\":\"Nova Longevidade\",\"url\":\"https:\/\/labnovalongevidade.org\/mapeamento2024\/\",\"logo\":{\"@type\":\"ImageObject\",\"inLanguage\":\"pt-BR\",\"@id\":\"https:\/\/labnovalongevidade.org\/mapeamento2024\/#\/schema\/logo\/image\/\",\"url\":\"https:\/\/labnovalongevidade.org\/mapeamento2024\/wp-content\/uploads\/2024\/06\/logo-lab-nova-longevidade-1.svg\",\"contentUrl\":\"https:\/\/labnovalongevidade.org\/mapeamento2024\/wp-content\/uploads\/2024\/06\/logo-lab-nova-longevidade-1.svg\",\"width\":402,\"height\":104,\"caption\":\"Nova Longevidade\"},\"image\":{\"@id\":\"https:\/\/labnovalongevidade.org\/mapeamento2024\/#\/schema\/logo\/image\/\"}}]}<\/script>\n<!-- \/ Yoast SEO plugin. -->","yoast_head_json":{"title":"Lab Nova Longevidade | Pol\u00edticas, Defesa de Direitos e Advocacy","description":"Iniciativas que focam na necessidade de pol\u00edticas e em esfor\u00e7os de defesa para ampliar acesso a direitos e apoiar o envelhecimento saud\u00e1vel","robots":{"index":"index","follow":"follow","max-snippet":"max-snippet:-1","max-image-preview":"max-image-preview:large","max-video-preview":"max-video-preview:-1"},"canonical":"https:\/\/labnovalongevidade.org\/mapeamento2024\/contribuicoes\/politicas-defesa-de-direitos-e-advocacy\/","og_locale":"pt_BR","og_type":"article","og_title":"Lab Nova Longevidade | Pol\u00edticas, Defesa de Direitos e Advocacy","og_description":"Iniciativas que focam na necessidade de pol\u00edticas e em esfor\u00e7os de defesa para ampliar acesso a direitos e apoiar o envelhecimento saud\u00e1vel","og_url":"https:\/\/labnovalongevidade.org\/mapeamento2024\/contribuicoes\/politicas-defesa-de-direitos-e-advocacy\/","og_site_name":"Lab Nova Longevidade","article_modified_time":"2024-10-01T12:12:01+00:00","og_image":[{"width":436,"height":361,"url":"https:\/\/labnovalongevidade.org\/mapeamento2024\/wp-content\/uploads\/2024\/09\/12-2.jpg","type":"image\/jpeg"}],"twitter_card":"summary_large_image","twitter_misc":{"Est. tempo de leitura":"5 minutos"},"schema":{"@context":"https:\/\/schema.org","@graph":[{"@type":"WebPage","@id":"https:\/\/labnovalongevidade.org\/mapeamento2024\/contribuicoes\/politicas-defesa-de-direitos-e-advocacy\/","url":"https:\/\/labnovalongevidade.org\/mapeamento2024\/contribuicoes\/politicas-defesa-de-direitos-e-advocacy\/","name":"Lab Nova Longevidade | Pol\u00edticas, Defesa de Direitos e Advocacy","isPartOf":{"@id":"https:\/\/labnovalongevidade.org\/mapeamento2024\/#website"},"primaryImageOfPage":{"@id":"https:\/\/labnovalongevidade.org\/mapeamento2024\/contribuicoes\/politicas-defesa-de-direitos-e-advocacy\/#primaryimage"},"image":{"@id":"https:\/\/labnovalongevidade.org\/mapeamento2024\/contribuicoes\/politicas-defesa-de-direitos-e-advocacy\/#primaryimage"},"thumbnailUrl":"https:\/\/labnovalongevidade.org\/mapeamento2024\/wp-content\/uploads\/2024\/09\/12-2.jpg","datePublished":"2024-09-24T20:44:27+00:00","dateModified":"2024-10-01T12:12:01+00:00","description":"Iniciativas que focam na necessidade de pol\u00edticas e em esfor\u00e7os de defesa para ampliar acesso a direitos e apoiar o envelhecimento saud\u00e1vel","breadcrumb":{"@id":"https:\/\/labnovalongevidade.org\/mapeamento2024\/contribuicoes\/politicas-defesa-de-direitos-e-advocacy\/#breadcrumb"},"inLanguage":"pt-BR","potentialAction":[{"@type":"ReadAction","target":["https:\/\/labnovalongevidade.org\/mapeamento2024\/contribuicoes\/politicas-defesa-de-direitos-e-advocacy\/"]}]},{"@type":"ImageObject","inLanguage":"pt-BR","@id":"https:\/\/labnovalongevidade.org\/mapeamento2024\/contribuicoes\/politicas-defesa-de-direitos-e-advocacy\/#primaryimage","url":"https:\/\/labnovalongevidade.org\/mapeamento2024\/wp-content\/uploads\/2024\/09\/12-2.jpg","contentUrl":"https:\/\/labnovalongevidade.org\/mapeamento2024\/wp-content\/uploads\/2024\/09\/12-2.jpg","width":436,"height":361,"caption":"Um senhor idoso est\u00e1 em uma sala de reuni\u00e3o com um mo\u00e7o bem mais jovem"},{"@type":"BreadcrumbList","@id":"https:\/\/labnovalongevidade.org\/mapeamento2024\/contribuicoes\/politicas-defesa-de-direitos-e-advocacy\/#breadcrumb","itemListElement":[{"@type":"ListItem","position":1,"name":"In\u00edcio","item":"https:\/\/labnovalongevidade.org\/mapeamento2024\/"},{"@type":"ListItem","position":2,"name":"Contribui\u00e7\u00f5es","item":"https:\/\/labnovalongevidade.org\/mapeamento2024\/contribuicoes\/"},{"@type":"ListItem","position":3,"name":"Pol\u00edticas, Defesa de Direitos e Advocacy"}]},{"@type":"WebSite","@id":"https:\/\/labnovalongevidade.org\/mapeamento2024\/#website","url":"https:\/\/labnovalongevidade.org\/mapeamento2024\/","name":"Lab Nova Longevidade","description":"","publisher":{"@id":"https:\/\/labnovalongevidade.org\/mapeamento2024\/#organization"},"potentialAction":[{"@type":"SearchAction","target":{"@type":"EntryPoint","urlTemplate":"https:\/\/labnovalongevidade.org\/mapeamento2024\/?s={search_term_string}"},"query-input":{"@type":"PropertyValueSpecification","valueRequired":true,"valueName":"search_term_string"}}],"inLanguage":"pt-BR"},{"@type":"Organization","@id":"https:\/\/labnovalongevidade.org\/mapeamento2024\/#organization","name":"Nova Longevidade","url":"https:\/\/labnovalongevidade.org\/mapeamento2024\/","logo":{"@type":"ImageObject","inLanguage":"pt-BR","@id":"https:\/\/labnovalongevidade.org\/mapeamento2024\/#\/schema\/logo\/image\/","url":"https:\/\/labnovalongevidade.org\/mapeamento2024\/wp-content\/uploads\/2024\/06\/logo-lab-nova-longevidade-1.svg","contentUrl":"https:\/\/labnovalongevidade.org\/mapeamento2024\/wp-content\/uploads\/2024\/06\/logo-lab-nova-longevidade-1.svg","width":402,"height":104,"caption":"Nova Longevidade"},"image":{"@id":"https:\/\/labnovalongevidade.org\/mapeamento2024\/#\/schema\/logo\/image\/"}}]}},"_links":{"self":[{"href":"https:\/\/labnovalongevidade.org\/mapeamento2024\/wp-json\/wp\/v2\/pages\/13386","targetHints":{"allow":["GET"]}}],"collection":[{"href":"https:\/\/labnovalongevidade.org\/mapeamento2024\/wp-json\/wp\/v2\/pages"}],"about":[{"href":"https:\/\/labnovalongevidade.org\/mapeamento2024\/wp-json\/wp\/v2\/types\/page"}],"author":[{"embeddable":true,"href":"https:\/\/labnovalongevidade.org\/mapeamento2024\/wp-json\/wp\/v2\/users\/5"}],"replies":[{"embeddable":true,"href":"https:\/\/labnovalongevidade.org\/mapeamento2024\/wp-json\/wp\/v2\/comments?post=13386"}],"version-history":[{"count":26,"href":"https:\/\/labnovalongevidade.org\/mapeamento2024\/wp-json\/wp\/v2\/pages\/13386\/revisions"}],"predecessor-version":[{"id":15877,"href":"https:\/\/labnovalongevidade.org\/mapeamento2024\/wp-json\/wp\/v2\/pages\/13386\/revisions\/15877"}],"up":[{"embeddable":true,"href":"https:\/\/labnovalongevidade.org\/mapeamento2024\/wp-json\/wp\/v2\/pages\/12768"}],"wp:featuredmedia":[{"embeddable":true,"href":"https:\/\/labnovalongevidade.org\/mapeamento2024\/wp-json\/wp\/v2\/media\/13647"}],"wp:attachment":[{"href":"https:\/\/labnovalongevidade.org\/mapeamento2024\/wp-json\/wp\/v2\/media?parent=13386"}],"curies":[{"name":"wp","href":"https:\/\/api.w.org\/{rel}","templated":true}]}}