{"id":13440,"date":"2024-09-24T21:04:19","date_gmt":"2024-09-24T21:04:19","guid":{"rendered":"https:\/\/labnovalongevidade.org\/mapeamento2024\/?page_id=13440"},"modified":"2024-10-01T12:10:54","modified_gmt":"2024-10-01T12:10:54","slug":"combate-ao-idadismo-e-mudanca-de-modelo-mental","status":"publish","type":"page","link":"https:\/\/labnovalongevidade.org\/mapeamento2024\/contribuicoes\/combate-ao-idadismo-e-mudanca-de-modelo-mental\/","title":{"rendered":"Combate ao idadismo e mudan\u00e7a de modelo mental"},"content":{"rendered":"\t\t<div data-elementor-type=\"wp-page\" data-elementor-id=\"13440\" class=\"elementor elementor-13440\" data-elementor-post-type=\"page\">\n\t\t\t\t<div class=\"elementor-element elementor-element-b20c819 e-con-full e-flex e-con e-parent\" data-id=\"b20c819\" data-element_type=\"container\" data-settings=\"{&quot;wcf_enable_cursor_hover_effect_text&quot;:&quot;View&quot;,&quot;wcf-animation&quot;:&quot;none&quot;,&quot;wcf_pin_breakpoint&quot;:&quot;mobile&quot;}\">\n\t\t<div class=\"elementor-element elementor-element-a0dfcd1 e-flex e-con-boxed e-con e-child\" data-id=\"a0dfcd1\" data-element_type=\"container\" data-settings=\"{&quot;wcf_enable_cursor_hover_effect_text&quot;:&quot;View&quot;,&quot;background_background&quot;:&quot;classic&quot;,&quot;wcf-animation&quot;:&quot;none&quot;,&quot;wcf_pin_breakpoint&quot;:&quot;mobile&quot;}\">\n\t\t\t\t\t<div class=\"e-con-inner\">\n\t\t<div class=\"elementor-element elementor-element-d57efd8 e-con-full e-flex e-con e-child\" data-id=\"d57efd8\" data-element_type=\"container\" data-settings=\"{&quot;wcf_enable_cursor_hover_effect_text&quot;:&quot;View&quot;,&quot;wcf-animation&quot;:&quot;none&quot;,&quot;wcf_pin_breakpoint&quot;:&quot;mobile&quot;}\">\n\t\t<div class=\"elementor-element elementor-element-af93e5b e-con-full e-flex e-con e-child\" data-id=\"af93e5b\" data-element_type=\"container\" data-settings=\"{&quot;wcf_enable_cursor_hover_effect_text&quot;:&quot;View&quot;,&quot;wcf-animation&quot;:&quot;none&quot;,&quot;wcf_pin_breakpoint&quot;:&quot;mobile&quot;}\">\n\t\t<div class=\"elementor-element elementor-element-994657c e-con-full e-flex e-con e-child\" data-id=\"994657c\" data-element_type=\"container\" data-settings=\"{&quot;wcf_enable_cursor_hover_effect_text&quot;:&quot;View&quot;,&quot;wcf-animation&quot;:&quot;none&quot;,&quot;wcf_pin_breakpoint&quot;:&quot;mobile&quot;}\">\n\t\t\t\t<div class=\"elementor-element elementor-element-9792b14 elementor-widget elementor-widget-image\" data-id=\"9792b14\" data-element_type=\"widget\" data-settings=\"{&quot;wcf-image-animation&quot;:&quot;none&quot;,&quot;wcf-animation&quot;:&quot;none&quot;}\" data-widget_type=\"image.default\">\n\t\t\t\t<div class=\"elementor-widget-container\">\n\t\t\t\t\t\t\t\t\t\t\t\t\t\t\t<img fetchpriority=\"high\" decoding=\"async\" width=\"436\" height=\"361\" src=\"https:\/\/labnovalongevidade.org\/mapeamento2024\/wp-content\/uploads\/2024\/09\/24-1.jpg\" class=\"attachment-medium_large size-medium_large wp-image-13636\" alt=\"Uma senhora idosa segura bal\u00f5es de ar com os n\u00fameros 6 e 5, representando seu anivers\u00e1rio de 65 anos\" srcset=\"https:\/\/labnovalongevidade.org\/mapeamento2024\/wp-content\/uploads\/2024\/09\/24-1.jpg 436w, https:\/\/labnovalongevidade.org\/mapeamento2024\/wp-content\/uploads\/2024\/09\/24-1-300x248.jpg 300w\" sizes=\"(max-width: 436px) 100vw, 436px\" \/>\t\t\t\t\t\t\t\t\t\t\t\t\t\t\t<\/div>\n\t\t\t\t<\/div>\n\t\t\t\t<\/div>\n\t\t<div class=\"elementor-element elementor-element-d85aefa e-con-full e-flex e-con e-child\" data-id=\"d85aefa\" data-element_type=\"container\" data-settings=\"{&quot;wcf_enable_cursor_hover_effect_text&quot;:&quot;View&quot;,&quot;wcf-animation&quot;:&quot;none&quot;,&quot;wcf_pin_breakpoint&quot;:&quot;mobile&quot;}\">\n\t\t\t\t<div class=\"elementor-element elementor-element-906f9bb wcf-t-animation-none elementor-widget elementor-widget-heading\" data-id=\"906f9bb\" data-element_type=\"widget\" data-settings=\"{&quot;wcf_text_animation&quot;:&quot;none&quot;,&quot;wcf-animation&quot;:&quot;none&quot;}\" data-widget_type=\"heading.default\">\n\t\t\t\t<div class=\"elementor-widget-container\">\n\t\t\t\t\t<p class=\"elementor-heading-title elementor-size-default\">3<\/p>\t\t\t\t<\/div>\n\t\t\t\t<\/div>\n\t\t\t\t<div class=\"elementor-element elementor-element-91f0fdb wcf-t-animation-char elementor-widget elementor-widget-wcf--title\" data-id=\"91f0fdb\" data-element_type=\"widget\" data-settings=\"{&quot;wcf_text_animation&quot;:&quot;char&quot;,&quot;text_delay&quot;:0.15,&quot;text_duration&quot;:1,&quot;text_stagger&quot;:0.02,&quot;text_on_scroll&quot;:&quot;yes&quot;,&quot;text_translate_x&quot;:20,&quot;text_translate_y&quot;:0,&quot;wcf-animation&quot;:&quot;none&quot;}\" data-widget_type=\"wcf--title.default\">\n\t\t\t\t<div class=\"elementor-widget-container\">\n\t\t\t\t\t<h1 class=\"wcf--title\">Combate ao idadismo e mudan\u00e7a de modelo mental<\/h1>\t\t\t\t<\/div>\n\t\t\t\t<\/div>\n\t\t\t\t<\/div>\n\t\t\t\t<\/div>\n\t\t\t\t<\/div>\n\t\t\t\t\t<\/div>\n\t\t\t\t<\/div>\n\t\t\t\t<\/div>\n\t\t<div class=\"elementor-element elementor-element-c90ceac e-flex e-con-boxed e-con e-parent\" data-id=\"c90ceac\" data-element_type=\"container\" data-settings=\"{&quot;wcf_enable_cursor_hover_effect_text&quot;:&quot;View&quot;,&quot;wcf-animation&quot;:&quot;none&quot;,&quot;wcf_pin_breakpoint&quot;:&quot;mobile&quot;}\">\n\t\t\t\t\t<div class=\"e-con-inner\">\n\t\t<div class=\"elementor-element elementor-element-9ff5bd0 e-flex e-con-boxed e-con e-child\" data-id=\"9ff5bd0\" data-element_type=\"container\" data-settings=\"{&quot;wcf_enable_cursor_hover_effect_text&quot;:&quot;View&quot;,&quot;wcf-animation&quot;:&quot;none&quot;,&quot;wcf_pin_breakpoint&quot;:&quot;mobile&quot;}\">\n\t\t\t\t\t<div class=\"e-con-inner\">\n\t\t<div class=\"elementor-element elementor-element-21c2e32 e-flex e-con-boxed e-con e-child\" data-id=\"21c2e32\" data-element_type=\"container\" data-settings=\"{&quot;wcf_enable_cursor_hover_effect_text&quot;:&quot;View&quot;,&quot;wcf-animation&quot;:&quot;none&quot;,&quot;wcf_pin_breakpoint&quot;:&quot;mobile&quot;}\">\n\t\t\t\t\t<div class=\"e-con-inner\">\n\t\t\t\t<div class=\"elementor-element elementor-element-39fd7c8 wcf-t-animation-none elementor-widget elementor-widget-text-editor\" data-id=\"39fd7c8\" data-element_type=\"widget\" data-settings=\"{&quot;wcf_text_animation&quot;:&quot;none&quot;,&quot;wcf-animation&quot;:&quot;none&quot;}\" data-widget_type=\"text-editor.default\">\n\t\t\t\t<div class=\"elementor-widget-container\">\n\t\t\t\t\t\t\t\t\tPor meio de campanhas de conscientiza\u00e7\u00e3o e defesa de pol\u00edticas, essas iniciativas buscam eliminar o estigma e a discrimina\u00e7\u00e3o relacionados \u00e0 idade, promovendo a igualdade de oportunidades e <strong class=\"title-color-a\" style=\"font-weight: 900;\">tratamento justo<\/strong>  para pessoas de todas as idades.\t\t\t\t\t\t\t\t<\/div>\n\t\t\t\t<\/div>\n\t\t\t\t\t<\/div>\n\t\t\t\t<\/div>\n\t\t\t\t\t<\/div>\n\t\t\t\t<\/div>\n\t\t<div class=\"elementor-element elementor-element-a135d17 e-flex e-con-boxed e-con e-child\" data-id=\"a135d17\" data-element_type=\"container\" data-settings=\"{&quot;wcf_enable_cursor_hover_effect_text&quot;:&quot;View&quot;,&quot;wcf-animation&quot;:&quot;none&quot;,&quot;wcf_pin_breakpoint&quot;:&quot;mobile&quot;}\">\n\t\t\t\t\t<div class=\"e-con-inner\">\n\t\t<div class=\"elementor-element elementor-element-75fac3d e-con-full e-flex e-con e-child\" data-id=\"75fac3d\" data-element_type=\"container\" data-settings=\"{&quot;wcf_enable_cursor_hover_effect_text&quot;:&quot;View&quot;,&quot;wcf-animation&quot;:&quot;none&quot;,&quot;wcf_pin_breakpoint&quot;:&quot;mobile&quot;}\">\n\t\t\t\t<div class=\"elementor-element elementor-element-869674a elementor-widget elementor-widget-image\" data-id=\"869674a\" data-element_type=\"widget\" data-settings=\"{&quot;wcf-image-animation&quot;:&quot;none&quot;,&quot;wcf-animation&quot;:&quot;none&quot;}\" data-widget_type=\"image.default\">\n\t\t\t\t<div class=\"elementor-widget-container\">\n\t\t\t\t\t\t\t\t\t\t\t\t\t\t\t<img decoding=\"async\" width=\"294\" height=\"300\" src=\"https:\/\/labnovalongevidade.org\/mapeamento2024\/wp-content\/uploads\/2024\/09\/Ativo-1-294x300.png\" class=\"attachment-medium size-medium wp-image-12554\" alt=\"Mapa regi\u00e3o nordeste do Brasil\" srcset=\"https:\/\/labnovalongevidade.org\/mapeamento2024\/wp-content\/uploads\/2024\/09\/Ativo-1-294x300.png 294w, https:\/\/labnovalongevidade.org\/mapeamento2024\/wp-content\/uploads\/2024\/09\/Ativo-1.png 726w\" sizes=\"(max-width: 294px) 100vw, 294px\" \/>\t\t\t\t\t\t\t\t\t\t\t\t\t\t\t<\/div>\n\t\t\t\t<\/div>\n\t\t\t\t<\/div>\n\t\t<div class=\"elementor-element elementor-element-e1acd42 e-con-full e-flex e-con e-child\" data-id=\"e1acd42\" data-element_type=\"container\" data-settings=\"{&quot;wcf_enable_cursor_hover_effect_text&quot;:&quot;View&quot;,&quot;wcf-animation&quot;:&quot;none&quot;,&quot;wcf_pin_breakpoint&quot;:&quot;mobile&quot;}\">\n\t\t\t\t<div class=\"elementor-element elementor-element-6831d61 wcf-t-animation-none elementor-widget elementor-widget-text-editor\" data-id=\"6831d61\" data-element_type=\"widget\" data-settings=\"{&quot;wcf_text_animation&quot;:&quot;none&quot;,&quot;wcf-animation&quot;:&quot;none&quot;}\" data-widget_type=\"text-editor.default\">\n\t\t\t\t<div class=\"elementor-widget-container\">\n\t\t\t\t\t\t\t\t\t<p><span style=\"font-weight: 400;\">Em S\u00e3o Luis, no Maranh\u00e3o, o <\/span><b>Projeto EnvelheSER<\/b><span style=\"font-weight: 400;\"> desenvolve a\u00e7\u00f5es de qualidade de vida e dignidade para pessoas com mais de 60 anos de idade, atrav\u00e9s de campanhas de conscientiza\u00e7\u00e3o, a\u00e7\u00f5es de mobiliza\u00e7\u00e3o social e eventos, pautado por teorias como envelhecimento ativo, envelhecimento satisfat\u00f3rio, envelhecimento digno, entre outros. Tem como objetivos: estimular atividades e experi\u00eancias que atribuam sentido \u00e0 vida da pessoa idosa; desenvolver campanhas educativas de combate ao etarismo, direitos e qualidade de vida 60+; implantar a\u00e7\u00f5es sociais voltadas ao envelhecimento saud\u00e1vel e com qualidade de vida; coletar narrativas e construir exposi\u00e7\u00f5es sobre demandas subjetivas das pessoas idosas; organizar pr\u00e1ticas de lazer e bem-estar voltadas ao p\u00fablico 60+; elaborar cartilhas, folderes e document\u00e1rios sobre direitos de idosos e bem-estar; realizar rodas de conversa em espa\u00e7os p\u00fablicos.<\/span><\/p>\t\t\t\t\t\t\t\t<\/div>\n\t\t\t\t<\/div>\n\t\t\t\t<\/div>\n\t\t\t\t\t<\/div>\n\t\t\t\t<\/div>\n\t\t<div class=\"elementor-element elementor-element-839e181 e-flex e-con-boxed e-con e-child\" data-id=\"839e181\" data-element_type=\"container\" data-settings=\"{&quot;wcf_enable_cursor_hover_effect_text&quot;:&quot;View&quot;,&quot;wcf-animation&quot;:&quot;none&quot;,&quot;wcf_pin_breakpoint&quot;:&quot;mobile&quot;}\">\n\t\t\t\t\t<div class=\"e-con-inner\">\n\t\t<div class=\"elementor-element elementor-element-d1af9c7 e-con-full e-flex e-con e-child\" data-id=\"d1af9c7\" data-element_type=\"container\" data-settings=\"{&quot;wcf_enable_cursor_hover_effect_text&quot;:&quot;View&quot;,&quot;wcf-animation&quot;:&quot;none&quot;,&quot;wcf_pin_breakpoint&quot;:&quot;mobile&quot;}\">\n\t\t\t\t<div class=\"elementor-element elementor-element-1d50b49 elementor-widget elementor-widget-image\" data-id=\"1d50b49\" data-element_type=\"widget\" data-settings=\"{&quot;wcf-image-animation&quot;:&quot;none&quot;,&quot;wcf-animation&quot;:&quot;none&quot;}\" data-widget_type=\"image.default\">\n\t\t\t\t<div class=\"elementor-widget-container\">\n\t\t\t\t\t\t\t\t\t\t\t\t\t\t\t<img decoding=\"async\" width=\"294\" height=\"300\" src=\"https:\/\/labnovalongevidade.org\/mapeamento2024\/wp-content\/uploads\/2024\/09\/Ativo-4-294x300.png\" class=\"attachment-medium size-medium wp-image-12552\" alt=\"Mapa regi\u00e3o sudeste do Brasil\" srcset=\"https:\/\/labnovalongevidade.org\/mapeamento2024\/wp-content\/uploads\/2024\/09\/Ativo-4-294x300.png 294w, https:\/\/labnovalongevidade.org\/mapeamento2024\/wp-content\/uploads\/2024\/09\/Ativo-4.png 726w\" sizes=\"(max-width: 294px) 100vw, 294px\" \/>\t\t\t\t\t\t\t\t\t\t\t\t\t\t\t<\/div>\n\t\t\t\t<\/div>\n\t\t\t\t<\/div>\n\t\t<div class=\"elementor-element elementor-element-a78102d e-con-full e-flex e-con e-child\" data-id=\"a78102d\" data-element_type=\"container\" data-settings=\"{&quot;wcf_enable_cursor_hover_effect_text&quot;:&quot;View&quot;,&quot;wcf-animation&quot;:&quot;none&quot;,&quot;wcf_pin_breakpoint&quot;:&quot;mobile&quot;}\">\n\t\t\t\t<div class=\"elementor-element elementor-element-fd1c5c8 wcf-t-animation-none elementor-widget elementor-widget-text-editor\" data-id=\"fd1c5c8\" data-element_type=\"widget\" data-settings=\"{&quot;wcf_text_animation&quot;:&quot;none&quot;,&quot;wcf-animation&quot;:&quot;none&quot;}\" data-widget_type=\"text-editor.default\">\n\t\t\t\t<div class=\"elementor-widget-container\">\n\t\t\t\t\t\t\t\t\t<p><span style=\"font-weight: 400;\">Da cidade do Rio de Janeiro, o site <\/span><b>50emais.com.br<\/b><span style=\"font-weight: 400;\"> foi criado pela jornalista Maya Santana para divulgar e debater as quest\u00f5es do envelhecimento. Com o slogan &#8220;Vida Adulta Inteligente&#8221;, tem como foco a quebra de estigmas e preconceito, valoriza\u00e7\u00e3o da pessoa idosa, sa\u00fade, qualidade de vida, literatura, exemplos positivos e mais.\u00a0<\/span><\/p><p><span style=\"font-weight: 400;\">\u00a0\u00a0\u00a0<\/span><\/p>\t\t\t\t\t\t\t\t<\/div>\n\t\t\t\t<\/div>\n\t\t\t\t<\/div>\n\t\t\t\t\t<\/div>\n\t\t\t\t<\/div>\n\t\t<div class=\"elementor-element elementor-element-abab0cc e-flex e-con-boxed e-con e-child\" data-id=\"abab0cc\" data-element_type=\"container\" data-settings=\"{&quot;wcf_enable_cursor_hover_effect_text&quot;:&quot;View&quot;,&quot;wcf-animation&quot;:&quot;none&quot;,&quot;wcf_pin_breakpoint&quot;:&quot;mobile&quot;}\">\n\t\t\t\t\t<div class=\"e-con-inner\">\n\t\t<div class=\"elementor-element elementor-element-5b587de e-con-full e-flex e-con e-child\" data-id=\"5b587de\" data-element_type=\"container\" data-settings=\"{&quot;wcf_enable_cursor_hover_effect_text&quot;:&quot;View&quot;,&quot;wcf-animation&quot;:&quot;none&quot;,&quot;wcf_pin_breakpoint&quot;:&quot;mobile&quot;}\">\n\t\t\t\t<div class=\"elementor-element elementor-element-dc35785 elementor-widget elementor-widget-image\" data-id=\"dc35785\" data-element_type=\"widget\" data-settings=\"{&quot;wcf-image-animation&quot;:&quot;none&quot;,&quot;wcf-animation&quot;:&quot;none&quot;}\" data-widget_type=\"image.default\">\n\t\t\t\t<div class=\"elementor-widget-container\">\n\t\t\t\t\t\t\t\t\t\t\t\t\t\t\t<img decoding=\"async\" width=\"294\" height=\"300\" src=\"https:\/\/labnovalongevidade.org\/mapeamento2024\/wp-content\/uploads\/2024\/09\/Ativo-4-294x300.png\" class=\"attachment-medium size-medium wp-image-12552\" alt=\"Mapa regi\u00e3o sudeste do Brasil\" srcset=\"https:\/\/labnovalongevidade.org\/mapeamento2024\/wp-content\/uploads\/2024\/09\/Ativo-4-294x300.png 294w, https:\/\/labnovalongevidade.org\/mapeamento2024\/wp-content\/uploads\/2024\/09\/Ativo-4.png 726w\" sizes=\"(max-width: 294px) 100vw, 294px\" \/>\t\t\t\t\t\t\t\t\t\t\t\t\t\t\t<\/div>\n\t\t\t\t<\/div>\n\t\t\t\t<\/div>\n\t\t<div class=\"elementor-element elementor-element-3d5b6f7 e-con-full e-flex e-con e-child\" data-id=\"3d5b6f7\" data-element_type=\"container\" data-settings=\"{&quot;wcf_enable_cursor_hover_effect_text&quot;:&quot;View&quot;,&quot;wcf-animation&quot;:&quot;none&quot;,&quot;wcf_pin_breakpoint&quot;:&quot;mobile&quot;}\">\n\t\t\t\t<div class=\"elementor-element elementor-element-43c8774 wcf-t-animation-none elementor-widget elementor-widget-text-editor\" data-id=\"43c8774\" data-element_type=\"widget\" data-settings=\"{&quot;wcf_text_animation&quot;:&quot;none&quot;,&quot;wcf-animation&quot;:&quot;none&quot;}\" data-widget_type=\"text-editor.default\">\n\t\t\t\t<div class=\"elementor-widget-container\">\n\t\t\t\t\t\t\t\t\t<p><span style=\"font-weight: 400;\">De S\u00e3o Paulo, a plataforma <\/span><b>Minha Idade N\u00e3o Me Define<\/b><span style=\"font-weight: 400;\"> re\u00fane conte\u00fado para o p\u00fablico s\u00eanior sobre maturidade, qualidade de vida, envelhecimento e educa\u00e7\u00e3o para a longevidade. Atua no combate a todas as formas de preconceito et\u00e1rio e na constru\u00e7\u00e3o de uma comunidade ativa para reinventar a velhice.<\/span><\/p>\t\t\t\t\t\t\t\t<\/div>\n\t\t\t\t<\/div>\n\t\t\t\t<\/div>\n\t\t\t\t\t<\/div>\n\t\t\t\t<\/div>\n\t\t<div class=\"elementor-element elementor-element-183adc4 e-flex e-con-boxed e-con e-child\" data-id=\"183adc4\" data-element_type=\"container\" data-settings=\"{&quot;wcf_enable_cursor_hover_effect_text&quot;:&quot;View&quot;,&quot;wcf-animation&quot;:&quot;none&quot;,&quot;wcf_pin_breakpoint&quot;:&quot;mobile&quot;}\">\n\t\t\t\t\t<div class=\"e-con-inner\">\n\t\t<div class=\"elementor-element elementor-element-2f356c9 e-con-full e-flex e-con e-child\" data-id=\"2f356c9\" data-element_type=\"container\" data-settings=\"{&quot;wcf_enable_cursor_hover_effect_text&quot;:&quot;View&quot;,&quot;wcf-animation&quot;:&quot;none&quot;,&quot;wcf_pin_breakpoint&quot;:&quot;mobile&quot;}\">\n\t\t\t\t<div class=\"elementor-element elementor-element-f7e6258 elementor-widget elementor-widget-image\" data-id=\"f7e6258\" data-element_type=\"widget\" data-settings=\"{&quot;wcf-image-animation&quot;:&quot;none&quot;,&quot;wcf-animation&quot;:&quot;none&quot;}\" data-widget_type=\"image.default\">\n\t\t\t\t<div class=\"elementor-widget-container\">\n\t\t\t\t\t\t\t\t\t\t\t\t\t\t\t<img decoding=\"async\" width=\"294\" height=\"300\" src=\"https:\/\/labnovalongevidade.org\/mapeamento2024\/wp-content\/uploads\/2024\/09\/Ativo-4-294x300.png\" class=\"attachment-medium size-medium wp-image-12552\" alt=\"Mapa regi\u00e3o sudeste do Brasil\" srcset=\"https:\/\/labnovalongevidade.org\/mapeamento2024\/wp-content\/uploads\/2024\/09\/Ativo-4-294x300.png 294w, https:\/\/labnovalongevidade.org\/mapeamento2024\/wp-content\/uploads\/2024\/09\/Ativo-4.png 726w\" sizes=\"(max-width: 294px) 100vw, 294px\" \/>\t\t\t\t\t\t\t\t\t\t\t\t\t\t\t<\/div>\n\t\t\t\t<\/div>\n\t\t\t\t<\/div>\n\t\t<div class=\"elementor-element elementor-element-5c31770 e-con-full e-flex e-con e-child\" data-id=\"5c31770\" data-element_type=\"container\" data-settings=\"{&quot;wcf_enable_cursor_hover_effect_text&quot;:&quot;View&quot;,&quot;wcf-animation&quot;:&quot;none&quot;,&quot;wcf_pin_breakpoint&quot;:&quot;mobile&quot;}\">\n\t\t\t\t<div class=\"elementor-element elementor-element-bb80682 wcf-t-animation-none elementor-widget elementor-widget-text-editor\" data-id=\"bb80682\" data-element_type=\"widget\" data-settings=\"{&quot;wcf_text_animation&quot;:&quot;none&quot;,&quot;wcf-animation&quot;:&quot;none&quot;}\" data-widget_type=\"text-editor.default\">\n\t\t\t\t<div class=\"elementor-widget-container\">\n\t\t\t\t\t\t\t\t\t<p><span style=\"font-weight: 400;\">Em S\u00e3o Paulo, o coletivo <\/span><b>Janela Aberta &#8211; Cinema e Educa\u00e7\u00e3o<\/b><span style=\"font-weight: 400;\"> atua em Cineclubes mediando debates para diversos p\u00fablicos, incluindo idosos. Os cineclubes possibilitam reuni\u00f5es e debates sobre filmes para o aprofundamento de temas contempor\u00e2neos e desenvolvimento da leitura cr\u00edtica da cultura midi\u00e1tica como um todo. O combate ao etarismo \u00e9 incentivado por meio da valoriza\u00e7\u00e3o da participa\u00e7\u00e3o de todos os participantes nos debates. Os cine-educadores do coletivo Janela Aberta s\u00e3o preparados para mediar debates sobre filmes em diversos contextos, estimulando a troca de percep\u00e7\u00f5es e promovendo a livre express\u00e3o de ideias.<\/span><\/p>\t\t\t\t\t\t\t\t<\/div>\n\t\t\t\t<\/div>\n\t\t\t\t<\/div>\n\t\t\t\t\t<\/div>\n\t\t\t\t<\/div>\n\t\t\t\t\t<\/div>\n\t\t\t\t<\/div>\n\t\t<div class=\"elementor-element elementor-element-6f218e0 e-flex e-con-boxed e-con e-parent\" data-id=\"6f218e0\" data-element_type=\"container\" data-settings=\"{&quot;wcf_enable_cursor_hover_effect_text&quot;:&quot;View&quot;,&quot;wcf-animation&quot;:&quot;none&quot;,&quot;wcf_pin_breakpoint&quot;:&quot;mobile&quot;}\">\n\t\t\t\t\t<div class=\"e-con-inner\">\n\t\t<div class=\"elementor-element elementor-element-2958e79 e-con-full e-flex e-con e-child\" data-id=\"2958e79\" data-element_type=\"container\" data-settings=\"{&quot;wcf_enable_cursor_hover_effect_text&quot;:&quot;View&quot;,&quot;wcf-animation&quot;:&quot;none&quot;,&quot;wcf_pin_breakpoint&quot;:&quot;mobile&quot;}\">\n\t\t\t\t<div class=\"elementor-element elementor-element-5a0fe03 wcf-t-animation-none elementor-widget elementor-widget-text-editor\" data-id=\"5a0fe03\" data-element_type=\"widget\" data-settings=\"{&quot;wcf_text_animation&quot;:&quot;none&quot;,&quot;wcf-animation&quot;:&quot;none&quot;}\" data-widget_type=\"text-editor.default\">\n\t\t\t\t<div class=\"elementor-widget-container\">\n\t\t\t\t\t\t\t\t\t<span class=\"title-color-a\" style=\"font-weight: bold;\">Conhe\u00e7a mais<\/span> inova\u00e7\u00f5es contribuindo para repensar o envelhecimento no Brasil\t\t\t\t\t\t\t\t<\/div>\n\t\t\t\t<\/div>\n\t\t\t\t<\/div>\n\t\t\t\t\t<\/div>\n\t\t\t\t<\/div>\n\t\t<div class=\"elementor-element elementor-element-13c96f7 e-flex e-con-boxed e-con e-parent\" data-id=\"13c96f7\" data-element_type=\"container\" data-settings=\"{&quot;wcf_enable_cursor_hover_effect_text&quot;:&quot;View&quot;,&quot;wcf-animation&quot;:&quot;none&quot;,&quot;wcf_pin_breakpoint&quot;:&quot;mobile&quot;}\">\n\t\t\t\t\t<div class=\"e-con-inner\">\n\t\t<div class=\"elementor-element elementor-element-f507482 e-con-full e-flex e-con e-child\" data-id=\"f507482\" data-element_type=\"container\" data-settings=\"{&quot;wcf_enable_cursor_hover_effect_text&quot;:&quot;View&quot;,&quot;wcf-animation&quot;:&quot;none&quot;,&quot;wcf_pin_breakpoint&quot;:&quot;mobile&quot;}\">\n\t\t<div class=\"elementor-element elementor-element-8f73f0d e-con-full e-flex e-con e-child\" data-id=\"8f73f0d\" data-element_type=\"container\" data-settings=\"{&quot;wcf_enable_cursor_hover_effect_text&quot;:&quot;View&quot;,&quot;wcf-animation&quot;:&quot;none&quot;,&quot;wcf_pin_breakpoint&quot;:&quot;mobile&quot;}\">\n\t\t<div class=\"elementor-element elementor-element-dc23674 e-con-full e-flex e-con e-child\" data-id=\"dc23674\" data-element_type=\"container\" data-settings=\"{&quot;wcf_enable_cursor_hover_effect_text&quot;:&quot;View&quot;,&quot;wcf-animation&quot;:&quot;none&quot;,&quot;wcf_pin_breakpoint&quot;:&quot;mobile&quot;}\">\n\t\t\t\t<div class=\"elementor-element elementor-element-08b194b elementor-widget elementor-widget-image\" data-id=\"08b194b\" data-element_type=\"widget\" data-settings=\"{&quot;wcf-image-animation&quot;:&quot;none&quot;,&quot;wcf-animation&quot;:&quot;none&quot;}\" data-widget_type=\"image.default\">\n\t\t\t\t<div class=\"elementor-widget-container\">\n\t\t\t\t\t\t\t\t\t\t\t\t\t\t\t\t<a href=\"https:\/\/labnovalongevidade.org\/mapeamento2024\/contribuicoes\/democratizacao-de-informacao-e-educacao-para-longevidade\/\">\n\t\t\t\t\t\t\t<img decoding=\"async\" src=\"https:\/\/labnovalongevidade.org\/mapeamento2024\/wp-content\/uploads\/elementor\/thumbs\/27-1-qumq8cn4nzryuprk8byvx3xuik942vamn7dypovbco.jpg\" title=\"Mapeamento do Ecossistema de Inova\u00e7\u00e3o Social e Longevidade\" alt=\"Tr\u00eas homens e uma mulher, est\u00e3o olhando diretamente para uma tela de computador.\" loading=\"lazy\" \/>\t\t\t\t\t\t\t\t<\/a>\n\t\t\t\t\t\t\t\t\t\t\t\t\t\t\t<\/div>\n\t\t\t\t<\/div>\n\t\t\t\t<\/div>\n\t\t<div class=\"elementor-element elementor-element-496d0f3 e-con-full e-flex e-con e-child\" data-id=\"496d0f3\" data-element_type=\"container\" data-settings=\"{&quot;wcf_enable_cursor_hover_effect_text&quot;:&quot;View&quot;,&quot;wcf-animation&quot;:&quot;none&quot;,&quot;wcf_pin_breakpoint&quot;:&quot;mobile&quot;}\">\n\t\t<div class=\"elementor-element elementor-element-13577aa e-con-full e-flex e-con e-child\" data-id=\"13577aa\" data-element_type=\"container\" data-settings=\"{&quot;wcf_enable_cursor_hover_effect_text&quot;:&quot;View&quot;,&quot;wcf-animation&quot;:&quot;none&quot;,&quot;wcf_pin_breakpoint&quot;:&quot;mobile&quot;}\">\n\t\t\t\t<div class=\"elementor-element elementor-element-feaac14 wcf-t-animation-none elementor-widget elementor-widget-heading\" data-id=\"feaac14\" data-element_type=\"widget\" data-settings=\"{&quot;wcf_text_animation&quot;:&quot;none&quot;,&quot;wcf-animation&quot;:&quot;none&quot;}\" data-widget_type=\"heading.default\">\n\t\t\t\t<div class=\"elementor-widget-container\">\n\t\t\t\t\t<div class=\"elementor-heading-title elementor-size-default\">Explore<\/div>\t\t\t\t<\/div>\n\t\t\t\t<\/div>\n\t\t\t\t<div class=\"elementor-element elementor-element-cd0e464 wcf-t-animation-none elementor-widget elementor-widget-heading\" data-id=\"cd0e464\" data-element_type=\"widget\" data-settings=\"{&quot;wcf_text_animation&quot;:&quot;none&quot;,&quot;wcf-animation&quot;:&quot;none&quot;}\" data-widget_type=\"heading.default\">\n\t\t\t\t<div class=\"elementor-widget-container\">\n\t\t\t\t\t<h2 class=\"elementor-heading-title elementor-size-default\"><a href=\"https:\/\/labnovalongevidade.org\/mapeamento2024\/contribuicoes\/democratizacao-de-informacao-e-educacao-para-longevidade\/\">Democratiza\u00e7\u00e3o de Informa\u00e7\u00e3o e Educa\u00e7\u00e3o para Longevidade<\/a><\/h2>\t\t\t\t<\/div>\n\t\t\t\t<\/div>\n\t\t\t\t<div class=\"elementor-element elementor-element-4b517ef elementor-align-justify elementor-widget elementor-widget-button\" data-id=\"4b517ef\" data-element_type=\"widget\" data-settings=\"{&quot;wcf-animation&quot;:&quot;none&quot;}\" data-widget_type=\"button.default\">\n\t\t\t\t<div class=\"elementor-widget-container\">\n\t\t\t\t\t\t\t\t\t<div class=\"elementor-button-wrapper\">\n\t\t\t\t\t<a class=\"elementor-button elementor-button-link elementor-size-sm\" href=\"https:\/\/labnovalongevidade.org\/mapeamento2024\/contribuicoes\/democratizacao-de-informacao-e-educacao-para-longevidade\/\">\n\t\t\t\t\t\t<span class=\"elementor-button-content-wrapper\">\n\t\t\t\t\t\t\t\t\t<span class=\"elementor-button-text\">Leia Agora >><\/span>\n\t\t\t\t\t<\/span>\n\t\t\t\t\t<\/a>\n\t\t\t\t<\/div>\n\t\t\t\t\t\t\t\t<\/div>\n\t\t\t\t<\/div>\n\t\t\t\t<\/div>\n\t\t\t\t<\/div>\n\t\t\t\t<\/div>\n\t\t<div class=\"elementor-element elementor-element-b904dc7 e-con-full e-flex e-con e-child\" data-id=\"b904dc7\" data-element_type=\"container\" data-settings=\"{&quot;wcf_enable_cursor_hover_effect_text&quot;:&quot;View&quot;,&quot;wcf-animation&quot;:&quot;none&quot;,&quot;wcf_pin_breakpoint&quot;:&quot;mobile&quot;}\">\n\t\t<div class=\"elementor-element elementor-element-7bb0a51 e-con-full e-flex e-con e-child\" data-id=\"7bb0a51\" data-element_type=\"container\" data-settings=\"{&quot;wcf_enable_cursor_hover_effect_text&quot;:&quot;View&quot;,&quot;wcf-animation&quot;:&quot;none&quot;,&quot;wcf_pin_breakpoint&quot;:&quot;mobile&quot;}\">\n\t\t\t\t<div class=\"elementor-element elementor-element-0103df8 elementor-widget elementor-widget-image\" data-id=\"0103df8\" data-element_type=\"widget\" data-settings=\"{&quot;wcf-image-animation&quot;:&quot;none&quot;,&quot;wcf-animation&quot;:&quot;none&quot;}\" data-widget_type=\"image.default\">\n\t\t\t\t<div class=\"elementor-widget-container\">\n\t\t\t\t\t\t\t\t\t\t\t\t\t\t\t\t<a href=\"https:\/\/labnovalongevidade.org\/mapeamento2024\/contribuicoes\/mudanca-de-narrativa-e-protagonismo-senior\/\">\n\t\t\t\t\t\t\t<img decoding=\"async\" src=\"https:\/\/labnovalongevidade.org\/mapeamento2024\/wp-content\/uploads\/elementor\/thumbs\/13-2-qumq8ui29ugezb1mc1osqhflsvt3549j1ns6ty4u2g.jpg\" title=\"Mapeamento do Ecossistema de Inova\u00e7\u00e3o Social e Longevidade\" alt=\"Um senhor idoso sorri, enquanto ouve som, depois de fazer uma corrida\" loading=\"lazy\" \/>\t\t\t\t\t\t\t\t<\/a>\n\t\t\t\t\t\t\t\t\t\t\t\t\t\t\t<\/div>\n\t\t\t\t<\/div>\n\t\t\t\t<\/div>\n\t\t<div class=\"elementor-element elementor-element-57ceb65 e-con-full e-flex e-con e-child\" data-id=\"57ceb65\" data-element_type=\"container\" data-settings=\"{&quot;wcf_enable_cursor_hover_effect_text&quot;:&quot;View&quot;,&quot;wcf-animation&quot;:&quot;none&quot;,&quot;wcf_pin_breakpoint&quot;:&quot;mobile&quot;}\">\n\t\t<div class=\"elementor-element elementor-element-a07489e e-con-full e-flex e-con e-child\" data-id=\"a07489e\" data-element_type=\"container\" data-settings=\"{&quot;wcf_enable_cursor_hover_effect_text&quot;:&quot;View&quot;,&quot;wcf-animation&quot;:&quot;none&quot;,&quot;wcf_pin_breakpoint&quot;:&quot;mobile&quot;}\">\n\t\t\t\t<div class=\"elementor-element elementor-element-74dc7f0 wcf-t-animation-none elementor-widget elementor-widget-heading\" data-id=\"74dc7f0\" data-element_type=\"widget\" data-settings=\"{&quot;wcf_text_animation&quot;:&quot;none&quot;,&quot;wcf-animation&quot;:&quot;none&quot;}\" data-widget_type=\"heading.default\">\n\t\t\t\t<div class=\"elementor-widget-container\">\n\t\t\t\t\t<div class=\"elementor-heading-title elementor-size-default\">Explore<\/div>\t\t\t\t<\/div>\n\t\t\t\t<\/div>\n\t\t\t\t<div class=\"elementor-element elementor-element-2e95cbf wcf-t-animation-none elementor-widget elementor-widget-heading\" data-id=\"2e95cbf\" data-element_type=\"widget\" data-settings=\"{&quot;wcf_text_animation&quot;:&quot;none&quot;,&quot;wcf-animation&quot;:&quot;none&quot;}\" data-widget_type=\"heading.default\">\n\t\t\t\t<div class=\"elementor-widget-container\">\n\t\t\t\t\t<h2 class=\"elementor-heading-title elementor-size-default\"><a href=\"https:\/\/labnovalongevidade.org\/mapeamento2024\/contribuicoes\/mudanca-de-narrativa-e-protagonismo-senior\/\">Mudan\u00e7a de Narrativa e Protagonismo S\u00eanior<\/a><\/h2>\t\t\t\t<\/div>\n\t\t\t\t<\/div>\n\t\t\t\t<div class=\"elementor-element elementor-element-b96abbc elementor-align-justify elementor-widget elementor-widget-button\" data-id=\"b96abbc\" data-element_type=\"widget\" data-settings=\"{&quot;wcf-animation&quot;:&quot;none&quot;}\" data-widget_type=\"button.default\">\n\t\t\t\t<div class=\"elementor-widget-container\">\n\t\t\t\t\t\t\t\t\t<div class=\"elementor-button-wrapper\">\n\t\t\t\t\t<a class=\"elementor-button elementor-button-link elementor-size-sm\" href=\"https:\/\/labnovalongevidade.org\/mapeamento2024\/contribuicoes\/mudanca-de-narrativa-e-protagonismo-senior\/\">\n\t\t\t\t\t\t<span class=\"elementor-button-content-wrapper\">\n\t\t\t\t\t\t\t\t\t<span class=\"elementor-button-text\">Leia Agora >><\/span>\n\t\t\t\t\t<\/span>\n\t\t\t\t\t<\/a>\n\t\t\t\t<\/div>\n\t\t\t\t\t\t\t\t<\/div>\n\t\t\t\t<\/div>\n\t\t\t\t<\/div>\n\t\t\t\t<\/div>\n\t\t\t\t<\/div>\n\t\t\t\t<\/div>\n\t\t\t\t\t<\/div>\n\t\t\t\t<\/div>\n\t\t\t\t<\/div>\n\t\t","protected":false},"excerpt":{"rendered":"<p>3 Combate ao idadismo e mudan\u00e7a de modelo mental Por meio de campanhas de conscientiza\u00e7\u00e3o e defesa de pol\u00edticas, essas iniciativas buscam eliminar o estigma e a discrimina\u00e7\u00e3o relacionados \u00e0 idade, promovendo a igualdade de oportunidades e tratamento justo para pessoas de todas as idades. Em S\u00e3o Luis, no Maranh\u00e3o, o Projeto EnvelheSER desenvolve a\u00e7\u00f5es [&hellip;]<\/p>\n","protected":false},"author":5,"featured_media":13636,"parent":12768,"menu_order":0,"comment_status":"closed","ping_status":"closed","template":"elementor_header_footer","meta":{"_acf_changed":false,"footnotes":""},"class_list":["post-13440","page","type-page","status-publish","has-post-thumbnail","hentry"],"acf":[],"yoast_head":"<!-- This site is optimized with the Yoast SEO plugin v24.1 - https:\/\/yoast.com\/wordpress\/plugins\/seo\/ -->\n<title>Lab Nova Longevidade | Idadismo e mudan\u00e7a de modelo mental<\/title>\n<meta name=\"description\" content=\"Campanhas de conscientiza\u00e7\u00e3o e defesa de pol\u00edticas que buscam eliminar o estigma e a discrimina\u00e7\u00e3o relacionados \u00e0 idade, promovendo a igualdade.\" \/>\n<meta name=\"robots\" content=\"index, follow, max-snippet:-1, max-image-preview:large, max-video-preview:-1\" \/>\n<link rel=\"canonical\" href=\"https:\/\/labnovalongevidade.org\/mapeamento2024\/contribuicoes\/combate-ao-idadismo-e-mudanca-de-modelo-mental\/\" \/>\n<meta property=\"og:locale\" content=\"pt_BR\" \/>\n<meta property=\"og:type\" content=\"article\" \/>\n<meta property=\"og:title\" content=\"Lab Nova Longevidade | Idadismo e mudan\u00e7a de modelo mental\" \/>\n<meta property=\"og:description\" content=\"Campanhas de conscientiza\u00e7\u00e3o e defesa de pol\u00edticas que buscam eliminar o estigma e a discrimina\u00e7\u00e3o relacionados \u00e0 idade, promovendo a igualdade.\" \/>\n<meta property=\"og:url\" content=\"https:\/\/labnovalongevidade.org\/mapeamento2024\/contribuicoes\/combate-ao-idadismo-e-mudanca-de-modelo-mental\/\" \/>\n<meta property=\"og:site_name\" content=\"Lab Nova Longevidade\" \/>\n<meta property=\"article:modified_time\" content=\"2024-10-01T12:10:54+00:00\" \/>\n<meta property=\"og:image\" content=\"https:\/\/labnovalongevidade.org\/mapeamento2024\/wp-content\/uploads\/2024\/09\/24-1.jpg\" \/>\n\t<meta property=\"og:image:width\" content=\"436\" \/>\n\t<meta property=\"og:image:height\" content=\"361\" \/>\n\t<meta property=\"og:image:type\" content=\"image\/jpeg\" \/>\n<meta name=\"twitter:card\" content=\"summary_large_image\" \/>\n<meta name=\"twitter:label1\" content=\"Est. tempo de leitura\" \/>\n\t<meta name=\"twitter:data1\" content=\"4 minutos\" \/>\n<script type=\"application\/ld+json\" class=\"yoast-schema-graph\">{\"@context\":\"https:\/\/schema.org\",\"@graph\":[{\"@type\":\"WebPage\",\"@id\":\"https:\/\/labnovalongevidade.org\/mapeamento2024\/contribuicoes\/combate-ao-idadismo-e-mudanca-de-modelo-mental\/\",\"url\":\"https:\/\/labnovalongevidade.org\/mapeamento2024\/contribuicoes\/combate-ao-idadismo-e-mudanca-de-modelo-mental\/\",\"name\":\"Lab Nova Longevidade | Idadismo e mudan\u00e7a de modelo mental\",\"isPartOf\":{\"@id\":\"https:\/\/labnovalongevidade.org\/mapeamento2024\/#website\"},\"primaryImageOfPage\":{\"@id\":\"https:\/\/labnovalongevidade.org\/mapeamento2024\/contribuicoes\/combate-ao-idadismo-e-mudanca-de-modelo-mental\/#primaryimage\"},\"image\":{\"@id\":\"https:\/\/labnovalongevidade.org\/mapeamento2024\/contribuicoes\/combate-ao-idadismo-e-mudanca-de-modelo-mental\/#primaryimage\"},\"thumbnailUrl\":\"https:\/\/labnovalongevidade.org\/mapeamento2024\/wp-content\/uploads\/2024\/09\/24-1.jpg\",\"datePublished\":\"2024-09-24T21:04:19+00:00\",\"dateModified\":\"2024-10-01T12:10:54+00:00\",\"description\":\"Campanhas de conscientiza\u00e7\u00e3o e defesa de pol\u00edticas que buscam eliminar o estigma e a discrimina\u00e7\u00e3o relacionados \u00e0 idade, promovendo a igualdade.\",\"breadcrumb\":{\"@id\":\"https:\/\/labnovalongevidade.org\/mapeamento2024\/contribuicoes\/combate-ao-idadismo-e-mudanca-de-modelo-mental\/#breadcrumb\"},\"inLanguage\":\"pt-BR\",\"potentialAction\":[{\"@type\":\"ReadAction\",\"target\":[\"https:\/\/labnovalongevidade.org\/mapeamento2024\/contribuicoes\/combate-ao-idadismo-e-mudanca-de-modelo-mental\/\"]}]},{\"@type\":\"ImageObject\",\"inLanguage\":\"pt-BR\",\"@id\":\"https:\/\/labnovalongevidade.org\/mapeamento2024\/contribuicoes\/combate-ao-idadismo-e-mudanca-de-modelo-mental\/#primaryimage\",\"url\":\"https:\/\/labnovalongevidade.org\/mapeamento2024\/wp-content\/uploads\/2024\/09\/24-1.jpg\",\"contentUrl\":\"https:\/\/labnovalongevidade.org\/mapeamento2024\/wp-content\/uploads\/2024\/09\/24-1.jpg\",\"width\":436,\"height\":361,\"caption\":\"Uma senhora idosa segura bal\u00f5es de ar com os n\u00fameros 6 e 5, representando seu anivers\u00e1rio de 65 anos\"},{\"@type\":\"BreadcrumbList\",\"@id\":\"https:\/\/labnovalongevidade.org\/mapeamento2024\/contribuicoes\/combate-ao-idadismo-e-mudanca-de-modelo-mental\/#breadcrumb\",\"itemListElement\":[{\"@type\":\"ListItem\",\"position\":1,\"name\":\"In\u00edcio\",\"item\":\"https:\/\/labnovalongevidade.org\/mapeamento2024\/\"},{\"@type\":\"ListItem\",\"position\":2,\"name\":\"Contribui\u00e7\u00f5es\",\"item\":\"https:\/\/labnovalongevidade.org\/mapeamento2024\/contribuicoes\/\"},{\"@type\":\"ListItem\",\"position\":3,\"name\":\"Combate ao idadismo e mudan\u00e7a de modelo mental\"}]},{\"@type\":\"WebSite\",\"@id\":\"https:\/\/labnovalongevidade.org\/mapeamento2024\/#website\",\"url\":\"https:\/\/labnovalongevidade.org\/mapeamento2024\/\",\"name\":\"Lab Nova Longevidade\",\"description\":\"\",\"publisher\":{\"@id\":\"https:\/\/labnovalongevidade.org\/mapeamento2024\/#organization\"},\"potentialAction\":[{\"@type\":\"SearchAction\",\"target\":{\"@type\":\"EntryPoint\",\"urlTemplate\":\"https:\/\/labnovalongevidade.org\/mapeamento2024\/?s={search_term_string}\"},\"query-input\":{\"@type\":\"PropertyValueSpecification\",\"valueRequired\":true,\"valueName\":\"search_term_string\"}}],\"inLanguage\":\"pt-BR\"},{\"@type\":\"Organization\",\"@id\":\"https:\/\/labnovalongevidade.org\/mapeamento2024\/#organization\",\"name\":\"Nova Longevidade\",\"url\":\"https:\/\/labnovalongevidade.org\/mapeamento2024\/\",\"logo\":{\"@type\":\"ImageObject\",\"inLanguage\":\"pt-BR\",\"@id\":\"https:\/\/labnovalongevidade.org\/mapeamento2024\/#\/schema\/logo\/image\/\",\"url\":\"https:\/\/labnovalongevidade.org\/mapeamento2024\/wp-content\/uploads\/2024\/06\/logo-lab-nova-longevidade-1.svg\",\"contentUrl\":\"https:\/\/labnovalongevidade.org\/mapeamento2024\/wp-content\/uploads\/2024\/06\/logo-lab-nova-longevidade-1.svg\",\"width\":402,\"height\":104,\"caption\":\"Nova Longevidade\"},\"image\":{\"@id\":\"https:\/\/labnovalongevidade.org\/mapeamento2024\/#\/schema\/logo\/image\/\"}}]}<\/script>\n<!-- \/ Yoast SEO plugin. -->","yoast_head_json":{"title":"Lab Nova Longevidade | Idadismo e mudan\u00e7a de modelo mental","description":"Campanhas de conscientiza\u00e7\u00e3o e defesa de pol\u00edticas que buscam eliminar o estigma e a discrimina\u00e7\u00e3o relacionados \u00e0 idade, promovendo a igualdade.","robots":{"index":"index","follow":"follow","max-snippet":"max-snippet:-1","max-image-preview":"max-image-preview:large","max-video-preview":"max-video-preview:-1"},"canonical":"https:\/\/labnovalongevidade.org\/mapeamento2024\/contribuicoes\/combate-ao-idadismo-e-mudanca-de-modelo-mental\/","og_locale":"pt_BR","og_type":"article","og_title":"Lab Nova Longevidade | Idadismo e mudan\u00e7a de modelo mental","og_description":"Campanhas de conscientiza\u00e7\u00e3o e defesa de pol\u00edticas que buscam eliminar o estigma e a discrimina\u00e7\u00e3o relacionados \u00e0 idade, promovendo a igualdade.","og_url":"https:\/\/labnovalongevidade.org\/mapeamento2024\/contribuicoes\/combate-ao-idadismo-e-mudanca-de-modelo-mental\/","og_site_name":"Lab Nova Longevidade","article_modified_time":"2024-10-01T12:10:54+00:00","og_image":[{"width":436,"height":361,"url":"https:\/\/labnovalongevidade.org\/mapeamento2024\/wp-content\/uploads\/2024\/09\/24-1.jpg","type":"image\/jpeg"}],"twitter_card":"summary_large_image","twitter_misc":{"Est. tempo de leitura":"4 minutos"},"schema":{"@context":"https:\/\/schema.org","@graph":[{"@type":"WebPage","@id":"https:\/\/labnovalongevidade.org\/mapeamento2024\/contribuicoes\/combate-ao-idadismo-e-mudanca-de-modelo-mental\/","url":"https:\/\/labnovalongevidade.org\/mapeamento2024\/contribuicoes\/combate-ao-idadismo-e-mudanca-de-modelo-mental\/","name":"Lab Nova Longevidade | Idadismo e mudan\u00e7a de modelo mental","isPartOf":{"@id":"https:\/\/labnovalongevidade.org\/mapeamento2024\/#website"},"primaryImageOfPage":{"@id":"https:\/\/labnovalongevidade.org\/mapeamento2024\/contribuicoes\/combate-ao-idadismo-e-mudanca-de-modelo-mental\/#primaryimage"},"image":{"@id":"https:\/\/labnovalongevidade.org\/mapeamento2024\/contribuicoes\/combate-ao-idadismo-e-mudanca-de-modelo-mental\/#primaryimage"},"thumbnailUrl":"https:\/\/labnovalongevidade.org\/mapeamento2024\/wp-content\/uploads\/2024\/09\/24-1.jpg","datePublished":"2024-09-24T21:04:19+00:00","dateModified":"2024-10-01T12:10:54+00:00","description":"Campanhas de conscientiza\u00e7\u00e3o e defesa de pol\u00edticas que buscam eliminar o estigma e a discrimina\u00e7\u00e3o relacionados \u00e0 idade, promovendo a igualdade.","breadcrumb":{"@id":"https:\/\/labnovalongevidade.org\/mapeamento2024\/contribuicoes\/combate-ao-idadismo-e-mudanca-de-modelo-mental\/#breadcrumb"},"inLanguage":"pt-BR","potentialAction":[{"@type":"ReadAction","target":["https:\/\/labnovalongevidade.org\/mapeamento2024\/contribuicoes\/combate-ao-idadismo-e-mudanca-de-modelo-mental\/"]}]},{"@type":"ImageObject","inLanguage":"pt-BR","@id":"https:\/\/labnovalongevidade.org\/mapeamento2024\/contribuicoes\/combate-ao-idadismo-e-mudanca-de-modelo-mental\/#primaryimage","url":"https:\/\/labnovalongevidade.org\/mapeamento2024\/wp-content\/uploads\/2024\/09\/24-1.jpg","contentUrl":"https:\/\/labnovalongevidade.org\/mapeamento2024\/wp-content\/uploads\/2024\/09\/24-1.jpg","width":436,"height":361,"caption":"Uma senhora idosa segura bal\u00f5es de ar com os n\u00fameros 6 e 5, representando seu anivers\u00e1rio de 65 anos"},{"@type":"BreadcrumbList","@id":"https:\/\/labnovalongevidade.org\/mapeamento2024\/contribuicoes\/combate-ao-idadismo-e-mudanca-de-modelo-mental\/#breadcrumb","itemListElement":[{"@type":"ListItem","position":1,"name":"In\u00edcio","item":"https:\/\/labnovalongevidade.org\/mapeamento2024\/"},{"@type":"ListItem","position":2,"name":"Contribui\u00e7\u00f5es","item":"https:\/\/labnovalongevidade.org\/mapeamento2024\/contribuicoes\/"},{"@type":"ListItem","position":3,"name":"Combate ao idadismo e mudan\u00e7a de modelo mental"}]},{"@type":"WebSite","@id":"https:\/\/labnovalongevidade.org\/mapeamento2024\/#website","url":"https:\/\/labnovalongevidade.org\/mapeamento2024\/","name":"Lab Nova Longevidade","description":"","publisher":{"@id":"https:\/\/labnovalongevidade.org\/mapeamento2024\/#organization"},"potentialAction":[{"@type":"SearchAction","target":{"@type":"EntryPoint","urlTemplate":"https:\/\/labnovalongevidade.org\/mapeamento2024\/?s={search_term_string}"},"query-input":{"@type":"PropertyValueSpecification","valueRequired":true,"valueName":"search_term_string"}}],"inLanguage":"pt-BR"},{"@type":"Organization","@id":"https:\/\/labnovalongevidade.org\/mapeamento2024\/#organization","name":"Nova Longevidade","url":"https:\/\/labnovalongevidade.org\/mapeamento2024\/","logo":{"@type":"ImageObject","inLanguage":"pt-BR","@id":"https:\/\/labnovalongevidade.org\/mapeamento2024\/#\/schema\/logo\/image\/","url":"https:\/\/labnovalongevidade.org\/mapeamento2024\/wp-content\/uploads\/2024\/06\/logo-lab-nova-longevidade-1.svg","contentUrl":"https:\/\/labnovalongevidade.org\/mapeamento2024\/wp-content\/uploads\/2024\/06\/logo-lab-nova-longevidade-1.svg","width":402,"height":104,"caption":"Nova Longevidade"},"image":{"@id":"https:\/\/labnovalongevidade.org\/mapeamento2024\/#\/schema\/logo\/image\/"}}]}},"_links":{"self":[{"href":"https:\/\/labnovalongevidade.org\/mapeamento2024\/wp-json\/wp\/v2\/pages\/13440","targetHints":{"allow":["GET"]}}],"collection":[{"href":"https:\/\/labnovalongevidade.org\/mapeamento2024\/wp-json\/wp\/v2\/pages"}],"about":[{"href":"https:\/\/labnovalongevidade.org\/mapeamento2024\/wp-json\/wp\/v2\/types\/page"}],"author":[{"embeddable":true,"href":"https:\/\/labnovalongevidade.org\/mapeamento2024\/wp-json\/wp\/v2\/users\/5"}],"replies":[{"embeddable":true,"href":"https:\/\/labnovalongevidade.org\/mapeamento2024\/wp-json\/wp\/v2\/comments?post=13440"}],"version-history":[{"count":26,"href":"https:\/\/labnovalongevidade.org\/mapeamento2024\/wp-json\/wp\/v2\/pages\/13440\/revisions"}],"predecessor-version":[{"id":15868,"href":"https:\/\/labnovalongevidade.org\/mapeamento2024\/wp-json\/wp\/v2\/pages\/13440\/revisions\/15868"}],"up":[{"embeddable":true,"href":"https:\/\/labnovalongevidade.org\/mapeamento2024\/wp-json\/wp\/v2\/pages\/12768"}],"wp:featuredmedia":[{"embeddable":true,"href":"https:\/\/labnovalongevidade.org\/mapeamento2024\/wp-json\/wp\/v2\/media\/13636"}],"wp:attachment":[{"href":"https:\/\/labnovalongevidade.org\/mapeamento2024\/wp-json\/wp\/v2\/media?parent=13440"}],"curies":[{"name":"wp","href":"https:\/\/api.w.org\/{rel}","templated":true}]}}